{"id":13432,"date":"2019-07-22T17:48:31","date_gmt":"2019-07-22T17:48:31","guid":{"rendered":"http:\/\/vea.arkhame-web.com\/?page_id=13432"},"modified":"2026-04-19T10:10:32","modified_gmt":"2026-04-19T15:10:32","slug":"calendar-of-activities","status":"publish","type":"page","link":"https:\/\/vea.qc.ca\/en\/calendar-of-activities\/","title":{"rendered":"Calendar of activities"},"content":{"rendered":"<div class=\"wpb-content-wrapper\"><p>[vc_row section_type=&#8221;fullwidth&#8221; header_feature=&#8221;yes&#8221; equal_column_height=&#8221;middle-content&#8221; tablet_sm_visibility=&#8221;hide&#8221; mobile_visibility=&#8221;hide&#8221; padding_top=&#8221;0&#8243; padding_bottom=&#8221;0&#8243; margin_bottom=&#8221;0&#8243;][vc_column css=&#8221;.vc_custom_1553451687276{padding-top: 0px !important;padding-right: 0px !important;padding-bottom: 0px !important;padding-left: 0px !important;background-position: center !important;background-repeat: no-repeat !important;background-size: cover !important;}&#8221;][vc_empty_space height=&#8221;50px&#8221;][vc_custom_heading text=&#8221;Activity Calendar&#8221; font_container=&#8221;tag:h2|text_align:center|color:%233a3a3a&#8221; use_theme_fonts=&#8221;yes&#8221; css=&#8221;.vc_custom_1766337669914{margin-top: -10px !important;}&#8221; el_class=&#8221;title-block-home-montclair&#8221;][vc_empty_space height=&#8221;50px&#8221;][\/vc_column][\/vc_row][vc_row][vc_column width=&#8221;1\/6&#8243;][\/vc_column][vc_column width=&#8221;2\/3&#8243;][vc_custom_heading text=&#8221;YOU WILL RECEIVE A PERSONAL INVITATION BY EMAIL BEFORE EACH ACTIVITY, A VEA EXCLUSIVE!&#8221; font_container=&#8221;tag:h4|font_size:20px|text_align:center|color:%23000000&#8243; use_theme_fonts=&#8221;yes&#8221; css=&#8221;.vc_custom_1774125410475{margin-top: -10px !important;}&#8221; el_class=&#8221;title-block-home-montclair&#8221;][vc_column_text css=&#8221;&#8221;]<\/p>\n<p class=\"txt-enr-act\"><i class=\"fa fa-exclamation-triangle\"><\/i>You will need to register your intention to participate in each event.<\/p>\n<p>[\/vc_column_text]<div class=\"grve-element grve-hr \" style=\"\"><div class=\"grve-line-divider\"><\/div><\/div>[vc_empty_space height=&#8221;20px&#8221;][vc_custom_heading text=&#8221;Dear members, here is a summary of our VEA activities for 2026.<br \/>\nYou will also find below a list of activities not managed by the VEA.&#8221; font_container=&#8221;tag:h4|font_size:20px|text_align:center|color:%23000000&#8243; use_theme_fonts=&#8221;yes&#8221; css=&#8221;.vc_custom_1766337736847{margin-top: -10px !important;}&#8221; el_class=&#8221;title-block-home-montclair&#8221;][vc_empty_space height=&#8221;20px&#8221;][vc_custom_heading text=&#8221;Note that our monthly dinner will be held at L&#8217;Ambroisie restaurant<br \/>\n4020 Rue Saint-Ambroise, Montreal, H4C 2C7&#8243; font_container=&#8221;tag:h4|font_size:25px|text_align:center|color:%23DE0606&#8243; use_theme_fonts=&#8221;yes&#8221; css=&#8221;.vc_custom_1776611422289{margin-top: -10px !important;margin-right: -10px !important;margin-bottom: -10px !important;margin-left: -10px !important;background-color: #BBFBD8 !important;border-radius: 2px !important;border-color: #1E73BE !important;}&#8221; el_class=&#8221;title-block-home-montclair&#8221;][\/vc_column][vc_column width=&#8221;1\/6&#8243;][\/vc_column][\/vc_row][vc_row section_type=&#8221;fullwidth&#8221; header_feature=&#8221;yes&#8221; equal_column_height=&#8221;middle-content&#8221; desktop_visibility=&#8221;hide&#8221; tablet_visibility=&#8221;hide&#8221; padding_top=&#8221;0&#8243; padding_bottom=&#8221;0&#8243; margin_bottom=&#8221;0&#8243;][vc_column css=&#8221;.vc_custom_1553451687276{padding-top: 0px !important;padding-right: 0px !important;padding-bottom: 0px !important;padding-left: 0px !important;background-position: center !important;background-repeat: no-repeat !important;background-size: cover !important;}&#8221;][vc_empty_space height=&#8221;50px&#8221;][vc_custom_heading text=&#8221;Calendrier des activit\u00e9s&#8221; font_container=&#8221;tag:h2|text_align:center|color:%233a3a3a&#8221; use_theme_fonts=&#8221;yes&#8221; css=&#8221;.vc_custom_1563375638164{margin-top: -10px !important;}&#8221; el_class=&#8221;title-block-home-montclair&#8221;][vc_custom_heading text=&#8221;&#8221; font_container=&#8221;tag:h2|text_align:center|color:%23e4181c&#8221; use_theme_fonts=&#8221;yes&#8221; css=&#8221;.vc_custom_1704232837728{margin-top: -10px !important;}&#8221; el_class=&#8221;title-block-home-montclair&#8221;][\/vc_column][\/vc_row][vc_row tablet_sm_visibility=&#8221;hide&#8221; mobile_visibility=&#8221;hide&#8221; padding_bottom=&#8221;50px&#8221;][vc_column][vc_column_text]<div id='evcal_calendar_762' class='list_cal ajde_evcal_calendar  ul' ><div class='evo-data' data-cyear=\"2026\" data-cmonth=\"4\" data-runajax=\"1\" data-evc_open=\"0\" data-cal_ver=\"2.6.15\" data-mapscroll=\"false\" data-mapformat=\"roadmap\" data-mapzoom=\"12\" data-mapiconurl=\"\" data-ev_cnt=\"0\" data-show_limit=\"no\" data-tiles=\"no\" data-sort_by=\"sort_date\" data-filters_on=\"false\" data-range_start=\"0\" data-range_end=\"0\" data-send_unix=\"0\" data-ux_val=\"3\" data-accord=\"0\" data-rtl=\"no\"  ><\/div><div id='evcal_head' class='calendar_header ' ><div class='evo_cal_above'><span class='evo-gototoday-btn' style='display:none' data-mo='4' data-yr='2026' data-dy=''>Mois en cours<\/span><\/div><div class='evo_cal_above_content'><\/div><div class='cal_arguments' style='display:none' data-hide_past=\"no\" data-show_et_ft_img=\"yes\" data-event_order=\"ASC\" data-ft_event_priority=\"no\" data-lang=\"L1\" data-month_incre=\"0\" data-only_ft=\"no\" data-hide_ft=\"no\" data-evc_open=\"no\" data-show_limit=\"no\" data-etc_override=\"no\" data-show_limit_redir=\"0\" data-tiles=\"no\" data-tile_height=\"0\" data-tile_bg=\"0\" data-tile_count=\"2\" data-tile_style=\"0\" data-s=\"\" data-members_only=\"no\" data-ux_val=\"3\" data-show_limit_ajax=\"no\" data-show_limit_paged=\"1\" data-hide_mult_occur=\"no\" data-show_repeats=\"no\" data-hide_end_time=\"no\" ><\/div><div class='clear'><\/div><\/div><div class='evcal_month_line'><p>Avril 2026<\/p><\/div><div id='evcal_list' class='evcal_list_month eventon_events_list '><div id=\"event_27917\" class=\"eventon_list_event evo_eventtop past_event event\" data-event_id=\"27917\" data-time=\"1775066400-1775087400\" data-colr=\"#e51a1d\" itemscope itemtype='http:\/\/schema.org\/Event'><div class=\"evo_event_schema\" style=\"display:none\" ><a itemprop='url'  href='https:\/\/vea.qc.ca\/en\/activities\/members-dinner-bring-your-own-wine-formulae-2\/'><\/a><span itemprop='name'  >Members' Dinner - ''bring your own wine formulae''<\/span><meta itemprop='image' content='https:\/\/vea.qc.ca\/wp-content\/uploads\/2025\/03\/ottavio-3.jpg' \/><meta itemprop='description' content='PLEASE NOTE THAT OUR MONTHLY DINNER WILL BE HELD AT THE OTTAVIO RESTAURANT AT 1134 MARCEL-LAURIN IN VILLE ST-LAURENT' \/><meta itemprop='startDate' content='2026-4-1T18:00' \/><meta itemprop='endDate' content='2026-4-1T23:50' \/><meta itemprop='eventStatus' content='on-schedule' \/>\r\r\n\t\t\t\t\t\t\t\t\t<item style=\"display:none\" itemprop=\"location\" itemscope itemtype=\"http:\/\/schema.org\/Place\">\r\r\n\t\t\t\t\t\t\t\t\t\t<span itemprop=\"name\">Restaurant Ottavio<\/span>\r\r\n\t\t\t\t\t\t\t\t\t\t<span itemprop=\"address\" itemscope itemtype=\"http:\/\/schema.org\/PostalAddress\">\r\r\n\t\t\t\t\t\t\t\t\t\t\t<item itemprop=\"streetAddress\">1134 Blvd. Marcel-Laurin, Saint-Laurent, QC H4R 1T3<\/item>\r\r\n\t\t\t\t\t\t\t\t\t\t<\/span><\/item><script type=\"application\/ld+json\">{\t\"@context\": \"http:\/\/schema.org\",\r\r\n\t\t\t\t\t\t\t  \t\"@type\": \"Event\",\r\r\n\t\t\t\t\t\t\t  \t\"name\": \"Members' Dinner - ''bring your own wine formulae''\",\r\r\n\t\t\t\t\t\t\t  \t\"startDate\": \"2026-4-1T18-18-00-00\",\r\r\n\t\t\t\t\t\t\t  \t\"endDate\": \"2026-4-1T23-23-50-00\",\r\r\n\t\t\t\t\t\t\t  \t\"image\":\"https:\/\/vea.qc.ca\/wp-content\/uploads\/2025\/03\/ottavio-3.jpg\",\r\r\n\t\t\t\t\t\t\t  \t\"description\":\"PLEASE NOTE THAT OUR MONTHLY DINNER WILL BE HELD AT THE OTTAVIO RESTAURANT AT 1134 MARCEL-LAURIN IN VILLE ST-LAURENT\",\r\r\n\t\t\t\t\t\t\t  \t\"location\":{\r\r\n\t\t\t\t\t\t\t\t\t\t\"@type\":\"Place\",\r\r\n\t\t\t\t\t\t\t\t\t\t\"name\":\"Restaurant Ottavio\",\r\r\n\t\t\t\t\t\t\t\t\t\t\"address\":\"1134 Blvd. Marcel-Laurin, Saint-Laurent, QC H4R 1T3\"\r\r\n\t\t\t\t\t\t\t  \t\t}\r\r\n\t\t\t\t\t\t\t }<\/script><\/div>\r\r\n\t\t\t\t<p class=\"desc_trig_outter\"><a data-gmtrig=\"1\" data-exlk=\"0\" style=\"border-color: #e51a1d;\" id=\"evc_177506640027917\" class=\"hasFtIMG desc_trig featured_event 1 sin_val evcal_list_a\" data-ux_val=\"3\"  ><span class='ev_ftImg' data-img='https:\/\/vea.qc.ca\/wp-content\/uploads\/2025\/03\/ottavio-3.jpg' data-thumb='https:\/\/vea.qc.ca\/wp-content\/uploads\/2025\/03\/ottavio-3-300x298.jpg' style='background-image:url(\"https:\/\/vea.qc.ca\/wp-content\/uploads\/2025\/03\/ottavio-3-300x298.jpg\")'><\/span><span class='evcal_cblock ' data-bgcolor='#e51a1d' data-smon='Avril' data-syr='2026'><span class='evo_start '><em class='date'>01<\/em><em class='month'>Avr<\/em><em class='time'>18 h 00 min<\/em><\/span><em class='clear'><\/em><\/span><span class='evcal_desc evo_info hide_eventtopdata '  data-location_address=\"1134 Blvd. Marcel-Laurin, Saint-Laurent, QC H4R 1T3\" data-location_type=\"address\" data-location_name=\"Restaurant Ottavio\" data-location_status=\"true\" ><span class='evo_above_title'><span class='evo_event_headers featured'>VEA<\/span><\/span><span class='evcal_desc2 evcal_event_title' itemprop='name'>Members' Dinner - ''bring your own wine formulae''<\/span><span class='evo_below_title'><span class='evcal_event_subtitle' >\u201cFIRST WEDNESDAY\u201d OF THE MONTH DINNER MEETING - PLEASE NOTE THAT OUR MONTHLY DINNER WILL BE HELD AT THE OTTAVIO RESTAURANT AT 1134 MARCEL-LAURIN IN VILLE ST-LAURENT<\/span><\/span><span class='evcal_desc_info' ><em class='evcal_time'>18 h 00 min<\/em> <em class=\"evcal_location\"  data-add_str=\"1134 Blvd. Marcel-Laurin, Saint-Laurent, QC H4R 1T3\"><em class=\"event_location_name\">Restaurant Ottavio<\/em>, 1134 Blvd. Marcel-Laurin, Saint-Laurent, QC H4R 1T3<\/em><\/span><span class='evcal_desc3'><\/span><\/span><em class='clear'><\/em><\/a><\/p><div class='event_description evcal_eventcard ' style=\"display:none\"><div class='evo_metarow_directimg'><img src='https:\/\/vea.qc.ca\/wp-content\/uploads\/2025\/03\/ottavio-3.jpg' \/><\/div><div class='evo_metarow_details evorow evcal_evdata_row bordb evcal_event_details'>\r\r\n\t\t\t\t\t\t\t<div class=\"event_excerpt\" style=\"display:none\"><h3 class=\"padb5 evo_h3\">D\u00e9tails de l&#039;activit\u00e9<\/h3><p>PLEASE NOTE THAT OUR MONTHLY DINNER WILL BE HELD AT THE OTTAVIO RESTAURANT AT 1134 MARCEL-LAURIN IN VILLE ST-LAURENT<\/p><\/div><span class='evcal_evdata_icons'><i class='fa fa-align-justify'><\/i><\/span>\r\r\n\t\t\t\t\t\t\t\r\r\n\t\t\t\t\t\t\t<div class='evcal_evdata_cell '><div class='eventon_full_description'>\r\r\n\t\t\t\t\t\t\t\t\t<h3 class='padb5 evo_h3'><span class='evcal_evdata_icons'><i class='fa fa-align-justify'><\/i><\/span>D\u00e9tails de l&#039;activit\u00e9<\/h3><div class='eventon_desc_in' itemprop='description'>\r\r\n\t\t\t\t\t\t\t\t\t<h4 class=\"vc_custom_heading vc_do_custom_heading title-block-home-montclair vc_custom_1759966106772\">PLEASE NOTE THAT OUR MONTHLY DINNER WILL BE HELD AT THE OTTAVIO RESTAURANT AT 1134 MARCEL-LAURIN IN VILLE ST-LAURENT<\/h4>\n<\/div><div class='clear'><\/div>\r\r\n\t\t\t\t\t\t\t\t<\/div>\r\r\n\t\t\t\t\t\t\t<\/div>\r\r\n\t\t\t\t\t\t<\/div><div class='evo_metarow_time_location evorow bordb '>\r\r\n\t\t\t\t\t\t<div class='tb' >\r\r\n\t\t\t\t\t\t\t<div class='tbrow'>\r\r\n\t\t\t\t\t\t\t<div class='evcal_col50 bordr'>\r\r\n\t\t\t\t\t\t\t\t<div class='evcal_evdata_row evo_time'>\r\r\n\t\t\t\t\t\t\t\t\t<span class='evcal_evdata_icons'><i class='fa fa-clock-o'><\/i><\/span>\r\r\n\t\t\t\t\t\t\t\t\t<div class='evcal_evdata_cell'>\t\t\t\t\t\t\t\r\r\n\t\t\t\t\t\t\t\t\t\t<h3 class='evo_h3'><span class='evcal_evdata_icons'><i class='fa fa-clock-o'><\/i><\/span>Heure de d\u00e9but \/ fin<\/h3>\r\r\n\t\t\t\t\t\t\t\t\t\t<p>(Mercredi) 18 h 00 min<\/p>\r\r\n\t\t\t\t\t\t\t\t\t<\/div>\r\r\n\t\t\t\t\t\t\t\t<\/div>\r\r\n\t\t\t\t\t\t\t<\/div><div class='evcal_col50'>\r\r\n\t\t\t\t\t\t\t\t<div class='evcal_evdata_row evo_location'>\r\r\n\t\t\t\t\t\t\t\t\t<span class='evcal_evdata_icons'><i class='fa fa-map-marker'><\/i><\/span>\r\r\n\t\t\t\t\t\t\t\t\t<div class='evcal_evdata_cell' data-loc_tax_id='353'>\t\t\t\t\t\t\t\r\r\n\t\t\t\t\t\t\t\t\t\t<h3 class='evo_h3'><span class='evcal_evdata_icons'><i class='fa fa-map-marker'><\/i><\/span>Lieu<\/h3><p class='evo_location_name'>Restaurant Ottavio<\/p><p class='evo_location_address'>1134 Blvd. Marcel-Laurin, Saint-Laurent, QC H4R 1T3<\/p>\r\r\n\t\t\t\t\t\t\t\t\t<\/div>\r\r\n\t\t\t\t\t\t\t\t<\/div>\r\r\n\t\t\t\t\t\t\t<\/div><div class='clear'><\/div>\r\r\n\t\t\t\t\t\t\t<\/div><\/div>\r\r\n\t\t\t\t\t\t<\/div><div class='evo_metarow_gmap evorow evcal_gmaps bordb ' id='evc177506640069ec80fdb943227917_gmap' style='max-width:none'><\/div><div class='evo_metarow_getDr evorow evcal_evdata_row bordb evcal_evrow_sm getdirections'>\r\r\n\t\t\t\t\t\t<form action='https:\/\/maps.google.com\/maps' method='get' target='_blank'>\r\r\n\t\t\t\t\t\t<input type='hidden' name='daddr' value=\"1134 Blvd. Marcel-Laurin, Saint-Laurent, QC H4R 1T3\"\/> \r\r\n\t\t\t\t\t\t<p><input class='evoInput' type='text' name='saddr' placeholder='Saisissez votre adresse' value=''\/>\r\r\n\t\t\t\t\t\t<button type='submit' class='evcal_evdata_icons evcalicon_9' title='Cliquez ici pour obtenir l&#039;itin\u00e9raire'><i class='fa fa-road'><\/i><\/button>\r\r\n\t\t\t\t\t\t<\/p><\/form>\r\r\n\t\t\t\t\t<\/div>\r\n\t\t\t\t\t\t<div class='evo_metarow_ICS evorow bordb evcal_evdata_row'>\r\r\n\t\t\t\t\t\t\t<span class=\"evcal_evdata_icons\"><i class=\"fa fa-calendar\"><\/i><\/span>\r\r\n\t\t\t\t\t\t\t<div class='evcal_evdata_cell'>\r\r\n\t\t\t\t\t\t\t\t<p><a href='https:\/\/vea.qc.ca\/wp-admin\/admin-ajax.php?action=eventon_ics_download&amp;event_id=27917&amp;sunix=20260401T230000Z&amp;eunix=20260402T045000Z&amp;loca=1134 Blvd. Marcel-Laurin, Saint-Laurent, QC H4R 1T3&amp;locn=Restaurant Ottavio' class='evo_ics_nCal' title='Ajouter \u00e0 votre calendrier'>Calendrier<\/a><a href='\/\/www.google.com\/calendar\/event?action=TEMPLATE&amp;text=Members%27+Dinner+-+%27%27bring+your+own+wine+formulae%27%27&amp;dates=20260401T230000Z\/20260402T045000Z&amp;details=PLEASE+NOTE+THAT+OUR+MONTHLY+DINNER+WILL+BE+HELD+AT+THE+OTTAVIO+RESTAURANT+AT+1134+MARCEL-LAURIN+IN+VILLE+ST-LAURENT&amp;location=Restaurant+Ottavio - 1134+Blvd.+Marcel-Laurin%2C+Saint-Laurent%2C+QC+H4R+1T3' target='_blank' class='evo_ics_gCal' title='Ajouter \u00e0 l&#039;agenda Google'>GoogleCal<\/a><\/p>\t\r\r\n\t\t\t\t\t\t\t<\/div>\r\n\t\t\t\t\t\t<\/div>\r\r\n\t\t\t\t\t\t<div class='bordb evo_metarow_socialmedia evcal_evdata_row  lastrow'><div class='evo_sm FacebookShare'><a class=\" evo_ss\" target=\"_blank\" onclick=\"javascript:window.open(this.href, '', 'left=50,top=50,width=600,height=350,toolbar=0');return false;\"\r\r\n\t\t\t\t\t\t\t\thref=\"http:\/\/www.facebook.com\/sharer.php?u=https%3A%2F%2Fvea.qc.ca%2Fen%2Factivities%2Fmembers-dinner-bring-your-own-wine-formulae-2%2F\" title=\"Partager sur Facebook\"><i class=\"fa fa-facebook\"><\/i><\/a><\/div><div class='evo_sm Twitter'><a class=\"tw evo_ss\" onclick=\"javascript:window.open(this.href, '', 'menubar=no,toolbar=no,resizable=yes,scrollbars=yes,height=300,width=600');return false;\" href=\"http:\/\/twitter.com\/share?text=Members&#8217; Dinner &#8211; &#8221;bring your own wine formulae&#8221;&#32;-&#32;&url=https%3A%2F%2Fvea.qc.ca%2Fen%2Factivities%2Fmembers-dinner-bring-your-own-wine-formulae-2%2F\" title=\"Partager sur twitter\" rel=\"nofollow\" target=\"_blank\" data-url=\"https%3A%2F%2Fvea.qc.ca%2Fen%2Factivities%2Fmembers-dinner-bring-your-own-wine-formulae-2%2F\"><i class=\"fa fa-twitter\"><\/i><\/a><\/div><div class='evo_sm LinkedIn'><a class=\"li evo_ss\" href=\"http:\/\/www.linkedin.com\/shareArticle?mini=true&url=https%3A%2F%2Fvea.qc.ca%2Fen%2Factivities%2Fmembers-dinner-bring-your-own-wine-formulae-2%2F&title=Members%26%238217%3B%20Dinner%20%26%238211%3B%20%26%238221%3Bbring%20your%20own%20wine%20formulae%26%238221%3B&summary=PLEASE+NOTE+THAT+OUR+MONTHLY+DINNER+WILL+BE+HELD+AT+THE+OTTAVIO\" target=\"_blank\" title=\"Partager sur Linkedin\"><i class=\"fa fa-linkedin\"><\/i><\/a><\/div><div class='evo_sm Google'><a class=\"gp evo_ss\" href=\"https:\/\/plus.google.com\/share?url=https%3A%2F%2Fvea.qc.ca%2Fen%2Factivities%2Fmembers-dinner-bring-your-own-wine-formulae-2%2F\" \r\r\n\t\t\t\t\t\t\t\tonclick=\"javascript:window.open(this.href, '', 'left=50,top=50,width=600,height=350,toolbar=0');return false;\" target=\"_blank\"><i class=\"fa fa-google-plus\" title=\"Partager sur Google Plus\"><\/i><\/a><\/div><div class='evo_sm EmailShare'><a class=\"em evo_ss\" href=\"mailto:?subject=Members%26#8217; Dinner %26#8211; %26#8221;bring your own wine formulae%26#8221;&body=Event Name: Members%26#8217; Dinner %26#8211; %26#8221;bring your own wine formulae%26#8221;%0AEvent Date: 1 Avril 2026 18 H 00 Min%0ALink: https%3A%2F%2Fvea.qc.ca%2Fen%2Factivities%2Fmembers-dinner-bring-your-own-wine-formulae-2%2F%0A\" target=\"_blank\"><i class=\"fa fa-envelope\"><\/i><\/a><\/div><div class='clear'><\/div><div class='evcal_evdata_row evcal_close' title='Close'><\/div><\/div><\/div><div class='clear end'><\/div><\/div><div id=\"event_26416\" class=\"eventon_list_event evo_eventtop  event\" data-event_id=\"26416\" data-time=\"1776988801-1777247999\" data-colr=\"#e5191d\" itemscope itemtype='http:\/\/schema.org\/Event'><div class=\"evo_event_schema\" style=\"display:none\" ><a itemprop='url'  href='https:\/\/vea.qc.ca\/en\/activities\/15e-grand-prix-de-monaco-historique-2026\/'><\/a><span itemprop='name'  >15e Grand Prix Historique de Monaco 2026<\/span><meta itemprop='image' content='https:\/\/vea.qc.ca\/wp-content\/uploads\/2025\/03\/Gp-historique3.jpg' \/><meta itemprop='description' content='The 15e Grand Prix de Monaco Historique 2026, will take place from April 24 to 26, 2026, on the Monaco circuit. On Friday, hostilities begin on the track.\r\n\r\nThe single-seaters will' \/><meta itemprop='startDate' content='2026-4-24' \/><meta itemprop='endDate' content='2026-4-26' \/><meta itemprop='eventStatus' content='on-schedule' \/><script type=\"application\/ld+json\">{\t\"@context\": \"http:\/\/schema.org\",\r\r\n\t\t\t\t\t\t\t  \t\"@type\": \"Event\",\r\r\n\t\t\t\t\t\t\t  \t\"name\": \"15e Grand Prix Historique de Monaco 2026\",\r\r\n\t\t\t\t\t\t\t  \t\"startDate\": \"2026-4-24T00-00-00-00\",\r\r\n\t\t\t\t\t\t\t  \t\"endDate\": \"2026-4-26T23-23-59-00\",\r\r\n\t\t\t\t\t\t\t  \t\"image\":\"https:\/\/vea.qc.ca\/wp-content\/uploads\/2025\/03\/Gp-historique3.jpg\",\r\r\n\t\t\t\t\t\t\t  \t\"description\":\"The 15e Grand Prix de Monaco Historique 2026, will take place from April 24 to 26, 2026, on the Monaco circuit. On Friday, hostilities begin on the track.\r\n\r\nThe single-seaters will\",\r\r\n\t\t\t\t\t\t\t  \t\r\r\n\t\t\t\t\t\t\t }<\/script><\/div>\r\r\n\t\t\t\t<p class=\"desc_trig_outter\"><a data-gmap_status=\"null\" data-exlk=\"0\" style=\"border-color: #e5191d;\" id=\"evc_177698880126416\" class=\"hasFtIMG desc_trig mul_val evcal_list_a allday\" data-ux_val=\"3\"  ><span class='ev_ftImg' data-img='https:\/\/vea.qc.ca\/wp-content\/uploads\/2025\/03\/Gp-historique3.jpg' data-thumb='https:\/\/vea.qc.ca\/wp-content\/uploads\/2025\/03\/Gp-historique3-300x225.jpg' style='background-image:url(\"https:\/\/vea.qc.ca\/wp-content\/uploads\/2025\/03\/Gp-historique3-300x225.jpg\")'><\/span><span class='evcal_cblock ' data-bgcolor='#e5191d' data-smon='Avril' data-syr='2026'><span class='evo_start '><em class='date'>24<\/em><em class='month'>Avr<\/em><em class='time'>Toute la journ\u00e9e<\/em><\/span><span class='evo_end '><em class='date'>26<\/em><\/span><em class='clear'><\/em><\/span><span class='evcal_desc evo_info hide_eventtopdata '  data-location_status=\"false\" ><span class='evo_above_title'><\/span><span class='evcal_desc2 evcal_event_title' itemprop='name'>15e Grand Prix Historique de Monaco 2026<\/span><span class='evo_below_title'><span class='evcal_event_subtitle' >Corine invites you to the Monaco Grand Prix historique next year!<\/span><\/span><span class='evcal_desc_info' ><em class='evcal_time'><em class='evcal_alldayevent_text'>(Toute la journ\u00e9e)<\/em><\/em> <em class=\"evcal_location\"  data-add_str=\"\"><em class=\"event_location_name\">Circuit de Monaco<\/em><\/em><\/span><span class='evcal_desc3'><\/span><\/span><em class='clear'><\/em><\/a><\/p><div class='event_description evcal_eventcard ' style=\"display:none\"><div class='evo_metarow_directimg'><img src='https:\/\/vea.qc.ca\/wp-content\/uploads\/2025\/03\/Gp-historique3.jpg' \/><\/div><div class='evo_metarow_details evorow evcal_evdata_row bordb evcal_event_details'>\r\r\n\t\t\t\t\t\t\t<div class=\"event_excerpt\" style=\"display:none\"><h3 class=\"padb5 evo_h3\">D\u00e9tails de l&#039;activit\u00e9<\/h3><p>The 15e Grand Prix de Monaco Historique 2026, will take place from April 24 to 26, 2026, on the Monaco circuit. On Friday, hostilities begin on the track.\r\n\r\nThe single-seaters will<\/p><\/div><span class='evcal_evdata_icons'><i class='fa fa-align-justify'><\/i><\/span>\r\r\n\t\t\t\t\t\t\t\r\r\n\t\t\t\t\t\t\t<div class='evcal_evdata_cell '><div class='eventon_full_description'>\r\r\n\t\t\t\t\t\t\t\t\t<h3 class='padb5 evo_h3'><span class='evcal_evdata_icons'><i class='fa fa-align-justify'><\/i><\/span>D\u00e9tails de l&#039;activit\u00e9<\/h3><div class='eventon_desc_in' itemprop='description'>\r\r\n\t\t\t\t\t\t\t\t\t<p>The 15e Grand Prix de Monaco Historique 2026, will take place from April 24 to 26, 2026, on the Monaco circuit. On Friday, hostilities begin on the track.<\/p>\n<p>The single-seaters will be in action in the streets of Monaco, which will offer a lively retrospective of the great eras of Formula 1 in the Principality since 1924 to 1985, i.e. 8 series and classes.<\/p>\n<p>I invite you to make your reservations now, given its popularity in the world of historic motorsport, by visiting the attached links and power point.<\/p>\n<p>Corine<\/p>\n<p><strong><a href=\"https:\/\/acm.mc\/epreuves\/grand-prix-de-monaco-historique\/evenement\/presentation-de-lepreuve\/\">Cliquez\u2192\u00a0<u><\/u><\/a><u><a href=\"https:\/\/vea.us17.list-manage.com\/track\/click?u=74cf7f1f2adcc0b3021029485&amp;id=3dd353dbe7&amp;e=17d39f9d1f\" target=\"_blank\" rel=\"noopener\">Link to buy tickets<\/a><\/u><\/strong><\/p>\n<p><strong>Cliquez\u2192\u00a0<a href=\"https:\/\/vea.us17.list-manage.com\/track\/click?u=74cf7f1f2adcc0b3021029485&amp;id=0688ef4eae&amp;e=17d39f9d1f\" target=\"_blank\" rel=\"noopener\">Link for hospitalities<\/a><\/strong><\/p>\n<p><strong>Cliquez\u2192\u00a0<a href=\"https:\/\/vea.us17.list-manage.com\/track\/click?u=74cf7f1f2adcc0b3021029485&amp;id=d8fe84d856&amp;e=17d39f9d1f\" target=\"_blank\" rel=\"noopener\">Link for other propositions of hospitalities<\/a><\/strong><\/p>\n<\/div><div class='clear'><\/div>\r\r\n\t\t\t\t\t\t\t\t<\/div>\r\r\n\t\t\t\t\t\t\t<\/div>\r\r\n\t\t\t\t\t\t<\/div><div class='evo_metarow_time_location evorow bordb '>\r\r\n\t\t\t\t\t\t<div class='tb' >\r\r\n\t\t\t\t\t\t\t<div class='tbrow'>\r\r\n\t\t\t\t\t\t\t<div class='evcal_col50 bordr'>\r\r\n\t\t\t\t\t\t\t\t<div class='evcal_evdata_row evo_time'>\r\r\n\t\t\t\t\t\t\t\t\t<span class='evcal_evdata_icons'><i class='fa fa-clock-o'><\/i><\/span>\r\r\n\t\t\t\t\t\t\t\t\t<div class='evcal_evdata_cell'>\t\t\t\t\t\t\t\r\r\n\t\t\t\t\t\t\t\t\t\t<h3 class='evo_h3'><span class='evcal_evdata_icons'><i class='fa fa-clock-o'><\/i><\/span>Heure de d\u00e9but \/ fin<\/h3>\r\r\n\t\t\t\t\t\t\t\t\t\t<p>Avril 24 (Vendredi) - 26 (Dimanche)<\/p>\r\r\n\t\t\t\t\t\t\t\t\t<\/div>\r\r\n\t\t\t\t\t\t\t\t<\/div>\r\r\n\t\t\t\t\t\t\t<\/div><div class='evcal_col50'>\r\r\n\t\t\t\t\t\t\t\t<div class='evcal_evdata_row evo_location'>\r\r\n\t\t\t\t\t\t\t\t\t<span class='evcal_evdata_icons'><i class='fa fa-map-marker'><\/i><\/span>\r\r\n\t\t\t\t\t\t\t\t\t<div class='evcal_evdata_cell' data-loc_tax_id='334'>\t\t\t\t\t\t\t\r\r\n\t\t\t\t\t\t\t\t\t\t<h3 class='evo_h3'><span class='evcal_evdata_icons'><i class='fa fa-map-marker'><\/i><\/span>Lieu<\/h3><p class='evo_location_name'>Circuit de Monaco<\/p><p class='evo_location_address'><\/p>\r\r\n\t\t\t\t\t\t\t\t\t<\/div>\r\r\n\t\t\t\t\t\t\t\t<\/div>\r\r\n\t\t\t\t\t\t\t<\/div><div class='clear'><\/div>\r\r\n\t\t\t\t\t\t\t<\/div><\/div>\r\r\n\t\t\t\t\t\t<\/div><div class='evo_metarow_organizer evorow evcal_evdata_row bordb evcal_evrow_sm '>\r\r\n\t\t\t\t\t\t\t<span class='evcal_evdata_icons'><i class='fa fa-id-badge'><\/i><\/span>\r\r\n\t\t\t\t\t\t\t<div class='evcal_evdata_cell'>\t\t\t\t\t\t\t\r\r\n\t\t\t\t\t\t\t\t<h3 class='evo_h3'>Organisateur<\/h3>\r\r\n\t\t\t\t\t\t\t\t\r\r\n\t\t\t\t\t\t\t\t<div class='evo_card_organizer'><p class='evo_data_val evo_card_organizer_name'>\r\r\n\t\t\t\t\t\t\t\t\t<span class='evo_card_organizer_name_t'>Corine Laurenti-Javieze<\/span>\r\r\n\t\t\t\t\t\t\t\t\t\r\r\n\t\t\t\t\t\t\t\t\t<\/p><\/div><div class='clear'><\/div>\t\t\t\t\t\t\t\r\r\n\t\t\t\t\t\t\t<\/div>\r\r\n\t\t\t\t\t\t<\/div>\r\n\t\t\t\t\t\t<div class='evo_metarow_ICS evorow bordb evcal_evdata_row'>\r\r\n\t\t\t\t\t\t\t<span class=\"evcal_evdata_icons\"><i class=\"fa fa-calendar\"><\/i><\/span>\r\r\n\t\t\t\t\t\t\t<div class='evcal_evdata_cell'>\r\r\n\t\t\t\t\t\t\t\t<p><a href='https:\/\/vea.qc.ca\/wp-admin\/admin-ajax.php?action=eventon_ics_download&amp;event_id=26416&amp;sunix=20260424T050000Z&amp;eunix=20260427T045900Z&amp;loca=&amp;locn=Circuit de Monaco' class='evo_ics_nCal' title='Ajouter \u00e0 votre calendrier'>Calendrier<\/a><a href='\/\/www.google.com\/calendar\/event?action=TEMPLATE&amp;text=15e+Grand+Prix+Historique+de+Monaco+2026&amp;dates=20260424T050000Z\/20260427T045900Z&amp;details=The+15e+Grand+Prix+de+Monaco+Historique+2026%2C+will+take+place+from+April+24+to+26%2C+2026%2C+on+the+Monaco+circuit.+On+Friday%2C+hostilities+begin+on+the+track.%0D%0A%0D%0AThe+single-seaters+will&amp;location=Circuit+de+Monaco - ' target='_blank' class='evo_ics_gCal' title='Ajouter \u00e0 l&#039;agenda Google'>GoogleCal<\/a><\/p>\t\r\r\n\t\t\t\t\t\t\t<\/div>\r\n\t\t\t\t\t\t<\/div>\r\r\n\t\t\t\t\t\t<div class='bordb evo_metarow_socialmedia evcal_evdata_row  lastrow'><div class='evo_sm FacebookShare'><a class=\" evo_ss\" target=\"_blank\" onclick=\"javascript:window.open(this.href, '', 'left=50,top=50,width=600,height=350,toolbar=0');return false;\"\r\r\n\t\t\t\t\t\t\t\thref=\"http:\/\/www.facebook.com\/sharer.php?u=https%3A%2F%2Fvea.qc.ca%2Fen%2Factivities%2F15e-grand-prix-de-monaco-historique-2026%2F\" title=\"Partager sur Facebook\"><i class=\"fa fa-facebook\"><\/i><\/a><\/div><div class='evo_sm Twitter'><a class=\"tw evo_ss\" onclick=\"javascript:window.open(this.href, '', 'menubar=no,toolbar=no,resizable=yes,scrollbars=yes,height=300,width=600');return false;\" href=\"http:\/\/twitter.com\/share?text=15e Grand Prix Historique de Monaco 2026&#32;-&#32;&url=https%3A%2F%2Fvea.qc.ca%2Fen%2Factivities%2F15e-grand-prix-de-monaco-historique-2026%2F\" title=\"Partager sur twitter\" rel=\"nofollow\" target=\"_blank\" data-url=\"https%3A%2F%2Fvea.qc.ca%2Fen%2Factivities%2F15e-grand-prix-de-monaco-historique-2026%2F\"><i class=\"fa fa-twitter\"><\/i><\/a><\/div><div class='evo_sm LinkedIn'><a class=\"li evo_ss\" href=\"http:\/\/www.linkedin.com\/shareArticle?mini=true&url=https%3A%2F%2Fvea.qc.ca%2Fen%2Factivities%2F15e-grand-prix-de-monaco-historique-2026%2F&title=15e%20Grand%20Prix%20Historique%20de%20Monaco%202026&summary=The+15e+Grand+Prix+de+Monaco+Historique+2026%2C+will+take+place+from+April+24+to+26%2C\" target=\"_blank\" title=\"Partager sur Linkedin\"><i class=\"fa fa-linkedin\"><\/i><\/a><\/div><div class='evo_sm Google'><a class=\"gp evo_ss\" href=\"https:\/\/plus.google.com\/share?url=https%3A%2F%2Fvea.qc.ca%2Fen%2Factivities%2F15e-grand-prix-de-monaco-historique-2026%2F\" \r\r\n\t\t\t\t\t\t\t\tonclick=\"javascript:window.open(this.href, '', 'left=50,top=50,width=600,height=350,toolbar=0');return false;\" target=\"_blank\"><i class=\"fa fa-google-plus\" title=\"Partager sur Google Plus\"><\/i><\/a><\/div><div class='evo_sm EmailShare'><a class=\"em evo_ss\" href=\"mailto:?subject=15e Grand Prix Historique de Monaco 2026&body=Event Name: 15e Grand Prix Historique de Monaco 2026%0AEvent Date: 24 Avril 2026 (Toute La Journ\u00e9e) - 26 Avril 2026 (Toute La Journ\u00e9e)%0ALink: https%3A%2F%2Fvea.qc.ca%2Fen%2Factivities%2F15e-grand-prix-de-monaco-historique-2026%2F%0A\" target=\"_blank\"><i class=\"fa fa-envelope\"><\/i><\/a><\/div><div class='clear'><\/div><div class='evcal_evdata_row evcal_close' title='Close'><\/div><\/div><\/div><div class='clear end'><\/div><\/div><div id=\"event_27873\" class=\"eventon_list_event evo_eventtop  event\" data-event_id=\"27873\" data-time=\"1777107600-1777161000\" data-colr=\"#e5191d\" itemscope itemtype='http:\/\/schema.org\/Event'><div class=\"evo_event_schema\" style=\"display:none\" ><a itemprop='url'  href='https:\/\/vea.qc.ca\/en\/activities\/sugar-shack-copy\/'><\/a><span itemprop='name'  >Sugar Shack<\/span><meta itemprop='image' content='https:\/\/vea.qc.ca\/wp-content\/uploads\/2025\/12\/cabane-a-sucre-2.jpg' \/><meta itemprop='description' content='Tommy leads the VEA and the Rendez-Vous des Anglaises (CARVAQ) club to the sugar shack ''Sucrerie de la Montagne''.\r\n\r\nCLICK HERE FOR MORE INFORMATION:\r\n\r\n' \/><meta itemprop='startDate' content='2026-4-25T09:00' \/><meta itemprop='endDate' content='2026-4-25T23:50' \/><meta itemprop='eventStatus' content='on-schedule' \/><script type=\"application\/ld+json\">{\t\"@context\": \"http:\/\/schema.org\",\r\r\n\t\t\t\t\t\t\t  \t\"@type\": \"Event\",\r\r\n\t\t\t\t\t\t\t  \t\"name\": \"Sugar Shack\",\r\r\n\t\t\t\t\t\t\t  \t\"startDate\": \"2026-4-25T09-09-00-00\",\r\r\n\t\t\t\t\t\t\t  \t\"endDate\": \"2026-4-25T23-23-50-00\",\r\r\n\t\t\t\t\t\t\t  \t\"image\":\"https:\/\/vea.qc.ca\/wp-content\/uploads\/2025\/12\/cabane-a-sucre-2.jpg\",\r\r\n\t\t\t\t\t\t\t  \t\"description\":\"Tommy leads the VEA and the Rendez-Vous des Anglaises (CARVAQ) club to the sugar shack ''Sucrerie de la Montagne''.\r\n\r\nCLICK HERE FOR MORE INFORMATION:\r\n\r\n\",\r\r\n\t\t\t\t\t\t\t  \t\r\r\n\t\t\t\t\t\t\t }<\/script><\/div>\r\r\n\t\t\t\t<p class=\"desc_trig_outter\"><a data-gmap_status=\"null\" data-exlk=\"0\" style=\"border-color: #e5191d;\" id=\"evc_177710760027873\" class=\"hasFtIMG desc_trig featured_event 1 sin_val evcal_list_a\" data-ux_val=\"3\"  ><span class='ev_ftImg' data-img='https:\/\/vea.qc.ca\/wp-content\/uploads\/2025\/12\/cabane-a-sucre-2.jpg' data-thumb='https:\/\/vea.qc.ca\/wp-content\/uploads\/2025\/12\/cabane-a-sucre-2-300x238.jpg' style='background-image:url(\"https:\/\/vea.qc.ca\/wp-content\/uploads\/2025\/12\/cabane-a-sucre-2-300x238.jpg\")'><\/span><span class='evcal_cblock ' data-bgcolor='#e5191d' data-smon='Avril' data-syr='2026'><span class='evo_start '><em class='date'>25<\/em><em class='month'>Avr<\/em><em class='time'>9 h 00 min<\/em><\/span><em class='clear'><\/em><\/span><span class='evcal_desc evo_info hide_eventtopdata '  data-location_status=\"false\" ><span class='evo_above_title'><span class='evo_event_headers featured'>VEA<\/span><\/span><span class='evcal_desc2 evcal_event_title' itemprop='name'>Sugar Shack<\/span><span class='evo_below_title'><span class='evcal_event_subtitle' >First VEA ride of the year!<\/span><\/span><span class='evcal_desc_info' ><em class='evcal_time'>9 h 00 min<\/em> <\/span><span class='evcal_desc3'><\/span><\/span><em class='clear'><\/em><\/a><\/p><div class='event_description evcal_eventcard ' style=\"display:none\"><div class='evo_metarow_directimg'><img src='https:\/\/vea.qc.ca\/wp-content\/uploads\/2025\/12\/cabane-a-sucre-2.jpg' \/><\/div><div class='evo_metarow_details evorow evcal_evdata_row bordb evcal_event_details'>\r\r\n\t\t\t\t\t\t\t<div class=\"event_excerpt\" style=\"display:none\"><h3 class=\"padb5 evo_h3\">D\u00e9tails de l&#039;activit\u00e9<\/h3><p>Tommy leads the VEA and the Rendez-Vous des Anglaises (CARVAQ) club to the sugar shack ''Sucrerie de la Montagne''.\r\n\r\nCLICK HERE FOR MORE INFORMATION:\r\n\r\n<\/p><\/div><span class='evcal_evdata_icons'><i class='fa fa-align-justify'><\/i><\/span>\r\r\n\t\t\t\t\t\t\t\r\r\n\t\t\t\t\t\t\t<div class='evcal_evdata_cell '><div class='eventon_full_description'>\r\r\n\t\t\t\t\t\t\t\t\t<h3 class='padb5 evo_h3'><span class='evcal_evdata_icons'><i class='fa fa-align-justify'><\/i><\/span>D\u00e9tails de l&#039;activit\u00e9<\/h3><div class='eventon_desc_in' itemprop='description'>\r\r\n\t\t\t\t\t\t\t\t\t<p><em>Tommy leads the VEA and the Rendez-Vous des Anglaises (CARVAQ) club to the sugar shack &#8221;Sucrerie de la Montagne&#8221;.<\/em><\/p>\n<p>CLICK HERE FOR MORE INFORMATION:<\/p>\n<p><a href=\"https:\/\/vea.us17.list-manage.com\/track\/click?u=74cf7f1f2adcc0b3021029485&amp;id=d2073e986a&amp;e=17d39f9d1f\" target=\"_blank\" rel=\"noopener\"><img loading=\"lazy\" decoding=\"async\" class=\"alignnone size-full wp-image-23717\" src=\"https:\/\/vea.qc.ca\/wp-content\/uploads\/2019\/07\/informations-Image1.jpg\" alt=\"\" width=\"84\" height=\"84\" \/><\/a><\/p>\n<\/div><div class='clear'><\/div>\r\r\n\t\t\t\t\t\t\t\t<\/div>\r\r\n\t\t\t\t\t\t\t<\/div>\r\r\n\t\t\t\t\t\t<\/div><div class='evo_metarow_time evorow evcal_evdata_row bordb evcal_evrow_sm '>\r\r\n\t\t\t\t\t\t\t<span class='evcal_evdata_icons'><i class='fa fa-clock-o'><\/i><\/span>\r\r\n\t\t\t\t\t\t\t<div class='evcal_evdata_cell'>\t\t\t\t\t\t\t\r\r\n\t\t\t\t\t\t\t\t<h3 class='evo_h3'><span class='evcal_evdata_icons'><i class='fa fa-clock-o'><\/i><\/span>Heure de d\u00e9but \/ fin<\/h3><p>(Samedi) 9 h 00 min<\/p>\r\r\n\t\t\t\t\t\t\t<\/div>\r\r\n\t\t\t\t\t\t<\/div><div class='evo_metarow_organizer evorow evcal_evdata_row bordb evcal_evrow_sm '>\r\r\n\t\t\t\t\t\t\t<span class='evcal_evdata_icons'><i class='fa fa-id-badge'><\/i><\/span>\r\r\n\t\t\t\t\t\t\t<div class='evcal_evdata_cell'>\t\t\t\t\t\t\t\r\r\n\t\t\t\t\t\t\t\t<h3 class='evo_h3'>Organisateur<\/h3>\r\r\n\t\t\t\t\t\t\t\t\r\r\n\t\t\t\t\t\t\t\t<div class='evo_card_organizer'><p class='evo_data_val evo_card_organizer_name'>\r\r\n\t\t\t\t\t\t\t\t\t<span class='evo_card_organizer_name_t'>Tommy<\/span>\r\r\n\t\t\t\t\t\t\t\t\t\r\r\n\t\t\t\t\t\t\t\t\t<\/p><\/div><div class='clear'><\/div>\t\t\t\t\t\t\t\r\r\n\t\t\t\t\t\t\t<\/div>\r\r\n\t\t\t\t\t\t<\/div>\r\n\t\t\t\t\t\t<div class='evo_metarow_ICS evorow bordb evcal_evdata_row'>\r\r\n\t\t\t\t\t\t\t<span class=\"evcal_evdata_icons\"><i class=\"fa fa-calendar\"><\/i><\/span>\r\r\n\t\t\t\t\t\t\t<div class='evcal_evdata_cell'>\r\r\n\t\t\t\t\t\t\t\t<p><a href='https:\/\/vea.qc.ca\/wp-admin\/admin-ajax.php?action=eventon_ics_download&amp;event_id=27873&amp;sunix=20260425T140000Z&amp;eunix=20260426T045000Z&amp;loca=&amp;locn=' class='evo_ics_nCal' title='Ajouter \u00e0 votre calendrier'>Calendrier<\/a><a href='\/\/www.google.com\/calendar\/event?action=TEMPLATE&amp;text=Sugar+Shack&amp;dates=20260425T140000Z\/20260426T045000Z&amp;details=Tommy+leads+the+VEA+and+the+Rendez-Vous+des+Anglaises+%28CARVAQ%29+club+to+the+sugar+shack+%27%27Sucrerie+de+la+Montagne%27%27.%0D%0A%0D%0ACLICK+HERE+FOR+MORE+INFORMATION%3A%0D%0A%0D%0A&amp;location= - ' target='_blank' class='evo_ics_gCal' title='Ajouter \u00e0 l&#039;agenda Google'>GoogleCal<\/a><\/p>\t\r\r\n\t\t\t\t\t\t\t<\/div>\r\n\t\t\t\t\t\t<\/div>\r\r\n\t\t\t\t\t\t<div class='bordb evo_metarow_socialmedia evcal_evdata_row  lastrow'><div class='evo_sm FacebookShare'><a class=\" evo_ss\" target=\"_blank\" onclick=\"javascript:window.open(this.href, '', 'left=50,top=50,width=600,height=350,toolbar=0');return false;\"\r\r\n\t\t\t\t\t\t\t\thref=\"http:\/\/www.facebook.com\/sharer.php?u=https%3A%2F%2Fvea.qc.ca%2Fen%2Factivities%2Fsugar-shack-copy%2F\" title=\"Partager sur Facebook\"><i class=\"fa fa-facebook\"><\/i><\/a><\/div><div class='evo_sm Twitter'><a class=\"tw evo_ss\" onclick=\"javascript:window.open(this.href, '', 'menubar=no,toolbar=no,resizable=yes,scrollbars=yes,height=300,width=600');return false;\" href=\"http:\/\/twitter.com\/share?text=Sugar Shack&#32;-&#32;&url=https%3A%2F%2Fvea.qc.ca%2Fen%2Factivities%2Fsugar-shack-copy%2F\" title=\"Partager sur twitter\" rel=\"nofollow\" target=\"_blank\" data-url=\"https%3A%2F%2Fvea.qc.ca%2Fen%2Factivities%2Fsugar-shack-copy%2F\"><i class=\"fa fa-twitter\"><\/i><\/a><\/div><div class='evo_sm LinkedIn'><a class=\"li evo_ss\" href=\"http:\/\/www.linkedin.com\/shareArticle?mini=true&url=https%3A%2F%2Fvea.qc.ca%2Fen%2Factivities%2Fsugar-shack-copy%2F&title=Sugar%20Shack&summary=Tommy+leads+the+VEA+and+the+Rendez-Vous+des+Anglaises+%28CARVAQ%29+club+to+the+sugar+shack+%26%238221%3BSucrerie\" target=\"_blank\" title=\"Partager sur Linkedin\"><i class=\"fa fa-linkedin\"><\/i><\/a><\/div><div class='evo_sm Google'><a class=\"gp evo_ss\" href=\"https:\/\/plus.google.com\/share?url=https%3A%2F%2Fvea.qc.ca%2Fen%2Factivities%2Fsugar-shack-copy%2F\" \r\r\n\t\t\t\t\t\t\t\tonclick=\"javascript:window.open(this.href, '', 'left=50,top=50,width=600,height=350,toolbar=0');return false;\" target=\"_blank\"><i class=\"fa fa-google-plus\" title=\"Partager sur Google Plus\"><\/i><\/a><\/div><div class='evo_sm EmailShare'><a class=\"em evo_ss\" href=\"mailto:?subject=Sugar Shack&body=Event Name: Sugar Shack%0AEvent Date: 25 Avril 2026 9 H 00 Min%0ALink: https%3A%2F%2Fvea.qc.ca%2Fen%2Factivities%2Fsugar-shack-copy%2F%0A\" target=\"_blank\"><i class=\"fa fa-envelope\"><\/i><\/a><\/div><div class='clear'><\/div><div class='evcal_evdata_row evcal_close' title='Close'><\/div><\/div><\/div><div class='clear end'><\/div><\/div><\/div><div class='evcal_month_line'><p>Mai 2026<\/p><\/div><div id='evcal_list' class='evcal_list_month eventon_events_list '><div id=\"event_26345\" class=\"eventon_list_event evo_eventtop  event\" data-event_id=\"26345\" data-time=\"1778090400-1778111400\" data-colr=\"#e51a1d\" itemscope itemtype='http:\/\/schema.org\/Event'><div class=\"evo_event_schema\" style=\"display:none\" ><a itemprop='url'  href='https:\/\/vea.qc.ca\/en\/activities\/general-meeting-and-members-dinner-at-lambroisie-restaurant-2\/'><\/a><span itemprop='name'  >GENERAL MEETING and Members' Dinner at L'Ambroisie Restaurant<\/span><meta itemprop='image' content='https:\/\/vea.qc.ca\/wp-content\/uploads\/2025\/03\/assemblee.jpg' \/><meta itemprop='description' content='GENERAL MEETING and Members' Dinner at L'Ambroisie Restaurant' \/><meta itemprop='startDate' content='2026-5-6T18:00' \/><meta itemprop='endDate' content='2026-5-6T23:50' \/><meta itemprop='eventStatus' content='on-schedule' \/>\r\r\n\t\t\t\t\t\t\t\t\t<item style=\"display:none\" itemprop=\"location\" itemscope itemtype=\"http:\/\/schema.org\/Place\">\r\r\n\t\t\t\t\t\t\t\t\t\t<span itemprop=\"name\">Restaurant L\u2019Ambroisie<\/span>\r\r\n\t\t\t\t\t\t\t\t\t\t<span itemprop=\"address\" itemscope itemtype=\"http:\/\/schema.org\/PostalAddress\">\r\r\n\t\t\t\t\t\t\t\t\t\t\t<item itemprop=\"streetAddress\">4020 Rue Saint-Ambroise porte #140, QC H4C 2C7<\/item>\r\r\n\t\t\t\t\t\t\t\t\t\t<\/span><\/item><script type=\"application\/ld+json\">{\t\"@context\": \"http:\/\/schema.org\",\r\r\n\t\t\t\t\t\t\t  \t\"@type\": \"Event\",\r\r\n\t\t\t\t\t\t\t  \t\"name\": \"GENERAL MEETING and Members' Dinner at L'Ambroisie Restaurant\",\r\r\n\t\t\t\t\t\t\t  \t\"startDate\": \"2026-5-6T18-18-00-00\",\r\r\n\t\t\t\t\t\t\t  \t\"endDate\": \"2026-5-6T23-23-50-00\",\r\r\n\t\t\t\t\t\t\t  \t\"image\":\"https:\/\/vea.qc.ca\/wp-content\/uploads\/2025\/03\/assemblee.jpg\",\r\r\n\t\t\t\t\t\t\t  \t\"description\":\"GENERAL MEETING and Members' Dinner at L'Ambroisie Restaurant\",\r\r\n\t\t\t\t\t\t\t  \t\"location\":{\r\r\n\t\t\t\t\t\t\t\t\t\t\"@type\":\"Place\",\r\r\n\t\t\t\t\t\t\t\t\t\t\"name\":\"Restaurant L\u2019Ambroisie\",\r\r\n\t\t\t\t\t\t\t\t\t\t\"address\":\"4020 Rue Saint-Ambroise porte #140, QC H4C 2C7\"\r\r\n\t\t\t\t\t\t\t  \t\t}\r\r\n\t\t\t\t\t\t\t }<\/script><\/div>\r\r\n\t\t\t\t<p class=\"desc_trig_outter\"><a data-gmtrig=\"1\" data-exlk=\"0\" style=\"border-color: #e51a1d;\" id=\"evc_177809040026345\" class=\"hasFtIMG desc_trig featured_event 1 sin_val evcal_list_a\" data-ux_val=\"3\"  ><span class='ev_ftImg' data-img='https:\/\/vea.qc.ca\/wp-content\/uploads\/2025\/03\/assemblee.jpg' data-thumb='https:\/\/vea.qc.ca\/wp-content\/uploads\/2025\/03\/assemblee.jpg' style='background-image:url(\"https:\/\/vea.qc.ca\/wp-content\/uploads\/2025\/03\/assemblee.jpg\")'><\/span><span class='evcal_cblock ' data-bgcolor='#e51a1d' data-smon='Mai' data-syr='2026'><span class='evo_start '><em class='date'>06<\/em><em class='month'>Mai<\/em><em class='time'>18 h 00 min<\/em><\/span><em class='clear'><\/em><\/span><span class='evcal_desc evo_info hide_eventtopdata '  data-location_address=\"4020 Rue Saint-Ambroise porte #140, QC H4C 2C7\" data-location_type=\"address\" data-location_name=\"Restaurant L\u2019Ambroisie\" data-location_status=\"true\" ><span class='evo_above_title'><span class='evo_event_headers featured'>VEA<\/span><\/span><span class='evcal_desc2 evcal_event_title' itemprop='name'>GENERAL MEETING and Members' Dinner at L'Ambroisie Restaurant<\/span><span class='evo_below_title'><span class='evcal_event_subtitle' >AT THE \u201cFIRST WEDNESDAY\u201d OF THE MONTH DINNER MEETING<\/span><\/span><span class='evcal_desc_info' ><em class='evcal_time'>18 h 00 min<\/em> <em class=\"evcal_location\"  data-add_str=\"4020 Rue Saint-Ambroise porte #140, QC H4C 2C7\"><em class=\"event_location_name\">Restaurant L\u2019Ambroisie<\/em>, 4020 Rue Saint-Ambroise porte #140, QC H4C 2C7<\/em><\/span><span class='evcal_desc3'><\/span><\/span><em class='clear'><\/em><\/a><\/p><div class='event_description evcal_eventcard ' style=\"display:none\"><div class='evo_metarow_directimg'><img src='https:\/\/vea.qc.ca\/wp-content\/uploads\/2025\/03\/assemblee.jpg' \/><\/div><div class='evo_metarow_time_location evorow bordb '>\r\r\n\t\t\t\t\t\t<div class='tb' >\r\r\n\t\t\t\t\t\t\t<div class='tbrow'>\r\r\n\t\t\t\t\t\t\t<div class='evcal_col50 bordr'>\r\r\n\t\t\t\t\t\t\t\t<div class='evcal_evdata_row evo_time'>\r\r\n\t\t\t\t\t\t\t\t\t<span class='evcal_evdata_icons'><i class='fa fa-clock-o'><\/i><\/span>\r\r\n\t\t\t\t\t\t\t\t\t<div class='evcal_evdata_cell'>\t\t\t\t\t\t\t\r\r\n\t\t\t\t\t\t\t\t\t\t<h3 class='evo_h3'><span class='evcal_evdata_icons'><i class='fa fa-clock-o'><\/i><\/span>Heure de d\u00e9but \/ fin<\/h3>\r\r\n\t\t\t\t\t\t\t\t\t\t<p>(Mercredi) 18 h 00 min<\/p>\r\r\n\t\t\t\t\t\t\t\t\t<\/div>\r\r\n\t\t\t\t\t\t\t\t<\/div>\r\r\n\t\t\t\t\t\t\t<\/div><div class='evcal_col50'>\r\r\n\t\t\t\t\t\t\t\t<div class='evcal_evdata_row evo_location'>\r\r\n\t\t\t\t\t\t\t\t\t<span class='evcal_evdata_icons'><i class='fa fa-map-marker'><\/i><\/span>\r\r\n\t\t\t\t\t\t\t\t\t<div class='evcal_evdata_cell' data-loc_tax_id='306'>\t\t\t\t\t\t\t\r\r\n\t\t\t\t\t\t\t\t\t\t<h3 class='evo_h3'><span class='evcal_evdata_icons'><i class='fa fa-map-marker'><\/i><\/span>Lieu<\/h3><p class='evo_location_name'>Restaurant L\u2019Ambroisie<\/p><p class='evo_location_address'>4020 Rue Saint-Ambroise porte #140, QC H4C 2C7<\/p>\r\r\n\t\t\t\t\t\t\t\t\t<\/div>\r\r\n\t\t\t\t\t\t\t\t<\/div>\r\r\n\t\t\t\t\t\t\t<\/div><div class='clear'><\/div>\r\r\n\t\t\t\t\t\t\t<\/div><\/div>\r\r\n\t\t\t\t\t\t<\/div><div class='evo_metarow_locImg evorow bordb tvi' style='height:400px; background-image:url(https:\/\/vea.qc.ca\/wp-content\/uploads\/2023\/04\/Ambroisie2023.jpg)' id='23610_locimg' ><p class='evoLOCtxt'>\r\r\n\t\t\t\t\t\t\t\t<span class='evo_loc_text_title'>Restaurant L\u2019Ambroisie<\/span><span style=\"padding-bottom:10px\">4020 Rue Saint-Ambroise porte #140, QC H4C 2C7<\/span><\/p><\/div><div class='evo_metarow_gmap evorow evcal_gmaps bordb ' id='evc177809040069ec80fdc573226345_gmap' style='max-width:none'><\/div><div class='evo_metarow_getDr evorow evcal_evdata_row bordb evcal_evrow_sm getdirections'>\r\r\n\t\t\t\t\t\t<form action='https:\/\/maps.google.com\/maps' method='get' target='_blank'>\r\r\n\t\t\t\t\t\t<input type='hidden' name='daddr' value=\"4020 Rue Saint-Ambroise porte #140, QC H4C 2C7\"\/> \r\r\n\t\t\t\t\t\t<p><input class='evoInput' type='text' name='saddr' placeholder='Saisissez votre adresse' value=''\/>\r\r\n\t\t\t\t\t\t<button type='submit' class='evcal_evdata_icons evcalicon_9' title='Cliquez ici pour obtenir l&#039;itin\u00e9raire'><i class='fa fa-road'><\/i><\/button>\r\r\n\t\t\t\t\t\t<\/p><\/form>\r\r\n\t\t\t\t\t<\/div>\r\n\t\t\t\t\t\t<div class='evo_metarow_ICS evorow bordb evcal_evdata_row'>\r\r\n\t\t\t\t\t\t\t<span class=\"evcal_evdata_icons\"><i class=\"fa fa-calendar\"><\/i><\/span>\r\r\n\t\t\t\t\t\t\t<div class='evcal_evdata_cell'>\r\r\n\t\t\t\t\t\t\t\t<p><a href='https:\/\/vea.qc.ca\/wp-admin\/admin-ajax.php?action=eventon_ics_download&amp;event_id=26345&amp;sunix=20260506T230000Z&amp;eunix=20260507T045000Z&amp;loca=4020 Rue Saint-Ambroise porte #140, QC H4C 2C7&amp;locn=Restaurant L\u2019Ambroisie' class='evo_ics_nCal' title='Ajouter \u00e0 votre calendrier'>Calendrier<\/a><a href='\/\/www.google.com\/calendar\/event?action=TEMPLATE&amp;text=GENERAL+MEETING+and+Members%27+Dinner+at+L%27Ambroisie+Restaurant&amp;dates=20260506T230000Z\/20260507T045000Z&amp;details=GENERAL+MEETING+and+Members%27+Dinner+at+L%27Ambroisie+Restaurant&amp;location=Restaurant+L%E2%80%99Ambroisie - 4020+Rue+Saint-Ambroise+porte+%23140%2C+QC+H4C+2C7' target='_blank' class='evo_ics_gCal' title='Ajouter \u00e0 l&#039;agenda Google'>GoogleCal<\/a><\/p>\t\r\r\n\t\t\t\t\t\t\t<\/div>\r\n\t\t\t\t\t\t<\/div>\r\r\n\t\t\t\t\t\t<div class='bordb evo_metarow_socialmedia evcal_evdata_row  lastrow'><div class='evo_sm FacebookShare'><a class=\" evo_ss\" target=\"_blank\" onclick=\"javascript:window.open(this.href, '', 'left=50,top=50,width=600,height=350,toolbar=0');return false;\"\r\r\n\t\t\t\t\t\t\t\thref=\"http:\/\/www.facebook.com\/sharer.php?u=https%3A%2F%2Fvea.qc.ca%2Fen%2Factivities%2Fgeneral-meeting-and-members-dinner-at-lambroisie-restaurant-2%2F\" title=\"Partager sur Facebook\"><i class=\"fa fa-facebook\"><\/i><\/a><\/div><div class='evo_sm Twitter'><a class=\"tw evo_ss\" onclick=\"javascript:window.open(this.href, '', 'menubar=no,toolbar=no,resizable=yes,scrollbars=yes,height=300,width=600');return false;\" href=\"http:\/\/twitter.com\/share?text=GENERAL MEETING and Members&#8217; Dinner at L&#8217;Ambroisie Restaurant&#32;-&#32;&url=https%3A%2F%2Fvea.qc.ca%2Fen%2Factivities%2Fgeneral-meeting-and-members-dinner-at-lambroisie-restaurant-2%2F\" title=\"Partager sur twitter\" rel=\"nofollow\" target=\"_blank\" data-url=\"https%3A%2F%2Fvea.qc.ca%2Fen%2Factivities%2Fgeneral-meeting-and-members-dinner-at-lambroisie-restaurant-2%2F\"><i class=\"fa fa-twitter\"><\/i><\/a><\/div><div class='evo_sm LinkedIn'><a class=\"li evo_ss\" href=\"http:\/\/www.linkedin.com\/shareArticle?mini=true&url=https%3A%2F%2Fvea.qc.ca%2Fen%2Factivities%2Fgeneral-meeting-and-members-dinner-at-lambroisie-restaurant-2%2F&title=GENERAL%20MEETING%20and%20Members%26%238217%3B%20Dinner%20at%20L%26%238217%3BAmbroisie%20Restaurant&summary=--\" target=\"_blank\" title=\"Partager sur Linkedin\"><i class=\"fa fa-linkedin\"><\/i><\/a><\/div><div class='evo_sm Google'><a class=\"gp evo_ss\" href=\"https:\/\/plus.google.com\/share?url=https%3A%2F%2Fvea.qc.ca%2Fen%2Factivities%2Fgeneral-meeting-and-members-dinner-at-lambroisie-restaurant-2%2F\" \r\r\n\t\t\t\t\t\t\t\tonclick=\"javascript:window.open(this.href, '', 'left=50,top=50,width=600,height=350,toolbar=0');return false;\" target=\"_blank\"><i class=\"fa fa-google-plus\" title=\"Partager sur Google Plus\"><\/i><\/a><\/div><div class='evo_sm EmailShare'><a class=\"em evo_ss\" href=\"mailto:?subject=GENERAL MEETING and Members%26#8217; Dinner at L%26#8217;Ambroisie Restaurant&body=Event Name: GENERAL MEETING and Members%26#8217; Dinner at L%26#8217;Ambroisie Restaurant%0AEvent Date: 6 Mai 2026 18 H 00 Min%0ALink: https%3A%2F%2Fvea.qc.ca%2Fen%2Factivities%2Fgeneral-meeting-and-members-dinner-at-lambroisie-restaurant-2%2F%0A\" target=\"_blank\"><i class=\"fa fa-envelope\"><\/i><\/a><\/div><div class='clear'><\/div><div class='evcal_evdata_row evcal_close' title='Close'><\/div><\/div><\/div><div class='clear end'><\/div><\/div><div id=\"event_28362\" class=\"eventon_list_event evo_eventtop  event\" data-event_id=\"28362\" data-time=\"1778317200-1778370600\" data-colr=\"#e5191d\" itemscope itemtype='http:\/\/schema.org\/Event'><div class=\"evo_event_schema\" style=\"display:none\" ><a itemprop='url'  href='https:\/\/vea.qc.ca\/en\/activities\/ride-to-a-cider-house\/'><\/a><span itemprop='name'  >Ride to a cider house<\/span><meta itemprop='image' content='https:\/\/vea.qc.ca\/wp-content\/uploads\/2026\/04\/cidre.jpg' \/><meta itemprop='description' content='In this cider house, you will discover a family tradition that has been transforming apples into cider since 1901, and of course, you will taste the products.' \/><meta itemprop='startDate' content='2026-5-9T09:00' \/><meta itemprop='endDate' content='2026-5-9T23:50' \/><meta itemprop='eventStatus' content='on-schedule' \/><script type=\"application\/ld+json\">{\t\"@context\": \"http:\/\/schema.org\",\r\r\n\t\t\t\t\t\t\t  \t\"@type\": \"Event\",\r\r\n\t\t\t\t\t\t\t  \t\"name\": \"Ride to a cider house\",\r\r\n\t\t\t\t\t\t\t  \t\"startDate\": \"2026-5-9T09-09-00-00\",\r\r\n\t\t\t\t\t\t\t  \t\"endDate\": \"2026-5-9T23-23-50-00\",\r\r\n\t\t\t\t\t\t\t  \t\"image\":\"https:\/\/vea.qc.ca\/wp-content\/uploads\/2026\/04\/cidre.jpg\",\r\r\n\t\t\t\t\t\t\t  \t\"description\":\"In this cider house, you will discover a family tradition that has been transforming apples into cider since 1901, and of course, you will taste the products.\",\r\r\n\t\t\t\t\t\t\t  \t\r\r\n\t\t\t\t\t\t\t }<\/script><\/div>\r\r\n\t\t\t\t<p class=\"desc_trig_outter\"><a data-gmap_status=\"null\" data-exlk=\"0\" style=\"border-color: #e5191d;\" id=\"evc_177831720028362\" class=\"hasFtIMG desc_trig featured_event 1 sin_val evcal_list_a\" data-ux_val=\"3\"  ><span class='ev_ftImg' data-img='https:\/\/vea.qc.ca\/wp-content\/uploads\/2026\/04\/cidre.jpg' data-thumb='https:\/\/vea.qc.ca\/wp-content\/uploads\/2026\/04\/cidre.jpg' style='background-image:url(\"https:\/\/vea.qc.ca\/wp-content\/uploads\/2026\/04\/cidre.jpg\")'><\/span><span class='evcal_cblock ' data-bgcolor='#e5191d' data-smon='Mai' data-syr='2026'><span class='evo_start '><em class='date'>09<\/em><em class='month'>Mai<\/em><em class='time'>9 h 00 min<\/em><\/span><em class='clear'><\/em><\/span><span class='evcal_desc evo_info hide_eventtopdata '  data-location_status=\"false\" ><span class='evo_above_title'><span class='evo_event_headers featured'>VEA<\/span><\/span><span class='evcal_desc2 evcal_event_title' itemprop='name'>Ride to a cider house<\/span><span class='evo_below_title'><span class='evcal_event_subtitle' >Dominic leads us for a ride  to Michel Jodoin's cider house in Rougemont.<\/span><\/span><span class='evcal_desc_info' ><em class='evcal_time'>9 h 00 min<\/em> <\/span><span class='evcal_desc3'><\/span><\/span><em class='clear'><\/em><\/a><\/p><div class='event_description evcal_eventcard ' style=\"display:none\"><div class='evo_metarow_directimg'><img src='https:\/\/vea.qc.ca\/wp-content\/uploads\/2026\/04\/cidre.jpg' \/><\/div><div class='evo_metarow_details evorow evcal_evdata_row bordb evcal_event_details'>\r\r\n\t\t\t\t\t\t\t<div class=\"event_excerpt\" style=\"display:none\"><h3 class=\"padb5 evo_h3\">D\u00e9tails de l&#039;activit\u00e9<\/h3><p>In this cider house, you will discover a family tradition that has been transforming apples into cider since 1901, and of course, you will taste the products.<\/p><\/div><span class='evcal_evdata_icons'><i class='fa fa-align-justify'><\/i><\/span>\r\r\n\t\t\t\t\t\t\t\r\r\n\t\t\t\t\t\t\t<div class='evcal_evdata_cell '><div class='eventon_full_description'>\r\r\n\t\t\t\t\t\t\t\t\t<h3 class='padb5 evo_h3'><span class='evcal_evdata_icons'><i class='fa fa-align-justify'><\/i><\/span>D\u00e9tails de l&#039;activit\u00e9<\/h3><div class='eventon_desc_in' itemprop='description'>\r\r\n\t\t\t\t\t\t\t\t\t<p>In this cider house, you will discover a family tradition that has been transforming apples into cider since 1901, and of course, you will taste the products.<\/p>\n<\/div><div class='clear'><\/div>\r\r\n\t\t\t\t\t\t\t\t<\/div>\r\r\n\t\t\t\t\t\t\t<\/div>\r\r\n\t\t\t\t\t\t<\/div><div class='evo_metarow_time evorow evcal_evdata_row bordb evcal_evrow_sm '>\r\r\n\t\t\t\t\t\t\t<span class='evcal_evdata_icons'><i class='fa fa-clock-o'><\/i><\/span>\r\r\n\t\t\t\t\t\t\t<div class='evcal_evdata_cell'>\t\t\t\t\t\t\t\r\r\n\t\t\t\t\t\t\t\t<h3 class='evo_h3'><span class='evcal_evdata_icons'><i class='fa fa-clock-o'><\/i><\/span>Heure de d\u00e9but \/ fin<\/h3><p>(Samedi) 9 h 00 min<\/p>\r\r\n\t\t\t\t\t\t\t<\/div>\r\r\n\t\t\t\t\t\t<\/div><div class='evo_metarow_organizer evorow evcal_evdata_row bordb evcal_evrow_sm '>\r\r\n\t\t\t\t\t\t\t<span class='evcal_evdata_icons'><i class='fa fa-id-badge'><\/i><\/span>\r\r\n\t\t\t\t\t\t\t<div class='evcal_evdata_cell'>\t\t\t\t\t\t\t\r\r\n\t\t\t\t\t\t\t\t<h3 class='evo_h3'>Organisateur<\/h3>\r\r\n\t\t\t\t\t\t\t\t\r\r\n\t\t\t\t\t\t\t\t<div class='evo_card_organizer'><p class='evo_data_val evo_card_organizer_name'>\r\r\n\t\t\t\t\t\t\t\t\t<span class='evo_card_organizer_name_t'>Dominic Fortier<\/span>\r\r\n\t\t\t\t\t\t\t\t\t\r\r\n\t\t\t\t\t\t\t\t\t<\/p><\/div><div class='clear'><\/div>\t\t\t\t\t\t\t\r\r\n\t\t\t\t\t\t\t<\/div>\r\r\n\t\t\t\t\t\t<\/div>\r\n\t\t\t\t\t\t<div class='evo_metarow_ICS evorow bordb evcal_evdata_row'>\r\r\n\t\t\t\t\t\t\t<span class=\"evcal_evdata_icons\"><i class=\"fa fa-calendar\"><\/i><\/span>\r\r\n\t\t\t\t\t\t\t<div class='evcal_evdata_cell'>\r\r\n\t\t\t\t\t\t\t\t<p><a href='https:\/\/vea.qc.ca\/wp-admin\/admin-ajax.php?action=eventon_ics_download&amp;event_id=28362&amp;sunix=20260509T140000Z&amp;eunix=20260510T045000Z&amp;loca=&amp;locn=' class='evo_ics_nCal' title='Ajouter \u00e0 votre calendrier'>Calendrier<\/a><a href='\/\/www.google.com\/calendar\/event?action=TEMPLATE&amp;text=Ride+to+a+cider+house&amp;dates=20260509T140000Z\/20260510T045000Z&amp;details=In+this+cider+house%2C+you+will+discover+a+family+tradition+that+has+been+transforming+apples+into+cider+since+1901%2C+and+of+course%2C+you+will+taste+the+products.&amp;location= - ' target='_blank' class='evo_ics_gCal' title='Ajouter \u00e0 l&#039;agenda Google'>GoogleCal<\/a><\/p>\t\r\r\n\t\t\t\t\t\t\t<\/div>\r\n\t\t\t\t\t\t<\/div>\r\r\n\t\t\t\t\t\t<div class='bordb evo_metarow_socialmedia evcal_evdata_row  lastrow'><div class='evo_sm FacebookShare'><a class=\" evo_ss\" target=\"_blank\" onclick=\"javascript:window.open(this.href, '', 'left=50,top=50,width=600,height=350,toolbar=0');return false;\"\r\r\n\t\t\t\t\t\t\t\thref=\"http:\/\/www.facebook.com\/sharer.php?u=https%3A%2F%2Fvea.qc.ca%2Fen%2Factivities%2Fride-to-a-cider-house%2F\" title=\"Partager sur Facebook\"><i class=\"fa fa-facebook\"><\/i><\/a><\/div><div class='evo_sm Twitter'><a class=\"tw evo_ss\" onclick=\"javascript:window.open(this.href, '', 'menubar=no,toolbar=no,resizable=yes,scrollbars=yes,height=300,width=600');return false;\" href=\"http:\/\/twitter.com\/share?text=Ride to a cider house&#32;-&#32;&url=https%3A%2F%2Fvea.qc.ca%2Fen%2Factivities%2Fride-to-a-cider-house%2F\" title=\"Partager sur twitter\" rel=\"nofollow\" target=\"_blank\" data-url=\"https%3A%2F%2Fvea.qc.ca%2Fen%2Factivities%2Fride-to-a-cider-house%2F\"><i class=\"fa fa-twitter\"><\/i><\/a><\/div><div class='evo_sm LinkedIn'><a class=\"li evo_ss\" href=\"http:\/\/www.linkedin.com\/shareArticle?mini=true&url=https%3A%2F%2Fvea.qc.ca%2Fen%2Factivities%2Fride-to-a-cider-house%2F&title=Ride%20to%20a%20cider%20house&summary=In+this+cider+house%2C+you+will+discover+a+family+tradition+that+has+been+transforming+apples+into\" target=\"_blank\" title=\"Partager sur Linkedin\"><i class=\"fa fa-linkedin\"><\/i><\/a><\/div><div class='evo_sm Google'><a class=\"gp evo_ss\" href=\"https:\/\/plus.google.com\/share?url=https%3A%2F%2Fvea.qc.ca%2Fen%2Factivities%2Fride-to-a-cider-house%2F\" \r\r\n\t\t\t\t\t\t\t\tonclick=\"javascript:window.open(this.href, '', 'left=50,top=50,width=600,height=350,toolbar=0');return false;\" target=\"_blank\"><i class=\"fa fa-google-plus\" title=\"Partager sur Google Plus\"><\/i><\/a><\/div><div class='evo_sm EmailShare'><a class=\"em evo_ss\" href=\"mailto:?subject=Ride to a cider house&body=Event Name: Ride to a cider house%0AEvent Date: 9 Mai 2026 9 H 00 Min%0ALink: https%3A%2F%2Fvea.qc.ca%2Fen%2Factivities%2Fride-to-a-cider-house%2F%0A\" target=\"_blank\"><i class=\"fa fa-envelope\"><\/i><\/a><\/div><div class='clear'><\/div><div class='evcal_evdata_row evcal_close' title='Close'><\/div><\/div><\/div><div class='clear end'><\/div><\/div><div id=\"event_28369\" class=\"eventon_list_event evo_eventtop  event\" data-event_id=\"28369\" data-time=\"1779526800-1779580200\" data-colr=\"#e5191d\" itemscope itemtype='http:\/\/schema.org\/Event'><div class=\"evo_event_schema\" style=\"display:none\" ><a itemprop='url'  href='https:\/\/vea.qc.ca\/en\/activities\/ride-to-sorel\/'><\/a><span itemprop='name'  >Ride to Sorel<\/span><meta itemprop='image' content='https:\/\/vea.qc.ca\/wp-content\/uploads\/2026\/04\/belvedere.jpg' \/><meta itemprop='description' content='A ride towards Sorel between the St. Lawrence River and the Richelieu River to share a good meal at the Le Belv\u00e9d\u00e8re restaurant. ''It's a warm place by the water' \/><meta itemprop='startDate' content='2026-5-23T09:00' \/><meta itemprop='endDate' content='2026-5-23T23:50' \/><meta itemprop='eventStatus' content='on-schedule' \/><script type=\"application\/ld+json\">{\t\"@context\": \"http:\/\/schema.org\",\r\r\n\t\t\t\t\t\t\t  \t\"@type\": \"Event\",\r\r\n\t\t\t\t\t\t\t  \t\"name\": \"Ride to Sorel\",\r\r\n\t\t\t\t\t\t\t  \t\"startDate\": \"2026-5-23T09-09-00-00\",\r\r\n\t\t\t\t\t\t\t  \t\"endDate\": \"2026-5-23T23-23-50-00\",\r\r\n\t\t\t\t\t\t\t  \t\"image\":\"https:\/\/vea.qc.ca\/wp-content\/uploads\/2026\/04\/belvedere.jpg\",\r\r\n\t\t\t\t\t\t\t  \t\"description\":\"A ride towards Sorel between the St. Lawrence River and the Richelieu River to share a good meal at the Le Belv\u00e9d\u00e8re restaurant. ''It's a warm place by the water\",\r\r\n\t\t\t\t\t\t\t  \t\r\r\n\t\t\t\t\t\t\t }<\/script><\/div>\r\r\n\t\t\t\t<p class=\"desc_trig_outter\"><a data-gmap_status=\"null\" data-exlk=\"0\" style=\"border-color: #e5191d;\" id=\"evc_177952680028369\" class=\"hasFtIMG desc_trig featured_event 1 sin_val evcal_list_a\" data-ux_val=\"3\"  ><span class='ev_ftImg' data-img='https:\/\/vea.qc.ca\/wp-content\/uploads\/2026\/04\/belvedere.jpg' data-thumb='https:\/\/vea.qc.ca\/wp-content\/uploads\/2026\/04\/belvedere.jpg' style='background-image:url(\"https:\/\/vea.qc.ca\/wp-content\/uploads\/2026\/04\/belvedere.jpg\")'><\/span><span class='evcal_cblock ' data-bgcolor='#e5191d' data-smon='Mai' data-syr='2026'><span class='evo_start '><em class='date'>23<\/em><em class='month'>Mai<\/em><em class='time'>9 h 00 min<\/em><\/span><em class='clear'><\/em><\/span><span class='evcal_desc evo_info hide_eventtopdata '  data-location_status=\"false\" ><span class='evo_above_title'><span class='evo_event_headers featured'>VEA<\/span><\/span><span class='evcal_desc2 evcal_event_title' itemprop='name'>Ride to Sorel<\/span><span class='evo_below_title'><span class='evcal_event_subtitle' >A ride towards Sorel between the St. Lawrence River and the Richelieu River to share a good meal at the Le Belv\u00e9d\u00e8re restaurant.<\/span><\/span><span class='evcal_desc_info' ><em class='evcal_time'>9 h 00 min<\/em> <\/span><span class='evcal_desc3'><\/span><\/span><em class='clear'><\/em><\/a><\/p><div class='event_description evcal_eventcard ' style=\"display:none\"><div class='evo_metarow_directimg'><img src='https:\/\/vea.qc.ca\/wp-content\/uploads\/2026\/04\/belvedere.jpg' \/><\/div><div class='evo_metarow_details evorow evcal_evdata_row bordb evcal_event_details'>\r\r\n\t\t\t\t\t\t\t<div class=\"event_excerpt\" style=\"display:none\"><h3 class=\"padb5 evo_h3\">D\u00e9tails de l&#039;activit\u00e9<\/h3><p>A ride towards Sorel between the St. Lawrence River and the Richelieu River to share a good meal at the Le Belv\u00e9d\u00e8re restaurant. ''It's a warm place by the water<\/p><\/div><span class='evcal_evdata_icons'><i class='fa fa-align-justify'><\/i><\/span>\r\r\n\t\t\t\t\t\t\t\r\r\n\t\t\t\t\t\t\t<div class='evcal_evdata_cell '><div class='eventon_full_description'>\r\r\n\t\t\t\t\t\t\t\t\t<h3 class='padb5 evo_h3'><span class='evcal_evdata_icons'><i class='fa fa-align-justify'><\/i><\/span>D\u00e9tails de l&#039;activit\u00e9<\/h3><div class='eventon_desc_in' itemprop='description'>\r\r\n\t\t\t\t\t\t\t\t\t<p>A ride towards Sorel between the St. Lawrence River and the Richelieu River to share a good meal at the Le Belv\u00e9d\u00e8re restaurant. &#8221;It&#8217;s a warm place by the water where authenticity, simplicity and the pleasure of good food come together&#8221;.<\/p>\n<\/div><div class='clear'><\/div>\r\r\n\t\t\t\t\t\t\t\t<\/div>\r\r\n\t\t\t\t\t\t\t<\/div>\r\r\n\t\t\t\t\t\t<\/div><div class='evo_metarow_time evorow evcal_evdata_row bordb evcal_evrow_sm '>\r\r\n\t\t\t\t\t\t\t<span class='evcal_evdata_icons'><i class='fa fa-clock-o'><\/i><\/span>\r\r\n\t\t\t\t\t\t\t<div class='evcal_evdata_cell'>\t\t\t\t\t\t\t\r\r\n\t\t\t\t\t\t\t\t<h3 class='evo_h3'><span class='evcal_evdata_icons'><i class='fa fa-clock-o'><\/i><\/span>Heure de d\u00e9but \/ fin<\/h3><p>(Samedi) 9 h 00 min<\/p>\r\r\n\t\t\t\t\t\t\t<\/div>\r\r\n\t\t\t\t\t\t<\/div>\r\n\t\t\t\t\t\t<div class='evo_metarow_ICS evorow bordb evcal_evdata_row'>\r\r\n\t\t\t\t\t\t\t<span class=\"evcal_evdata_icons\"><i class=\"fa fa-calendar\"><\/i><\/span>\r\r\n\t\t\t\t\t\t\t<div class='evcal_evdata_cell'>\r\r\n\t\t\t\t\t\t\t\t<p><a href='https:\/\/vea.qc.ca\/wp-admin\/admin-ajax.php?action=eventon_ics_download&amp;event_id=28369&amp;sunix=20260523T140000Z&amp;eunix=20260524T045000Z&amp;loca=&amp;locn=' class='evo_ics_nCal' title='Ajouter \u00e0 votre calendrier'>Calendrier<\/a><a href='\/\/www.google.com\/calendar\/event?action=TEMPLATE&amp;text=Ride+to+Sorel&amp;dates=20260523T140000Z\/20260524T045000Z&amp;details=A+ride+towards+Sorel+between+the+St.+Lawrence+River+and+the+Richelieu+River+to+share+a+good+meal+at+the+Le+Belv%C3%A9d%C3%A8re+restaurant.+%27%27It%27s+a+warm+place+by+the+water&amp;location= - ' target='_blank' class='evo_ics_gCal' title='Ajouter \u00e0 l&#039;agenda Google'>GoogleCal<\/a><\/p>\t\r\r\n\t\t\t\t\t\t\t<\/div>\r\n\t\t\t\t\t\t<\/div>\r\r\n\t\t\t\t\t\t<div class='bordb evo_metarow_socialmedia evcal_evdata_row  lastrow'><div class='evo_sm FacebookShare'><a class=\" evo_ss\" target=\"_blank\" onclick=\"javascript:window.open(this.href, '', 'left=50,top=50,width=600,height=350,toolbar=0');return false;\"\r\r\n\t\t\t\t\t\t\t\thref=\"http:\/\/www.facebook.com\/sharer.php?u=https%3A%2F%2Fvea.qc.ca%2Fen%2Factivities%2Fride-to-sorel%2F\" title=\"Partager sur Facebook\"><i class=\"fa fa-facebook\"><\/i><\/a><\/div><div class='evo_sm Twitter'><a class=\"tw evo_ss\" onclick=\"javascript:window.open(this.href, '', 'menubar=no,toolbar=no,resizable=yes,scrollbars=yes,height=300,width=600');return false;\" href=\"http:\/\/twitter.com\/share?text=Ride to Sorel&#32;-&#32;&url=https%3A%2F%2Fvea.qc.ca%2Fen%2Factivities%2Fride-to-sorel%2F\" title=\"Partager sur twitter\" rel=\"nofollow\" target=\"_blank\" data-url=\"https%3A%2F%2Fvea.qc.ca%2Fen%2Factivities%2Fride-to-sorel%2F\"><i class=\"fa fa-twitter\"><\/i><\/a><\/div><div class='evo_sm LinkedIn'><a class=\"li evo_ss\" href=\"http:\/\/www.linkedin.com\/shareArticle?mini=true&url=https%3A%2F%2Fvea.qc.ca%2Fen%2Factivities%2Fride-to-sorel%2F&title=Ride%20to%20Sorel&summary=A+ride+towards+Sorel+between+the+St.+Lawrence+River+and+the+Richelieu+River+to+share+a\" target=\"_blank\" title=\"Partager sur Linkedin\"><i class=\"fa fa-linkedin\"><\/i><\/a><\/div><div class='evo_sm Google'><a class=\"gp evo_ss\" href=\"https:\/\/plus.google.com\/share?url=https%3A%2F%2Fvea.qc.ca%2Fen%2Factivities%2Fride-to-sorel%2F\" \r\r\n\t\t\t\t\t\t\t\tonclick=\"javascript:window.open(this.href, '', 'left=50,top=50,width=600,height=350,toolbar=0');return false;\" target=\"_blank\"><i class=\"fa fa-google-plus\" title=\"Partager sur Google Plus\"><\/i><\/a><\/div><div class='evo_sm EmailShare'><a class=\"em evo_ss\" href=\"mailto:?subject=Ride to Sorel&body=Event Name: Ride to Sorel%0AEvent Date: 23 Mai 2026 9 H 00 Min%0ALink: https%3A%2F%2Fvea.qc.ca%2Fen%2Factivities%2Fride-to-sorel%2F%0A\" target=\"_blank\"><i class=\"fa fa-envelope\"><\/i><\/a><\/div><div class='clear'><\/div><div class='evcal_evdata_row evcal_close' title='Close'><\/div><\/div><\/div><div class='clear end'><\/div><\/div><\/div><div class='evcal_month_line'><p>Juin 2026<\/p><\/div><div id='evcal_list' class='evcal_list_month eventon_events_list '><div id=\"event_27877\" class=\"eventon_list_event evo_eventtop  event\" data-event_id=\"27877\" data-time=\"1780509600-1780530600\" data-colr=\"#e51a1d\" itemscope itemtype='http:\/\/schema.org\/Event'><div class=\"evo_event_schema\" style=\"display:none\" ><a itemprop='url'  href='https:\/\/vea.qc.ca\/en\/activities\/mechoui-gerard-de-conty-copy\/'><\/a><span itemprop='name'  >M\u00c9CHOUI - G\u00c9RARD DE CONTY<\/span><meta itemprop='image' content='https:\/\/vea.qc.ca\/wp-content\/uploads\/2025\/12\/mechoui.jpg' \/><meta itemprop='description' content='M\u00e9choui\/BBQ G\u00e9rard de Conty, (paired dinner on the first Wednesday of the month)' \/><meta itemprop='startDate' content='2026-6-3T18:00' \/><meta itemprop='endDate' content='2026-6-3T23:50' \/><meta itemprop='eventStatus' content='on-schedule' \/>\r\r\n\t\t\t\t\t\t\t\t\t<item style=\"display:none\" itemprop=\"location\" itemscope itemtype=\"http:\/\/schema.org\/Place\">\r\r\n\t\t\t\t\t\t\t\t\t\t<span itemprop=\"name\">Restaurant L\u2019Ambroisie<\/span>\r\r\n\t\t\t\t\t\t\t\t\t\t<span itemprop=\"address\" itemscope itemtype=\"http:\/\/schema.org\/PostalAddress\">\r\r\n\t\t\t\t\t\t\t\t\t\t\t<item itemprop=\"streetAddress\">4020 Rue Saint-Ambroise porte #140, QC H4C 2C7<\/item>\r\r\n\t\t\t\t\t\t\t\t\t\t<\/span><\/item><script type=\"application\/ld+json\">{\t\"@context\": \"http:\/\/schema.org\",\r\r\n\t\t\t\t\t\t\t  \t\"@type\": \"Event\",\r\r\n\t\t\t\t\t\t\t  \t\"name\": \"M\u00c9CHOUI - G\u00c9RARD DE CONTY\",\r\r\n\t\t\t\t\t\t\t  \t\"startDate\": \"2026-6-3T18-18-00-00\",\r\r\n\t\t\t\t\t\t\t  \t\"endDate\": \"2026-6-3T23-23-50-00\",\r\r\n\t\t\t\t\t\t\t  \t\"image\":\"https:\/\/vea.qc.ca\/wp-content\/uploads\/2025\/12\/mechoui.jpg\",\r\r\n\t\t\t\t\t\t\t  \t\"description\":\"M\u00e9choui\/BBQ G\u00e9rard de Conty, (paired dinner on the first Wednesday of the month)\",\r\r\n\t\t\t\t\t\t\t  \t\"location\":{\r\r\n\t\t\t\t\t\t\t\t\t\t\"@type\":\"Place\",\r\r\n\t\t\t\t\t\t\t\t\t\t\"name\":\"Restaurant L\u2019Ambroisie\",\r\r\n\t\t\t\t\t\t\t\t\t\t\"address\":\"4020 Rue Saint-Ambroise porte #140, QC H4C 2C7\"\r\r\n\t\t\t\t\t\t\t  \t\t}\r\r\n\t\t\t\t\t\t\t }<\/script><\/div>\r\r\n\t\t\t\t<p class=\"desc_trig_outter\"><a data-gmtrig=\"1\" data-exlk=\"0\" style=\"border-color: #e51a1d;\" id=\"evc_178050960027877\" class=\"hasFtIMG desc_trig featured_event 1 sin_val evcal_list_a\" data-ux_val=\"3\"  ><span class='ev_ftImg' data-img='https:\/\/vea.qc.ca\/wp-content\/uploads\/2025\/12\/mechoui.jpg' data-thumb='https:\/\/vea.qc.ca\/wp-content\/uploads\/2025\/12\/mechoui.jpg' style='background-image:url(\"https:\/\/vea.qc.ca\/wp-content\/uploads\/2025\/12\/mechoui.jpg\")'><\/span><span class='evcal_cblock ' data-bgcolor='#e51a1d' data-smon='Juin' data-syr='2026'><span class='evo_start '><em class='date'>03<\/em><em class='month'>Juin<\/em><em class='time'>18 h 00 min<\/em><\/span><em class='clear'><\/em><\/span><span class='evcal_desc evo_info hide_eventtopdata '  data-location_address=\"4020 Rue Saint-Ambroise porte #140, QC H4C 2C7\" data-location_type=\"address\" data-location_name=\"Restaurant L\u2019Ambroisie\" data-location_status=\"true\" ><span class='evo_above_title'><span class='evo_event_headers featured'>VEA<\/span><\/span><span class='evcal_desc2 evcal_event_title' itemprop='name'>M\u00c9CHOUI - G\u00c9RARD DE CONTY<\/span><span class='evo_below_title'><span class='evcal_event_subtitle' >AT THE \u201cFIRST WEDNESDAY\u201d OF THE MONTH DINNER MEETING<\/span><\/span><span class='evcal_desc_info' ><em class='evcal_time'>18 h 00 min<\/em> <em class=\"evcal_location\"  data-add_str=\"4020 Rue Saint-Ambroise porte #140, QC H4C 2C7\"><em class=\"event_location_name\">Restaurant L\u2019Ambroisie<\/em>, 4020 Rue Saint-Ambroise porte #140, QC H4C 2C7<\/em><\/span><span class='evcal_desc3'><\/span><\/span><em class='clear'><\/em><\/a><\/p><div class='event_description evcal_eventcard ' style=\"display:none\"><div class='evo_metarow_directimg'><img src='https:\/\/vea.qc.ca\/wp-content\/uploads\/2025\/12\/mechoui.jpg' \/><\/div><div class='evo_metarow_details evorow evcal_evdata_row bordb evcal_event_details'>\r\r\n\t\t\t\t\t\t\t<div class=\"event_excerpt\" style=\"display:none\"><h3 class=\"padb5 evo_h3\">D\u00e9tails de l&#039;activit\u00e9<\/h3><p>M\u00e9choui\/BBQ G\u00e9rard de Conty, (paired dinner on the first Wednesday of the month)<\/p><\/div><span class='evcal_evdata_icons'><i class='fa fa-align-justify'><\/i><\/span>\r\r\n\t\t\t\t\t\t\t\r\r\n\t\t\t\t\t\t\t<div class='evcal_evdata_cell '><div class='eventon_full_description'>\r\r\n\t\t\t\t\t\t\t\t\t<h3 class='padb5 evo_h3'><span class='evcal_evdata_icons'><i class='fa fa-align-justify'><\/i><\/span>D\u00e9tails de l&#039;activit\u00e9<\/h3><div class='eventon_desc_in' itemprop='description'>\r\r\n\t\t\t\t\t\t\t\t\t<p>M\u00e9choui\/BBQ G\u00e9rard de Conty, (paired dinner on the first Wednesday of the month)<\/p>\n<\/div><div class='clear'><\/div>\r\r\n\t\t\t\t\t\t\t\t<\/div>\r\r\n\t\t\t\t\t\t\t<\/div>\r\r\n\t\t\t\t\t\t<\/div><div class='evo_metarow_time_location evorow bordb '>\r\r\n\t\t\t\t\t\t<div class='tb' >\r\r\n\t\t\t\t\t\t\t<div class='tbrow'>\r\r\n\t\t\t\t\t\t\t<div class='evcal_col50 bordr'>\r\r\n\t\t\t\t\t\t\t\t<div class='evcal_evdata_row evo_time'>\r\r\n\t\t\t\t\t\t\t\t\t<span class='evcal_evdata_icons'><i class='fa fa-clock-o'><\/i><\/span>\r\r\n\t\t\t\t\t\t\t\t\t<div class='evcal_evdata_cell'>\t\t\t\t\t\t\t\r\r\n\t\t\t\t\t\t\t\t\t\t<h3 class='evo_h3'><span class='evcal_evdata_icons'><i class='fa fa-clock-o'><\/i><\/span>Heure de d\u00e9but \/ fin<\/h3>\r\r\n\t\t\t\t\t\t\t\t\t\t<p>(Mercredi) 18 h 00 min<\/p>\r\r\n\t\t\t\t\t\t\t\t\t<\/div>\r\r\n\t\t\t\t\t\t\t\t<\/div>\r\r\n\t\t\t\t\t\t\t<\/div><div class='evcal_col50'>\r\r\n\t\t\t\t\t\t\t\t<div class='evcal_evdata_row evo_location'>\r\r\n\t\t\t\t\t\t\t\t\t<span class='evcal_evdata_icons'><i class='fa fa-map-marker'><\/i><\/span>\r\r\n\t\t\t\t\t\t\t\t\t<div class='evcal_evdata_cell' data-loc_tax_id='306'>\t\t\t\t\t\t\t\r\r\n\t\t\t\t\t\t\t\t\t\t<h3 class='evo_h3'><span class='evcal_evdata_icons'><i class='fa fa-map-marker'><\/i><\/span>Lieu<\/h3><p class='evo_location_name'>Restaurant L\u2019Ambroisie<\/p><p class='evo_location_address'>4020 Rue Saint-Ambroise porte #140, QC H4C 2C7<\/p>\r\r\n\t\t\t\t\t\t\t\t\t<\/div>\r\r\n\t\t\t\t\t\t\t\t<\/div>\r\r\n\t\t\t\t\t\t\t<\/div><div class='clear'><\/div>\r\r\n\t\t\t\t\t\t\t<\/div><\/div>\r\r\n\t\t\t\t\t\t<\/div><div class='evo_metarow_locImg evorow bordb tvi' style='height:400px; background-image:url(https:\/\/vea.qc.ca\/wp-content\/uploads\/2023\/04\/Ambroisie2023.jpg)' id='23610_locimg' ><p class='evoLOCtxt'>\r\r\n\t\t\t\t\t\t\t\t<span class='evo_loc_text_title'>Restaurant L\u2019Ambroisie<\/span><span style=\"padding-bottom:10px\">4020 Rue Saint-Ambroise porte #140, QC H4C 2C7<\/span><\/p><\/div><div class='evo_metarow_gmap evorow evcal_gmaps bordb ' id='evc178050960069ec80fdd2b2c27877_gmap' style='max-width:none'><\/div><div class='evo_metarow_getDr evorow evcal_evdata_row bordb evcal_evrow_sm getdirections'>\r\r\n\t\t\t\t\t\t<form action='https:\/\/maps.google.com\/maps' method='get' target='_blank'>\r\r\n\t\t\t\t\t\t<input type='hidden' name='daddr' value=\"4020 Rue Saint-Ambroise porte #140, QC H4C 2C7\"\/> \r\r\n\t\t\t\t\t\t<p><input class='evoInput' type='text' name='saddr' placeholder='Saisissez votre adresse' value=''\/>\r\r\n\t\t\t\t\t\t<button type='submit' class='evcal_evdata_icons evcalicon_9' title='Cliquez ici pour obtenir l&#039;itin\u00e9raire'><i class='fa fa-road'><\/i><\/button>\r\r\n\t\t\t\t\t\t<\/p><\/form>\r\r\n\t\t\t\t\t<\/div>\r\n\t\t\t\t\t\t<div class='evo_metarow_ICS evorow bordb evcal_evdata_row'>\r\r\n\t\t\t\t\t\t\t<span class=\"evcal_evdata_icons\"><i class=\"fa fa-calendar\"><\/i><\/span>\r\r\n\t\t\t\t\t\t\t<div class='evcal_evdata_cell'>\r\r\n\t\t\t\t\t\t\t\t<p><a href='https:\/\/vea.qc.ca\/wp-admin\/admin-ajax.php?action=eventon_ics_download&amp;event_id=27877&amp;sunix=20260603T230000Z&amp;eunix=20260604T045000Z&amp;loca=4020 Rue Saint-Ambroise porte #140, QC H4C 2C7&amp;locn=Restaurant L\u2019Ambroisie' class='evo_ics_nCal' title='Ajouter \u00e0 votre calendrier'>Calendrier<\/a><a href='\/\/www.google.com\/calendar\/event?action=TEMPLATE&amp;text=M%C3%89CHOUI+-+G%C3%89RARD+DE+CONTY&amp;dates=20260603T230000Z\/20260604T045000Z&amp;details=M%C3%A9choui%2FBBQ+G%C3%A9rard+de+Conty%2C+%28paired+dinner+on+the+first+Wednesday+of+the+month%29&amp;location=Restaurant+L%E2%80%99Ambroisie - 4020+Rue+Saint-Ambroise+porte+%23140%2C+QC+H4C+2C7' target='_blank' class='evo_ics_gCal' title='Ajouter \u00e0 l&#039;agenda Google'>GoogleCal<\/a><\/p>\t\r\r\n\t\t\t\t\t\t\t<\/div>\r\n\t\t\t\t\t\t<\/div>\r\r\n\t\t\t\t\t\t<div class='bordb evo_metarow_socialmedia evcal_evdata_row  lastrow'><div class='evo_sm FacebookShare'><a class=\" evo_ss\" target=\"_blank\" onclick=\"javascript:window.open(this.href, '', 'left=50,top=50,width=600,height=350,toolbar=0');return false;\"\r\r\n\t\t\t\t\t\t\t\thref=\"http:\/\/www.facebook.com\/sharer.php?u=https%3A%2F%2Fvea.qc.ca%2Fen%2Factivities%2Fmechoui-gerard-de-conty-copy%2F\" title=\"Partager sur Facebook\"><i class=\"fa fa-facebook\"><\/i><\/a><\/div><div class='evo_sm Twitter'><a class=\"tw evo_ss\" onclick=\"javascript:window.open(this.href, '', 'menubar=no,toolbar=no,resizable=yes,scrollbars=yes,height=300,width=600');return false;\" href=\"http:\/\/twitter.com\/share?text=M\u00c9CHOUI &#8211; G\u00c9RARD DE CONTY&#32;-&#32;&url=https%3A%2F%2Fvea.qc.ca%2Fen%2Factivities%2Fmechoui-gerard-de-conty-copy%2F\" title=\"Partager sur twitter\" rel=\"nofollow\" target=\"_blank\" data-url=\"https%3A%2F%2Fvea.qc.ca%2Fen%2Factivities%2Fmechoui-gerard-de-conty-copy%2F\"><i class=\"fa fa-twitter\"><\/i><\/a><\/div><div class='evo_sm LinkedIn'><a class=\"li evo_ss\" href=\"http:\/\/www.linkedin.com\/shareArticle?mini=true&url=https%3A%2F%2Fvea.qc.ca%2Fen%2Factivities%2Fmechoui-gerard-de-conty-copy%2F&title=M%C3%89CHOUI%20%26%238211%3B%20G%C3%89RARD%20DE%20CONTY&summary=M%C3%A9choui%2FBBQ+G%C3%A9rard+de+Conty%2C+%28paired+dinner+on+the+first+Wednesday+of+the+month%29%0A\" target=\"_blank\" title=\"Partager sur Linkedin\"><i class=\"fa fa-linkedin\"><\/i><\/a><\/div><div class='evo_sm Google'><a class=\"gp evo_ss\" href=\"https:\/\/plus.google.com\/share?url=https%3A%2F%2Fvea.qc.ca%2Fen%2Factivities%2Fmechoui-gerard-de-conty-copy%2F\" \r\r\n\t\t\t\t\t\t\t\tonclick=\"javascript:window.open(this.href, '', 'left=50,top=50,width=600,height=350,toolbar=0');return false;\" target=\"_blank\"><i class=\"fa fa-google-plus\" title=\"Partager sur Google Plus\"><\/i><\/a><\/div><div class='evo_sm EmailShare'><a class=\"em evo_ss\" href=\"mailto:?subject=M\u00c9CHOUI %26#8211; G\u00c9RARD DE CONTY&body=Event Name: M\u00c9CHOUI %26#8211; G\u00c9RARD DE CONTY%0AEvent Date: 3 Juin 2026 18 H 00 Min%0ALink: https%3A%2F%2Fvea.qc.ca%2Fen%2Factivities%2Fmechoui-gerard-de-conty-copy%2F%0A\" target=\"_blank\"><i class=\"fa fa-envelope\"><\/i><\/a><\/div><div class='clear'><\/div><div class='evcal_evdata_row evcal_close' title='Close'><\/div><\/div><\/div><div class='clear end'><\/div><\/div><div id=\"event_27919\" class=\"eventon_list_event evo_eventtop  event\" data-event_id=\"27919\" data-time=\"1780824600-1780876200\" data-colr=\"#e5191d\" itemscope itemtype='http:\/\/schema.org\/Event'><div class=\"evo_event_schema\" style=\"display:none\" ><a itemprop='url'  href='https:\/\/vea.qc.ca\/en\/activities\/presidents-ride-to-the-annual-brunch-at-atlandide-golf-club\/'><\/a><span itemprop='name'  >PRESIDENT'S ride TO the ANNUAL BRUNCH AT ATLANDIDE GOLF CLUB<\/span><meta itemprop='image' content='https:\/\/vea.qc.ca\/wp-content\/uploads\/2019\/07\/rallye-du-president-2020.jpg' \/><meta itemprop='description' content='PRESIDENT'S ride TO the ANNUAL BRUNCH AT ATLANDIDE GOLF CLUB' \/><meta itemprop='startDate' content='2026-6-7T09:30' \/><meta itemprop='endDate' content='2026-6-7T23:50' \/><meta itemprop='eventStatus' content='on-schedule' \/><script type=\"application\/ld+json\">{\t\"@context\": \"http:\/\/schema.org\",\r\r\n\t\t\t\t\t\t\t  \t\"@type\": \"Event\",\r\r\n\t\t\t\t\t\t\t  \t\"name\": \"PRESIDENT'S ride TO the ANNUAL BRUNCH AT ATLANDIDE GOLF CLUB\",\r\r\n\t\t\t\t\t\t\t  \t\"startDate\": \"2026-6-7T09-09-30-00\",\r\r\n\t\t\t\t\t\t\t  \t\"endDate\": \"2026-6-7T23-23-50-00\",\r\r\n\t\t\t\t\t\t\t  \t\"image\":\"https:\/\/vea.qc.ca\/wp-content\/uploads\/2019\/07\/rallye-du-president-2020.jpg\",\r\r\n\t\t\t\t\t\t\t  \t\"description\":\"PRESIDENT'S ride TO the ANNUAL BRUNCH AT ATLANDIDE GOLF CLUB\",\r\r\n\t\t\t\t\t\t\t  \t\r\r\n\t\t\t\t\t\t\t }<\/script><\/div>\r\r\n\t\t\t\t<p class=\"desc_trig_outter\"><a data-gmap_status=\"null\" data-exlk=\"0\" style=\"border-color: #e5191d;\" id=\"evc_178082460027919\" class=\"hasFtIMG desc_trig featured_event 1 sin_val evcal_list_a\" data-ux_val=\"3\"  ><span class='ev_ftImg' data-img='https:\/\/vea.qc.ca\/wp-content\/uploads\/2019\/07\/rallye-du-president-2020.jpg' data-thumb='https:\/\/vea.qc.ca\/wp-content\/uploads\/2019\/07\/rallye-du-president-2020-300x225.jpg' style='background-image:url(\"https:\/\/vea.qc.ca\/wp-content\/uploads\/2019\/07\/rallye-du-president-2020-300x225.jpg\")'><\/span><span class='evcal_cblock ' data-bgcolor='#e5191d' data-smon='Juin' data-syr='2026'><span class='evo_start '><em class='date'>07<\/em><em class='month'>Juin<\/em><em class='time'>9 h 30 min<\/em><\/span><em class='clear'><\/em><\/span><span class='evcal_desc evo_info hide_eventtopdata '  data-location_status=\"false\" ><span class='evo_above_title'><span class='evo_event_headers featured'>VEA<\/span><\/span><span class='evcal_desc2 evcal_event_title' itemprop='name'>PRESIDENT'S ride TO the ANNUAL BRUNCH AT ATLANDIDE GOLF CLUB<\/span><span class='evo_below_title'><span class='evcal_event_subtitle' >Our President takes us to the sumptuous L\u2019Atlantide Golf Club in Notre-Dame-de-l'\u00cele-Perrot for our traditional brunch, which lends itself well to a wonderful family activity.<\/span><\/span><span class='evcal_desc_info' ><em class='evcal_time'>9 h 30 min<\/em> <\/span><span class='evcal_desc3'><\/span><\/span><em class='clear'><\/em><\/a><\/p><div class='event_description evcal_eventcard ' style=\"display:none\"><div class='evo_metarow_directimg'><img src='https:\/\/vea.qc.ca\/wp-content\/uploads\/2019\/07\/rallye-du-president-2020.jpg' \/><\/div><div class='evo_metarow_time evorow evcal_evdata_row bordb evcal_evrow_sm '>\r\r\n\t\t\t\t\t\t\t<span class='evcal_evdata_icons'><i class='fa fa-clock-o'><\/i><\/span>\r\r\n\t\t\t\t\t\t\t<div class='evcal_evdata_cell'>\t\t\t\t\t\t\t\r\r\n\t\t\t\t\t\t\t\t<h3 class='evo_h3'><span class='evcal_evdata_icons'><i class='fa fa-clock-o'><\/i><\/span>Heure de d\u00e9but \/ fin<\/h3><p>(Dimanche) 9 h 30 min<\/p>\r\r\n\t\t\t\t\t\t\t<\/div>\r\r\n\t\t\t\t\t\t<\/div>\r\n\t\t\t\t\t\t<div class='evo_metarow_ICS evorow bordb evcal_evdata_row'>\r\r\n\t\t\t\t\t\t\t<span class=\"evcal_evdata_icons\"><i class=\"fa fa-calendar\"><\/i><\/span>\r\r\n\t\t\t\t\t\t\t<div class='evcal_evdata_cell'>\r\r\n\t\t\t\t\t\t\t\t<p><a href='https:\/\/vea.qc.ca\/wp-admin\/admin-ajax.php?action=eventon_ics_download&amp;event_id=27919&amp;sunix=20260607T143000Z&amp;eunix=20260608T045000Z&amp;loca=&amp;locn=' class='evo_ics_nCal' title='Ajouter \u00e0 votre calendrier'>Calendrier<\/a><a href='\/\/www.google.com\/calendar\/event?action=TEMPLATE&amp;text=PRESIDENT%27S+ride+TO+the+ANNUAL+BRUNCH+AT+ATLANDIDE+GOLF+CLUB&amp;dates=20260607T143000Z\/20260608T045000Z&amp;details=PRESIDENT%27S+ride+TO+the+ANNUAL+BRUNCH+AT+ATLANDIDE+GOLF+CLUB&amp;location= - ' target='_blank' class='evo_ics_gCal' title='Ajouter \u00e0 l&#039;agenda Google'>GoogleCal<\/a><\/p>\t\r\r\n\t\t\t\t\t\t\t<\/div>\r\n\t\t\t\t\t\t<\/div>\r\r\n\t\t\t\t\t\t<div class='bordb evo_metarow_socialmedia evcal_evdata_row  lastrow'><div class='evo_sm FacebookShare'><a class=\" evo_ss\" target=\"_blank\" onclick=\"javascript:window.open(this.href, '', 'left=50,top=50,width=600,height=350,toolbar=0');return false;\"\r\r\n\t\t\t\t\t\t\t\thref=\"http:\/\/www.facebook.com\/sharer.php?u=https%3A%2F%2Fvea.qc.ca%2Fen%2Factivities%2Fpresidents-ride-to-the-annual-brunch-at-atlandide-golf-club%2F\" title=\"Partager sur Facebook\"><i class=\"fa fa-facebook\"><\/i><\/a><\/div><div class='evo_sm Twitter'><a class=\"tw evo_ss\" onclick=\"javascript:window.open(this.href, '', 'menubar=no,toolbar=no,resizable=yes,scrollbars=yes,height=300,width=600');return false;\" href=\"http:\/\/twitter.com\/share?text=PRESIDENT&#8217;S ride TO the ANNUAL BRUNCH AT ATLANDIDE GOLF CLUB&#32;-&#32;&url=https%3A%2F%2Fvea.qc.ca%2Fen%2Factivities%2Fpresidents-ride-to-the-annual-brunch-at-atlandide-golf-club%2F\" title=\"Partager sur twitter\" rel=\"nofollow\" target=\"_blank\" data-url=\"https%3A%2F%2Fvea.qc.ca%2Fen%2Factivities%2Fpresidents-ride-to-the-annual-brunch-at-atlandide-golf-club%2F\"><i class=\"fa fa-twitter\"><\/i><\/a><\/div><div class='evo_sm LinkedIn'><a class=\"li evo_ss\" href=\"http:\/\/www.linkedin.com\/shareArticle?mini=true&url=https%3A%2F%2Fvea.qc.ca%2Fen%2Factivities%2Fpresidents-ride-to-the-annual-brunch-at-atlandide-golf-club%2F&title=PRESIDENT%26%238217%3BS%20ride%20TO%20the%20ANNUAL%20BRUNCH%20AT%20ATLANDIDE%20GOLF%20CLUB&summary=--\" target=\"_blank\" title=\"Partager sur Linkedin\"><i class=\"fa fa-linkedin\"><\/i><\/a><\/div><div class='evo_sm Google'><a class=\"gp evo_ss\" href=\"https:\/\/plus.google.com\/share?url=https%3A%2F%2Fvea.qc.ca%2Fen%2Factivities%2Fpresidents-ride-to-the-annual-brunch-at-atlandide-golf-club%2F\" \r\r\n\t\t\t\t\t\t\t\tonclick=\"javascript:window.open(this.href, '', 'left=50,top=50,width=600,height=350,toolbar=0');return false;\" target=\"_blank\"><i class=\"fa fa-google-plus\" title=\"Partager sur Google Plus\"><\/i><\/a><\/div><div class='evo_sm EmailShare'><a class=\"em evo_ss\" href=\"mailto:?subject=PRESIDENT%26#8217;S ride TO the ANNUAL BRUNCH AT ATLANDIDE GOLF CLUB&body=Event Name: PRESIDENT%26#8217;S ride TO the ANNUAL BRUNCH AT ATLANDIDE GOLF CLUB%0AEvent Date: 7 Juin 2026 9 H 30 Min%0ALink: https%3A%2F%2Fvea.qc.ca%2Fen%2Factivities%2Fpresidents-ride-to-the-annual-brunch-at-atlandide-golf-club%2F%0A\" target=\"_blank\"><i class=\"fa fa-envelope\"><\/i><\/a><\/div><div class='clear'><\/div><div class='evcal_evdata_row evcal_close' title='Close'><\/div><\/div><\/div><div class='clear end'><\/div><\/div><div id=\"event_28258\" class=\"eventon_list_event evo_eventtop  event\" data-event_id=\"28258\" data-time=\"1781343000-1781394600\" data-colr=\"#e5191d\" itemscope itemtype='http:\/\/schema.org\/Event'><div class=\"evo_event_schema\" style=\"display:none\" ><a itemprop='url'  href='https:\/\/vea.qc.ca\/en\/activities\/a-ride-to-a-vineyard-in-the-lower-laurentians-with-gaetan\/'><\/a><span itemprop='name'  >A ride to a vineyard in the Lower Laurentians with Ga\u00e9tan<\/span><meta itemprop='image' content='https:\/\/vea.qc.ca\/wp-content\/uploads\/2026\/03\/Vignoble-La-Cantina-Vallee-dOka-2.jpg' \/><meta itemprop='description' content='A ride to a vineyard in the Lower Laurentians with Ga\u00e9tan' \/><meta itemprop='startDate' content='2026-6-13T09:30' \/><meta itemprop='endDate' content='2026-6-13T23:50' \/><meta itemprop='eventStatus' content='on-schedule' \/><script type=\"application\/ld+json\">{\t\"@context\": \"http:\/\/schema.org\",\r\r\n\t\t\t\t\t\t\t  \t\"@type\": \"Event\",\r\r\n\t\t\t\t\t\t\t  \t\"name\": \"A ride to a vineyard in the Lower Laurentians with Ga\u00e9tan\",\r\r\n\t\t\t\t\t\t\t  \t\"startDate\": \"2026-6-13T09-09-30-00\",\r\r\n\t\t\t\t\t\t\t  \t\"endDate\": \"2026-6-13T23-23-50-00\",\r\r\n\t\t\t\t\t\t\t  \t\"image\":\"https:\/\/vea.qc.ca\/wp-content\/uploads\/2026\/03\/Vignoble-La-Cantina-Vallee-dOka-2.jpg\",\r\r\n\t\t\t\t\t\t\t  \t\"description\":\"A ride to a vineyard in the Lower Laurentians with Ga\u00e9tan\",\r\r\n\t\t\t\t\t\t\t  \t\r\r\n\t\t\t\t\t\t\t }<\/script><\/div>\r\r\n\t\t\t\t<p class=\"desc_trig_outter\"><a data-gmap_status=\"null\" data-exlk=\"0\" style=\"border-color: #e5191d;\" id=\"evc_178134300028258\" class=\"hasFtIMG desc_trig featured_event 1 sin_val evcal_list_a\" data-ux_val=\"3\"  ><span class='ev_ftImg' data-img='https:\/\/vea.qc.ca\/wp-content\/uploads\/2026\/03\/Vignoble-La-Cantina-Vallee-dOka-2.jpg' data-thumb='https:\/\/vea.qc.ca\/wp-content\/uploads\/2026\/03\/Vignoble-La-Cantina-Vallee-dOka-2-300x200.jpg' style='background-image:url(\"https:\/\/vea.qc.ca\/wp-content\/uploads\/2026\/03\/Vignoble-La-Cantina-Vallee-dOka-2-300x200.jpg\")'><\/span><span class='evcal_cblock ' data-bgcolor='#e5191d' data-smon='Juin' data-syr='2026'><span class='evo_start '><em class='date'>13<\/em><em class='month'>Juin<\/em><em class='time'>9 h 30 min<\/em><\/span><em class='clear'><\/em><\/span><span class='evcal_desc evo_info hide_eventtopdata '  data-location_status=\"false\" ><span class='evo_above_title'><span class='evo_event_headers featured'>VEA<\/span><\/span><span class='evcal_desc2 evcal_event_title' itemprop='name'>A ride to a vineyard in the Lower Laurentians with Ga\u00e9tan<\/span><span class='evo_below_title'><span class='evcal_event_subtitle' >ACTIVITY TO BE CONFIRMED WITH THE SURVEY RESULTS<\/span><\/span><span class='evcal_desc_info' ><em class='evcal_time'>9 h 30 min<\/em> <\/span><span class='evcal_desc3'><\/span><\/span><em class='clear'><\/em><\/a><\/p><div class='event_description evcal_eventcard ' style=\"display:none\"><div class='evo_metarow_directimg'><img src='https:\/\/vea.qc.ca\/wp-content\/uploads\/2026\/03\/Vignoble-La-Cantina-Vallee-dOka-2.jpg' \/><\/div><div class='evo_metarow_time evorow evcal_evdata_row bordb evcal_evrow_sm '>\r\r\n\t\t\t\t\t\t\t<span class='evcal_evdata_icons'><i class='fa fa-clock-o'><\/i><\/span>\r\r\n\t\t\t\t\t\t\t<div class='evcal_evdata_cell'>\t\t\t\t\t\t\t\r\r\n\t\t\t\t\t\t\t\t<h3 class='evo_h3'><span class='evcal_evdata_icons'><i class='fa fa-clock-o'><\/i><\/span>Heure de d\u00e9but \/ fin<\/h3><p>(Samedi) 9 h 30 min<\/p>\r\r\n\t\t\t\t\t\t\t<\/div>\r\r\n\t\t\t\t\t\t<\/div><div class='evo_metarow_organizer evorow evcal_evdata_row bordb evcal_evrow_sm '>\r\r\n\t\t\t\t\t\t\t<span class='evcal_evdata_icons'><i class='fa fa-id-badge'><\/i><\/span>\r\r\n\t\t\t\t\t\t\t<div class='evcal_evdata_cell'>\t\t\t\t\t\t\t\r\r\n\t\t\t\t\t\t\t\t<h3 class='evo_h3'>Organisateur<\/h3>\r\r\n\t\t\t\t\t\t\t\t\r\r\n\t\t\t\t\t\t\t\t<div class='evo_card_organizer'><p class='evo_data_val evo_card_organizer_name'>\r\r\n\t\t\t\t\t\t\t\t\t<span class='evo_card_organizer_name_t'>Ga\u00e9tan Ruel<\/span><span class='evo_card_organizer_contact'>info.vea.qc@gmail.com<\/span>\r\r\n\t\t\t\t\t\t\t\t\t\r\r\n\t\t\t\t\t\t\t\t\t<\/p><\/div><div class='clear'><\/div>\t\t\t\t\t\t\t\r\r\n\t\t\t\t\t\t\t<\/div>\r\r\n\t\t\t\t\t\t<\/div>\r\n\t\t\t\t\t\t<div class='evo_metarow_ICS evorow bordb evcal_evdata_row'>\r\r\n\t\t\t\t\t\t\t<span class=\"evcal_evdata_icons\"><i class=\"fa fa-calendar\"><\/i><\/span>\r\r\n\t\t\t\t\t\t\t<div class='evcal_evdata_cell'>\r\r\n\t\t\t\t\t\t\t\t<p><a href='https:\/\/vea.qc.ca\/wp-admin\/admin-ajax.php?action=eventon_ics_download&amp;event_id=28258&amp;sunix=20260613T143000Z&amp;eunix=20260614T045000Z&amp;loca=&amp;locn=' class='evo_ics_nCal' title='Ajouter \u00e0 votre calendrier'>Calendrier<\/a><a href='\/\/www.google.com\/calendar\/event?action=TEMPLATE&amp;text=A+ride+to+a+vineyard+in+the+Lower+Laurentians+with+Ga%C3%A9tan&amp;dates=20260613T143000Z\/20260614T045000Z&amp;details=A+ride+to+a+vineyard+in+the+Lower+Laurentians+with+Ga%C3%A9tan&amp;location= - ' target='_blank' class='evo_ics_gCal' title='Ajouter \u00e0 l&#039;agenda Google'>GoogleCal<\/a><\/p>\t\r\r\n\t\t\t\t\t\t\t<\/div>\r\n\t\t\t\t\t\t<\/div>\r\r\n\t\t\t\t\t\t<div class='bordb evo_metarow_socialmedia evcal_evdata_row  lastrow'><div class='evo_sm FacebookShare'><a class=\" evo_ss\" target=\"_blank\" onclick=\"javascript:window.open(this.href, '', 'left=50,top=50,width=600,height=350,toolbar=0');return false;\"\r\r\n\t\t\t\t\t\t\t\thref=\"http:\/\/www.facebook.com\/sharer.php?u=https%3A%2F%2Fvea.qc.ca%2Fen%2Factivities%2Fa-ride-to-a-vineyard-in-the-lower-laurentians-with-gaetan%2F\" title=\"Partager sur Facebook\"><i class=\"fa fa-facebook\"><\/i><\/a><\/div><div class='evo_sm Twitter'><a class=\"tw evo_ss\" onclick=\"javascript:window.open(this.href, '', 'menubar=no,toolbar=no,resizable=yes,scrollbars=yes,height=300,width=600');return false;\" href=\"http:\/\/twitter.com\/share?text=A ride to a vineyard in the Lower Laurentians with Ga\u00e9tan&#32;-&#32;&url=https%3A%2F%2Fvea.qc.ca%2Fen%2Factivities%2Fa-ride-to-a-vineyard-in-the-lower-laurentians-with-gaetan%2F\" title=\"Partager sur twitter\" rel=\"nofollow\" target=\"_blank\" data-url=\"https%3A%2F%2Fvea.qc.ca%2Fen%2Factivities%2Fa-ride-to-a-vineyard-in-the-lower-laurentians-with-gaetan%2F\"><i class=\"fa fa-twitter\"><\/i><\/a><\/div><div class='evo_sm LinkedIn'><a class=\"li evo_ss\" href=\"http:\/\/www.linkedin.com\/shareArticle?mini=true&url=https%3A%2F%2Fvea.qc.ca%2Fen%2Factivities%2Fa-ride-to-a-vineyard-in-the-lower-laurentians-with-gaetan%2F&title=A%20ride%20to%20a%20vineyard%20in%20the%20Lower%20Laurentians%20with%20Ga%C3%A9tan&summary=--\" target=\"_blank\" title=\"Partager sur Linkedin\"><i class=\"fa fa-linkedin\"><\/i><\/a><\/div><div class='evo_sm Google'><a class=\"gp evo_ss\" href=\"https:\/\/plus.google.com\/share?url=https%3A%2F%2Fvea.qc.ca%2Fen%2Factivities%2Fa-ride-to-a-vineyard-in-the-lower-laurentians-with-gaetan%2F\" \r\r\n\t\t\t\t\t\t\t\tonclick=\"javascript:window.open(this.href, '', 'left=50,top=50,width=600,height=350,toolbar=0');return false;\" target=\"_blank\"><i class=\"fa fa-google-plus\" title=\"Partager sur Google Plus\"><\/i><\/a><\/div><div class='evo_sm EmailShare'><a class=\"em evo_ss\" href=\"mailto:?subject=A ride to a vineyard in the Lower Laurentians with Ga\u00e9tan&body=Event Name: A ride to a vineyard in the Lower Laurentians with Ga\u00e9tan%0AEvent Date: 13 Juin 2026 9 H 30 Min%0ALink: https%3A%2F%2Fvea.qc.ca%2Fen%2Factivities%2Fa-ride-to-a-vineyard-in-the-lower-laurentians-with-gaetan%2F%0A\" target=\"_blank\"><i class=\"fa fa-envelope\"><\/i><\/a><\/div><div class='clear'><\/div><div class='evcal_evdata_row evcal_close' title='Close'><\/div><\/div><\/div><div class='clear end'><\/div><\/div><div id=\"event_27922\" class=\"eventon_list_event evo_eventtop  event\" data-event_id=\"27922\" data-time=\"1781947800-1781999400\" data-colr=\"#e5191d\" itemscope itemtype='http:\/\/schema.org\/Event'><div class=\"evo_event_schema\" style=\"display:none\" ><a itemprop='url'  href='https:\/\/vea.qc.ca\/en\/activities\/a-ride-to-a-vineyard-with-nancy\/'><\/a><span itemprop='name'  >A ride to a vineyard with Nancy<\/span><meta itemprop='image' content='https:\/\/vea.qc.ca\/wp-content\/uploads\/2025\/12\/vignoble.jpg' \/><meta itemprop='description' content='A ride to a vineyard with Nancy' \/><meta itemprop='startDate' content='2026-6-20T09:30' \/><meta itemprop='endDate' content='2026-6-20T23:50' \/><meta itemprop='eventStatus' content='on-schedule' \/><script type=\"application\/ld+json\">{\t\"@context\": \"http:\/\/schema.org\",\r\r\n\t\t\t\t\t\t\t  \t\"@type\": \"Event\",\r\r\n\t\t\t\t\t\t\t  \t\"name\": \"A ride to a vineyard with Nancy\",\r\r\n\t\t\t\t\t\t\t  \t\"startDate\": \"2026-6-20T09-09-30-00\",\r\r\n\t\t\t\t\t\t\t  \t\"endDate\": \"2026-6-20T23-23-50-00\",\r\r\n\t\t\t\t\t\t\t  \t\"image\":\"https:\/\/vea.qc.ca\/wp-content\/uploads\/2025\/12\/vignoble.jpg\",\r\r\n\t\t\t\t\t\t\t  \t\"description\":\"A ride to a vineyard with Nancy\",\r\r\n\t\t\t\t\t\t\t  \t\r\r\n\t\t\t\t\t\t\t }<\/script><\/div>\r\r\n\t\t\t\t<p class=\"desc_trig_outter\"><a data-gmap_status=\"null\" data-exlk=\"0\" style=\"border-color: #e5191d;\" id=\"evc_178194780027922\" class=\"hasFtIMG desc_trig featured_event 1 sin_val evcal_list_a\" data-ux_val=\"3\"  ><span class='ev_ftImg' data-img='https:\/\/vea.qc.ca\/wp-content\/uploads\/2025\/12\/vignoble.jpg' data-thumb='https:\/\/vea.qc.ca\/wp-content\/uploads\/2025\/12\/vignoble.jpg' style='background-image:url(\"https:\/\/vea.qc.ca\/wp-content\/uploads\/2025\/12\/vignoble.jpg\")'><\/span><span class='evcal_cblock ' data-bgcolor='#e5191d' data-smon='Juin' data-syr='2026'><span class='evo_start '><em class='date'>20<\/em><em class='month'>Juin<\/em><em class='time'>9 h 30 min<\/em><\/span><em class='clear'><\/em><\/span><span class='evcal_desc evo_info hide_eventtopdata '  data-location_status=\"false\" ><span class='evo_above_title'><span class='evo_event_headers featured'>VEA<\/span><\/span><span class='evcal_desc2 evcal_event_title' itemprop='name'>A ride to a vineyard with Nancy<\/span><span class='evo_below_title'><\/span><span class='evcal_desc_info' ><em class='evcal_time'>9 h 30 min<\/em> <\/span><span class='evcal_desc3'><\/span><\/span><em class='clear'><\/em><\/a><\/p><div class='event_description evcal_eventcard ' style=\"display:none\"><div class='evo_metarow_directimg'><img src='https:\/\/vea.qc.ca\/wp-content\/uploads\/2025\/12\/vignoble.jpg' \/><\/div><div class='evo_metarow_time evorow evcal_evdata_row bordb evcal_evrow_sm '>\r\r\n\t\t\t\t\t\t\t<span class='evcal_evdata_icons'><i class='fa fa-clock-o'><\/i><\/span>\r\r\n\t\t\t\t\t\t\t<div class='evcal_evdata_cell'>\t\t\t\t\t\t\t\r\r\n\t\t\t\t\t\t\t\t<h3 class='evo_h3'><span class='evcal_evdata_icons'><i class='fa fa-clock-o'><\/i><\/span>Heure de d\u00e9but \/ fin<\/h3><p>(Samedi) 9 h 30 min<\/p>\r\r\n\t\t\t\t\t\t\t<\/div>\r\r\n\t\t\t\t\t\t<\/div><div class='evo_metarow_organizer evorow evcal_evdata_row bordb evcal_evrow_sm '>\r\r\n\t\t\t\t\t\t\t<span class='evcal_evdata_icons'><i class='fa fa-id-badge'><\/i><\/span>\r\r\n\t\t\t\t\t\t\t<div class='evcal_evdata_cell'>\t\t\t\t\t\t\t\r\r\n\t\t\t\t\t\t\t\t<h3 class='evo_h3'>Organisateur<\/h3>\r\r\n\t\t\t\t\t\t\t\t\r\r\n\t\t\t\t\t\t\t\t<div class='evo_card_organizer'><p class='evo_data_val evo_card_organizer_name'>\r\r\n\t\t\t\t\t\t\t\t\t<span class='evo_card_organizer_name_t'>Nancy<\/span>\r\r\n\t\t\t\t\t\t\t\t\t\r\r\n\t\t\t\t\t\t\t\t\t<\/p><\/div><div class='clear'><\/div>\t\t\t\t\t\t\t\r\r\n\t\t\t\t\t\t\t<\/div>\r\r\n\t\t\t\t\t\t<\/div>\r\n\t\t\t\t\t\t<div class='evo_metarow_ICS evorow bordb evcal_evdata_row'>\r\r\n\t\t\t\t\t\t\t<span class=\"evcal_evdata_icons\"><i class=\"fa fa-calendar\"><\/i><\/span>\r\r\n\t\t\t\t\t\t\t<div class='evcal_evdata_cell'>\r\r\n\t\t\t\t\t\t\t\t<p><a href='https:\/\/vea.qc.ca\/wp-admin\/admin-ajax.php?action=eventon_ics_download&amp;event_id=27922&amp;sunix=20260620T143000Z&amp;eunix=20260621T045000Z&amp;loca=&amp;locn=' class='evo_ics_nCal' title='Ajouter \u00e0 votre calendrier'>Calendrier<\/a><a href='\/\/www.google.com\/calendar\/event?action=TEMPLATE&amp;text=A+ride+to+a+vineyard+with+Nancy&amp;dates=20260620T143000Z\/20260621T045000Z&amp;details=A+ride+to+a+vineyard+with+Nancy&amp;location= - ' target='_blank' class='evo_ics_gCal' title='Ajouter \u00e0 l&#039;agenda Google'>GoogleCal<\/a><\/p>\t\r\r\n\t\t\t\t\t\t\t<\/div>\r\n\t\t\t\t\t\t<\/div>\r\r\n\t\t\t\t\t\t<div class='bordb evo_metarow_socialmedia evcal_evdata_row  lastrow'><div class='evo_sm FacebookShare'><a class=\" evo_ss\" target=\"_blank\" onclick=\"javascript:window.open(this.href, '', 'left=50,top=50,width=600,height=350,toolbar=0');return false;\"\r\r\n\t\t\t\t\t\t\t\thref=\"http:\/\/www.facebook.com\/sharer.php?u=https%3A%2F%2Fvea.qc.ca%2Fen%2Factivities%2Fa-ride-to-a-vineyard-with-nancy%2F\" title=\"Partager sur Facebook\"><i class=\"fa fa-facebook\"><\/i><\/a><\/div><div class='evo_sm Twitter'><a class=\"tw evo_ss\" onclick=\"javascript:window.open(this.href, '', 'menubar=no,toolbar=no,resizable=yes,scrollbars=yes,height=300,width=600');return false;\" href=\"http:\/\/twitter.com\/share?text=A ride to a vineyard with Nancy&#32;-&#32;&url=https%3A%2F%2Fvea.qc.ca%2Fen%2Factivities%2Fa-ride-to-a-vineyard-with-nancy%2F\" title=\"Partager sur twitter\" rel=\"nofollow\" target=\"_blank\" data-url=\"https%3A%2F%2Fvea.qc.ca%2Fen%2Factivities%2Fa-ride-to-a-vineyard-with-nancy%2F\"><i class=\"fa fa-twitter\"><\/i><\/a><\/div><div class='evo_sm LinkedIn'><a class=\"li evo_ss\" href=\"http:\/\/www.linkedin.com\/shareArticle?mini=true&url=https%3A%2F%2Fvea.qc.ca%2Fen%2Factivities%2Fa-ride-to-a-vineyard-with-nancy%2F&title=A%20ride%20to%20a%20vineyard%20with%20Nancy&summary=--\" target=\"_blank\" title=\"Partager sur Linkedin\"><i class=\"fa fa-linkedin\"><\/i><\/a><\/div><div class='evo_sm Google'><a class=\"gp evo_ss\" href=\"https:\/\/plus.google.com\/share?url=https%3A%2F%2Fvea.qc.ca%2Fen%2Factivities%2Fa-ride-to-a-vineyard-with-nancy%2F\" \r\r\n\t\t\t\t\t\t\t\tonclick=\"javascript:window.open(this.href, '', 'left=50,top=50,width=600,height=350,toolbar=0');return false;\" target=\"_blank\"><i class=\"fa fa-google-plus\" title=\"Partager sur Google Plus\"><\/i><\/a><\/div><div class='evo_sm EmailShare'><a class=\"em evo_ss\" href=\"mailto:?subject=A ride to a vineyard with Nancy&body=Event Name: A ride to a vineyard with Nancy%0AEvent Date: 20 Juin 2026 9 H 30 Min%0ALink: https%3A%2F%2Fvea.qc.ca%2Fen%2Factivities%2Fa-ride-to-a-vineyard-with-nancy%2F%0A\" target=\"_blank\"><i class=\"fa fa-envelope\"><\/i><\/a><\/div><div class='clear'><\/div><div class='evcal_evdata_row evcal_close' title='Close'><\/div><\/div><\/div><div class='clear end'><\/div><\/div><\/div><div class='evcal_month_line'><p>Juillet 2026<\/p><\/div><div id='evcal_list' class='evcal_list_month eventon_events_list '><div id=\"event_27923\" class=\"eventon_list_event evo_eventtop  event\" data-event_id=\"27923\" data-time=\"1782928800-1782949800\" data-colr=\"#e51a1d\" itemscope itemtype='http:\/\/schema.org\/Event'><div class=\"evo_event_schema\" style=\"display:none\" ><a itemprop='url'  href='https:\/\/vea.qc.ca\/en\/activities\/members-dinner-at-lambroisie-restaurant-9\/'><\/a><span itemprop='name'  >Members' dinner at L'Ambroisie restaurant<\/span><meta itemprop='image' content='https:\/\/vea.qc.ca\/wp-content\/uploads\/2023\/01\/ambroisie-300x300-1.jpg' \/><meta itemprop='description' content='Members' dinner at L'Ambroisie restaurant' \/><meta itemprop='startDate' content='2026-7-1T18:00' \/><meta itemprop='endDate' content='2026-7-1T23:50' \/><meta itemprop='eventStatus' content='on-schedule' \/>\r\r\n\t\t\t\t\t\t\t\t\t<item style=\"display:none\" itemprop=\"location\" itemscope itemtype=\"http:\/\/schema.org\/Place\">\r\r\n\t\t\t\t\t\t\t\t\t\t<span itemprop=\"name\">Restaurant L\u2019Ambroisie<\/span>\r\r\n\t\t\t\t\t\t\t\t\t\t<span itemprop=\"address\" itemscope itemtype=\"http:\/\/schema.org\/PostalAddress\">\r\r\n\t\t\t\t\t\t\t\t\t\t\t<item itemprop=\"streetAddress\">4020 Rue Saint-Ambroise porte #140, QC H4C 2C7<\/item>\r\r\n\t\t\t\t\t\t\t\t\t\t<\/span><\/item><script type=\"application\/ld+json\">{\t\"@context\": \"http:\/\/schema.org\",\r\r\n\t\t\t\t\t\t\t  \t\"@type\": \"Event\",\r\r\n\t\t\t\t\t\t\t  \t\"name\": \"Members' dinner at L'Ambroisie restaurant\",\r\r\n\t\t\t\t\t\t\t  \t\"startDate\": \"2026-7-1T18-18-00-00\",\r\r\n\t\t\t\t\t\t\t  \t\"endDate\": \"2026-7-1T23-23-50-00\",\r\r\n\t\t\t\t\t\t\t  \t\"image\":\"https:\/\/vea.qc.ca\/wp-content\/uploads\/2023\/01\/ambroisie-300x300-1.jpg\",\r\r\n\t\t\t\t\t\t\t  \t\"description\":\"Members' dinner at L'Ambroisie restaurant\",\r\r\n\t\t\t\t\t\t\t  \t\"location\":{\r\r\n\t\t\t\t\t\t\t\t\t\t\"@type\":\"Place\",\r\r\n\t\t\t\t\t\t\t\t\t\t\"name\":\"Restaurant L\u2019Ambroisie\",\r\r\n\t\t\t\t\t\t\t\t\t\t\"address\":\"4020 Rue Saint-Ambroise porte #140, QC H4C 2C7\"\r\r\n\t\t\t\t\t\t\t  \t\t}\r\r\n\t\t\t\t\t\t\t }<\/script><\/div>\r\r\n\t\t\t\t<p class=\"desc_trig_outter\"><a data-gmtrig=\"1\" data-exlk=\"0\" style=\"border-color: #e51a1d;\" id=\"evc_178292880027923\" class=\"hasFtIMG desc_trig featured_event 1 sin_val evcal_list_a\" data-ux_val=\"3\"  ><span class='ev_ftImg' data-img='https:\/\/vea.qc.ca\/wp-content\/uploads\/2023\/01\/ambroisie-300x300-1.jpg' data-thumb='https:\/\/vea.qc.ca\/wp-content\/uploads\/2023\/01\/ambroisie-300x300-1.jpg' style='background-image:url(\"https:\/\/vea.qc.ca\/wp-content\/uploads\/2023\/01\/ambroisie-300x300-1.jpg\")'><\/span><span class='evcal_cblock ' data-bgcolor='#e51a1d' data-smon='Juillet' data-syr='2026'><span class='evo_start '><em class='date'>01<\/em><em class='month'>Juil<\/em><em class='time'>18 h 00 min<\/em><\/span><em class='clear'><\/em><\/span><span class='evcal_desc evo_info hide_eventtopdata '  data-location_address=\"4020 Rue Saint-Ambroise porte #140, QC H4C 2C7\" data-location_type=\"address\" data-location_name=\"Restaurant L\u2019Ambroisie\" data-location_status=\"true\" ><span class='evo_above_title'><span class='evo_event_headers featured'>VEA<\/span><\/span><span class='evcal_desc2 evcal_event_title' itemprop='name'>Members' dinner at L'Ambroisie restaurant<\/span><span class='evo_below_title'><span class='evcal_event_subtitle' >\u201cFIRST WEDNESDAY\u201d OF THE MONTH DINNER MEETING<\/span><\/span><span class='evcal_desc_info' ><em class='evcal_time'>18 h 00 min<\/em> <em class=\"evcal_location\"  data-add_str=\"4020 Rue Saint-Ambroise porte #140, QC H4C 2C7\"><em class=\"event_location_name\">Restaurant L\u2019Ambroisie<\/em>, 4020 Rue Saint-Ambroise porte #140, QC H4C 2C7<\/em><\/span><span class='evcal_desc3'><\/span><\/span><em class='clear'><\/em><\/a><\/p><div class='event_description evcal_eventcard ' style=\"display:none\"><div class='evo_metarow_directimg'><img src='https:\/\/vea.qc.ca\/wp-content\/uploads\/2023\/01\/ambroisie-300x300-1.jpg' \/><\/div><div class='evo_metarow_time_location evorow bordb '>\r\r\n\t\t\t\t\t\t<div class='tb' >\r\r\n\t\t\t\t\t\t\t<div class='tbrow'>\r\r\n\t\t\t\t\t\t\t<div class='evcal_col50 bordr'>\r\r\n\t\t\t\t\t\t\t\t<div class='evcal_evdata_row evo_time'>\r\r\n\t\t\t\t\t\t\t\t\t<span class='evcal_evdata_icons'><i class='fa fa-clock-o'><\/i><\/span>\r\r\n\t\t\t\t\t\t\t\t\t<div class='evcal_evdata_cell'>\t\t\t\t\t\t\t\r\r\n\t\t\t\t\t\t\t\t\t\t<h3 class='evo_h3'><span class='evcal_evdata_icons'><i class='fa fa-clock-o'><\/i><\/span>Heure de d\u00e9but \/ fin<\/h3>\r\r\n\t\t\t\t\t\t\t\t\t\t<p>(Mercredi) 18 h 00 min<\/p>\r\r\n\t\t\t\t\t\t\t\t\t<\/div>\r\r\n\t\t\t\t\t\t\t\t<\/div>\r\r\n\t\t\t\t\t\t\t<\/div><div class='evcal_col50'>\r\r\n\t\t\t\t\t\t\t\t<div class='evcal_evdata_row evo_location'>\r\r\n\t\t\t\t\t\t\t\t\t<span class='evcal_evdata_icons'><i class='fa fa-map-marker'><\/i><\/span>\r\r\n\t\t\t\t\t\t\t\t\t<div class='evcal_evdata_cell' data-loc_tax_id='306'>\t\t\t\t\t\t\t\r\r\n\t\t\t\t\t\t\t\t\t\t<h3 class='evo_h3'><span class='evcal_evdata_icons'><i class='fa fa-map-marker'><\/i><\/span>Lieu<\/h3><p class='evo_location_name'>Restaurant L\u2019Ambroisie<\/p><p class='evo_location_address'>4020 Rue Saint-Ambroise porte #140, QC H4C 2C7<\/p>\r\r\n\t\t\t\t\t\t\t\t\t<\/div>\r\r\n\t\t\t\t\t\t\t\t<\/div>\r\r\n\t\t\t\t\t\t\t<\/div><div class='clear'><\/div>\r\r\n\t\t\t\t\t\t\t<\/div><\/div>\r\r\n\t\t\t\t\t\t<\/div><div class='evo_metarow_locImg evorow bordb tvi' style='height:400px; background-image:url(https:\/\/vea.qc.ca\/wp-content\/uploads\/2023\/04\/Ambroisie2023.jpg)' id='23610_locimg' ><p class='evoLOCtxt'>\r\r\n\t\t\t\t\t\t\t\t<span class='evo_loc_text_title'>Restaurant L\u2019Ambroisie<\/span><span style=\"padding-bottom:10px\">4020 Rue Saint-Ambroise porte #140, QC H4C 2C7<\/span><\/p><\/div><div class='evo_metarow_gmap evorow evcal_gmaps bordb ' id='evc178292880069ec80fddeeb527923_gmap' style='max-width:none'><\/div><div class='evo_metarow_getDr evorow evcal_evdata_row bordb evcal_evrow_sm getdirections'>\r\r\n\t\t\t\t\t\t<form action='https:\/\/maps.google.com\/maps' method='get' target='_blank'>\r\r\n\t\t\t\t\t\t<input type='hidden' name='daddr' value=\"4020 Rue Saint-Ambroise porte #140, QC H4C 2C7\"\/> \r\r\n\t\t\t\t\t\t<p><input class='evoInput' type='text' name='saddr' placeholder='Saisissez votre adresse' value=''\/>\r\r\n\t\t\t\t\t\t<button type='submit' class='evcal_evdata_icons evcalicon_9' title='Cliquez ici pour obtenir l&#039;itin\u00e9raire'><i class='fa fa-road'><\/i><\/button>\r\r\n\t\t\t\t\t\t<\/p><\/form>\r\r\n\t\t\t\t\t<\/div>\r\n\t\t\t\t\t\t<div class='evo_metarow_ICS evorow bordb evcal_evdata_row'>\r\r\n\t\t\t\t\t\t\t<span class=\"evcal_evdata_icons\"><i class=\"fa fa-calendar\"><\/i><\/span>\r\r\n\t\t\t\t\t\t\t<div class='evcal_evdata_cell'>\r\r\n\t\t\t\t\t\t\t\t<p><a href='https:\/\/vea.qc.ca\/wp-admin\/admin-ajax.php?action=eventon_ics_download&amp;event_id=27923&amp;sunix=20260701T230000Z&amp;eunix=20260702T045000Z&amp;loca=4020 Rue Saint-Ambroise porte #140, QC H4C 2C7&amp;locn=Restaurant L\u2019Ambroisie' class='evo_ics_nCal' title='Ajouter \u00e0 votre calendrier'>Calendrier<\/a><a href='\/\/www.google.com\/calendar\/event?action=TEMPLATE&amp;text=Members%27+dinner+at+L%27Ambroisie+restaurant&amp;dates=20260701T230000Z\/20260702T045000Z&amp;details=Members%27+dinner+at+L%27Ambroisie+restaurant&amp;location=Restaurant+L%E2%80%99Ambroisie - 4020+Rue+Saint-Ambroise+porte+%23140%2C+QC+H4C+2C7' target='_blank' class='evo_ics_gCal' title='Ajouter \u00e0 l&#039;agenda Google'>GoogleCal<\/a><\/p>\t\r\r\n\t\t\t\t\t\t\t<\/div>\r\n\t\t\t\t\t\t<\/div>\r\r\n\t\t\t\t\t\t<div class='bordb evo_metarow_socialmedia evcal_evdata_row  lastrow'><div class='evo_sm FacebookShare'><a class=\" evo_ss\" target=\"_blank\" onclick=\"javascript:window.open(this.href, '', 'left=50,top=50,width=600,height=350,toolbar=0');return false;\"\r\r\n\t\t\t\t\t\t\t\thref=\"http:\/\/www.facebook.com\/sharer.php?u=https%3A%2F%2Fvea.qc.ca%2Fen%2Factivities%2Fmembers-dinner-at-lambroisie-restaurant-9%2F\" title=\"Partager sur Facebook\"><i class=\"fa fa-facebook\"><\/i><\/a><\/div><div class='evo_sm Twitter'><a class=\"tw evo_ss\" onclick=\"javascript:window.open(this.href, '', 'menubar=no,toolbar=no,resizable=yes,scrollbars=yes,height=300,width=600');return false;\" href=\"http:\/\/twitter.com\/share?text=Members&#8217; dinner at L&#8217;Ambroisie restaurant&#32;-&#32;&url=https%3A%2F%2Fvea.qc.ca%2Fen%2Factivities%2Fmembers-dinner-at-lambroisie-restaurant-9%2F\" title=\"Partager sur twitter\" rel=\"nofollow\" target=\"_blank\" data-url=\"https%3A%2F%2Fvea.qc.ca%2Fen%2Factivities%2Fmembers-dinner-at-lambroisie-restaurant-9%2F\"><i class=\"fa fa-twitter\"><\/i><\/a><\/div><div class='evo_sm LinkedIn'><a class=\"li evo_ss\" href=\"http:\/\/www.linkedin.com\/shareArticle?mini=true&url=https%3A%2F%2Fvea.qc.ca%2Fen%2Factivities%2Fmembers-dinner-at-lambroisie-restaurant-9%2F&title=Members%26%238217%3B%20dinner%20at%20L%26%238217%3BAmbroisie%20restaurant&summary=--\" target=\"_blank\" title=\"Partager sur Linkedin\"><i class=\"fa fa-linkedin\"><\/i><\/a><\/div><div class='evo_sm Google'><a class=\"gp evo_ss\" href=\"https:\/\/plus.google.com\/share?url=https%3A%2F%2Fvea.qc.ca%2Fen%2Factivities%2Fmembers-dinner-at-lambroisie-restaurant-9%2F\" \r\r\n\t\t\t\t\t\t\t\tonclick=\"javascript:window.open(this.href, '', 'left=50,top=50,width=600,height=350,toolbar=0');return false;\" target=\"_blank\"><i class=\"fa fa-google-plus\" title=\"Partager sur Google Plus\"><\/i><\/a><\/div><div class='evo_sm EmailShare'><a class=\"em evo_ss\" href=\"mailto:?subject=Members%26#8217; dinner at L%26#8217;Ambroisie restaurant&body=Event Name: Members%26#8217; dinner at L%26#8217;Ambroisie restaurant%0AEvent Date: 1 Juillet 2026 18 H 00 Min%0ALink: https%3A%2F%2Fvea.qc.ca%2Fen%2Factivities%2Fmembers-dinner-at-lambroisie-restaurant-9%2F%0A\" target=\"_blank\"><i class=\"fa fa-envelope\"><\/i><\/a><\/div><div class='clear'><\/div><div class='evcal_evdata_row evcal_close' title='Close'><\/div><\/div><\/div><div class='clear end'><\/div><\/div><div id=\"event_27924\" class=\"eventon_list_event evo_eventtop  event\" data-event_id=\"27924\" data-time=\"1783762200-1783813800\" data-colr=\"#e5191d\" itemscope itemtype='http:\/\/schema.org\/Event'><div class=\"evo_event_schema\" style=\"display:none\" ><a itemprop='url'  href='https:\/\/vea.qc.ca\/en\/activities\/ride-to-concours-delegance-de-chambly\/'><\/a><span itemprop='name'  >Ride to CONCOURS D\u2019\u00c9L\u00c9GANCE DE CHAMBLY<\/span><meta itemprop='image' content='https:\/\/vea.qc.ca\/wp-content\/uploads\/2019\/11\/Chambly-2016-15.jpg' \/><meta itemprop='description' content='Tommy invites you on a drive to the Chambly Concours d'\u00c9l\u00e9gance.\r\n\r\nDear car and road enthusiasts, we invite you to participate in a short drive to the Concours d'\u00c9l\u00e9gance at Fort' \/><meta itemprop='startDate' content='2026-7-11T09:30' \/><meta itemprop='endDate' content='2026-7-11T23:50' \/><meta itemprop='eventStatus' content='on-schedule' \/><script type=\"application\/ld+json\">{\t\"@context\": \"http:\/\/schema.org\",\r\r\n\t\t\t\t\t\t\t  \t\"@type\": \"Event\",\r\r\n\t\t\t\t\t\t\t  \t\"name\": \"Ride to CONCOURS D\u2019\u00c9L\u00c9GANCE DE CHAMBLY\",\r\r\n\t\t\t\t\t\t\t  \t\"startDate\": \"2026-7-11T09-09-30-00\",\r\r\n\t\t\t\t\t\t\t  \t\"endDate\": \"2026-7-11T23-23-50-00\",\r\r\n\t\t\t\t\t\t\t  \t\"image\":\"https:\/\/vea.qc.ca\/wp-content\/uploads\/2019\/11\/Chambly-2016-15.jpg\",\r\r\n\t\t\t\t\t\t\t  \t\"description\":\"Tommy invites you on a drive to the Chambly Concours d'\u00c9l\u00e9gance.\r\n\r\nDear car and road enthusiasts, we invite you to participate in a short drive to the Concours d'\u00c9l\u00e9gance at Fort\",\r\r\n\t\t\t\t\t\t\t  \t\r\r\n\t\t\t\t\t\t\t }<\/script><\/div>\r\r\n\t\t\t\t<p class=\"desc_trig_outter\"><a data-gmap_status=\"null\" data-exlk=\"0\" style=\"border-color: #e5191d;\" id=\"evc_178376220027924\" class=\"hasFtIMG desc_trig featured_event 1 sin_val evcal_list_a\" data-ux_val=\"3\"  ><span class='ev_ftImg' data-img='https:\/\/vea.qc.ca\/wp-content\/uploads\/2019\/11\/Chambly-2016-15.jpg' data-thumb='https:\/\/vea.qc.ca\/wp-content\/uploads\/2019\/11\/Chambly-2016-15-300x200.jpg' style='background-image:url(\"https:\/\/vea.qc.ca\/wp-content\/uploads\/2019\/11\/Chambly-2016-15-300x200.jpg\")'><\/span><span class='evcal_cblock ' data-bgcolor='#e5191d' data-smon='Juillet' data-syr='2026'><span class='evo_start '><em class='date'>11<\/em><em class='month'>Juil<\/em><em class='time'>9 h 30 min<\/em><\/span><em class='clear'><\/em><\/span><span class='evcal_desc evo_info hide_eventtopdata '  data-location_status=\"false\" ><span class='evo_above_title'><span class='evo_event_headers featured'>VEA<\/span><\/span><span class='evcal_desc2 evcal_event_title' itemprop='name'>Ride to CONCOURS D\u2019\u00c9L\u00c9GANCE DE CHAMBLY<\/span><span class='evo_below_title'><span class='evcal_event_subtitle' >Tommy invites you on a drive to the Chambly Concours d'\u00c9l\u00e9gance.  <\/span><\/span><span class='evcal_desc_info' ><em class='evcal_time'>9 h 30 min<\/em> <\/span><span class='evcal_desc3'><\/span><\/span><em class='clear'><\/em><\/a><\/p><div class='event_description evcal_eventcard ' style=\"display:none\"><div class='evo_metarow_directimg'><img src='https:\/\/vea.qc.ca\/wp-content\/uploads\/2019\/11\/Chambly-2016-15.jpg' \/><\/div><div class='evo_metarow_details evorow evcal_evdata_row bordb evcal_event_details'>\r\r\n\t\t\t\t\t\t\t<div class=\"event_excerpt\" style=\"display:none\"><h3 class=\"padb5 evo_h3\">D\u00e9tails de l&#039;activit\u00e9<\/h3><p>Tommy invites you on a drive to the Chambly Concours d'\u00c9l\u00e9gance.\r\n\r\nDear car and road enthusiasts, we invite you to participate in a short drive to the Concours d'\u00c9l\u00e9gance at Fort<\/p><\/div><span class='evcal_evdata_icons'><i class='fa fa-align-justify'><\/i><\/span>\r\r\n\t\t\t\t\t\t\t\r\r\n\t\t\t\t\t\t\t<div class='evcal_evdata_cell '><div class='eventon_full_description'>\r\r\n\t\t\t\t\t\t\t\t\t<h3 class='padb5 evo_h3'><span class='evcal_evdata_icons'><i class='fa fa-align-justify'><\/i><\/span>D\u00e9tails de l&#039;activit\u00e9<\/h3><div class='eventon_desc_in' itemprop='description'>\r\r\n\t\t\t\t\t\t\t\t\t<p>Tommy invites you on a drive to the Chambly Concours d&#8217;\u00c9l\u00e9gance.<\/p>\n<p>Dear car and road enthusiasts, we invite you to participate in a short drive to the Concours d&#8217;\u00c9l\u00e9gance at Fort Chambly, organized by the Classic Car Club of Quebec (VAQ).<\/p>\n<\/div><div class='clear'><\/div>\r\r\n\t\t\t\t\t\t\t\t<\/div>\r\r\n\t\t\t\t\t\t\t<\/div>\r\r\n\t\t\t\t\t\t<\/div><div class='evo_metarow_time evorow evcal_evdata_row bordb evcal_evrow_sm '>\r\r\n\t\t\t\t\t\t\t<span class='evcal_evdata_icons'><i class='fa fa-clock-o'><\/i><\/span>\r\r\n\t\t\t\t\t\t\t<div class='evcal_evdata_cell'>\t\t\t\t\t\t\t\r\r\n\t\t\t\t\t\t\t\t<h3 class='evo_h3'><span class='evcal_evdata_icons'><i class='fa fa-clock-o'><\/i><\/span>Heure de d\u00e9but \/ fin<\/h3><p>(Samedi) 9 h 30 min<\/p>\r\r\n\t\t\t\t\t\t\t<\/div>\r\r\n\t\t\t\t\t\t<\/div><div class='evo_metarow_cusF5 evorow evcal_evdata_row bordb evcal_evrow_sm '>\r\r\n\t\t\t\t\t\t<span class='evcal_evdata_custometa_icons'><i class='fa fa-warning'><\/i><\/span>\r\r\n\t\t\t\t\t\t<div class='evcal_evdata_cell'>\t\t\t\t\t\t\t\r\r\n\t\t\t\t\t\t\t<h3 class='evo_h3'>Information additionnelles<\/h3><div class='evo_custom_content evo_data_val'><p>Balade organis\u00e9e par le VEA pour se rendre au concours d\u2019\u00c9l\u00e9gance de Chambly organis\u00e9 par le V.A.Q.<\/p>\n<\/div><\/div><\/div>\r\n\t\t\t\t\t\t<div class='evo_metarow_ICS evorow bordb evcal_evdata_row'>\r\r\n\t\t\t\t\t\t\t<span class=\"evcal_evdata_icons\"><i class=\"fa fa-calendar\"><\/i><\/span>\r\r\n\t\t\t\t\t\t\t<div class='evcal_evdata_cell'>\r\r\n\t\t\t\t\t\t\t\t<p><a href='https:\/\/vea.qc.ca\/wp-admin\/admin-ajax.php?action=eventon_ics_download&amp;event_id=27924&amp;sunix=20260711T143000Z&amp;eunix=20260712T045000Z&amp;loca=&amp;locn=' class='evo_ics_nCal' title='Ajouter \u00e0 votre calendrier'>Calendrier<\/a><a href='\/\/www.google.com\/calendar\/event?action=TEMPLATE&amp;text=Ride+to+CONCOURS+D%E2%80%99%C3%89L%C3%89GANCE+DE+CHAMBLY&amp;dates=20260711T143000Z\/20260712T045000Z&amp;details=Tommy+invites+you+on+a+drive+to+the+Chambly+Concours+d%27%C3%89l%C3%A9gance.%0D%0A%0D%0ADear+car+and+road+enthusiasts%2C+we+invite+you+to+participate+in+a+short+drive+to+the+Concours+d%27%C3%89l%C3%A9gance+at+Fort&amp;location= - ' target='_blank' class='evo_ics_gCal' title='Ajouter \u00e0 l&#039;agenda Google'>GoogleCal<\/a><\/p>\t\r\r\n\t\t\t\t\t\t\t<\/div>\r\n\t\t\t\t\t\t<\/div>\r\r\n\t\t\t\t\t\t<div class='bordb evo_metarow_socialmedia evcal_evdata_row  lastrow'><div class='evo_sm FacebookShare'><a class=\" evo_ss\" target=\"_blank\" onclick=\"javascript:window.open(this.href, '', 'left=50,top=50,width=600,height=350,toolbar=0');return false;\"\r\r\n\t\t\t\t\t\t\t\thref=\"http:\/\/www.facebook.com\/sharer.php?u=https%3A%2F%2Fvea.qc.ca%2Fen%2Factivities%2Fride-to-concours-delegance-de-chambly%2F\" title=\"Partager sur Facebook\"><i class=\"fa fa-facebook\"><\/i><\/a><\/div><div class='evo_sm Twitter'><a class=\"tw evo_ss\" onclick=\"javascript:window.open(this.href, '', 'menubar=no,toolbar=no,resizable=yes,scrollbars=yes,height=300,width=600');return false;\" href=\"http:\/\/twitter.com\/share?text=Ride to CONCOURS D\u2019\u00c9L\u00c9GANCE DE CHAMBLY&#32;-&#32;&url=https%3A%2F%2Fvea.qc.ca%2Fen%2Factivities%2Fride-to-concours-delegance-de-chambly%2F\" title=\"Partager sur twitter\" rel=\"nofollow\" target=\"_blank\" data-url=\"https%3A%2F%2Fvea.qc.ca%2Fen%2Factivities%2Fride-to-concours-delegance-de-chambly%2F\"><i class=\"fa fa-twitter\"><\/i><\/a><\/div><div class='evo_sm LinkedIn'><a class=\"li evo_ss\" href=\"http:\/\/www.linkedin.com\/shareArticle?mini=true&url=https%3A%2F%2Fvea.qc.ca%2Fen%2Factivities%2Fride-to-concours-delegance-de-chambly%2F&title=Ride%20to%20CONCOURS%20D%E2%80%99%C3%89L%C3%89GANCE%20DE%20CHAMBLY&summary=Tommy+invites+you+on+a+drive+to+the+Chambly+Concours+d%26%238217%3B%C3%89l%C3%A9gance.%0ADear+car+and+road+enthusiasts%2C+we\" target=\"_blank\" title=\"Partager sur Linkedin\"><i class=\"fa fa-linkedin\"><\/i><\/a><\/div><div class='evo_sm Google'><a class=\"gp evo_ss\" href=\"https:\/\/plus.google.com\/share?url=https%3A%2F%2Fvea.qc.ca%2Fen%2Factivities%2Fride-to-concours-delegance-de-chambly%2F\" \r\r\n\t\t\t\t\t\t\t\tonclick=\"javascript:window.open(this.href, '', 'left=50,top=50,width=600,height=350,toolbar=0');return false;\" target=\"_blank\"><i class=\"fa fa-google-plus\" title=\"Partager sur Google Plus\"><\/i><\/a><\/div><div class='evo_sm EmailShare'><a class=\"em evo_ss\" href=\"mailto:?subject=Ride to CONCOURS D\u2019\u00c9L\u00c9GANCE DE CHAMBLY&body=Event Name: Ride to CONCOURS D\u2019\u00c9L\u00c9GANCE DE CHAMBLY%0AEvent Date: 11 Juillet 2026 9 H 30 Min%0ALink: https%3A%2F%2Fvea.qc.ca%2Fen%2Factivities%2Fride-to-concours-delegance-de-chambly%2F%0A\" target=\"_blank\"><i class=\"fa fa-envelope\"><\/i><\/a><\/div><div class='clear'><\/div><div class='evcal_evdata_row evcal_close' title='Close'><\/div><\/div><\/div><div class='clear end'><\/div><\/div><div id=\"event_28262\" class=\"eventon_list_event evo_eventtop  event\" data-event_id=\"28262\" data-time=\"1784367000-1784418600\" data-colr=\"#e5191d\" itemscope itemtype='http:\/\/schema.org\/Event'><div class=\"evo_event_schema\" style=\"display:none\" ><a itemprop='url'  href='https:\/\/vea.qc.ca\/en\/activities\/walk-and-visit-to-the-coteau-du-lac-fort\/'><\/a><span itemprop='name'  >Ride and visit to the Coteau du Lac fort<\/span><meta itemprop='image' content='https:\/\/vea.qc.ca\/wp-content\/uploads\/2026\/03\/QC-COLA-2011-0023.jpg' \/><meta itemprop='description' content='Ride and visit to the Coteau du Lac fort' \/><meta itemprop='startDate' content='2026-7-18T09:30' \/><meta itemprop='endDate' content='2026-7-18T23:50' \/><meta itemprop='eventStatus' content='on-schedule' \/><script type=\"application\/ld+json\">{\t\"@context\": \"http:\/\/schema.org\",\r\r\n\t\t\t\t\t\t\t  \t\"@type\": \"Event\",\r\r\n\t\t\t\t\t\t\t  \t\"name\": \"Ride and visit to the Coteau du Lac fort\",\r\r\n\t\t\t\t\t\t\t  \t\"startDate\": \"2026-7-18T09-09-30-00\",\r\r\n\t\t\t\t\t\t\t  \t\"endDate\": \"2026-7-18T23-23-50-00\",\r\r\n\t\t\t\t\t\t\t  \t\"image\":\"https:\/\/vea.qc.ca\/wp-content\/uploads\/2026\/03\/QC-COLA-2011-0023.jpg\",\r\r\n\t\t\t\t\t\t\t  \t\"description\":\"Ride and visit to the Coteau du Lac fort\",\r\r\n\t\t\t\t\t\t\t  \t\r\r\n\t\t\t\t\t\t\t }<\/script><\/div>\r\r\n\t\t\t\t<p class=\"desc_trig_outter\"><a data-gmap_status=\"null\" data-exlk=\"0\" style=\"border-color: #e5191d;\" id=\"evc_178436700028262\" class=\"hasFtIMG desc_trig featured_event 1 sin_val evcal_list_a\" data-ux_val=\"3\"  ><span class='ev_ftImg' data-img='https:\/\/vea.qc.ca\/wp-content\/uploads\/2026\/03\/QC-COLA-2011-0023.jpg' data-thumb='https:\/\/vea.qc.ca\/wp-content\/uploads\/2026\/03\/QC-COLA-2011-0023-200x300.jpg' style='background-image:url(\"https:\/\/vea.qc.ca\/wp-content\/uploads\/2026\/03\/QC-COLA-2011-0023-200x300.jpg\")'><\/span><span class='evcal_cblock ' data-bgcolor='#e5191d' data-smon='Juillet' data-syr='2026'><span class='evo_start '><em class='date'>18<\/em><em class='month'>Juil<\/em><em class='time'>9 h 30 min<\/em><\/span><em class='clear'><\/em><\/span><span class='evcal_desc evo_info hide_eventtopdata '  data-location_status=\"false\" ><span class='evo_above_title'><span class='evo_event_headers featured'>VEA<\/span><\/span><span class='evcal_desc2 evcal_event_title' itemprop='name'>Ride and visit to the Coteau du Lac fort<\/span><span class='evo_below_title'><span class='evcal_event_subtitle' >ACTIVITY TO BE CONFIRMED WITH THE SURVEY RESULTS<\/span><\/span><span class='evcal_desc_info' ><em class='evcal_time'>9 h 30 min<\/em> <\/span><span class='evcal_desc3'><\/span><\/span><em class='clear'><\/em><\/a><\/p><div class='event_description evcal_eventcard ' style=\"display:none\"><div class='evo_metarow_directimg'><img src='https:\/\/vea.qc.ca\/wp-content\/uploads\/2026\/03\/QC-COLA-2011-0023.jpg' \/><\/div><div class='evo_metarow_time evorow evcal_evdata_row bordb evcal_evrow_sm '>\r\r\n\t\t\t\t\t\t\t<span class='evcal_evdata_icons'><i class='fa fa-clock-o'><\/i><\/span>\r\r\n\t\t\t\t\t\t\t<div class='evcal_evdata_cell'>\t\t\t\t\t\t\t\r\r\n\t\t\t\t\t\t\t\t<h3 class='evo_h3'><span class='evcal_evdata_icons'><i class='fa fa-clock-o'><\/i><\/span>Heure de d\u00e9but \/ fin<\/h3><p>(Samedi) 9 h 30 min<\/p>\r\r\n\t\t\t\t\t\t\t<\/div>\r\r\n\t\t\t\t\t\t<\/div><div class='evo_metarow_organizer evorow evcal_evdata_row bordb evcal_evrow_sm '>\r\r\n\t\t\t\t\t\t\t<span class='evcal_evdata_icons'><i class='fa fa-id-badge'><\/i><\/span>\r\r\n\t\t\t\t\t\t\t<div class='evcal_evdata_cell'>\t\t\t\t\t\t\t\r\r\n\t\t\t\t\t\t\t\t<h3 class='evo_h3'>Organisateur<\/h3>\r\r\n\t\t\t\t\t\t\t\t\r\r\n\t\t\t\t\t\t\t\t<div class='evo_card_organizer'><p class='evo_data_val evo_card_organizer_name'>\r\r\n\t\t\t\t\t\t\t\t\t<span class='evo_card_organizer_name_t'>Jean-Guy<\/span>\r\r\n\t\t\t\t\t\t\t\t\t\r\r\n\t\t\t\t\t\t\t\t\t<\/p><\/div><div class='clear'><\/div>\t\t\t\t\t\t\t\r\r\n\t\t\t\t\t\t\t<\/div>\r\r\n\t\t\t\t\t\t<\/div>\r\n\t\t\t\t\t\t<div class='evo_metarow_ICS evorow bordb evcal_evdata_row'>\r\r\n\t\t\t\t\t\t\t<span class=\"evcal_evdata_icons\"><i class=\"fa fa-calendar\"><\/i><\/span>\r\r\n\t\t\t\t\t\t\t<div class='evcal_evdata_cell'>\r\r\n\t\t\t\t\t\t\t\t<p><a href='https:\/\/vea.qc.ca\/wp-admin\/admin-ajax.php?action=eventon_ics_download&amp;event_id=28262&amp;sunix=20260718T143000Z&amp;eunix=20260719T045000Z&amp;loca=&amp;locn=' class='evo_ics_nCal' title='Ajouter \u00e0 votre calendrier'>Calendrier<\/a><a href='\/\/www.google.com\/calendar\/event?action=TEMPLATE&amp;text=Ride+and+visit+to+the+Coteau+du+Lac+fort&amp;dates=20260718T143000Z\/20260719T045000Z&amp;details=Ride+and+visit+to+the+Coteau+du+Lac+fort&amp;location= - ' target='_blank' class='evo_ics_gCal' title='Ajouter \u00e0 l&#039;agenda Google'>GoogleCal<\/a><\/p>\t\r\r\n\t\t\t\t\t\t\t<\/div>\r\n\t\t\t\t\t\t<\/div>\r\r\n\t\t\t\t\t\t<div class='bordb evo_metarow_socialmedia evcal_evdata_row  lastrow'><div class='evo_sm FacebookShare'><a class=\" evo_ss\" target=\"_blank\" onclick=\"javascript:window.open(this.href, '', 'left=50,top=50,width=600,height=350,toolbar=0');return false;\"\r\r\n\t\t\t\t\t\t\t\thref=\"http:\/\/www.facebook.com\/sharer.php?u=https%3A%2F%2Fvea.qc.ca%2Fen%2Factivities%2Fwalk-and-visit-to-the-coteau-du-lac-fort%2F\" title=\"Partager sur Facebook\"><i class=\"fa fa-facebook\"><\/i><\/a><\/div><div class='evo_sm Twitter'><a class=\"tw evo_ss\" onclick=\"javascript:window.open(this.href, '', 'menubar=no,toolbar=no,resizable=yes,scrollbars=yes,height=300,width=600');return false;\" href=\"http:\/\/twitter.com\/share?text=Ride and visit to the Coteau du Lac fort&#32;-&#32;&url=https%3A%2F%2Fvea.qc.ca%2Fen%2Factivities%2Fwalk-and-visit-to-the-coteau-du-lac-fort%2F\" title=\"Partager sur twitter\" rel=\"nofollow\" target=\"_blank\" data-url=\"https%3A%2F%2Fvea.qc.ca%2Fen%2Factivities%2Fwalk-and-visit-to-the-coteau-du-lac-fort%2F\"><i class=\"fa fa-twitter\"><\/i><\/a><\/div><div class='evo_sm LinkedIn'><a class=\"li evo_ss\" href=\"http:\/\/www.linkedin.com\/shareArticle?mini=true&url=https%3A%2F%2Fvea.qc.ca%2Fen%2Factivities%2Fwalk-and-visit-to-the-coteau-du-lac-fort%2F&title=Ride%20and%20visit%20to%20the%20Coteau%20du%20Lac%20fort&summary=--\" target=\"_blank\" title=\"Partager sur Linkedin\"><i class=\"fa fa-linkedin\"><\/i><\/a><\/div><div class='evo_sm Google'><a class=\"gp evo_ss\" href=\"https:\/\/plus.google.com\/share?url=https%3A%2F%2Fvea.qc.ca%2Fen%2Factivities%2Fwalk-and-visit-to-the-coteau-du-lac-fort%2F\" \r\r\n\t\t\t\t\t\t\t\tonclick=\"javascript:window.open(this.href, '', 'left=50,top=50,width=600,height=350,toolbar=0');return false;\" target=\"_blank\"><i class=\"fa fa-google-plus\" title=\"Partager sur Google Plus\"><\/i><\/a><\/div><div class='evo_sm EmailShare'><a class=\"em evo_ss\" href=\"mailto:?subject=Ride and visit to the Coteau du Lac fort&body=Event Name: Ride and visit to the Coteau du Lac fort%0AEvent Date: 18 Juillet 2026 9 H 30 Min%0ALink: https%3A%2F%2Fvea.qc.ca%2Fen%2Factivities%2Fwalk-and-visit-to-the-coteau-du-lac-fort%2F%0A\" target=\"_blank\"><i class=\"fa fa-envelope\"><\/i><\/a><\/div><div class='clear'><\/div><div class='evcal_evdata_row evcal_close' title='Close'><\/div><\/div><\/div><div class='clear end'><\/div><\/div><div id=\"event_27925\" class=\"eventon_list_event evo_eventtop  event\" data-event_id=\"27925\" data-time=\"1784971800-1785023400\" data-colr=\"#e5191d\" itemscope itemtype='http:\/\/schema.org\/Event'><div class=\"evo_event_schema\" style=\"display:none\" ><a itemprop='url'  href='https:\/\/vea.qc.ca\/en\/activities\/car-show-petanque-championship-raclette-2\/'><\/a><span itemprop='name'  >CAR SHOW, PETANQUE CHAMPIONSHIP, RACLETTE<\/span><meta itemprop='image' content='https:\/\/vea.qc.ca\/wp-content\/uploads\/2023\/12\/raclette-petanque-Capture-decran-2024-01-01-164047.jpg' \/><meta itemprop='description' content='A ride to the Eastern Townships which takes us to Alois F\u00fcrer's in Bromont to enjoy a raclette and a game of p\u00e9tanque.\r\n\r\n&nbsp;\r\n\r\n\u00a0' \/><meta itemprop='startDate' content='2026-7-25T09:30' \/><meta itemprop='endDate' content='2026-7-25T23:50' \/><meta itemprop='eventStatus' content='on-schedule' \/><script type=\"application\/ld+json\">{\t\"@context\": \"http:\/\/schema.org\",\r\r\n\t\t\t\t\t\t\t  \t\"@type\": \"Event\",\r\r\n\t\t\t\t\t\t\t  \t\"name\": \"CAR SHOW, PETANQUE CHAMPIONSHIP, RACLETTE\",\r\r\n\t\t\t\t\t\t\t  \t\"startDate\": \"2026-7-25T09-09-30-00\",\r\r\n\t\t\t\t\t\t\t  \t\"endDate\": \"2026-7-25T23-23-50-00\",\r\r\n\t\t\t\t\t\t\t  \t\"image\":\"https:\/\/vea.qc.ca\/wp-content\/uploads\/2023\/12\/raclette-petanque-Capture-decran-2024-01-01-164047.jpg\",\r\r\n\t\t\t\t\t\t\t  \t\"description\":\"A ride to the Eastern Townships which takes us to Alois F\u00fcrer's in Bromont to enjoy a raclette and a game of p\u00e9tanque.\r\n\r\n&nbsp;\r\n\r\n\u00a0\",\r\r\n\t\t\t\t\t\t\t  \t\r\r\n\t\t\t\t\t\t\t }<\/script><\/div>\r\r\n\t\t\t\t<p class=\"desc_trig_outter\"><a data-gmap_status=\"null\" data-exlk=\"0\" style=\"border-color: #e5191d;\" id=\"evc_178497180027925\" class=\"hasFtIMG desc_trig featured_event 1 sin_val evcal_list_a\" data-ux_val=\"3\"  ><span class='ev_ftImg' data-img='https:\/\/vea.qc.ca\/wp-content\/uploads\/2023\/12\/raclette-petanque-Capture-decran-2024-01-01-164047.jpg' data-thumb='https:\/\/vea.qc.ca\/wp-content\/uploads\/2023\/12\/raclette-petanque-Capture-decran-2024-01-01-164047-300x280.jpg' style='background-image:url(\"https:\/\/vea.qc.ca\/wp-content\/uploads\/2023\/12\/raclette-petanque-Capture-decran-2024-01-01-164047-300x280.jpg\")'><\/span><span class='evcal_cblock ' data-bgcolor='#e5191d' data-smon='Juillet' data-syr='2026'><span class='evo_start '><em class='date'>25<\/em><em class='month'>Juil<\/em><em class='time'>9 h 30 min<\/em><\/span><em class='clear'><\/em><\/span><span class='evcal_desc evo_info hide_eventtopdata '  data-location_status=\"false\" ><span class='evo_above_title'><span class='evo_event_headers featured'>VEA<\/span><\/span><span class='evcal_desc2 evcal_event_title' itemprop='name'>CAR SHOW, PETANQUE CHAMPIONSHIP, RACLETTE<\/span><span class='evo_below_title'><span class='evcal_event_subtitle' >Alois invites us to enjoy a raclette and play a game of p\u00e9tanque.<\/span><\/span><span class='evcal_desc_info' ><em class='evcal_time'>9 h 30 min<\/em> <\/span><span class='evcal_desc3'><\/span><\/span><em class='clear'><\/em><\/a><\/p><div class='event_description evcal_eventcard ' style=\"display:none\"><div class='evo_metarow_directimg'><img src='https:\/\/vea.qc.ca\/wp-content\/uploads\/2023\/12\/raclette-petanque-Capture-decran-2024-01-01-164047.jpg' \/><\/div><div class='evo_metarow_details evorow evcal_evdata_row bordb evcal_event_details'>\r\r\n\t\t\t\t\t\t\t<div class=\"event_excerpt\" style=\"display:none\"><h3 class=\"padb5 evo_h3\">D\u00e9tails de l&#039;activit\u00e9<\/h3><p>A ride to the Eastern Townships which takes us to Alois F\u00fcrer's in Bromont to enjoy a raclette and a game of p\u00e9tanque.\r\n\r\n&nbsp;\r\n\r\n\u00a0<\/p><\/div><span class='evcal_evdata_icons'><i class='fa fa-align-justify'><\/i><\/span>\r\r\n\t\t\t\t\t\t\t\r\r\n\t\t\t\t\t\t\t<div class='evcal_evdata_cell '><div class='eventon_full_description'>\r\r\n\t\t\t\t\t\t\t\t\t<h3 class='padb5 evo_h3'><span class='evcal_evdata_icons'><i class='fa fa-align-justify'><\/i><\/span>D\u00e9tails de l&#039;activit\u00e9<\/h3><div class='eventon_desc_in' itemprop='description'>\r\r\n\t\t\t\t\t\t\t\t\t<p>A ride to the Eastern Townships which takes us to Alois F\u00fcrer&#8217;s in Bromont to enjoy a raclette and a game of p\u00e9tanque.<\/p>\n<p>&nbsp;<\/p>\n<p><strong>\u00a0<\/strong><\/p>\n<\/div><div class='clear'><\/div>\r\r\n\t\t\t\t\t\t\t\t<\/div>\r\r\n\t\t\t\t\t\t\t<\/div>\r\r\n\t\t\t\t\t\t<\/div><div class='evo_metarow_time evorow evcal_evdata_row bordb evcal_evrow_sm '>\r\r\n\t\t\t\t\t\t\t<span class='evcal_evdata_icons'><i class='fa fa-clock-o'><\/i><\/span>\r\r\n\t\t\t\t\t\t\t<div class='evcal_evdata_cell'>\t\t\t\t\t\t\t\r\r\n\t\t\t\t\t\t\t\t<h3 class='evo_h3'><span class='evcal_evdata_icons'><i class='fa fa-clock-o'><\/i><\/span>Heure de d\u00e9but \/ fin<\/h3><p>(Samedi) 9 h 30 min<\/p>\r\r\n\t\t\t\t\t\t\t<\/div>\r\r\n\t\t\t\t\t\t<\/div>\r\n\t\t\t\t\t\t<div class='evo_metarow_ICS evorow bordb evcal_evdata_row'>\r\r\n\t\t\t\t\t\t\t<span class=\"evcal_evdata_icons\"><i class=\"fa fa-calendar\"><\/i><\/span>\r\r\n\t\t\t\t\t\t\t<div class='evcal_evdata_cell'>\r\r\n\t\t\t\t\t\t\t\t<p><a href='https:\/\/vea.qc.ca\/wp-admin\/admin-ajax.php?action=eventon_ics_download&amp;event_id=27925&amp;sunix=20260725T143000Z&amp;eunix=20260726T045000Z&amp;loca=&amp;locn=' class='evo_ics_nCal' title='Ajouter \u00e0 votre calendrier'>Calendrier<\/a><a href='\/\/www.google.com\/calendar\/event?action=TEMPLATE&amp;text=CAR+SHOW%2C+PETANQUE+CHAMPIONSHIP%2C+RACLETTE&amp;dates=20260725T143000Z\/20260726T045000Z&amp;details=A+ride+to+the+Eastern+Townships+which+takes+us+to+Alois+F%C3%BCrer%27s+in+Bromont+to+enjoy+a+raclette+and+a+game+of+p%C3%A9tanque.%0D%0A%0D%0A%26nbsp%3B%0D%0A%0D%0A%C2%A0&amp;location= - ' target='_blank' class='evo_ics_gCal' title='Ajouter \u00e0 l&#039;agenda Google'>GoogleCal<\/a><\/p>\t\r\r\n\t\t\t\t\t\t\t<\/div>\r\n\t\t\t\t\t\t<\/div>\r\r\n\t\t\t\t\t\t<div class='bordb evo_metarow_socialmedia evcal_evdata_row  lastrow'><div class='evo_sm FacebookShare'><a class=\" evo_ss\" target=\"_blank\" onclick=\"javascript:window.open(this.href, '', 'left=50,top=50,width=600,height=350,toolbar=0');return false;\"\r\r\n\t\t\t\t\t\t\t\thref=\"http:\/\/www.facebook.com\/sharer.php?u=https%3A%2F%2Fvea.qc.ca%2Fen%2Factivities%2Fcar-show-petanque-championship-raclette-2%2F\" title=\"Partager sur Facebook\"><i class=\"fa fa-facebook\"><\/i><\/a><\/div><div class='evo_sm Twitter'><a class=\"tw evo_ss\" onclick=\"javascript:window.open(this.href, '', 'menubar=no,toolbar=no,resizable=yes,scrollbars=yes,height=300,width=600');return false;\" href=\"http:\/\/twitter.com\/share?text=CAR SHOW, PETANQUE CHAMPIONSHIP, RACLETTE&#32;-&#32;&url=https%3A%2F%2Fvea.qc.ca%2Fen%2Factivities%2Fcar-show-petanque-championship-raclette-2%2F\" title=\"Partager sur twitter\" rel=\"nofollow\" target=\"_blank\" data-url=\"https%3A%2F%2Fvea.qc.ca%2Fen%2Factivities%2Fcar-show-petanque-championship-raclette-2%2F\"><i class=\"fa fa-twitter\"><\/i><\/a><\/div><div class='evo_sm LinkedIn'><a class=\"li evo_ss\" href=\"http:\/\/www.linkedin.com\/shareArticle?mini=true&url=https%3A%2F%2Fvea.qc.ca%2Fen%2Factivities%2Fcar-show-petanque-championship-raclette-2%2F&title=CAR%20SHOW%2C%20PETANQUE%20CHAMPIONSHIP%2C%20RACLETTE&summary=A+ride+to+the+Eastern+Townships+which+takes+us+to+Alois+F%C3%BCrer%26%238217%3Bs+in+Bromont+to+enjoy\" target=\"_blank\" title=\"Partager sur Linkedin\"><i class=\"fa fa-linkedin\"><\/i><\/a><\/div><div class='evo_sm Google'><a class=\"gp evo_ss\" href=\"https:\/\/plus.google.com\/share?url=https%3A%2F%2Fvea.qc.ca%2Fen%2Factivities%2Fcar-show-petanque-championship-raclette-2%2F\" \r\r\n\t\t\t\t\t\t\t\tonclick=\"javascript:window.open(this.href, '', 'left=50,top=50,width=600,height=350,toolbar=0');return false;\" target=\"_blank\"><i class=\"fa fa-google-plus\" title=\"Partager sur Google Plus\"><\/i><\/a><\/div><div class='evo_sm EmailShare'><a class=\"em evo_ss\" href=\"mailto:?subject=CAR SHOW, PETANQUE CHAMPIONSHIP, RACLETTE&body=Event Name: CAR SHOW, PETANQUE CHAMPIONSHIP, RACLETTE%0AEvent Date: 25 Juillet 2026 9 H 30 Min%0ALink: https%3A%2F%2Fvea.qc.ca%2Fen%2Factivities%2Fcar-show-petanque-championship-raclette-2%2F%0A\" target=\"_blank\"><i class=\"fa fa-envelope\"><\/i><\/a><\/div><div class='clear'><\/div><div class='evcal_evdata_row evcal_close' title='Close'><\/div><\/div><\/div><div class='clear end'><\/div><\/div><\/div><div class='evcal_month_line'><p>Ao\u00fbt 2026<\/p><\/div><div id='evcal_list' class='evcal_list_month eventon_events_list '><div id=\"event_27927\" class=\"eventon_list_event evo_eventtop  event\" data-event_id=\"27927\" data-time=\"1785952800-1785973800\" data-colr=\"#e51a1d\" itemscope itemtype='http:\/\/schema.org\/Event'><div class=\"evo_event_schema\" style=\"display:none\" ><a itemprop='url'  href='https:\/\/vea.qc.ca\/en\/activities\/members-dinner-at-lambroisie-restaurant-10\/'><\/a><span itemprop='name'  >Members' dinner at L'Ambroisie restaurant<\/span><meta itemprop='image' content='https:\/\/vea.qc.ca\/wp-content\/uploads\/2023\/01\/ambroisie-300x300-1.jpg' \/><meta itemprop='description' content='Members' dinner at L'Ambroisie restaurant' \/><meta itemprop='startDate' content='2026-8-5T18:00' \/><meta itemprop='endDate' content='2026-8-5T23:50' \/><meta itemprop='eventStatus' content='on-schedule' \/>\r\r\n\t\t\t\t\t\t\t\t\t<item style=\"display:none\" itemprop=\"location\" itemscope itemtype=\"http:\/\/schema.org\/Place\">\r\r\n\t\t\t\t\t\t\t\t\t\t<span itemprop=\"name\">Restaurant L\u2019Ambroisie<\/span>\r\r\n\t\t\t\t\t\t\t\t\t\t<span itemprop=\"address\" itemscope itemtype=\"http:\/\/schema.org\/PostalAddress\">\r\r\n\t\t\t\t\t\t\t\t\t\t\t<item itemprop=\"streetAddress\">4020 Rue Saint-Ambroise porte #140, QC H4C 2C7<\/item>\r\r\n\t\t\t\t\t\t\t\t\t\t<\/span><\/item><script type=\"application\/ld+json\">{\t\"@context\": \"http:\/\/schema.org\",\r\r\n\t\t\t\t\t\t\t  \t\"@type\": \"Event\",\r\r\n\t\t\t\t\t\t\t  \t\"name\": \"Members' dinner at L'Ambroisie restaurant\",\r\r\n\t\t\t\t\t\t\t  \t\"startDate\": \"2026-8-5T18-18-00-00\",\r\r\n\t\t\t\t\t\t\t  \t\"endDate\": \"2026-8-5T23-23-50-00\",\r\r\n\t\t\t\t\t\t\t  \t\"image\":\"https:\/\/vea.qc.ca\/wp-content\/uploads\/2023\/01\/ambroisie-300x300-1.jpg\",\r\r\n\t\t\t\t\t\t\t  \t\"description\":\"Members' dinner at L'Ambroisie restaurant\",\r\r\n\t\t\t\t\t\t\t  \t\"location\":{\r\r\n\t\t\t\t\t\t\t\t\t\t\"@type\":\"Place\",\r\r\n\t\t\t\t\t\t\t\t\t\t\"name\":\"Restaurant L\u2019Ambroisie\",\r\r\n\t\t\t\t\t\t\t\t\t\t\"address\":\"4020 Rue Saint-Ambroise porte #140, QC H4C 2C7\"\r\r\n\t\t\t\t\t\t\t  \t\t}\r\r\n\t\t\t\t\t\t\t }<\/script><\/div>\r\r\n\t\t\t\t<p class=\"desc_trig_outter\"><a data-gmtrig=\"1\" data-exlk=\"0\" style=\"border-color: #e51a1d;\" id=\"evc_178595280027927\" class=\"hasFtIMG desc_trig featured_event 1 sin_val evcal_list_a\" data-ux_val=\"3\"  ><span class='ev_ftImg' data-img='https:\/\/vea.qc.ca\/wp-content\/uploads\/2023\/01\/ambroisie-300x300-1.jpg' data-thumb='https:\/\/vea.qc.ca\/wp-content\/uploads\/2023\/01\/ambroisie-300x300-1.jpg' style='background-image:url(\"https:\/\/vea.qc.ca\/wp-content\/uploads\/2023\/01\/ambroisie-300x300-1.jpg\")'><\/span><span class='evcal_cblock ' data-bgcolor='#e51a1d' data-smon='Ao\u00fbt' data-syr='2026'><span class='evo_start '><em class='date'>05<\/em><em class='month'>Ao\u00fbt<\/em><em class='time'>18 h 00 min<\/em><\/span><em class='clear'><\/em><\/span><span class='evcal_desc evo_info hide_eventtopdata '  data-location_address=\"4020 Rue Saint-Ambroise porte #140, QC H4C 2C7\" data-location_type=\"address\" data-location_name=\"Restaurant L\u2019Ambroisie\" data-location_status=\"true\" ><span class='evo_above_title'><span class='evo_event_headers featured'>VEA<\/span><\/span><span class='evcal_desc2 evcal_event_title' itemprop='name'>Members' dinner at L'Ambroisie restaurant<\/span><span class='evo_below_title'><span class='evcal_event_subtitle' >\u201cFIRST WEDNESDAY\u201d OF THE MONTH DINNER MEETING<\/span><\/span><span class='evcal_desc_info' ><em class='evcal_time'>18 h 00 min<\/em> <em class=\"evcal_location\"  data-add_str=\"4020 Rue Saint-Ambroise porte #140, QC H4C 2C7\"><em class=\"event_location_name\">Restaurant L\u2019Ambroisie<\/em>, 4020 Rue Saint-Ambroise porte #140, QC H4C 2C7<\/em><\/span><span class='evcal_desc3'><\/span><\/span><em class='clear'><\/em><\/a><\/p><div class='event_description evcal_eventcard ' style=\"display:none\"><div class='evo_metarow_directimg'><img src='https:\/\/vea.qc.ca\/wp-content\/uploads\/2023\/01\/ambroisie-300x300-1.jpg' \/><\/div><div class='evo_metarow_time_location evorow bordb '>\r\r\n\t\t\t\t\t\t<div class='tb' >\r\r\n\t\t\t\t\t\t\t<div class='tbrow'>\r\r\n\t\t\t\t\t\t\t<div class='evcal_col50 bordr'>\r\r\n\t\t\t\t\t\t\t\t<div class='evcal_evdata_row evo_time'>\r\r\n\t\t\t\t\t\t\t\t\t<span class='evcal_evdata_icons'><i class='fa fa-clock-o'><\/i><\/span>\r\r\n\t\t\t\t\t\t\t\t\t<div class='evcal_evdata_cell'>\t\t\t\t\t\t\t\r\r\n\t\t\t\t\t\t\t\t\t\t<h3 class='evo_h3'><span class='evcal_evdata_icons'><i class='fa fa-clock-o'><\/i><\/span>Heure de d\u00e9but \/ fin<\/h3>\r\r\n\t\t\t\t\t\t\t\t\t\t<p>(Mercredi) 18 h 00 min<\/p>\r\r\n\t\t\t\t\t\t\t\t\t<\/div>\r\r\n\t\t\t\t\t\t\t\t<\/div>\r\r\n\t\t\t\t\t\t\t<\/div><div class='evcal_col50'>\r\r\n\t\t\t\t\t\t\t\t<div class='evcal_evdata_row evo_location'>\r\r\n\t\t\t\t\t\t\t\t\t<span class='evcal_evdata_icons'><i class='fa fa-map-marker'><\/i><\/span>\r\r\n\t\t\t\t\t\t\t\t\t<div class='evcal_evdata_cell' data-loc_tax_id='306'>\t\t\t\t\t\t\t\r\r\n\t\t\t\t\t\t\t\t\t\t<h3 class='evo_h3'><span class='evcal_evdata_icons'><i class='fa fa-map-marker'><\/i><\/span>Lieu<\/h3><p class='evo_location_name'>Restaurant L\u2019Ambroisie<\/p><p class='evo_location_address'>4020 Rue Saint-Ambroise porte #140, QC H4C 2C7<\/p>\r\r\n\t\t\t\t\t\t\t\t\t<\/div>\r\r\n\t\t\t\t\t\t\t\t<\/div>\r\r\n\t\t\t\t\t\t\t<\/div><div class='clear'><\/div>\r\r\n\t\t\t\t\t\t\t<\/div><\/div>\r\r\n\t\t\t\t\t\t<\/div><div class='evo_metarow_locImg evorow bordb tvi' style='height:400px; background-image:url(https:\/\/vea.qc.ca\/wp-content\/uploads\/2023\/04\/Ambroisie2023.jpg)' id='23610_locimg' ><p class='evoLOCtxt'>\r\r\n\t\t\t\t\t\t\t\t<span class='evo_loc_text_title'>Restaurant L\u2019Ambroisie<\/span><span style=\"padding-bottom:10px\">4020 Rue Saint-Ambroise porte #140, QC H4C 2C7<\/span><\/p><\/div><div class='evo_metarow_gmap evorow evcal_gmaps bordb ' id='evc178595280069ec80fdee50d27927_gmap' style='max-width:none'><\/div><div class='evo_metarow_getDr evorow evcal_evdata_row bordb evcal_evrow_sm getdirections'>\r\r\n\t\t\t\t\t\t<form action='https:\/\/maps.google.com\/maps' method='get' target='_blank'>\r\r\n\t\t\t\t\t\t<input type='hidden' name='daddr' value=\"4020 Rue Saint-Ambroise porte #140, QC H4C 2C7\"\/> \r\r\n\t\t\t\t\t\t<p><input class='evoInput' type='text' name='saddr' placeholder='Saisissez votre adresse' value=''\/>\r\r\n\t\t\t\t\t\t<button type='submit' class='evcal_evdata_icons evcalicon_9' title='Cliquez ici pour obtenir l&#039;itin\u00e9raire'><i class='fa fa-road'><\/i><\/button>\r\r\n\t\t\t\t\t\t<\/p><\/form>\r\r\n\t\t\t\t\t<\/div>\r\n\t\t\t\t\t\t<div class='evo_metarow_ICS evorow bordb evcal_evdata_row'>\r\r\n\t\t\t\t\t\t\t<span class=\"evcal_evdata_icons\"><i class=\"fa fa-calendar\"><\/i><\/span>\r\r\n\t\t\t\t\t\t\t<div class='evcal_evdata_cell'>\r\r\n\t\t\t\t\t\t\t\t<p><a href='https:\/\/vea.qc.ca\/wp-admin\/admin-ajax.php?action=eventon_ics_download&amp;event_id=27927&amp;sunix=20260805T230000Z&amp;eunix=20260806T045000Z&amp;loca=4020 Rue Saint-Ambroise porte #140, QC H4C 2C7&amp;locn=Restaurant L\u2019Ambroisie' class='evo_ics_nCal' title='Ajouter \u00e0 votre calendrier'>Calendrier<\/a><a href='\/\/www.google.com\/calendar\/event?action=TEMPLATE&amp;text=Members%27+dinner+at+L%27Ambroisie+restaurant&amp;dates=20260805T230000Z\/20260806T045000Z&amp;details=Members%27+dinner+at+L%27Ambroisie+restaurant&amp;location=Restaurant+L%E2%80%99Ambroisie - 4020+Rue+Saint-Ambroise+porte+%23140%2C+QC+H4C+2C7' target='_blank' class='evo_ics_gCal' title='Ajouter \u00e0 l&#039;agenda Google'>GoogleCal<\/a><\/p>\t\r\r\n\t\t\t\t\t\t\t<\/div>\r\n\t\t\t\t\t\t<\/div>\r\r\n\t\t\t\t\t\t<div class='bordb evo_metarow_socialmedia evcal_evdata_row  lastrow'><div class='evo_sm FacebookShare'><a class=\" evo_ss\" target=\"_blank\" onclick=\"javascript:window.open(this.href, '', 'left=50,top=50,width=600,height=350,toolbar=0');return false;\"\r\r\n\t\t\t\t\t\t\t\thref=\"http:\/\/www.facebook.com\/sharer.php?u=https%3A%2F%2Fvea.qc.ca%2Fen%2Factivities%2Fmembers-dinner-at-lambroisie-restaurant-10%2F\" title=\"Partager sur Facebook\"><i class=\"fa fa-facebook\"><\/i><\/a><\/div><div class='evo_sm Twitter'><a class=\"tw evo_ss\" onclick=\"javascript:window.open(this.href, '', 'menubar=no,toolbar=no,resizable=yes,scrollbars=yes,height=300,width=600');return false;\" href=\"http:\/\/twitter.com\/share?text=Members&#8217; dinner at L&#8217;Ambroisie restaurant&#32;-&#32;&url=https%3A%2F%2Fvea.qc.ca%2Fen%2Factivities%2Fmembers-dinner-at-lambroisie-restaurant-10%2F\" title=\"Partager sur twitter\" rel=\"nofollow\" target=\"_blank\" data-url=\"https%3A%2F%2Fvea.qc.ca%2Fen%2Factivities%2Fmembers-dinner-at-lambroisie-restaurant-10%2F\"><i class=\"fa fa-twitter\"><\/i><\/a><\/div><div class='evo_sm LinkedIn'><a class=\"li evo_ss\" href=\"http:\/\/www.linkedin.com\/shareArticle?mini=true&url=https%3A%2F%2Fvea.qc.ca%2Fen%2Factivities%2Fmembers-dinner-at-lambroisie-restaurant-10%2F&title=Members%26%238217%3B%20dinner%20at%20L%26%238217%3BAmbroisie%20restaurant&summary=--\" target=\"_blank\" title=\"Partager sur Linkedin\"><i class=\"fa fa-linkedin\"><\/i><\/a><\/div><div class='evo_sm Google'><a class=\"gp evo_ss\" href=\"https:\/\/plus.google.com\/share?url=https%3A%2F%2Fvea.qc.ca%2Fen%2Factivities%2Fmembers-dinner-at-lambroisie-restaurant-10%2F\" \r\r\n\t\t\t\t\t\t\t\tonclick=\"javascript:window.open(this.href, '', 'left=50,top=50,width=600,height=350,toolbar=0');return false;\" target=\"_blank\"><i class=\"fa fa-google-plus\" title=\"Partager sur Google Plus\"><\/i><\/a><\/div><div class='evo_sm EmailShare'><a class=\"em evo_ss\" href=\"mailto:?subject=Members%26#8217; dinner at L%26#8217;Ambroisie restaurant&body=Event Name: Members%26#8217; dinner at L%26#8217;Ambroisie restaurant%0AEvent Date: 5 Ao\u00fbt 2026 18 H 00 Min%0ALink: https%3A%2F%2Fvea.qc.ca%2Fen%2Factivities%2Fmembers-dinner-at-lambroisie-restaurant-10%2F%0A\" target=\"_blank\"><i class=\"fa fa-envelope\"><\/i><\/a><\/div><div class='clear'><\/div><div class='evcal_evdata_row evcal_close' title='Close'><\/div><\/div><\/div><div class='clear end'><\/div><\/div><div id=\"event_27930\" class=\"eventon_list_event evo_eventtop  event\" data-event_id=\"27930\" data-time=\"1786786200-1786837800\" data-colr=\"#e5191d\" itemscope itemtype='http:\/\/schema.org\/Event'><div class=\"evo_event_schema\" style=\"display:none\" ><a itemprop='url'  href='https:\/\/vea.qc.ca\/en\/activities\/aviation-museum-walk-and-meal\/'><\/a><span itemprop='name'  >AVIATION MUSEUM, ride and MEAL<\/span><meta itemprop='image' content='https:\/\/vea.qc.ca\/wp-content\/uploads\/2025\/12\/aviation.jpg' \/><meta itemprop='description' content='&nbsp;\r\n\r\n&nbsp;\r\n\r\n\u00a0' \/><meta itemprop='startDate' content='2026-8-15T09:30' \/><meta itemprop='endDate' content='2026-8-15T23:50' \/><meta itemprop='eventStatus' content='on-schedule' \/><script type=\"application\/ld+json\">{\t\"@context\": \"http:\/\/schema.org\",\r\r\n\t\t\t\t\t\t\t  \t\"@type\": \"Event\",\r\r\n\t\t\t\t\t\t\t  \t\"name\": \"AVIATION MUSEUM, ride and MEAL\",\r\r\n\t\t\t\t\t\t\t  \t\"startDate\": \"2026-8-15T09-09-30-00\",\r\r\n\t\t\t\t\t\t\t  \t\"endDate\": \"2026-8-15T23-23-50-00\",\r\r\n\t\t\t\t\t\t\t  \t\"image\":\"https:\/\/vea.qc.ca\/wp-content\/uploads\/2025\/12\/aviation.jpg\",\r\r\n\t\t\t\t\t\t\t  \t\"description\":\"&nbsp;\r\n\r\n&nbsp;\r\n\r\n\u00a0\",\r\r\n\t\t\t\t\t\t\t  \t\r\r\n\t\t\t\t\t\t\t }<\/script><\/div>\r\r\n\t\t\t\t<p class=\"desc_trig_outter\"><a data-gmap_status=\"null\" data-exlk=\"0\" style=\"border-color: #e5191d;\" id=\"evc_178678620027930\" class=\"hasFtIMG desc_trig featured_event 1 sin_val evcal_list_a\" data-ux_val=\"3\"  ><span class='ev_ftImg' data-img='https:\/\/vea.qc.ca\/wp-content\/uploads\/2025\/12\/aviation.jpg' data-thumb='https:\/\/vea.qc.ca\/wp-content\/uploads\/2025\/12\/aviation.jpg' style='background-image:url(\"https:\/\/vea.qc.ca\/wp-content\/uploads\/2025\/12\/aviation.jpg\")'><\/span><span class='evcal_cblock ' data-bgcolor='#e5191d' data-smon='Ao\u00fbt' data-syr='2026'><span class='evo_start '><em class='date'>15<\/em><em class='month'>Ao\u00fbt<\/em><em class='time'>9 h 30 min<\/em><\/span><em class='clear'><\/em><\/span><span class='evcal_desc evo_info hide_eventtopdata '  data-location_status=\"false\" ><span class='evo_above_title'><span class='evo_event_headers featured'>VEA<\/span><\/span><span class='evcal_desc2 evcal_event_title' itemprop='name'>AVIATION MUSEUM, ride and MEAL<\/span><span class='evo_below_title'><span class='evcal_event_subtitle' >Jean invites us to visit an aviation museum.<\/span><\/span><span class='evcal_desc_info' ><em class='evcal_time'>9 h 30 min<\/em> <\/span><span class='evcal_desc3'><\/span><\/span><em class='clear'><\/em><\/a><\/p><div class='event_description evcal_eventcard ' style=\"display:none\"><div class='evo_metarow_directimg'><img src='https:\/\/vea.qc.ca\/wp-content\/uploads\/2025\/12\/aviation.jpg' \/><\/div><div class='evo_metarow_details evorow evcal_evdata_row bordb evcal_event_details'>\r\r\n\t\t\t\t\t\t\t<div class=\"event_excerpt\" style=\"display:none\"><h3 class=\"padb5 evo_h3\">D\u00e9tails de l&#039;activit\u00e9<\/h3><p>&nbsp;\r\n\r\n&nbsp;\r\n\r\n\u00a0<\/p><\/div><span class='evcal_evdata_icons'><i class='fa fa-align-justify'><\/i><\/span>\r\r\n\t\t\t\t\t\t\t\r\r\n\t\t\t\t\t\t\t<div class='evcal_evdata_cell '><div class='eventon_full_description'>\r\r\n\t\t\t\t\t\t\t\t\t<h3 class='padb5 evo_h3'><span class='evcal_evdata_icons'><i class='fa fa-align-justify'><\/i><\/span>D\u00e9tails de l&#039;activit\u00e9<\/h3><div class='eventon_desc_in' itemprop='description'>\r\r\n\t\t\t\t\t\t\t\t\t<p>&nbsp;<\/p>\n<p>&nbsp;<\/p>\n<p><strong>\u00a0<\/strong><\/p>\n<\/div><div class='clear'><\/div>\r\r\n\t\t\t\t\t\t\t\t<\/div>\r\r\n\t\t\t\t\t\t\t<\/div>\r\r\n\t\t\t\t\t\t<\/div><div class='evo_metarow_time evorow evcal_evdata_row bordb evcal_evrow_sm '>\r\r\n\t\t\t\t\t\t\t<span class='evcal_evdata_icons'><i class='fa fa-clock-o'><\/i><\/span>\r\r\n\t\t\t\t\t\t\t<div class='evcal_evdata_cell'>\t\t\t\t\t\t\t\r\r\n\t\t\t\t\t\t\t\t<h3 class='evo_h3'><span class='evcal_evdata_icons'><i class='fa fa-clock-o'><\/i><\/span>Heure de d\u00e9but \/ fin<\/h3><p>(Samedi) 9 h 30 min<\/p>\r\r\n\t\t\t\t\t\t\t<\/div>\r\r\n\t\t\t\t\t\t<\/div><div class='evo_metarow_organizer evorow evcal_evdata_row bordb evcal_evrow_sm '>\r\r\n\t\t\t\t\t\t\t<span class='evcal_evdata_icons'><i class='fa fa-id-badge'><\/i><\/span>\r\r\n\t\t\t\t\t\t\t<div class='evcal_evdata_cell'>\t\t\t\t\t\t\t\r\r\n\t\t\t\t\t\t\t\t<h3 class='evo_h3'>Organisateur<\/h3>\r\r\n\t\t\t\t\t\t\t\t\r\r\n\t\t\t\t\t\t\t\t<div class='evo_card_organizer'><p class='evo_data_val evo_card_organizer_name'>\r\r\n\t\t\t\t\t\t\t\t\t<span class='evo_card_organizer_name_t'>Jean Colpin<\/span>\r\r\n\t\t\t\t\t\t\t\t\t\r\r\n\t\t\t\t\t\t\t\t\t<\/p><\/div><div class='clear'><\/div>\t\t\t\t\t\t\t\r\r\n\t\t\t\t\t\t\t<\/div>\r\r\n\t\t\t\t\t\t<\/div>\r\n\t\t\t\t\t\t<div class='evo_metarow_ICS evorow bordb evcal_evdata_row'>\r\r\n\t\t\t\t\t\t\t<span class=\"evcal_evdata_icons\"><i class=\"fa fa-calendar\"><\/i><\/span>\r\r\n\t\t\t\t\t\t\t<div class='evcal_evdata_cell'>\r\r\n\t\t\t\t\t\t\t\t<p><a href='https:\/\/vea.qc.ca\/wp-admin\/admin-ajax.php?action=eventon_ics_download&amp;event_id=27930&amp;sunix=20260815T143000Z&amp;eunix=20260816T045000Z&amp;loca=&amp;locn=' class='evo_ics_nCal' title='Ajouter \u00e0 votre calendrier'>Calendrier<\/a><a href='\/\/www.google.com\/calendar\/event?action=TEMPLATE&amp;text=AVIATION+MUSEUM%2C+ride+and+MEAL&amp;dates=20260815T143000Z\/20260816T045000Z&amp;details=%26nbsp%3B%0D%0A%0D%0A%26nbsp%3B%0D%0A%0D%0A%C2%A0&amp;location= - ' target='_blank' class='evo_ics_gCal' title='Ajouter \u00e0 l&#039;agenda Google'>GoogleCal<\/a><\/p>\t\r\r\n\t\t\t\t\t\t\t<\/div>\r\n\t\t\t\t\t\t<\/div>\r\r\n\t\t\t\t\t\t<div class='bordb evo_metarow_socialmedia evcal_evdata_row  lastrow'><div class='evo_sm FacebookShare'><a class=\" evo_ss\" target=\"_blank\" onclick=\"javascript:window.open(this.href, '', 'left=50,top=50,width=600,height=350,toolbar=0');return false;\"\r\r\n\t\t\t\t\t\t\t\thref=\"http:\/\/www.facebook.com\/sharer.php?u=https%3A%2F%2Fvea.qc.ca%2Fen%2Factivities%2Faviation-museum-walk-and-meal%2F\" title=\"Partager sur Facebook\"><i class=\"fa fa-facebook\"><\/i><\/a><\/div><div class='evo_sm Twitter'><a class=\"tw evo_ss\" onclick=\"javascript:window.open(this.href, '', 'menubar=no,toolbar=no,resizable=yes,scrollbars=yes,height=300,width=600');return false;\" href=\"http:\/\/twitter.com\/share?text=AVIATION MUSEUM, ride and MEAL&#32;-&#32;&url=https%3A%2F%2Fvea.qc.ca%2Fen%2Factivities%2Faviation-museum-walk-and-meal%2F\" title=\"Partager sur twitter\" rel=\"nofollow\" target=\"_blank\" data-url=\"https%3A%2F%2Fvea.qc.ca%2Fen%2Factivities%2Faviation-museum-walk-and-meal%2F\"><i class=\"fa fa-twitter\"><\/i><\/a><\/div><div class='evo_sm LinkedIn'><a class=\"li evo_ss\" href=\"http:\/\/www.linkedin.com\/shareArticle?mini=true&url=https%3A%2F%2Fvea.qc.ca%2Fen%2Factivities%2Faviation-museum-walk-and-meal%2F&title=AVIATION%20MUSEUM%2C%20ride%20and%20MEAL&summary=%26nbsp%3B%0A%26nbsp%3B%0A%C2%A0%0A\" target=\"_blank\" title=\"Partager sur Linkedin\"><i class=\"fa fa-linkedin\"><\/i><\/a><\/div><div class='evo_sm Google'><a class=\"gp evo_ss\" href=\"https:\/\/plus.google.com\/share?url=https%3A%2F%2Fvea.qc.ca%2Fen%2Factivities%2Faviation-museum-walk-and-meal%2F\" \r\r\n\t\t\t\t\t\t\t\tonclick=\"javascript:window.open(this.href, '', 'left=50,top=50,width=600,height=350,toolbar=0');return false;\" target=\"_blank\"><i class=\"fa fa-google-plus\" title=\"Partager sur Google Plus\"><\/i><\/a><\/div><div class='evo_sm EmailShare'><a class=\"em evo_ss\" href=\"mailto:?subject=AVIATION MUSEUM, ride and MEAL&body=Event Name: AVIATION MUSEUM, ride and MEAL%0AEvent Date: 15 Ao\u00fbt 2026 9 H 30 Min%0ALink: https%3A%2F%2Fvea.qc.ca%2Fen%2Factivities%2Faviation-museum-walk-and-meal%2F%0A\" target=\"_blank\"><i class=\"fa fa-envelope\"><\/i><\/a><\/div><div class='clear'><\/div><div class='evcal_evdata_row evcal_close' title='Close'><\/div><\/div><\/div><div class='clear end'><\/div><\/div><div id=\"event_28266\" class=\"eventon_list_event evo_eventtop  event\" data-event_id=\"28266\" data-time=\"1787391000-1787442600\" data-colr=\"#e5191d\" itemscope itemtype='http:\/\/schema.org\/Event'><div class=\"evo_event_schema\" style=\"display:none\" ><a itemprop='url'  href='https:\/\/vea.qc.ca\/en\/activities\/a-ride-and-getaway-to-knowlton-with-the-possibility-of-an-overnight-stay\/'><\/a><span itemprop='name'  >A ride and getaway to Knowlton with the possibility of an overnight stay.<\/span><meta itemprop='image' content='https:\/\/vea.qc.ca\/wp-content\/uploads\/2026\/03\/knowlton.jpg' \/><meta itemprop='description' content='&nbsp;\r\n\r\n&nbsp;\r\n\r\n\u00a0' \/><meta itemprop='startDate' content='2026-8-22T09:30' \/><meta itemprop='endDate' content='2026-8-22T23:50' \/><meta itemprop='eventStatus' content='on-schedule' \/><script type=\"application\/ld+json\">{\t\"@context\": \"http:\/\/schema.org\",\r\r\n\t\t\t\t\t\t\t  \t\"@type\": \"Event\",\r\r\n\t\t\t\t\t\t\t  \t\"name\": \"A ride and getaway to Knowlton with the possibility of an overnight stay.\",\r\r\n\t\t\t\t\t\t\t  \t\"startDate\": \"2026-8-22T09-09-30-00\",\r\r\n\t\t\t\t\t\t\t  \t\"endDate\": \"2026-8-22T23-23-50-00\",\r\r\n\t\t\t\t\t\t\t  \t\"image\":\"https:\/\/vea.qc.ca\/wp-content\/uploads\/2026\/03\/knowlton.jpg\",\r\r\n\t\t\t\t\t\t\t  \t\"description\":\"&nbsp;\r\n\r\n&nbsp;\r\n\r\n\u00a0\",\r\r\n\t\t\t\t\t\t\t  \t\r\r\n\t\t\t\t\t\t\t }<\/script><\/div>\r\r\n\t\t\t\t<p class=\"desc_trig_outter\"><a data-gmap_status=\"null\" data-exlk=\"0\" style=\"border-color: #e5191d;\" id=\"evc_178739100028266\" class=\"hasFtIMG desc_trig featured_event 1 sin_val evcal_list_a\" data-ux_val=\"3\"  ><span class='ev_ftImg' data-img='https:\/\/vea.qc.ca\/wp-content\/uploads\/2026\/03\/knowlton.jpg' data-thumb='https:\/\/vea.qc.ca\/wp-content\/uploads\/2026\/03\/knowlton-300x236.jpg' style='background-image:url(\"https:\/\/vea.qc.ca\/wp-content\/uploads\/2026\/03\/knowlton-300x236.jpg\")'><\/span><span class='evcal_cblock ' data-bgcolor='#e5191d' data-smon='Ao\u00fbt' data-syr='2026'><span class='evo_start '><em class='date'>22<\/em><em class='month'>Ao\u00fbt<\/em><em class='time'>9 h 30 min<\/em><\/span><em class='clear'><\/em><\/span><span class='evcal_desc evo_info hide_eventtopdata '  data-location_status=\"false\" ><span class='evo_above_title'><span class='evo_event_headers featured'>VEA<\/span><\/span><span class='evcal_desc2 evcal_event_title' itemprop='name'>A ride and getaway to Knowlton with the possibility of an overnight stay.<\/span><span class='evo_below_title'><span class='evcal_event_subtitle' >ACTIVITY TO BE CONFIRMED WITH THE SURVEY RESULTS<\/span><\/span><span class='evcal_desc_info' ><em class='evcal_time'>9 h 30 min<\/em> <\/span><span class='evcal_desc3'><\/span><\/span><em class='clear'><\/em><\/a><\/p><div class='event_description evcal_eventcard ' style=\"display:none\"><div class='evo_metarow_directimg'><img src='https:\/\/vea.qc.ca\/wp-content\/uploads\/2026\/03\/knowlton.jpg' \/><\/div><div class='evo_metarow_details evorow evcal_evdata_row bordb evcal_event_details'>\r\r\n\t\t\t\t\t\t\t<div class=\"event_excerpt\" style=\"display:none\"><h3 class=\"padb5 evo_h3\">D\u00e9tails de l&#039;activit\u00e9<\/h3><p>&nbsp;\r\n\r\n&nbsp;\r\n\r\n\u00a0<\/p><\/div><span class='evcal_evdata_icons'><i class='fa fa-align-justify'><\/i><\/span>\r\r\n\t\t\t\t\t\t\t\r\r\n\t\t\t\t\t\t\t<div class='evcal_evdata_cell '><div class='eventon_full_description'>\r\r\n\t\t\t\t\t\t\t\t\t<h3 class='padb5 evo_h3'><span class='evcal_evdata_icons'><i class='fa fa-align-justify'><\/i><\/span>D\u00e9tails de l&#039;activit\u00e9<\/h3><div class='eventon_desc_in' itemprop='description'>\r\r\n\t\t\t\t\t\t\t\t\t<p>&nbsp;<\/p>\n<p>&nbsp;<\/p>\n<p><strong>\u00a0<\/strong><\/p>\n<\/div><div class='clear'><\/div>\r\r\n\t\t\t\t\t\t\t\t<\/div>\r\r\n\t\t\t\t\t\t\t<\/div>\r\r\n\t\t\t\t\t\t<\/div><div class='evo_metarow_time evorow evcal_evdata_row bordb evcal_evrow_sm '>\r\r\n\t\t\t\t\t\t\t<span class='evcal_evdata_icons'><i class='fa fa-clock-o'><\/i><\/span>\r\r\n\t\t\t\t\t\t\t<div class='evcal_evdata_cell'>\t\t\t\t\t\t\t\r\r\n\t\t\t\t\t\t\t\t<h3 class='evo_h3'><span class='evcal_evdata_icons'><i class='fa fa-clock-o'><\/i><\/span>Heure de d\u00e9but \/ fin<\/h3><p>(Samedi) 9 h 30 min<\/p>\r\r\n\t\t\t\t\t\t\t<\/div>\r\r\n\t\t\t\t\t\t<\/div><div class='evo_metarow_organizer evorow evcal_evdata_row bordb evcal_evrow_sm '>\r\r\n\t\t\t\t\t\t\t<span class='evcal_evdata_icons'><i class='fa fa-id-badge'><\/i><\/span>\r\r\n\t\t\t\t\t\t\t<div class='evcal_evdata_cell'>\t\t\t\t\t\t\t\r\r\n\t\t\t\t\t\t\t\t<h3 class='evo_h3'>Organisateur<\/h3>\r\r\n\t\t\t\t\t\t\t\t\r\r\n\t\t\t\t\t\t\t\t<div class='evo_card_organizer'><p class='evo_data_val evo_card_organizer_name'>\r\r\n\t\t\t\t\t\t\t\t\t<span class='evo_card_organizer_name_t'>June<\/span>\r\r\n\t\t\t\t\t\t\t\t\t\r\r\n\t\t\t\t\t\t\t\t\t<\/p><\/div><div class='clear'><\/div>\t\t\t\t\t\t\t\r\r\n\t\t\t\t\t\t\t<\/div>\r\r\n\t\t\t\t\t\t<\/div>\r\n\t\t\t\t\t\t<div class='evo_metarow_ICS evorow bordb evcal_evdata_row'>\r\r\n\t\t\t\t\t\t\t<span class=\"evcal_evdata_icons\"><i class=\"fa fa-calendar\"><\/i><\/span>\r\r\n\t\t\t\t\t\t\t<div class='evcal_evdata_cell'>\r\r\n\t\t\t\t\t\t\t\t<p><a href='https:\/\/vea.qc.ca\/wp-admin\/admin-ajax.php?action=eventon_ics_download&amp;event_id=28266&amp;sunix=20260822T143000Z&amp;eunix=20260823T045000Z&amp;loca=&amp;locn=' class='evo_ics_nCal' title='Ajouter \u00e0 votre calendrier'>Calendrier<\/a><a href='\/\/www.google.com\/calendar\/event?action=TEMPLATE&amp;text=A+ride+and+getaway+to+Knowlton+with+the+possibility+of+an+overnight+stay.&amp;dates=20260822T143000Z\/20260823T045000Z&amp;details=%26nbsp%3B%0D%0A%0D%0A%26nbsp%3B%0D%0A%0D%0A%C2%A0&amp;location= - ' target='_blank' class='evo_ics_gCal' title='Ajouter \u00e0 l&#039;agenda Google'>GoogleCal<\/a><\/p>\t\r\r\n\t\t\t\t\t\t\t<\/div>\r\n\t\t\t\t\t\t<\/div>\r\r\n\t\t\t\t\t\t<div class='bordb evo_metarow_socialmedia evcal_evdata_row  lastrow'><div class='evo_sm FacebookShare'><a class=\" evo_ss\" target=\"_blank\" onclick=\"javascript:window.open(this.href, '', 'left=50,top=50,width=600,height=350,toolbar=0');return false;\"\r\r\n\t\t\t\t\t\t\t\thref=\"http:\/\/www.facebook.com\/sharer.php?u=https%3A%2F%2Fvea.qc.ca%2Fen%2Factivities%2Fa-ride-and-getaway-to-knowlton-with-the-possibility-of-an-overnight-stay%2F\" title=\"Partager sur Facebook\"><i class=\"fa fa-facebook\"><\/i><\/a><\/div><div class='evo_sm Twitter'><a class=\"tw evo_ss\" onclick=\"javascript:window.open(this.href, '', 'menubar=no,toolbar=no,resizable=yes,scrollbars=yes,height=300,width=600');return false;\" href=\"http:\/\/twitter.com\/share?text=A ride and getaway to Knowlton with the possibility of an overnight stay.&#32;-&#32;&url=https%3A%2F%2Fvea.qc.ca%2Fen%2Factivities%2Fa-ride-and-getaway-to-knowlton-with-the-possibility-of-an-overnight-stay%2F\" title=\"Partager sur twitter\" rel=\"nofollow\" target=\"_blank\" data-url=\"https%3A%2F%2Fvea.qc.ca%2Fen%2Factivities%2Fa-ride-and-getaway-to-knowlton-with-the-possibility-of-an-overnight-stay%2F\"><i class=\"fa fa-twitter\"><\/i><\/a><\/div><div class='evo_sm LinkedIn'><a class=\"li evo_ss\" href=\"http:\/\/www.linkedin.com\/shareArticle?mini=true&url=https%3A%2F%2Fvea.qc.ca%2Fen%2Factivities%2Fa-ride-and-getaway-to-knowlton-with-the-possibility-of-an-overnight-stay%2F&title=A%20ride%20and%20getaway%20to%20Knowlton%20with%20the%20possibility%20of%20an%20overnight%20stay.&summary=%26nbsp%3B%0A%26nbsp%3B%0A%C2%A0%0A\" target=\"_blank\" title=\"Partager sur Linkedin\"><i class=\"fa fa-linkedin\"><\/i><\/a><\/div><div class='evo_sm Google'><a class=\"gp evo_ss\" href=\"https:\/\/plus.google.com\/share?url=https%3A%2F%2Fvea.qc.ca%2Fen%2Factivities%2Fa-ride-and-getaway-to-knowlton-with-the-possibility-of-an-overnight-stay%2F\" \r\r\n\t\t\t\t\t\t\t\tonclick=\"javascript:window.open(this.href, '', 'left=50,top=50,width=600,height=350,toolbar=0');return false;\" target=\"_blank\"><i class=\"fa fa-google-plus\" title=\"Partager sur Google Plus\"><\/i><\/a><\/div><div class='evo_sm EmailShare'><a class=\"em evo_ss\" href=\"mailto:?subject=A ride and getaway to Knowlton with the possibility of an overnight stay.&body=Event Name: A ride and getaway to Knowlton with the possibility of an overnight stay.%0AEvent Date: 22 Ao\u00fbt 2026 9 H 30 Min%0ALink: https%3A%2F%2Fvea.qc.ca%2Fen%2Factivities%2Fa-ride-and-getaway-to-knowlton-with-the-possibility-of-an-overnight-stay%2F%0A\" target=\"_blank\"><i class=\"fa fa-envelope\"><\/i><\/a><\/div><div class='clear'><\/div><div class='evcal_evdata_row evcal_close' title='Close'><\/div><\/div><\/div><div class='clear end'><\/div><\/div><div id=\"event_27931\" class=\"eventon_list_event evo_eventtop  event\" data-event_id=\"27931\" data-time=\"1788084000-1788133800\" data-colr=\"#e51a1d\" itemscope itemtype='http:\/\/schema.org\/Event'><div class=\"evo_event_schema\" style=\"display:none\" ><a itemprop='url'  href='https:\/\/vea.qc.ca\/en\/activities\/ride-and-picnic-with-paul\/'><\/a><span itemprop='name'  >Ride and picnic with Paul<\/span><meta itemprop='image' content='https:\/\/vea.qc.ca\/wp-content\/uploads\/2025\/12\/pique-nique.jpg' \/><meta itemprop='description' content='Journ\u00e9e balade et pique-nique avec Beverly &amp; Paul.' \/><meta itemprop='startDate' content='2026-8-30T10:00' \/><meta itemprop='endDate' content='2026-8-30T23:50' \/><meta itemprop='eventStatus' content='on-schedule' \/><script type=\"application\/ld+json\">{\t\"@context\": \"http:\/\/schema.org\",\r\r\n\t\t\t\t\t\t\t  \t\"@type\": \"Event\",\r\r\n\t\t\t\t\t\t\t  \t\"name\": \"Ride and picnic with Paul\",\r\r\n\t\t\t\t\t\t\t  \t\"startDate\": \"2026-8-30T10-10-00-00\",\r\r\n\t\t\t\t\t\t\t  \t\"endDate\": \"2026-8-30T23-23-50-00\",\r\r\n\t\t\t\t\t\t\t  \t\"image\":\"https:\/\/vea.qc.ca\/wp-content\/uploads\/2025\/12\/pique-nique.jpg\",\r\r\n\t\t\t\t\t\t\t  \t\"description\":\"Journ\u00e9e balade et pique-nique avec Beverly &amp; Paul.\",\r\r\n\t\t\t\t\t\t\t  \t\r\r\n\t\t\t\t\t\t\t }<\/script><\/div>\r\r\n\t\t\t\t<p class=\"desc_trig_outter\"><a data-gmap_status=\"null\" data-exlk=\"0\" style=\"border-color: #e51a1d;\" id=\"evc_178808400027931\" class=\"hasFtIMG desc_trig featured_event 1 sin_val evcal_list_a\" data-ux_val=\"3\"  ><span class='ev_ftImg' data-img='https:\/\/vea.qc.ca\/wp-content\/uploads\/2025\/12\/pique-nique.jpg' data-thumb='https:\/\/vea.qc.ca\/wp-content\/uploads\/2025\/12\/pique-nique.jpg' style='background-image:url(\"https:\/\/vea.qc.ca\/wp-content\/uploads\/2025\/12\/pique-nique.jpg\")'><\/span><span class='evcal_cblock ' data-bgcolor='#e51a1d' data-smon='Ao\u00fbt' data-syr='2026'><span class='evo_start '><em class='date'>30<\/em><em class='month'>Ao\u00fbt<\/em><em class='time'>10 h 00 min<\/em><\/span><em class='clear'><\/em><\/span><span class='evcal_desc evo_info hide_eventtopdata '  data-location_status=\"false\" ><span class='evo_above_title'><span class='evo_event_headers featured'>VEA<\/span><\/span><span class='evcal_desc2 evcal_event_title' itemprop='name'>Ride and picnic with Paul<\/span><span class='evo_below_title'><\/span><span class='evcal_desc_info' ><em class='evcal_time'>10 h 00 min<\/em> <\/span><span class='evcal_desc3'><\/span><\/span><em class='clear'><\/em><\/a><\/p><div class='event_description evcal_eventcard ' style=\"display:none\"><div class='evo_metarow_directimg'><img src='https:\/\/vea.qc.ca\/wp-content\/uploads\/2025\/12\/pique-nique.jpg' \/><\/div><div class='evo_metarow_details evorow evcal_evdata_row bordb evcal_event_details'>\r\r\n\t\t\t\t\t\t\t<div class=\"event_excerpt\" style=\"display:none\"><h3 class=\"padb5 evo_h3\">D\u00e9tails de l&#039;activit\u00e9<\/h3><p>Journ\u00e9e balade et pique-nique avec Beverly &amp; Paul.<\/p><\/div><span class='evcal_evdata_icons'><i class='fa fa-align-justify'><\/i><\/span>\r\r\n\t\t\t\t\t\t\t\r\r\n\t\t\t\t\t\t\t<div class='evcal_evdata_cell '><div class='eventon_full_description'>\r\r\n\t\t\t\t\t\t\t\t\t<h3 class='padb5 evo_h3'><span class='evcal_evdata_icons'><i class='fa fa-align-justify'><\/i><\/span>D\u00e9tails de l&#039;activit\u00e9<\/h3><div class='eventon_desc_in' itemprop='description'>\r\r\n\t\t\t\t\t\t\t\t\t<p>Journ\u00e9e balade et pique-nique avec Beverly &amp; Paul.<\/p>\n<\/div><div class='clear'><\/div>\r\r\n\t\t\t\t\t\t\t\t<\/div>\r\r\n\t\t\t\t\t\t\t<\/div>\r\r\n\t\t\t\t\t\t<\/div><div class='evo_metarow_time evorow evcal_evdata_row bordb evcal_evrow_sm '>\r\r\n\t\t\t\t\t\t\t<span class='evcal_evdata_icons'><i class='fa fa-clock-o'><\/i><\/span>\r\r\n\t\t\t\t\t\t\t<div class='evcal_evdata_cell'>\t\t\t\t\t\t\t\r\r\n\t\t\t\t\t\t\t\t<h3 class='evo_h3'><span class='evcal_evdata_icons'><i class='fa fa-clock-o'><\/i><\/span>Heure de d\u00e9but \/ fin<\/h3><p>(Dimanche) 10 h 00 min<\/p>\r\r\n\t\t\t\t\t\t\t<\/div>\r\r\n\t\t\t\t\t\t<\/div><div class='evo_metarow_organizer evorow evcal_evdata_row bordb evcal_evrow_sm '>\r\r\n\t\t\t\t\t\t\t<span class='evcal_evdata_icons'><i class='fa fa-id-badge'><\/i><\/span>\r\r\n\t\t\t\t\t\t\t<div class='evcal_evdata_cell'>\t\t\t\t\t\t\t\r\r\n\t\t\t\t\t\t\t\t<h3 class='evo_h3'>Organisateur<\/h3>\r\r\n\t\t\t\t\t\t\t\t\r\r\n\t\t\t\t\t\t\t\t<div class='evo_card_organizer'><p class='evo_data_val evo_card_organizer_name'>\r\r\n\t\t\t\t\t\t\t\t\t<span class='evo_card_organizer_name_t'>Paul Delaney<\/span>\r\r\n\t\t\t\t\t\t\t\t\t\r\r\n\t\t\t\t\t\t\t\t\t<\/p><\/div><div class='clear'><\/div>\t\t\t\t\t\t\t\r\r\n\t\t\t\t\t\t\t<\/div>\r\r\n\t\t\t\t\t\t<\/div><div class='evo_metarow_cusF5 evorow evcal_evdata_row bordb evcal_evrow_sm '>\r\r\n\t\t\t\t\t\t<span class='evcal_evdata_custometa_icons'><i class='fa fa-warning'><\/i><\/span>\r\r\n\t\t\t\t\t\t<div class='evcal_evdata_cell'>\t\t\t\t\t\t\t\r\r\n\t\t\t\t\t\t\t<h3 class='evo_h3'>Information additionnelles<\/h3><div class='evo_custom_content evo_data_val'><p>Par courtoisie, une fois que vous \u00eates inscrit \u00e0 un \u00e9v\u00e9nement et que vous avez besoin d&#8217;annuler, veuillez en informer Michel Cyr au 514-923-0403 soit en l&#8217;appelant ou par texto pour ne pas retarder le depart le matin de l&#8217;activit\u00e9.<\/p>\n<\/div><\/div><\/div>\r\n\t\t\t\t\t\t<div class='evo_metarow_ICS evorow bordb evcal_evdata_row'>\r\r\n\t\t\t\t\t\t\t<span class=\"evcal_evdata_icons\"><i class=\"fa fa-calendar\"><\/i><\/span>\r\r\n\t\t\t\t\t\t\t<div class='evcal_evdata_cell'>\r\r\n\t\t\t\t\t\t\t\t<p><a href='https:\/\/vea.qc.ca\/wp-admin\/admin-ajax.php?action=eventon_ics_download&amp;event_id=27931&amp;sunix=20260830T150000Z&amp;eunix=20260831T045000Z&amp;loca=&amp;locn=' class='evo_ics_nCal' title='Ajouter \u00e0 votre calendrier'>Calendrier<\/a><a href='\/\/www.google.com\/calendar\/event?action=TEMPLATE&amp;text=Ride+and+picnic+with+Paul&amp;dates=20260830T150000Z\/20260831T045000Z&amp;details=Journ%C3%A9e+balade+et+pique-nique+avec+Beverly+%26amp%3B+Paul.&amp;location= - ' target='_blank' class='evo_ics_gCal' title='Ajouter \u00e0 l&#039;agenda Google'>GoogleCal<\/a><\/p>\t\r\r\n\t\t\t\t\t\t\t<\/div>\r\n\t\t\t\t\t\t<\/div>\r\r\n\t\t\t\t\t\t<div class='bordb evo_metarow_socialmedia evcal_evdata_row  lastrow'><div class='evo_sm FacebookShare'><a class=\" evo_ss\" target=\"_blank\" onclick=\"javascript:window.open(this.href, '', 'left=50,top=50,width=600,height=350,toolbar=0');return false;\"\r\r\n\t\t\t\t\t\t\t\thref=\"http:\/\/www.facebook.com\/sharer.php?u=https%3A%2F%2Fvea.qc.ca%2Fen%2Factivities%2Fride-and-picnic-with-paul%2F\" title=\"Partager sur Facebook\"><i class=\"fa fa-facebook\"><\/i><\/a><\/div><div class='evo_sm Twitter'><a class=\"tw evo_ss\" onclick=\"javascript:window.open(this.href, '', 'menubar=no,toolbar=no,resizable=yes,scrollbars=yes,height=300,width=600');return false;\" href=\"http:\/\/twitter.com\/share?text=Ride and picnic with Paul&#32;-&#32;&url=https%3A%2F%2Fvea.qc.ca%2Fen%2Factivities%2Fride-and-picnic-with-paul%2F\" title=\"Partager sur twitter\" rel=\"nofollow\" target=\"_blank\" data-url=\"https%3A%2F%2Fvea.qc.ca%2Fen%2Factivities%2Fride-and-picnic-with-paul%2F\"><i class=\"fa fa-twitter\"><\/i><\/a><\/div><div class='evo_sm LinkedIn'><a class=\"li evo_ss\" href=\"http:\/\/www.linkedin.com\/shareArticle?mini=true&url=https%3A%2F%2Fvea.qc.ca%2Fen%2Factivities%2Fride-and-picnic-with-paul%2F&title=Ride%20and%20picnic%20with%20Paul&summary=Journ%C3%A9e+balade+et+pique-nique+avec+Beverly+%26amp%3B+Paul.%0A\" target=\"_blank\" title=\"Partager sur Linkedin\"><i class=\"fa fa-linkedin\"><\/i><\/a><\/div><div class='evo_sm Google'><a class=\"gp evo_ss\" href=\"https:\/\/plus.google.com\/share?url=https%3A%2F%2Fvea.qc.ca%2Fen%2Factivities%2Fride-and-picnic-with-paul%2F\" \r\r\n\t\t\t\t\t\t\t\tonclick=\"javascript:window.open(this.href, '', 'left=50,top=50,width=600,height=350,toolbar=0');return false;\" target=\"_blank\"><i class=\"fa fa-google-plus\" title=\"Partager sur Google Plus\"><\/i><\/a><\/div><div class='evo_sm EmailShare'><a class=\"em evo_ss\" href=\"mailto:?subject=Ride and picnic with Paul&body=Event Name: Ride and picnic with Paul%0AEvent Date: 30 Ao\u00fbt 2026 10 H 00 Min%0ALink: https%3A%2F%2Fvea.qc.ca%2Fen%2Factivities%2Fride-and-picnic-with-paul%2F%0A\" target=\"_blank\"><i class=\"fa fa-envelope\"><\/i><\/a><\/div><div class='clear'><\/div><div class='evcal_evdata_row evcal_close' title='Close'><\/div><\/div><\/div><div class='clear end'><\/div><\/div><\/div><div class='evcal_month_line'><p>Septembre 2026<\/p><\/div><div id='evcal_list' class='evcal_list_month eventon_events_list '><div id=\"event_27928\" class=\"eventon_list_event evo_eventtop  event\" data-event_id=\"27928\" data-time=\"1788372000-1788393000\" data-colr=\"#e51a1d\" itemscope itemtype='http:\/\/schema.org\/Event'><div class=\"evo_event_schema\" style=\"display:none\" ><a itemprop='url'  href='https:\/\/vea.qc.ca\/en\/activities\/members-dinner-at-lambroisie-restaurant-11\/'><\/a><span itemprop='name'  >Members' dinner at L'Ambroisie restaurant<\/span><meta itemprop='image' content='https:\/\/vea.qc.ca\/wp-content\/uploads\/2023\/01\/ambroisie-300x300-1.jpg' \/><meta itemprop='description' content='Members' dinner at L'Ambroisie restaurant' \/><meta itemprop='startDate' content='2026-9-2T18:00' \/><meta itemprop='endDate' content='2026-9-2T23:50' \/><meta itemprop='eventStatus' content='on-schedule' \/>\r\r\n\t\t\t\t\t\t\t\t\t<item style=\"display:none\" itemprop=\"location\" itemscope itemtype=\"http:\/\/schema.org\/Place\">\r\r\n\t\t\t\t\t\t\t\t\t\t<span itemprop=\"name\">Restaurant L\u2019Ambroisie<\/span>\r\r\n\t\t\t\t\t\t\t\t\t\t<span itemprop=\"address\" itemscope itemtype=\"http:\/\/schema.org\/PostalAddress\">\r\r\n\t\t\t\t\t\t\t\t\t\t\t<item itemprop=\"streetAddress\">4020 Rue Saint-Ambroise porte #140, QC H4C 2C7<\/item>\r\r\n\t\t\t\t\t\t\t\t\t\t<\/span><\/item><script type=\"application\/ld+json\">{\t\"@context\": \"http:\/\/schema.org\",\r\r\n\t\t\t\t\t\t\t  \t\"@type\": \"Event\",\r\r\n\t\t\t\t\t\t\t  \t\"name\": \"Members' dinner at L'Ambroisie restaurant\",\r\r\n\t\t\t\t\t\t\t  \t\"startDate\": \"2026-9-2T18-18-00-00\",\r\r\n\t\t\t\t\t\t\t  \t\"endDate\": \"2026-9-2T23-23-50-00\",\r\r\n\t\t\t\t\t\t\t  \t\"image\":\"https:\/\/vea.qc.ca\/wp-content\/uploads\/2023\/01\/ambroisie-300x300-1.jpg\",\r\r\n\t\t\t\t\t\t\t  \t\"description\":\"Members' dinner at L'Ambroisie restaurant\",\r\r\n\t\t\t\t\t\t\t  \t\"location\":{\r\r\n\t\t\t\t\t\t\t\t\t\t\"@type\":\"Place\",\r\r\n\t\t\t\t\t\t\t\t\t\t\"name\":\"Restaurant L\u2019Ambroisie\",\r\r\n\t\t\t\t\t\t\t\t\t\t\"address\":\"4020 Rue Saint-Ambroise porte #140, QC H4C 2C7\"\r\r\n\t\t\t\t\t\t\t  \t\t}\r\r\n\t\t\t\t\t\t\t }<\/script><\/div>\r\r\n\t\t\t\t<p class=\"desc_trig_outter\"><a data-gmtrig=\"1\" data-exlk=\"0\" style=\"border-color: #e51a1d;\" id=\"evc_178837200027928\" class=\"hasFtIMG desc_trig featured_event 1 sin_val evcal_list_a\" data-ux_val=\"3\"  ><span class='ev_ftImg' data-img='https:\/\/vea.qc.ca\/wp-content\/uploads\/2023\/01\/ambroisie-300x300-1.jpg' data-thumb='https:\/\/vea.qc.ca\/wp-content\/uploads\/2023\/01\/ambroisie-300x300-1.jpg' style='background-image:url(\"https:\/\/vea.qc.ca\/wp-content\/uploads\/2023\/01\/ambroisie-300x300-1.jpg\")'><\/span><span class='evcal_cblock ' data-bgcolor='#e51a1d' data-smon='Septembre' data-syr='2026'><span class='evo_start '><em class='date'>02<\/em><em class='month'>Sep<\/em><em class='time'>18 h 00 min<\/em><\/span><em class='clear'><\/em><\/span><span class='evcal_desc evo_info hide_eventtopdata '  data-location_address=\"4020 Rue Saint-Ambroise porte #140, QC H4C 2C7\" data-location_type=\"address\" data-location_name=\"Restaurant L\u2019Ambroisie\" data-location_status=\"true\" ><span class='evo_above_title'><span class='evo_event_headers featured'>VEA<\/span><\/span><span class='evcal_desc2 evcal_event_title' itemprop='name'>Members' dinner at L'Ambroisie restaurant<\/span><span class='evo_below_title'><span class='evcal_event_subtitle' >\u201cFIRST WEDNESDAY\u201d OF THE MONTH DINNER MEETING<\/span><\/span><span class='evcal_desc_info' ><em class='evcal_time'>18 h 00 min<\/em> <em class=\"evcal_location\"  data-add_str=\"4020 Rue Saint-Ambroise porte #140, QC H4C 2C7\"><em class=\"event_location_name\">Restaurant L\u2019Ambroisie<\/em>, 4020 Rue Saint-Ambroise porte #140, QC H4C 2C7<\/em><\/span><span class='evcal_desc3'><\/span><\/span><em class='clear'><\/em><\/a><\/p><div class='event_description evcal_eventcard ' style=\"display:none\"><div class='evo_metarow_directimg'><img src='https:\/\/vea.qc.ca\/wp-content\/uploads\/2023\/01\/ambroisie-300x300-1.jpg' \/><\/div><div class='evo_metarow_time_location evorow bordb '>\r\r\n\t\t\t\t\t\t<div class='tb' >\r\r\n\t\t\t\t\t\t\t<div class='tbrow'>\r\r\n\t\t\t\t\t\t\t<div class='evcal_col50 bordr'>\r\r\n\t\t\t\t\t\t\t\t<div class='evcal_evdata_row evo_time'>\r\r\n\t\t\t\t\t\t\t\t\t<span class='evcal_evdata_icons'><i class='fa fa-clock-o'><\/i><\/span>\r\r\n\t\t\t\t\t\t\t\t\t<div class='evcal_evdata_cell'>\t\t\t\t\t\t\t\r\r\n\t\t\t\t\t\t\t\t\t\t<h3 class='evo_h3'><span class='evcal_evdata_icons'><i class='fa fa-clock-o'><\/i><\/span>Heure de d\u00e9but \/ fin<\/h3>\r\r\n\t\t\t\t\t\t\t\t\t\t<p>(Mercredi) 18 h 00 min<\/p>\r\r\n\t\t\t\t\t\t\t\t\t<\/div>\r\r\n\t\t\t\t\t\t\t\t<\/div>\r\r\n\t\t\t\t\t\t\t<\/div><div class='evcal_col50'>\r\r\n\t\t\t\t\t\t\t\t<div class='evcal_evdata_row evo_location'>\r\r\n\t\t\t\t\t\t\t\t\t<span class='evcal_evdata_icons'><i class='fa fa-map-marker'><\/i><\/span>\r\r\n\t\t\t\t\t\t\t\t\t<div class='evcal_evdata_cell' data-loc_tax_id='306'>\t\t\t\t\t\t\t\r\r\n\t\t\t\t\t\t\t\t\t\t<h3 class='evo_h3'><span class='evcal_evdata_icons'><i class='fa fa-map-marker'><\/i><\/span>Lieu<\/h3><p class='evo_location_name'>Restaurant L\u2019Ambroisie<\/p><p class='evo_location_address'>4020 Rue Saint-Ambroise porte #140, QC H4C 2C7<\/p>\r\r\n\t\t\t\t\t\t\t\t\t<\/div>\r\r\n\t\t\t\t\t\t\t\t<\/div>\r\r\n\t\t\t\t\t\t\t<\/div><div class='clear'><\/div>\r\r\n\t\t\t\t\t\t\t<\/div><\/div>\r\r\n\t\t\t\t\t\t<\/div><div class='evo_metarow_locImg evorow bordb tvi' style='height:400px; background-image:url(https:\/\/vea.qc.ca\/wp-content\/uploads\/2023\/04\/Ambroisie2023.jpg)' id='23610_locimg' ><p class='evoLOCtxt'>\r\r\n\t\t\t\t\t\t\t\t<span class='evo_loc_text_title'>Restaurant L\u2019Ambroisie<\/span><span style=\"padding-bottom:10px\">4020 Rue Saint-Ambroise porte #140, QC H4C 2C7<\/span><\/p><\/div><div class='evo_metarow_gmap evorow evcal_gmaps bordb ' id='evc178837200069ec80fe0835c27928_gmap' style='max-width:none'><\/div><div class='evo_metarow_getDr evorow evcal_evdata_row bordb evcal_evrow_sm getdirections'>\r\r\n\t\t\t\t\t\t<form action='https:\/\/maps.google.com\/maps' method='get' target='_blank'>\r\r\n\t\t\t\t\t\t<input type='hidden' name='daddr' value=\"4020 Rue Saint-Ambroise porte #140, QC H4C 2C7\"\/> \r\r\n\t\t\t\t\t\t<p><input class='evoInput' type='text' name='saddr' placeholder='Saisissez votre adresse' value=''\/>\r\r\n\t\t\t\t\t\t<button type='submit' class='evcal_evdata_icons evcalicon_9' title='Cliquez ici pour obtenir l&#039;itin\u00e9raire'><i class='fa fa-road'><\/i><\/button>\r\r\n\t\t\t\t\t\t<\/p><\/form>\r\r\n\t\t\t\t\t<\/div>\r\n\t\t\t\t\t\t<div class='evo_metarow_ICS evorow bordb evcal_evdata_row'>\r\r\n\t\t\t\t\t\t\t<span class=\"evcal_evdata_icons\"><i class=\"fa fa-calendar\"><\/i><\/span>\r\r\n\t\t\t\t\t\t\t<div class='evcal_evdata_cell'>\r\r\n\t\t\t\t\t\t\t\t<p><a href='https:\/\/vea.qc.ca\/wp-admin\/admin-ajax.php?action=eventon_ics_download&amp;event_id=27928&amp;sunix=20260902T230000Z&amp;eunix=20260903T045000Z&amp;loca=4020 Rue Saint-Ambroise porte #140, QC H4C 2C7&amp;locn=Restaurant L\u2019Ambroisie' class='evo_ics_nCal' title='Ajouter \u00e0 votre calendrier'>Calendrier<\/a><a href='\/\/www.google.com\/calendar\/event?action=TEMPLATE&amp;text=Members%27+dinner+at+L%27Ambroisie+restaurant&amp;dates=20260902T230000Z\/20260903T045000Z&amp;details=Members%27+dinner+at+L%27Ambroisie+restaurant&amp;location=Restaurant+L%E2%80%99Ambroisie - 4020+Rue+Saint-Ambroise+porte+%23140%2C+QC+H4C+2C7' target='_blank' class='evo_ics_gCal' title='Ajouter \u00e0 l&#039;agenda Google'>GoogleCal<\/a><\/p>\t\r\r\n\t\t\t\t\t\t\t<\/div>\r\n\t\t\t\t\t\t<\/div>\r\r\n\t\t\t\t\t\t<div class='bordb evo_metarow_socialmedia evcal_evdata_row  lastrow'><div class='evo_sm FacebookShare'><a class=\" evo_ss\" target=\"_blank\" onclick=\"javascript:window.open(this.href, '', 'left=50,top=50,width=600,height=350,toolbar=0');return false;\"\r\r\n\t\t\t\t\t\t\t\thref=\"http:\/\/www.facebook.com\/sharer.php?u=https%3A%2F%2Fvea.qc.ca%2Fen%2Factivities%2Fmembers-dinner-at-lambroisie-restaurant-11%2F\" title=\"Partager sur Facebook\"><i class=\"fa fa-facebook\"><\/i><\/a><\/div><div class='evo_sm Twitter'><a class=\"tw evo_ss\" onclick=\"javascript:window.open(this.href, '', 'menubar=no,toolbar=no,resizable=yes,scrollbars=yes,height=300,width=600');return false;\" href=\"http:\/\/twitter.com\/share?text=Members&#8217; dinner at L&#8217;Ambroisie restaurant&#32;-&#32;&url=https%3A%2F%2Fvea.qc.ca%2Fen%2Factivities%2Fmembers-dinner-at-lambroisie-restaurant-11%2F\" title=\"Partager sur twitter\" rel=\"nofollow\" target=\"_blank\" data-url=\"https%3A%2F%2Fvea.qc.ca%2Fen%2Factivities%2Fmembers-dinner-at-lambroisie-restaurant-11%2F\"><i class=\"fa fa-twitter\"><\/i><\/a><\/div><div class='evo_sm LinkedIn'><a class=\"li evo_ss\" href=\"http:\/\/www.linkedin.com\/shareArticle?mini=true&url=https%3A%2F%2Fvea.qc.ca%2Fen%2Factivities%2Fmembers-dinner-at-lambroisie-restaurant-11%2F&title=Members%26%238217%3B%20dinner%20at%20L%26%238217%3BAmbroisie%20restaurant&summary=--\" target=\"_blank\" title=\"Partager sur Linkedin\"><i class=\"fa fa-linkedin\"><\/i><\/a><\/div><div class='evo_sm Google'><a class=\"gp evo_ss\" href=\"https:\/\/plus.google.com\/share?url=https%3A%2F%2Fvea.qc.ca%2Fen%2Factivities%2Fmembers-dinner-at-lambroisie-restaurant-11%2F\" \r\r\n\t\t\t\t\t\t\t\tonclick=\"javascript:window.open(this.href, '', 'left=50,top=50,width=600,height=350,toolbar=0');return false;\" target=\"_blank\"><i class=\"fa fa-google-plus\" title=\"Partager sur Google Plus\"><\/i><\/a><\/div><div class='evo_sm EmailShare'><a class=\"em evo_ss\" href=\"mailto:?subject=Members%26#8217; dinner at L%26#8217;Ambroisie restaurant&body=Event Name: Members%26#8217; dinner at L%26#8217;Ambroisie restaurant%0AEvent Date: 2 Septembre 2026 18 H 00 Min%0ALink: https%3A%2F%2Fvea.qc.ca%2Fen%2Factivities%2Fmembers-dinner-at-lambroisie-restaurant-11%2F%0A\" target=\"_blank\"><i class=\"fa fa-envelope\"><\/i><\/a><\/div><div class='clear'><\/div><div class='evcal_evdata_row evcal_close' title='Close'><\/div><\/div><\/div><div class='clear end'><\/div><\/div><div id=\"event_27933\" class=\"eventon_list_event evo_eventtop  event\" data-event_id=\"27933\" data-time=\"1789171201-1789257599\" data-colr=\"#e5191d\" itemscope itemtype='http:\/\/schema.org\/Event'><div class=\"evo_event_schema\" style=\"display:none\" ><a itemprop='url'  href='https:\/\/vea.qc.ca\/en\/activities\/car-show-at-manon-jean-pierres-old-farmhouse\/'><\/a><span itemprop='name'  >Car show at Manon & Jean-Pierre's Old Farmhouse<\/span><meta itemprop='image' content='https:\/\/vea.qc.ca\/wp-content\/uploads\/2025\/04\/autos-anciennes-parc-4a3e95112f8a41de5773976ad67086f7.jpg' \/><meta itemprop='description' content='Car show at Manon & Jean-Pierre's Old Farmhouse' \/><meta itemprop='startDate' content='2026-9-12' \/><meta itemprop='endDate' content='2026-9-12' \/><meta itemprop='eventStatus' content='on-schedule' \/><script type=\"application\/ld+json\">{\t\"@context\": \"http:\/\/schema.org\",\r\r\n\t\t\t\t\t\t\t  \t\"@type\": \"Event\",\r\r\n\t\t\t\t\t\t\t  \t\"name\": \"Car show at Manon & Jean-Pierre's Old Farmhouse\",\r\r\n\t\t\t\t\t\t\t  \t\"startDate\": \"2026-9-12T00-00-00-00\",\r\r\n\t\t\t\t\t\t\t  \t\"endDate\": \"2026-9-12T23-23-59-00\",\r\r\n\t\t\t\t\t\t\t  \t\"image\":\"https:\/\/vea.qc.ca\/wp-content\/uploads\/2025\/04\/autos-anciennes-parc-4a3e95112f8a41de5773976ad67086f7.jpg\",\r\r\n\t\t\t\t\t\t\t  \t\"description\":\"Car show at Manon & Jean-Pierre's Old Farmhouse\",\r\r\n\t\t\t\t\t\t\t  \t\r\r\n\t\t\t\t\t\t\t }<\/script><\/div>\r\r\n\t\t\t\t<p class=\"desc_trig_outter\"><a data-gmap_status=\"null\" data-exlk=\"0\" style=\"border-color: #e5191d;\" id=\"evc_178917120127933\" class=\"hasFtIMG desc_trig featured_event 1 sin_val evcal_list_a allday\" data-ux_val=\"3\"  ><span class='ev_ftImg' data-img='https:\/\/vea.qc.ca\/wp-content\/uploads\/2025\/04\/autos-anciennes-parc-4a3e95112f8a41de5773976ad67086f7.jpg' data-thumb='https:\/\/vea.qc.ca\/wp-content\/uploads\/2025\/04\/autos-anciennes-parc-4a3e95112f8a41de5773976ad67086f7-300x135.jpg' style='background-image:url(\"https:\/\/vea.qc.ca\/wp-content\/uploads\/2025\/04\/autos-anciennes-parc-4a3e95112f8a41de5773976ad67086f7-300x135.jpg\")'><\/span><span class='evcal_cblock ' data-bgcolor='#e5191d' data-smon='Septembre' data-syr='2026'><span class='evo_start '><em class='date'>12<\/em><em class='month'>Sep<\/em><em class='time'>Toute la journ\u00e9e<\/em><\/span><em class='clear'><\/em><\/span><span class='evcal_desc evo_info hide_eventtopdata '  data-location_status=\"false\" ><span class='evo_above_title'><span class='evo_event_headers featured'>VEA<\/span><\/span><span class='evcal_desc2 evcal_event_title' itemprop='name'>Car show at Manon & Jean-Pierre's Old Farmhouse<\/span><span class='evo_below_title'><span class='evcal_event_subtitle' >Jean-Pierre & Manon vous invitent \u00e0 un rassemblement de voitures anglaises et europ\u00e9ennes dans un milieu champ\u00eatre.<\/span><\/span><span class='evcal_desc_info' ><em class='evcal_time'><em class='evcal_alldayevent_text'>(Toute la journ\u00e9e: Samedi)<\/em><\/em> <\/span><span class='evcal_desc3'><\/span><\/span><em class='clear'><\/em><\/a><\/p><div class='event_description evcal_eventcard ' style=\"display:none\"><div class='evo_metarow_directimg'><img src='https:\/\/vea.qc.ca\/wp-content\/uploads\/2025\/04\/autos-anciennes-parc-4a3e95112f8a41de5773976ad67086f7.jpg' \/><\/div><div class='evo_metarow_time evorow evcal_evdata_row bordb evcal_evrow_sm '>\r\r\n\t\t\t\t\t\t\t<span class='evcal_evdata_icons'><i class='fa fa-clock-o'><\/i><\/span>\r\r\n\t\t\t\t\t\t\t<div class='evcal_evdata_cell'>\t\t\t\t\t\t\t\r\r\n\t\t\t\t\t\t\t\t<h3 class='evo_h3'><span class='evcal_evdata_icons'><i class='fa fa-clock-o'><\/i><\/span>Heure de d\u00e9but \/ fin<\/h3><p>Toute la journ\u00e9e (Samedi)<\/p>\r\r\n\t\t\t\t\t\t\t<\/div>\r\r\n\t\t\t\t\t\t<\/div><div class='evo_metarow_organizer evorow evcal_evdata_row bordb evcal_evrow_sm '>\r\r\n\t\t\t\t\t\t\t<span class='evcal_evdata_icons'><i class='fa fa-id-badge'><\/i><\/span>\r\r\n\t\t\t\t\t\t\t<div class='evcal_evdata_cell'>\t\t\t\t\t\t\t\r\r\n\t\t\t\t\t\t\t\t<h3 class='evo_h3'>Organisateur<\/h3>\r\r\n\t\t\t\t\t\t\t\t\r\r\n\t\t\t\t\t\t\t\t<div class='evo_card_organizer'><p class='evo_data_val evo_card_organizer_name'>\r\r\n\t\t\t\t\t\t\t\t\t<span class='evo_card_organizer_name_t'>Manon &amp; Jean-Pierre<\/span>\r\r\n\t\t\t\t\t\t\t\t\t\r\r\n\t\t\t\t\t\t\t\t\t<\/p><\/div><div class='clear'><\/div>\t\t\t\t\t\t\t\r\r\n\t\t\t\t\t\t\t<\/div>\r\r\n\t\t\t\t\t\t<\/div><div class='evo_metarow_cusF5 evorow evcal_evdata_row bordb evcal_evrow_sm '>\r\r\n\t\t\t\t\t\t<span class='evcal_evdata_custometa_icons'><i class='fa fa-warning'><\/i><\/span>\r\r\n\t\t\t\t\t\t<div class='evcal_evdata_cell'>\t\t\t\t\t\t\t\r\r\n\t\t\t\t\t\t\t<h3 class='evo_h3'>Information additionnelles<\/h3><div class='evo_custom_content evo_data_val'><p>&nbsp;<\/p>\n<p>&nbsp;<\/p>\n<\/div><\/div><\/div>\r\n\t\t\t\t\t\t<div class='evo_metarow_ICS evorow bordb evcal_evdata_row'>\r\r\n\t\t\t\t\t\t\t<span class=\"evcal_evdata_icons\"><i class=\"fa fa-calendar\"><\/i><\/span>\r\r\n\t\t\t\t\t\t\t<div class='evcal_evdata_cell'>\r\r\n\t\t\t\t\t\t\t\t<p><a href='https:\/\/vea.qc.ca\/wp-admin\/admin-ajax.php?action=eventon_ics_download&amp;event_id=27933&amp;sunix=20260912T050000Z&amp;eunix=20260913T045900Z&amp;loca=&amp;locn=' class='evo_ics_nCal' title='Ajouter \u00e0 votre calendrier'>Calendrier<\/a><a href='\/\/www.google.com\/calendar\/event?action=TEMPLATE&amp;text=Car+show+at+Manon+%26+Jean-Pierre%27s+Old+Farmhouse&amp;dates=20260912T050000Z\/20260913T045900Z&amp;details=Car+show+at+Manon+%26+Jean-Pierre%27s+Old+Farmhouse&amp;location= - ' target='_blank' class='evo_ics_gCal' title='Ajouter \u00e0 l&#039;agenda Google'>GoogleCal<\/a><\/p>\t\r\r\n\t\t\t\t\t\t\t<\/div>\r\n\t\t\t\t\t\t<\/div>\r\r\n\t\t\t\t\t\t<div class='bordb evo_metarow_socialmedia evcal_evdata_row  lastrow'><div class='evo_sm FacebookShare'><a class=\" evo_ss\" target=\"_blank\" onclick=\"javascript:window.open(this.href, '', 'left=50,top=50,width=600,height=350,toolbar=0');return false;\"\r\r\n\t\t\t\t\t\t\t\thref=\"http:\/\/www.facebook.com\/sharer.php?u=https%3A%2F%2Fvea.qc.ca%2Fen%2Factivities%2Fcar-show-at-manon-jean-pierres-old-farmhouse%2F\" title=\"Partager sur Facebook\"><i class=\"fa fa-facebook\"><\/i><\/a><\/div><div class='evo_sm Twitter'><a class=\"tw evo_ss\" onclick=\"javascript:window.open(this.href, '', 'menubar=no,toolbar=no,resizable=yes,scrollbars=yes,height=300,width=600');return false;\" href=\"http:\/\/twitter.com\/share?text=Car show at Manon &#038; Jean-Pierre&#8217;s Old Farmhouse&#32;-&#32;&url=https%3A%2F%2Fvea.qc.ca%2Fen%2Factivities%2Fcar-show-at-manon-jean-pierres-old-farmhouse%2F\" title=\"Partager sur twitter\" rel=\"nofollow\" target=\"_blank\" data-url=\"https%3A%2F%2Fvea.qc.ca%2Fen%2Factivities%2Fcar-show-at-manon-jean-pierres-old-farmhouse%2F\"><i class=\"fa fa-twitter\"><\/i><\/a><\/div><div class='evo_sm LinkedIn'><a class=\"li evo_ss\" href=\"http:\/\/www.linkedin.com\/shareArticle?mini=true&url=https%3A%2F%2Fvea.qc.ca%2Fen%2Factivities%2Fcar-show-at-manon-jean-pierres-old-farmhouse%2F&title=Car%20show%20at%20Manon%20%26%23038%3B%20Jean-Pierre%26%238217%3Bs%20Old%20Farmhouse&summary=--\" target=\"_blank\" title=\"Partager sur Linkedin\"><i class=\"fa fa-linkedin\"><\/i><\/a><\/div><div class='evo_sm Google'><a class=\"gp evo_ss\" href=\"https:\/\/plus.google.com\/share?url=https%3A%2F%2Fvea.qc.ca%2Fen%2Factivities%2Fcar-show-at-manon-jean-pierres-old-farmhouse%2F\" \r\r\n\t\t\t\t\t\t\t\tonclick=\"javascript:window.open(this.href, '', 'left=50,top=50,width=600,height=350,toolbar=0');return false;\" target=\"_blank\"><i class=\"fa fa-google-plus\" title=\"Partager sur Google Plus\"><\/i><\/a><\/div><div class='evo_sm EmailShare'><a class=\"em evo_ss\" href=\"mailto:?subject=Car show at Manon %26 Jean-Pierre%26#8217;s Old Farmhouse&body=Event Name: Car show at Manon %26 Jean-Pierre%26#8217;s Old Farmhouse%0AEvent Date: 12 Septembre 2026 (Toute La Journ\u00e9e)%0ALink: https%3A%2F%2Fvea.qc.ca%2Fen%2Factivities%2Fcar-show-at-manon-jean-pierres-old-farmhouse%2F%0A\" target=\"_blank\"><i class=\"fa fa-envelope\"><\/i><\/a><\/div><div class='clear'><\/div><div class='evcal_evdata_row evcal_close' title='Close'><\/div><\/div><\/div><div class='clear end'><\/div><\/div><div id=\"event_27960\" class=\"eventon_list_event evo_eventtop  event\" data-event_id=\"27960\" data-time=\"1789171201-1789257599\" data-colr=\"#16592a\" itemscope itemtype='http:\/\/schema.org\/Event'><div class=\"evo_event_schema\" style=\"display:none\" ><a itemprop='url'  href='https:\/\/vea.qc.ca\/en\/activities\/a-ride-tour-of-beaconsfield-and-a-picnic-with-nancy\/'><\/a><span itemprop='name'  >A ride tour of Beaconsfield and a picnic with Nancy<\/span><meta itemprop='image' content='https:\/\/vea.qc.ca\/wp-content\/uploads\/2025\/04\/beaconsfield.jpg' \/><meta itemprop='description' content='Nancy invites us to spend a pleasant day: a panoramic ride through the town of Beraconsfield, followed by a relaxing picnic in her magnificent garden \u2014 in the company of' \/><meta itemprop='startDate' content='2026-9-12' \/><meta itemprop='endDate' content='2026-9-12' \/><meta itemprop='eventStatus' content='on-schedule' \/><script type=\"application\/ld+json\">{\t\"@context\": \"http:\/\/schema.org\",\r\r\n\t\t\t\t\t\t\t  \t\"@type\": \"Event\",\r\r\n\t\t\t\t\t\t\t  \t\"name\": \"A ride tour of Beaconsfield and a picnic with Nancy\",\r\r\n\t\t\t\t\t\t\t  \t\"startDate\": \"2026-9-12T00-00-00-00\",\r\r\n\t\t\t\t\t\t\t  \t\"endDate\": \"2026-9-12T23-23-59-00\",\r\r\n\t\t\t\t\t\t\t  \t\"image\":\"https:\/\/vea.qc.ca\/wp-content\/uploads\/2025\/04\/beaconsfield.jpg\",\r\r\n\t\t\t\t\t\t\t  \t\"description\":\"Nancy invites us to spend a pleasant day: a panoramic ride through the town of Beraconsfield, followed by a relaxing picnic in her magnificent garden \u2014 in the company of\",\r\r\n\t\t\t\t\t\t\t  \t\r\r\n\t\t\t\t\t\t\t }<\/script><\/div>\r\r\n\t\t\t\t<p class=\"desc_trig_outter\"><a data-gmap_status=\"null\" data-exlk=\"0\" style=\"border-color: #16592a;\" id=\"evc_178917120127960\" class=\"hasFtIMG desc_trig featured_event 1 sin_val evcal_list_a allday\" data-ux_val=\"3\"  ><span class='ev_ftImg' data-img='https:\/\/vea.qc.ca\/wp-content\/uploads\/2025\/04\/beaconsfield.jpg' data-thumb='https:\/\/vea.qc.ca\/wp-content\/uploads\/2025\/04\/beaconsfield-300x248.jpg' style='background-image:url(\"https:\/\/vea.qc.ca\/wp-content\/uploads\/2025\/04\/beaconsfield-300x248.jpg\")'><\/span><span class='evcal_cblock ' data-bgcolor='#16592a' data-smon='Septembre' data-syr='2026'><span class='evo_start '><em class='date'>12<\/em><em class='month'>Sep<\/em><em class='time'>Toute la journ\u00e9e<\/em><\/span><em class='clear'><\/em><\/span><span class='evcal_desc evo_info hide_eventtopdata '  data-location_status=\"false\" ><span class='evo_above_title'><span class='evo_event_headers featured'>VEA<\/span><\/span><span class='evcal_desc2 evcal_event_title' itemprop='name'>A ride tour of Beaconsfield and a picnic with Nancy<\/span><span class='evo_below_title'><span class='evcal_event_subtitle' >In case of rain, postponed to Sunday, September 13th.<\/span><\/span><span class='evcal_desc_info' ><em class='evcal_time'><em class='evcal_alldayevent_text'>(Toute la journ\u00e9e: Samedi)<\/em><\/em> <\/span><span class='evcal_desc3'><\/span><\/span><em class='clear'><\/em><\/a><\/p><div class='event_description evcal_eventcard ' style=\"display:none\"><div class='evo_metarow_directimg'><img src='https:\/\/vea.qc.ca\/wp-content\/uploads\/2025\/04\/beaconsfield.jpg' \/><\/div><div class='evo_metarow_details evorow evcal_evdata_row bordb evcal_event_details'>\r\r\n\t\t\t\t\t\t\t<div class=\"event_excerpt\" style=\"display:none\"><h3 class=\"padb5 evo_h3\">D\u00e9tails de l&#039;activit\u00e9<\/h3><p>Nancy invites us to spend a pleasant day: a panoramic ride through the town of Beraconsfield, followed by a relaxing picnic in her magnificent garden \u2014 in the company of<\/p><\/div><span class='evcal_evdata_icons'><i class='fa fa-align-justify'><\/i><\/span>\r\r\n\t\t\t\t\t\t\t\r\r\n\t\t\t\t\t\t\t<div class='evcal_evdata_cell '><div class='eventon_full_description'>\r\r\n\t\t\t\t\t\t\t\t\t<h3 class='padb5 evo_h3'><span class='evcal_evdata_icons'><i class='fa fa-align-justify'><\/i><\/span>D\u00e9tails de l&#039;activit\u00e9<\/h3><div class='eventon_desc_in' itemprop='description'>\r\r\n\t\t\t\t\t\t\t\t\t<p>Nancy invites us to spend a pleasant day: a panoramic ride through the town of Beraconsfield, followed by a relaxing picnic in her magnificent garden \u2014 in the company of her dog and her famous fish.<\/p>\n<\/div><div class='clear'><\/div>\r\r\n\t\t\t\t\t\t\t\t<\/div>\r\r\n\t\t\t\t\t\t\t<\/div>\r\r\n\t\t\t\t\t\t<\/div><div class='evo_metarow_time evorow evcal_evdata_row bordb evcal_evrow_sm '>\r\r\n\t\t\t\t\t\t\t<span class='evcal_evdata_icons'><i class='fa fa-clock-o'><\/i><\/span>\r\r\n\t\t\t\t\t\t\t<div class='evcal_evdata_cell'>\t\t\t\t\t\t\t\r\r\n\t\t\t\t\t\t\t\t<h3 class='evo_h3'><span class='evcal_evdata_icons'><i class='fa fa-clock-o'><\/i><\/span>Heure de d\u00e9but \/ fin<\/h3><p>Toute la journ\u00e9e (Samedi)<\/p>\r\r\n\t\t\t\t\t\t\t<\/div>\r\r\n\t\t\t\t\t\t<\/div><div class='evo_metarow_organizer evorow evcal_evdata_row bordb evcal_evrow_sm '>\r\r\n\t\t\t\t\t\t\t<span class='evcal_evdata_icons'><i class='fa fa-id-badge'><\/i><\/span>\r\r\n\t\t\t\t\t\t\t<div class='evcal_evdata_cell'>\t\t\t\t\t\t\t\r\r\n\t\t\t\t\t\t\t\t<h3 class='evo_h3'>Organisateur<\/h3>\r\r\n\t\t\t\t\t\t\t\t\r\r\n\t\t\t\t\t\t\t\t<div class='evo_card_organizer'><p class='evo_data_val evo_card_organizer_name'>\r\r\n\t\t\t\t\t\t\t\t\t<span class='evo_card_organizer_name_t'>Nancy<\/span>\r\r\n\t\t\t\t\t\t\t\t\t\r\r\n\t\t\t\t\t\t\t\t\t<\/p><\/div><div class='clear'><\/div>\t\t\t\t\t\t\t\r\r\n\t\t\t\t\t\t\t<\/div>\r\r\n\t\t\t\t\t\t<\/div>\r\n\t\t\t\t\t\t<div class='evo_metarow_ICS evorow bordb evcal_evdata_row'>\r\r\n\t\t\t\t\t\t\t<span class=\"evcal_evdata_icons\"><i class=\"fa fa-calendar\"><\/i><\/span>\r\r\n\t\t\t\t\t\t\t<div class='evcal_evdata_cell'>\r\r\n\t\t\t\t\t\t\t\t<p><a href='https:\/\/vea.qc.ca\/wp-admin\/admin-ajax.php?action=eventon_ics_download&amp;event_id=27960&amp;sunix=20260912T050000Z&amp;eunix=20260913T045900Z&amp;loca=&amp;locn=' class='evo_ics_nCal' title='Ajouter \u00e0 votre calendrier'>Calendrier<\/a><a href='\/\/www.google.com\/calendar\/event?action=TEMPLATE&amp;text=A+ride+tour+of+Beaconsfield+and+a+picnic+with+Nancy&amp;dates=20260912T050000Z\/20260913T045900Z&amp;details=Nancy+invites+us+to+spend+a+pleasant+day%3A+a+panoramic+ride+through+the+town+of+Beraconsfield%2C+followed+by+a+relaxing+picnic+in+her+magnificent+garden+%E2%80%94+in+the+company+of&amp;location= - ' target='_blank' class='evo_ics_gCal' title='Ajouter \u00e0 l&#039;agenda Google'>GoogleCal<\/a><\/p>\t\r\r\n\t\t\t\t\t\t\t<\/div>\r\n\t\t\t\t\t\t<\/div>\r\r\n\t\t\t\t\t\t<div class='bordb evo_metarow_socialmedia evcal_evdata_row  lastrow'><div class='evo_sm FacebookShare'><a class=\" evo_ss\" target=\"_blank\" onclick=\"javascript:window.open(this.href, '', 'left=50,top=50,width=600,height=350,toolbar=0');return false;\"\r\r\n\t\t\t\t\t\t\t\thref=\"http:\/\/www.facebook.com\/sharer.php?u=https%3A%2F%2Fvea.qc.ca%2Fen%2Factivities%2Fa-ride-tour-of-beaconsfield-and-a-picnic-with-nancy%2F\" title=\"Partager sur Facebook\"><i class=\"fa fa-facebook\"><\/i><\/a><\/div><div class='evo_sm Twitter'><a class=\"tw evo_ss\" onclick=\"javascript:window.open(this.href, '', 'menubar=no,toolbar=no,resizable=yes,scrollbars=yes,height=300,width=600');return false;\" href=\"http:\/\/twitter.com\/share?text=A ride tour of Beaconsfield and a picnic with Nancy&#32;-&#32;&url=https%3A%2F%2Fvea.qc.ca%2Fen%2Factivities%2Fa-ride-tour-of-beaconsfield-and-a-picnic-with-nancy%2F\" title=\"Partager sur twitter\" rel=\"nofollow\" target=\"_blank\" data-url=\"https%3A%2F%2Fvea.qc.ca%2Fen%2Factivities%2Fa-ride-tour-of-beaconsfield-and-a-picnic-with-nancy%2F\"><i class=\"fa fa-twitter\"><\/i><\/a><\/div><div class='evo_sm LinkedIn'><a class=\"li evo_ss\" href=\"http:\/\/www.linkedin.com\/shareArticle?mini=true&url=https%3A%2F%2Fvea.qc.ca%2Fen%2Factivities%2Fa-ride-tour-of-beaconsfield-and-a-picnic-with-nancy%2F&title=A%20ride%20tour%20of%20Beaconsfield%20and%20a%20picnic%20with%20Nancy&summary=Nancy+invites+us+to+spend+a+pleasant+day%3A+a+panoramic+ride+through+the+town+of+Beraconsfield%2C\" target=\"_blank\" title=\"Partager sur Linkedin\"><i class=\"fa fa-linkedin\"><\/i><\/a><\/div><div class='evo_sm Google'><a class=\"gp evo_ss\" href=\"https:\/\/plus.google.com\/share?url=https%3A%2F%2Fvea.qc.ca%2Fen%2Factivities%2Fa-ride-tour-of-beaconsfield-and-a-picnic-with-nancy%2F\" \r\r\n\t\t\t\t\t\t\t\tonclick=\"javascript:window.open(this.href, '', 'left=50,top=50,width=600,height=350,toolbar=0');return false;\" target=\"_blank\"><i class=\"fa fa-google-plus\" title=\"Partager sur Google Plus\"><\/i><\/a><\/div><div class='evo_sm EmailShare'><a class=\"em evo_ss\" href=\"mailto:?subject=A ride tour of Beaconsfield and a picnic with Nancy&body=Event Name: A ride tour of Beaconsfield and a picnic with Nancy%0AEvent Date: 12 Septembre 2026 (Toute La Journ\u00e9e)%0ALink: https%3A%2F%2Fvea.qc.ca%2Fen%2Factivities%2Fa-ride-tour-of-beaconsfield-and-a-picnic-with-nancy%2F%0A\" target=\"_blank\"><i class=\"fa fa-envelope\"><\/i><\/a><\/div><div class='clear'><\/div><div class='evcal_evdata_row evcal_close' title='Close'><\/div><\/div><\/div><div class='clear end'><\/div><\/div><div id=\"event_27932\" class=\"eventon_list_event evo_eventtop  event\" data-event_id=\"27932\" data-time=\"1789806600-1789833600\" data-colr=\"#e5191d\" itemscope itemtype='http:\/\/schema.org\/Event'><div class=\"evo_event_schema\" style=\"display:none\" ><a itemprop='url'  href='https:\/\/vea.qc.ca\/en\/activities\/technical-session-in-chateauguay\/'><\/a><span itemprop='name'  >TECHNICAL SESSION in Chateauguay<\/span><meta itemprop='image' content='https:\/\/vea.qc.ca\/wp-content\/uploads\/2025\/12\/session-technique.png' \/><meta itemprop='description' content='TECHNICAL SESSION in Chateauguay' \/><meta itemprop='startDate' content='2026-9-19T08:30' \/><meta itemprop='endDate' content='2026-9-19T16:00' \/><meta itemprop='eventStatus' content='on-schedule' \/><script type=\"application\/ld+json\">{\t\"@context\": \"http:\/\/schema.org\",\r\r\n\t\t\t\t\t\t\t  \t\"@type\": \"Event\",\r\r\n\t\t\t\t\t\t\t  \t\"name\": \"TECHNICAL SESSION in Chateauguay\",\r\r\n\t\t\t\t\t\t\t  \t\"startDate\": \"2026-9-19T08-08-30-00\",\r\r\n\t\t\t\t\t\t\t  \t\"endDate\": \"2026-9-19T16-16-00-00\",\r\r\n\t\t\t\t\t\t\t  \t\"image\":\"https:\/\/vea.qc.ca\/wp-content\/uploads\/2025\/12\/session-technique.png\",\r\r\n\t\t\t\t\t\t\t  \t\"description\":\"TECHNICAL SESSION in Chateauguay\",\r\r\n\t\t\t\t\t\t\t  \t\r\r\n\t\t\t\t\t\t\t }<\/script><\/div>\r\r\n\t\t\t\t<p class=\"desc_trig_outter\"><a data-gmap_status=\"null\" data-exlk=\"0\" style=\"border-color: #e5191d;\" id=\"evc_178980660027932\" class=\"hasFtIMG desc_trig featured_event 1 sin_val evcal_list_a\" data-ux_val=\"3\"  ><span class='ev_ftImg' data-img='https:\/\/vea.qc.ca\/wp-content\/uploads\/2025\/12\/session-technique.png' data-thumb='https:\/\/vea.qc.ca\/wp-content\/uploads\/2025\/12\/session-technique-300x115.png' style='background-image:url(\"https:\/\/vea.qc.ca\/wp-content\/uploads\/2025\/12\/session-technique-300x115.png\")'><\/span><span class='evcal_cblock ' data-bgcolor='#e5191d' data-smon='Septembre' data-syr='2026'><span class='evo_start '><em class='date'>19<\/em><em class='month'>Sep<\/em><em class='time'>8 h 30 min<\/em><\/span><span class='evo_end only_time'><em class='time'>16 h 00 min<\/em><\/span><em class='clear'><\/em><\/span><span class='evcal_desc evo_info hide_eventtopdata '  data-location_status=\"false\" ><span class='evo_above_title'><span class='evo_event_headers featured'>VEA<\/span><\/span><span class='evcal_desc2 evcal_event_title' itemprop='name'>TECHNICAL SESSION in Chateauguay<\/span><span class='evo_below_title'><span class='evcal_event_subtitle' >The Alfa Romeo Club of Montreal (CARM) is proud to invite us to a spring mechanics session.<\/span><\/span><span class='evcal_desc_info' ><em class='evcal_time'>8 h 30 min - 16 h 00 min<\/em> <\/span><span class='evcal_desc3'><\/span><\/span><em class='clear'><\/em><\/a><\/p><div class='event_description evcal_eventcard ' style=\"display:none\"><div class='evo_metarow_directimg'><img src='https:\/\/vea.qc.ca\/wp-content\/uploads\/2025\/12\/session-technique.png' \/><\/div><div class='evo_metarow_time evorow evcal_evdata_row bordb evcal_evrow_sm '>\r\r\n\t\t\t\t\t\t\t<span class='evcal_evdata_icons'><i class='fa fa-clock-o'><\/i><\/span>\r\r\n\t\t\t\t\t\t\t<div class='evcal_evdata_cell'>\t\t\t\t\t\t\t\r\r\n\t\t\t\t\t\t\t\t<h3 class='evo_h3'><span class='evcal_evdata_icons'><i class='fa fa-clock-o'><\/i><\/span>Heure de d\u00e9but \/ fin<\/h3><p>(Samedi) 8 h 30 min - 16 h 00 min<\/p>\r\r\n\t\t\t\t\t\t\t<\/div>\r\r\n\t\t\t\t\t\t<\/div>\r\n\t\t\t\t\t\t<div class='evo_metarow_ICS evorow bordb evcal_evdata_row'>\r\r\n\t\t\t\t\t\t\t<span class=\"evcal_evdata_icons\"><i class=\"fa fa-calendar\"><\/i><\/span>\r\r\n\t\t\t\t\t\t\t<div class='evcal_evdata_cell'>\r\r\n\t\t\t\t\t\t\t\t<p><a href='https:\/\/vea.qc.ca\/wp-admin\/admin-ajax.php?action=eventon_ics_download&amp;event_id=27932&amp;sunix=20260919T133000Z&amp;eunix=20260919T210000Z&amp;loca=&amp;locn=' class='evo_ics_nCal' title='Ajouter \u00e0 votre calendrier'>Calendrier<\/a><a href='\/\/www.google.com\/calendar\/event?action=TEMPLATE&amp;text=TECHNICAL+SESSION+in+Chateauguay&amp;dates=20260919T133000Z\/20260919T210000Z&amp;details=TECHNICAL+SESSION+in+Chateauguay&amp;location= - ' target='_blank' class='evo_ics_gCal' title='Ajouter \u00e0 l&#039;agenda Google'>GoogleCal<\/a><\/p>\t\r\r\n\t\t\t\t\t\t\t<\/div>\r\n\t\t\t\t\t\t<\/div>\r\r\n\t\t\t\t\t\t<div class='bordb evo_metarow_socialmedia evcal_evdata_row  lastrow'><div class='evo_sm FacebookShare'><a class=\" evo_ss\" target=\"_blank\" onclick=\"javascript:window.open(this.href, '', 'left=50,top=50,width=600,height=350,toolbar=0');return false;\"\r\r\n\t\t\t\t\t\t\t\thref=\"http:\/\/www.facebook.com\/sharer.php?u=https%3A%2F%2Fvea.qc.ca%2Fen%2Factivities%2Ftechnical-session-in-chateauguay%2F\" title=\"Partager sur Facebook\"><i class=\"fa fa-facebook\"><\/i><\/a><\/div><div class='evo_sm Twitter'><a class=\"tw evo_ss\" onclick=\"javascript:window.open(this.href, '', 'menubar=no,toolbar=no,resizable=yes,scrollbars=yes,height=300,width=600');return false;\" href=\"http:\/\/twitter.com\/share?text=TECHNICAL SESSION in Chateauguay&#32;-&#32;&url=https%3A%2F%2Fvea.qc.ca%2Fen%2Factivities%2Ftechnical-session-in-chateauguay%2F\" title=\"Partager sur twitter\" rel=\"nofollow\" target=\"_blank\" data-url=\"https%3A%2F%2Fvea.qc.ca%2Fen%2Factivities%2Ftechnical-session-in-chateauguay%2F\"><i class=\"fa fa-twitter\"><\/i><\/a><\/div><div class='evo_sm LinkedIn'><a class=\"li evo_ss\" href=\"http:\/\/www.linkedin.com\/shareArticle?mini=true&url=https%3A%2F%2Fvea.qc.ca%2Fen%2Factivities%2Ftechnical-session-in-chateauguay%2F&title=TECHNICAL%20SESSION%20in%20Chateauguay&summary=--\" target=\"_blank\" title=\"Partager sur Linkedin\"><i class=\"fa fa-linkedin\"><\/i><\/a><\/div><div class='evo_sm Google'><a class=\"gp evo_ss\" href=\"https:\/\/plus.google.com\/share?url=https%3A%2F%2Fvea.qc.ca%2Fen%2Factivities%2Ftechnical-session-in-chateauguay%2F\" \r\r\n\t\t\t\t\t\t\t\tonclick=\"javascript:window.open(this.href, '', 'left=50,top=50,width=600,height=350,toolbar=0');return false;\" target=\"_blank\"><i class=\"fa fa-google-plus\" title=\"Partager sur Google Plus\"><\/i><\/a><\/div><div class='evo_sm EmailShare'><a class=\"em evo_ss\" href=\"mailto:?subject=TECHNICAL SESSION in Chateauguay&body=Event Name: TECHNICAL SESSION in Chateauguay%0AEvent Date: 19 Septembre 2026 8 H 30 Min - 16 H 00 Min%0ALink: https%3A%2F%2Fvea.qc.ca%2Fen%2Factivities%2Ftechnical-session-in-chateauguay%2F%0A\" target=\"_blank\"><i class=\"fa fa-envelope\"><\/i><\/a><\/div><div class='clear'><\/div><div class='evcal_evdata_row evcal_close' title='Close'><\/div><\/div><\/div><div class='clear end'><\/div><\/div><\/div><div class='evcal_month_line'><p>Octobre 2026<\/p><\/div><div id='evcal_list' class='evcal_list_month eventon_events_list '><div id=\"event_27929\" class=\"eventon_list_event evo_eventtop  event\" data-event_id=\"27929\" data-time=\"1791396000-1791417000\" data-colr=\"#e51a1d\" itemscope itemtype='http:\/\/schema.org\/Event'><div class=\"evo_event_schema\" style=\"display:none\" ><a itemprop='url'  href='https:\/\/vea.qc.ca\/en\/activities\/members-dinner-at-lambroisie-restaurant-copy\/'><\/a><span itemprop='name'  >Members' dinner at L'Ambroisie restaurant (Copy)<\/span><meta itemprop='image' content='https:\/\/vea.qc.ca\/wp-content\/uploads\/2023\/01\/ambroisie-300x300-1.jpg' \/><meta itemprop='description' content='Members' dinner at L'Ambroisie restaurant (Copy)' \/><meta itemprop='startDate' content='2026-10-7T18:00' \/><meta itemprop='endDate' content='2026-10-7T23:50' \/><meta itemprop='eventStatus' content='on-schedule' \/>\r\r\n\t\t\t\t\t\t\t\t\t<item style=\"display:none\" itemprop=\"location\" itemscope itemtype=\"http:\/\/schema.org\/Place\">\r\r\n\t\t\t\t\t\t\t\t\t\t<span itemprop=\"name\">Restaurant L\u2019Ambroisie<\/span>\r\r\n\t\t\t\t\t\t\t\t\t\t<span itemprop=\"address\" itemscope itemtype=\"http:\/\/schema.org\/PostalAddress\">\r\r\n\t\t\t\t\t\t\t\t\t\t\t<item itemprop=\"streetAddress\">4020 Rue Saint-Ambroise porte #140, QC H4C 2C7<\/item>\r\r\n\t\t\t\t\t\t\t\t\t\t<\/span><\/item><script type=\"application\/ld+json\">{\t\"@context\": \"http:\/\/schema.org\",\r\r\n\t\t\t\t\t\t\t  \t\"@type\": \"Event\",\r\r\n\t\t\t\t\t\t\t  \t\"name\": \"Members' dinner at L'Ambroisie restaurant (Copy)\",\r\r\n\t\t\t\t\t\t\t  \t\"startDate\": \"2026-10-7T18-18-00-00\",\r\r\n\t\t\t\t\t\t\t  \t\"endDate\": \"2026-10-7T23-23-50-00\",\r\r\n\t\t\t\t\t\t\t  \t\"image\":\"https:\/\/vea.qc.ca\/wp-content\/uploads\/2023\/01\/ambroisie-300x300-1.jpg\",\r\r\n\t\t\t\t\t\t\t  \t\"description\":\"Members' dinner at L'Ambroisie restaurant (Copy)\",\r\r\n\t\t\t\t\t\t\t  \t\"location\":{\r\r\n\t\t\t\t\t\t\t\t\t\t\"@type\":\"Place\",\r\r\n\t\t\t\t\t\t\t\t\t\t\"name\":\"Restaurant L\u2019Ambroisie\",\r\r\n\t\t\t\t\t\t\t\t\t\t\"address\":\"4020 Rue Saint-Ambroise porte #140, QC H4C 2C7\"\r\r\n\t\t\t\t\t\t\t  \t\t}\r\r\n\t\t\t\t\t\t\t }<\/script><\/div>\r\r\n\t\t\t\t<p class=\"desc_trig_outter\"><a data-gmtrig=\"1\" data-exlk=\"0\" style=\"border-color: #e51a1d;\" id=\"evc_179139600027929\" class=\"hasFtIMG desc_trig featured_event 1 sin_val evcal_list_a\" data-ux_val=\"3\"  ><span class='ev_ftImg' data-img='https:\/\/vea.qc.ca\/wp-content\/uploads\/2023\/01\/ambroisie-300x300-1.jpg' data-thumb='https:\/\/vea.qc.ca\/wp-content\/uploads\/2023\/01\/ambroisie-300x300-1.jpg' style='background-image:url(\"https:\/\/vea.qc.ca\/wp-content\/uploads\/2023\/01\/ambroisie-300x300-1.jpg\")'><\/span><span class='evcal_cblock ' data-bgcolor='#e51a1d' data-smon='Octobre' data-syr='2026'><span class='evo_start '><em class='date'>07<\/em><em class='month'>Oct<\/em><em class='time'>18 h 00 min<\/em><\/span><em class='clear'><\/em><\/span><span class='evcal_desc evo_info hide_eventtopdata '  data-location_address=\"4020 Rue Saint-Ambroise porte #140, QC H4C 2C7\" data-location_type=\"address\" data-location_name=\"Restaurant L\u2019Ambroisie\" data-location_status=\"true\" ><span class='evo_above_title'><span class='evo_event_headers featured'>VEA<\/span><\/span><span class='evcal_desc2 evcal_event_title' itemprop='name'>Members' dinner at L'Ambroisie restaurant (Copy)<\/span><span class='evo_below_title'><span class='evcal_event_subtitle' >\u201cFIRST WEDNESDAY\u201d OF THE MONTH DINNER MEETING<\/span><\/span><span class='evcal_desc_info' ><em class='evcal_time'>18 h 00 min<\/em> <em class=\"evcal_location\"  data-add_str=\"4020 Rue Saint-Ambroise porte #140, QC H4C 2C7\"><em class=\"event_location_name\">Restaurant L\u2019Ambroisie<\/em>, 4020 Rue Saint-Ambroise porte #140, QC H4C 2C7<\/em><\/span><span class='evcal_desc3'><\/span><\/span><em class='clear'><\/em><\/a><\/p><div class='event_description evcal_eventcard ' style=\"display:none\"><div class='evo_metarow_directimg'><img src='https:\/\/vea.qc.ca\/wp-content\/uploads\/2023\/01\/ambroisie-300x300-1.jpg' \/><\/div><div class='evo_metarow_time_location evorow bordb '>\r\r\n\t\t\t\t\t\t<div class='tb' >\r\r\n\t\t\t\t\t\t\t<div class='tbrow'>\r\r\n\t\t\t\t\t\t\t<div class='evcal_col50 bordr'>\r\r\n\t\t\t\t\t\t\t\t<div class='evcal_evdata_row evo_time'>\r\r\n\t\t\t\t\t\t\t\t\t<span class='evcal_evdata_icons'><i class='fa fa-clock-o'><\/i><\/span>\r\r\n\t\t\t\t\t\t\t\t\t<div class='evcal_evdata_cell'>\t\t\t\t\t\t\t\r\r\n\t\t\t\t\t\t\t\t\t\t<h3 class='evo_h3'><span class='evcal_evdata_icons'><i class='fa fa-clock-o'><\/i><\/span>Heure de d\u00e9but \/ fin<\/h3>\r\r\n\t\t\t\t\t\t\t\t\t\t<p>(Mercredi) 18 h 00 min<\/p>\r\r\n\t\t\t\t\t\t\t\t\t<\/div>\r\r\n\t\t\t\t\t\t\t\t<\/div>\r\r\n\t\t\t\t\t\t\t<\/div><div class='evcal_col50'>\r\r\n\t\t\t\t\t\t\t\t<div class='evcal_evdata_row evo_location'>\r\r\n\t\t\t\t\t\t\t\t\t<span class='evcal_evdata_icons'><i class='fa fa-map-marker'><\/i><\/span>\r\r\n\t\t\t\t\t\t\t\t\t<div class='evcal_evdata_cell' data-loc_tax_id='306'>\t\t\t\t\t\t\t\r\r\n\t\t\t\t\t\t\t\t\t\t<h3 class='evo_h3'><span class='evcal_evdata_icons'><i class='fa fa-map-marker'><\/i><\/span>Lieu<\/h3><p class='evo_location_name'>Restaurant L\u2019Ambroisie<\/p><p class='evo_location_address'>4020 Rue Saint-Ambroise porte #140, QC H4C 2C7<\/p>\r\r\n\t\t\t\t\t\t\t\t\t<\/div>\r\r\n\t\t\t\t\t\t\t\t<\/div>\r\r\n\t\t\t\t\t\t\t<\/div><div class='clear'><\/div>\r\r\n\t\t\t\t\t\t\t<\/div><\/div>\r\r\n\t\t\t\t\t\t<\/div><div class='evo_metarow_locImg evorow bordb tvi' style='height:400px; background-image:url(https:\/\/vea.qc.ca\/wp-content\/uploads\/2023\/04\/Ambroisie2023.jpg)' id='23610_locimg' ><p class='evoLOCtxt'>\r\r\n\t\t\t\t\t\t\t\t<span class='evo_loc_text_title'>Restaurant L\u2019Ambroisie<\/span><span style=\"padding-bottom:10px\">4020 Rue Saint-Ambroise porte #140, QC H4C 2C7<\/span><\/p><\/div><div class='evo_metarow_gmap evorow evcal_gmaps bordb ' id='evc179139600069ec80fe1382c27929_gmap' style='max-width:none'><\/div><div class='evo_metarow_getDr evorow evcal_evdata_row bordb evcal_evrow_sm getdirections'>\r\r\n\t\t\t\t\t\t<form action='https:\/\/maps.google.com\/maps' method='get' target='_blank'>\r\r\n\t\t\t\t\t\t<input type='hidden' name='daddr' value=\"4020 Rue Saint-Ambroise porte #140, QC H4C 2C7\"\/> \r\r\n\t\t\t\t\t\t<p><input class='evoInput' type='text' name='saddr' placeholder='Saisissez votre adresse' value=''\/>\r\r\n\t\t\t\t\t\t<button type='submit' class='evcal_evdata_icons evcalicon_9' title='Cliquez ici pour obtenir l&#039;itin\u00e9raire'><i class='fa fa-road'><\/i><\/button>\r\r\n\t\t\t\t\t\t<\/p><\/form>\r\r\n\t\t\t\t\t<\/div>\r\n\t\t\t\t\t\t<div class='evo_metarow_ICS evorow bordb evcal_evdata_row'>\r\r\n\t\t\t\t\t\t\t<span class=\"evcal_evdata_icons\"><i class=\"fa fa-calendar\"><\/i><\/span>\r\r\n\t\t\t\t\t\t\t<div class='evcal_evdata_cell'>\r\r\n\t\t\t\t\t\t\t\t<p><a href='https:\/\/vea.qc.ca\/wp-admin\/admin-ajax.php?action=eventon_ics_download&amp;event_id=27929&amp;sunix=20261007T230000Z&amp;eunix=20261008T045000Z&amp;loca=4020 Rue Saint-Ambroise porte #140, QC H4C 2C7&amp;locn=Restaurant L\u2019Ambroisie' class='evo_ics_nCal' title='Ajouter \u00e0 votre calendrier'>Calendrier<\/a><a href='\/\/www.google.com\/calendar\/event?action=TEMPLATE&amp;text=Members%27+dinner+at+L%27Ambroisie+restaurant+%28Copy%29&amp;dates=20261007T230000Z\/20261008T045000Z&amp;details=Members%27+dinner+at+L%27Ambroisie+restaurant+%28Copy%29&amp;location=Restaurant+L%E2%80%99Ambroisie - 4020+Rue+Saint-Ambroise+porte+%23140%2C+QC+H4C+2C7' target='_blank' class='evo_ics_gCal' title='Ajouter \u00e0 l&#039;agenda Google'>GoogleCal<\/a><\/p>\t\r\r\n\t\t\t\t\t\t\t<\/div>\r\n\t\t\t\t\t\t<\/div>\r\r\n\t\t\t\t\t\t<div class='bordb evo_metarow_socialmedia evcal_evdata_row  lastrow'><div class='evo_sm FacebookShare'><a class=\" evo_ss\" target=\"_blank\" onclick=\"javascript:window.open(this.href, '', 'left=50,top=50,width=600,height=350,toolbar=0');return false;\"\r\r\n\t\t\t\t\t\t\t\thref=\"http:\/\/www.facebook.com\/sharer.php?u=https%3A%2F%2Fvea.qc.ca%2Fen%2Factivities%2Fmembers-dinner-at-lambroisie-restaurant-copy%2F\" title=\"Partager sur Facebook\"><i class=\"fa fa-facebook\"><\/i><\/a><\/div><div class='evo_sm Twitter'><a class=\"tw evo_ss\" onclick=\"javascript:window.open(this.href, '', 'menubar=no,toolbar=no,resizable=yes,scrollbars=yes,height=300,width=600');return false;\" href=\"http:\/\/twitter.com\/share?text=Members&#8217; dinner at L&#8217;Ambroisie restaurant (Copy)&#32;-&#32;&url=https%3A%2F%2Fvea.qc.ca%2Fen%2Factivities%2Fmembers-dinner-at-lambroisie-restaurant-copy%2F\" title=\"Partager sur twitter\" rel=\"nofollow\" target=\"_blank\" data-url=\"https%3A%2F%2Fvea.qc.ca%2Fen%2Factivities%2Fmembers-dinner-at-lambroisie-restaurant-copy%2F\"><i class=\"fa fa-twitter\"><\/i><\/a><\/div><div class='evo_sm LinkedIn'><a class=\"li evo_ss\" href=\"http:\/\/www.linkedin.com\/shareArticle?mini=true&url=https%3A%2F%2Fvea.qc.ca%2Fen%2Factivities%2Fmembers-dinner-at-lambroisie-restaurant-copy%2F&title=Members%26%238217%3B%20dinner%20at%20L%26%238217%3BAmbroisie%20restaurant%20%28Copy%29&summary=--\" target=\"_blank\" title=\"Partager sur Linkedin\"><i class=\"fa fa-linkedin\"><\/i><\/a><\/div><div class='evo_sm Google'><a class=\"gp evo_ss\" href=\"https:\/\/plus.google.com\/share?url=https%3A%2F%2Fvea.qc.ca%2Fen%2Factivities%2Fmembers-dinner-at-lambroisie-restaurant-copy%2F\" \r\r\n\t\t\t\t\t\t\t\tonclick=\"javascript:window.open(this.href, '', 'left=50,top=50,width=600,height=350,toolbar=0');return false;\" target=\"_blank\"><i class=\"fa fa-google-plus\" title=\"Partager sur Google Plus\"><\/i><\/a><\/div><div class='evo_sm EmailShare'><a class=\"em evo_ss\" href=\"mailto:?subject=Members%26#8217; dinner at L%26#8217;Ambroisie restaurant (Copy)&body=Event Name: Members%26#8217; dinner at L%26#8217;Ambroisie restaurant (Copy)%0AEvent Date: 7 Octobre 2026 18 H 00 Min%0ALink: https%3A%2F%2Fvea.qc.ca%2Fen%2Factivities%2Fmembers-dinner-at-lambroisie-restaurant-copy%2F%0A\" target=\"_blank\"><i class=\"fa fa-envelope\"><\/i><\/a><\/div><div class='clear'><\/div><div class='evcal_evdata_row evcal_close' title='Close'><\/div><\/div><\/div><div class='clear end'><\/div><\/div><div id=\"event_27934\" class=\"eventon_list_event evo_eventtop  event\" data-event_id=\"27934\" data-time=\"1792225800-1792281000\" data-colr=\"#e5191d\" itemscope itemtype='http:\/\/schema.org\/Event'><div class=\"evo_event_schema\" style=\"display:none\" ><a itemprop='url'  href='https:\/\/vea.qc.ca\/en\/activities\/we-follow-bernard-3\/'><\/a><span itemprop='name'  >We follow BERNARD<\/span><meta itemprop='image' content='https:\/\/vea.qc.ca\/wp-content\/uploads\/2019\/07\/on-suit-bernard.jpg' \/><meta itemprop='description' content='We follow BERNARD' \/><meta itemprop='startDate' content='2026-10-17T08:30' \/><meta itemprop='endDate' content='2026-10-17T23:50' \/><meta itemprop='eventStatus' content='on-schedule' \/><script type=\"application\/ld+json\">{\t\"@context\": \"http:\/\/schema.org\",\r\r\n\t\t\t\t\t\t\t  \t\"@type\": \"Event\",\r\r\n\t\t\t\t\t\t\t  \t\"name\": \"We follow BERNARD\",\r\r\n\t\t\t\t\t\t\t  \t\"startDate\": \"2026-10-17T08-08-30-00\",\r\r\n\t\t\t\t\t\t\t  \t\"endDate\": \"2026-10-17T23-23-50-00\",\r\r\n\t\t\t\t\t\t\t  \t\"image\":\"https:\/\/vea.qc.ca\/wp-content\/uploads\/2019\/07\/on-suit-bernard.jpg\",\r\r\n\t\t\t\t\t\t\t  \t\"description\":\"We follow BERNARD\",\r\r\n\t\t\t\t\t\t\t  \t\r\r\n\t\t\t\t\t\t\t }<\/script><\/div>\r\r\n\t\t\t\t<p class=\"desc_trig_outter\"><a data-gmap_status=\"null\" data-exlk=\"0\" style=\"border-color: #e5191d;\" id=\"evc_179222580027934\" class=\"hasFtIMG desc_trig featured_event 1 sin_val evcal_list_a\" data-ux_val=\"3\"  ><span class='ev_ftImg' data-img='https:\/\/vea.qc.ca\/wp-content\/uploads\/2019\/07\/on-suit-bernard.jpg' data-thumb='https:\/\/vea.qc.ca\/wp-content\/uploads\/2019\/07\/on-suit-bernard-300x225.jpg' style='background-image:url(\"https:\/\/vea.qc.ca\/wp-content\/uploads\/2019\/07\/on-suit-bernard-300x225.jpg\")'><\/span><span class='evcal_cblock ' data-bgcolor='#e5191d' data-smon='Octobre' data-syr='2026'><span class='evo_start '><em class='date'>17<\/em><em class='month'>Oct<\/em><em class='time'>8 h 30 min<\/em><\/span><em class='clear'><\/em><\/span><span class='evcal_desc evo_info hide_eventtopdata '  data-location_status=\"false\" ><span class='evo_above_title'><span class='evo_event_headers featured'>VEA<\/span><\/span><span class='evcal_desc2 evcal_event_title' itemprop='name'>We follow BERNARD<\/span><span class='evo_below_title'><span class='evcal_event_subtitle' >Balade et lunch au bar Le Vieux Pub \u00e0 Rockburn.<\/span><\/span><span class='evcal_desc_info' ><em class='evcal_time'>8 h 30 min<\/em> <\/span><span class='evcal_desc3'><\/span><\/span><em class='clear'><\/em><\/a><\/p><div class='event_description evcal_eventcard ' style=\"display:none\"><div class='evo_metarow_directimg'><img src='https:\/\/vea.qc.ca\/wp-content\/uploads\/2019\/07\/on-suit-bernard.jpg' \/><\/div><div class='evo_metarow_time evorow evcal_evdata_row bordb evcal_evrow_sm '>\r\r\n\t\t\t\t\t\t\t<span class='evcal_evdata_icons'><i class='fa fa-clock-o'><\/i><\/span>\r\r\n\t\t\t\t\t\t\t<div class='evcal_evdata_cell'>\t\t\t\t\t\t\t\r\r\n\t\t\t\t\t\t\t\t<h3 class='evo_h3'><span class='evcal_evdata_icons'><i class='fa fa-clock-o'><\/i><\/span>Heure de d\u00e9but \/ fin<\/h3><p>(Samedi) 8 h 30 min<\/p>\r\r\n\t\t\t\t\t\t\t<\/div>\r\r\n\t\t\t\t\t\t<\/div><div class='evo_metarow_organizer evorow evcal_evdata_row bordb evcal_evrow_sm '>\r\r\n\t\t\t\t\t\t\t<span class='evcal_evdata_icons'><i class='fa fa-id-badge'><\/i><\/span>\r\r\n\t\t\t\t\t\t\t<div class='evcal_evdata_cell'>\t\t\t\t\t\t\t\r\r\n\t\t\t\t\t\t\t\t<h3 class='evo_h3'>Organisateur<\/h3>\r\r\n\t\t\t\t\t\t\t\t\r\r\n\t\t\t\t\t\t\t\t<div class='evo_card_organizer'><p class='evo_data_val evo_card_organizer_name'>\r\r\n\t\t\t\t\t\t\t\t\t<span class='evo_card_organizer_name_t'>Bernard Bellavance<\/span><span class='evo_card_organizer_contact'>info.vea.qc@gmail.com<\/span>\r\r\n\t\t\t\t\t\t\t\t\t\r\r\n\t\t\t\t\t\t\t\t\t<\/p><\/div><div class='clear'><\/div>\t\t\t\t\t\t\t\r\r\n\t\t\t\t\t\t\t<\/div>\r\r\n\t\t\t\t\t\t<\/div>\r\n\t\t\t\t\t\t<div class='evo_metarow_ICS evorow bordb evcal_evdata_row'>\r\r\n\t\t\t\t\t\t\t<span class=\"evcal_evdata_icons\"><i class=\"fa fa-calendar\"><\/i><\/span>\r\r\n\t\t\t\t\t\t\t<div class='evcal_evdata_cell'>\r\r\n\t\t\t\t\t\t\t\t<p><a href='https:\/\/vea.qc.ca\/wp-admin\/admin-ajax.php?action=eventon_ics_download&amp;event_id=27934&amp;sunix=20261017T133000Z&amp;eunix=20261018T045000Z&amp;loca=&amp;locn=' class='evo_ics_nCal' title='Ajouter \u00e0 votre calendrier'>Calendrier<\/a><a href='\/\/www.google.com\/calendar\/event?action=TEMPLATE&amp;text=We+follow+BERNARD&amp;dates=20261017T133000Z\/20261018T045000Z&amp;details=We+follow+BERNARD&amp;location= - ' target='_blank' class='evo_ics_gCal' title='Ajouter \u00e0 l&#039;agenda Google'>GoogleCal<\/a><\/p>\t\r\r\n\t\t\t\t\t\t\t<\/div>\r\n\t\t\t\t\t\t<\/div>\r\r\n\t\t\t\t\t\t<div class='bordb evo_metarow_socialmedia evcal_evdata_row  lastrow'><div class='evo_sm FacebookShare'><a class=\" evo_ss\" target=\"_blank\" onclick=\"javascript:window.open(this.href, '', 'left=50,top=50,width=600,height=350,toolbar=0');return false;\"\r\r\n\t\t\t\t\t\t\t\thref=\"http:\/\/www.facebook.com\/sharer.php?u=https%3A%2F%2Fvea.qc.ca%2Fen%2Factivities%2Fwe-follow-bernard-3%2F\" title=\"Partager sur Facebook\"><i class=\"fa fa-facebook\"><\/i><\/a><\/div><div class='evo_sm Twitter'><a class=\"tw evo_ss\" onclick=\"javascript:window.open(this.href, '', 'menubar=no,toolbar=no,resizable=yes,scrollbars=yes,height=300,width=600');return false;\" href=\"http:\/\/twitter.com\/share?text=We follow BERNARD&#32;-&#32;&url=https%3A%2F%2Fvea.qc.ca%2Fen%2Factivities%2Fwe-follow-bernard-3%2F\" title=\"Partager sur twitter\" rel=\"nofollow\" target=\"_blank\" data-url=\"https%3A%2F%2Fvea.qc.ca%2Fen%2Factivities%2Fwe-follow-bernard-3%2F\"><i class=\"fa fa-twitter\"><\/i><\/a><\/div><div class='evo_sm LinkedIn'><a class=\"li evo_ss\" href=\"http:\/\/www.linkedin.com\/shareArticle?mini=true&url=https%3A%2F%2Fvea.qc.ca%2Fen%2Factivities%2Fwe-follow-bernard-3%2F&title=We%20follow%20BERNARD&summary=--\" target=\"_blank\" title=\"Partager sur Linkedin\"><i class=\"fa fa-linkedin\"><\/i><\/a><\/div><div class='evo_sm Google'><a class=\"gp evo_ss\" href=\"https:\/\/plus.google.com\/share?url=https%3A%2F%2Fvea.qc.ca%2Fen%2Factivities%2Fwe-follow-bernard-3%2F\" \r\r\n\t\t\t\t\t\t\t\tonclick=\"javascript:window.open(this.href, '', 'left=50,top=50,width=600,height=350,toolbar=0');return false;\" target=\"_blank\"><i class=\"fa fa-google-plus\" title=\"Partager sur Google Plus\"><\/i><\/a><\/div><div class='evo_sm EmailShare'><a class=\"em evo_ss\" href=\"mailto:?subject=We follow BERNARD&body=Event Name: We follow BERNARD%0AEvent Date: 17 Octobre 2026 8 H 30 Min%0ALink: https%3A%2F%2Fvea.qc.ca%2Fen%2Factivities%2Fwe-follow-bernard-3%2F%0A\" target=\"_blank\"><i class=\"fa fa-envelope\"><\/i><\/a><\/div><div class='clear'><\/div><div class='evcal_evdata_row evcal_close' title='Close'><\/div><\/div><\/div><div class='clear end'><\/div><\/div><\/div><div class='evcal_month_line'><p>Novembre 2026<\/p><\/div><div id='evcal_list' class='evcal_list_month eventon_events_list '><div id=\"event_27918\" class=\"eventon_list_event evo_eventtop  event\" data-event_id=\"27918\" data-time=\"1793815200-1793836200\" data-colr=\"#e51a1d\" itemscope itemtype='http:\/\/schema.org\/Event'><div class=\"evo_event_schema\" style=\"display:none\" ><a itemprop='url'  href='https:\/\/vea.qc.ca\/en\/activities\/members-dinner-bring-your-own-wine-formulae-3\/'><\/a><span itemprop='name'  >Members' Dinner - ''bring your own wine formulae''<\/span><meta itemprop='image' content='https:\/\/vea.qc.ca\/wp-content\/uploads\/2025\/03\/ottavio-3.jpg' \/><meta itemprop='description' content='PLEASE NOTE THAT OUR MONTHLY DINNER WILL BE HELD AT THE OTTAVIO RESTAURANT AT 1134 MARCEL-LAURIN IN VILLE ST-LAURENT' \/><meta itemprop='startDate' content='2026-11-4T18:00' \/><meta itemprop='endDate' content='2026-11-4T23:50' \/><meta itemprop='eventStatus' content='on-schedule' \/>\r\r\n\t\t\t\t\t\t\t\t\t<item style=\"display:none\" itemprop=\"location\" itemscope itemtype=\"http:\/\/schema.org\/Place\">\r\r\n\t\t\t\t\t\t\t\t\t\t<span itemprop=\"name\">Restaurant Ottavio<\/span>\r\r\n\t\t\t\t\t\t\t\t\t\t<span itemprop=\"address\" itemscope itemtype=\"http:\/\/schema.org\/PostalAddress\">\r\r\n\t\t\t\t\t\t\t\t\t\t\t<item itemprop=\"streetAddress\">1134 Blvd. Marcel-Laurin, Saint-Laurent, QC H4R 1T3<\/item>\r\r\n\t\t\t\t\t\t\t\t\t\t<\/span><\/item><script type=\"application\/ld+json\">{\t\"@context\": \"http:\/\/schema.org\",\r\r\n\t\t\t\t\t\t\t  \t\"@type\": \"Event\",\r\r\n\t\t\t\t\t\t\t  \t\"name\": \"Members' Dinner - ''bring your own wine formulae''\",\r\r\n\t\t\t\t\t\t\t  \t\"startDate\": \"2026-11-4T18-18-00-00\",\r\r\n\t\t\t\t\t\t\t  \t\"endDate\": \"2026-11-4T23-23-50-00\",\r\r\n\t\t\t\t\t\t\t  \t\"image\":\"https:\/\/vea.qc.ca\/wp-content\/uploads\/2025\/03\/ottavio-3.jpg\",\r\r\n\t\t\t\t\t\t\t  \t\"description\":\"PLEASE NOTE THAT OUR MONTHLY DINNER WILL BE HELD AT THE OTTAVIO RESTAURANT AT 1134 MARCEL-LAURIN IN VILLE ST-LAURENT\",\r\r\n\t\t\t\t\t\t\t  \t\"location\":{\r\r\n\t\t\t\t\t\t\t\t\t\t\"@type\":\"Place\",\r\r\n\t\t\t\t\t\t\t\t\t\t\"name\":\"Restaurant Ottavio\",\r\r\n\t\t\t\t\t\t\t\t\t\t\"address\":\"1134 Blvd. Marcel-Laurin, Saint-Laurent, QC H4R 1T3\"\r\r\n\t\t\t\t\t\t\t  \t\t}\r\r\n\t\t\t\t\t\t\t }<\/script><\/div>\r\r\n\t\t\t\t<p class=\"desc_trig_outter\"><a data-gmtrig=\"1\" data-exlk=\"0\" style=\"border-color: #e51a1d;\" id=\"evc_179381520027918\" class=\"hasFtIMG desc_trig featured_event 1 sin_val evcal_list_a\" data-ux_val=\"3\"  ><span class='ev_ftImg' data-img='https:\/\/vea.qc.ca\/wp-content\/uploads\/2025\/03\/ottavio-3.jpg' data-thumb='https:\/\/vea.qc.ca\/wp-content\/uploads\/2025\/03\/ottavio-3-300x298.jpg' style='background-image:url(\"https:\/\/vea.qc.ca\/wp-content\/uploads\/2025\/03\/ottavio-3-300x298.jpg\")'><\/span><span class='evcal_cblock ' data-bgcolor='#e51a1d' data-smon='Novembre' data-syr='2026'><span class='evo_start '><em class='date'>04<\/em><em class='month'>Nov<\/em><em class='time'>18 h 00 min<\/em><\/span><em class='clear'><\/em><\/span><span class='evcal_desc evo_info hide_eventtopdata '  data-location_address=\"1134 Blvd. Marcel-Laurin, Saint-Laurent, QC H4R 1T3\" data-location_type=\"address\" data-location_name=\"Restaurant Ottavio\" data-location_status=\"true\" ><span class='evo_above_title'><span class='evo_event_headers featured'>VEA<\/span><\/span><span class='evcal_desc2 evcal_event_title' itemprop='name'>Members' Dinner - ''bring your own wine formulae''<\/span><span class='evo_below_title'><span class='evcal_event_subtitle' >\u201cFIRST WEDNESDAY\u201d OF THE MONTH DINNER MEETING - PLEASE NOTE THAT OUR MONTHLY DINNER WILL BE HELD AT THE OTTAVIO RESTAURANT AT 1134 MARCEL-LAURIN IN VILLE ST-LAURENT<\/span><\/span><span class='evcal_desc_info' ><em class='evcal_time'>18 h 00 min<\/em> <em class=\"evcal_location\"  data-add_str=\"1134 Blvd. Marcel-Laurin, Saint-Laurent, QC H4R 1T3\"><em class=\"event_location_name\">Restaurant Ottavio<\/em>, 1134 Blvd. Marcel-Laurin, Saint-Laurent, QC H4R 1T3<\/em><\/span><span class='evcal_desc3'><\/span><\/span><em class='clear'><\/em><\/a><\/p><div class='event_description evcal_eventcard ' style=\"display:none\"><div class='evo_metarow_directimg'><img src='https:\/\/vea.qc.ca\/wp-content\/uploads\/2025\/03\/ottavio-3.jpg' \/><\/div><div class='evo_metarow_details evorow evcal_evdata_row bordb evcal_event_details'>\r\r\n\t\t\t\t\t\t\t<div class=\"event_excerpt\" style=\"display:none\"><h3 class=\"padb5 evo_h3\">D\u00e9tails de l&#039;activit\u00e9<\/h3><p>PLEASE NOTE THAT OUR MONTHLY DINNER WILL BE HELD AT THE OTTAVIO RESTAURANT AT 1134 MARCEL-LAURIN IN VILLE ST-LAURENT<\/p><\/div><span class='evcal_evdata_icons'><i class='fa fa-align-justify'><\/i><\/span>\r\r\n\t\t\t\t\t\t\t\r\r\n\t\t\t\t\t\t\t<div class='evcal_evdata_cell '><div class='eventon_full_description'>\r\r\n\t\t\t\t\t\t\t\t\t<h3 class='padb5 evo_h3'><span class='evcal_evdata_icons'><i class='fa fa-align-justify'><\/i><\/span>D\u00e9tails de l&#039;activit\u00e9<\/h3><div class='eventon_desc_in' itemprop='description'>\r\r\n\t\t\t\t\t\t\t\t\t<h4 class=\"vc_custom_heading vc_do_custom_heading title-block-home-montclair vc_custom_1759966106772\">PLEASE NOTE THAT OUR MONTHLY DINNER WILL BE HELD AT THE OTTAVIO RESTAURANT AT 1134 MARCEL-LAURIN IN VILLE ST-LAURENT<\/h4>\n<\/div><div class='clear'><\/div>\r\r\n\t\t\t\t\t\t\t\t<\/div>\r\r\n\t\t\t\t\t\t\t<\/div>\r\r\n\t\t\t\t\t\t<\/div><div class='evo_metarow_time_location evorow bordb '>\r\r\n\t\t\t\t\t\t<div class='tb' >\r\r\n\t\t\t\t\t\t\t<div class='tbrow'>\r\r\n\t\t\t\t\t\t\t<div class='evcal_col50 bordr'>\r\r\n\t\t\t\t\t\t\t\t<div class='evcal_evdata_row evo_time'>\r\r\n\t\t\t\t\t\t\t\t\t<span class='evcal_evdata_icons'><i class='fa fa-clock-o'><\/i><\/span>\r\r\n\t\t\t\t\t\t\t\t\t<div class='evcal_evdata_cell'>\t\t\t\t\t\t\t\r\r\n\t\t\t\t\t\t\t\t\t\t<h3 class='evo_h3'><span class='evcal_evdata_icons'><i class='fa fa-clock-o'><\/i><\/span>Heure de d\u00e9but \/ fin<\/h3>\r\r\n\t\t\t\t\t\t\t\t\t\t<p>(Mercredi) 18 h 00 min<\/p>\r\r\n\t\t\t\t\t\t\t\t\t<\/div>\r\r\n\t\t\t\t\t\t\t\t<\/div>\r\r\n\t\t\t\t\t\t\t<\/div><div class='evcal_col50'>\r\r\n\t\t\t\t\t\t\t\t<div class='evcal_evdata_row evo_location'>\r\r\n\t\t\t\t\t\t\t\t\t<span class='evcal_evdata_icons'><i class='fa fa-map-marker'><\/i><\/span>\r\r\n\t\t\t\t\t\t\t\t\t<div class='evcal_evdata_cell' data-loc_tax_id='353'>\t\t\t\t\t\t\t\r\r\n\t\t\t\t\t\t\t\t\t\t<h3 class='evo_h3'><span class='evcal_evdata_icons'><i class='fa fa-map-marker'><\/i><\/span>Lieu<\/h3><p class='evo_location_name'>Restaurant Ottavio<\/p><p class='evo_location_address'>1134 Blvd. Marcel-Laurin, Saint-Laurent, QC H4R 1T3<\/p>\r\r\n\t\t\t\t\t\t\t\t\t<\/div>\r\r\n\t\t\t\t\t\t\t\t<\/div>\r\r\n\t\t\t\t\t\t\t<\/div><div class='clear'><\/div>\r\r\n\t\t\t\t\t\t\t<\/div><\/div>\r\r\n\t\t\t\t\t\t<\/div><div class='evo_metarow_gmap evorow evcal_gmaps bordb ' id='evc179381520069ec80fe1c23927918_gmap' style='max-width:none'><\/div><div class='evo_metarow_getDr evorow evcal_evdata_row bordb evcal_evrow_sm getdirections'>\r\r\n\t\t\t\t\t\t<form action='https:\/\/maps.google.com\/maps' method='get' target='_blank'>\r\r\n\t\t\t\t\t\t<input type='hidden' name='daddr' value=\"1134 Blvd. Marcel-Laurin, Saint-Laurent, QC H4R 1T3\"\/> \r\r\n\t\t\t\t\t\t<p><input class='evoInput' type='text' name='saddr' placeholder='Saisissez votre adresse' value=''\/>\r\r\n\t\t\t\t\t\t<button type='submit' class='evcal_evdata_icons evcalicon_9' title='Cliquez ici pour obtenir l&#039;itin\u00e9raire'><i class='fa fa-road'><\/i><\/button>\r\r\n\t\t\t\t\t\t<\/p><\/form>\r\r\n\t\t\t\t\t<\/div>\r\n\t\t\t\t\t\t<div class='evo_metarow_ICS evorow bordb evcal_evdata_row'>\r\r\n\t\t\t\t\t\t\t<span class=\"evcal_evdata_icons\"><i class=\"fa fa-calendar\"><\/i><\/span>\r\r\n\t\t\t\t\t\t\t<div class='evcal_evdata_cell'>\r\r\n\t\t\t\t\t\t\t\t<p><a href='https:\/\/vea.qc.ca\/wp-admin\/admin-ajax.php?action=eventon_ics_download&amp;event_id=27918&amp;sunix=20261104T230000Z&amp;eunix=20261105T045000Z&amp;loca=1134 Blvd. Marcel-Laurin, Saint-Laurent, QC H4R 1T3&amp;locn=Restaurant Ottavio' class='evo_ics_nCal' title='Ajouter \u00e0 votre calendrier'>Calendrier<\/a><a href='\/\/www.google.com\/calendar\/event?action=TEMPLATE&amp;text=Members%27+Dinner+-+%27%27bring+your+own+wine+formulae%27%27&amp;dates=20261104T230000Z\/20261105T045000Z&amp;details=PLEASE+NOTE+THAT+OUR+MONTHLY+DINNER+WILL+BE+HELD+AT+THE+OTTAVIO+RESTAURANT+AT+1134+MARCEL-LAURIN+IN+VILLE+ST-LAURENT&amp;location=Restaurant+Ottavio - 1134+Blvd.+Marcel-Laurin%2C+Saint-Laurent%2C+QC+H4R+1T3' target='_blank' class='evo_ics_gCal' title='Ajouter \u00e0 l&#039;agenda Google'>GoogleCal<\/a><\/p>\t\r\r\n\t\t\t\t\t\t\t<\/div>\r\n\t\t\t\t\t\t<\/div>\r\r\n\t\t\t\t\t\t<div class='bordb evo_metarow_socialmedia evcal_evdata_row  lastrow'><div class='evo_sm FacebookShare'><a class=\" evo_ss\" target=\"_blank\" onclick=\"javascript:window.open(this.href, '', 'left=50,top=50,width=600,height=350,toolbar=0');return false;\"\r\r\n\t\t\t\t\t\t\t\thref=\"http:\/\/www.facebook.com\/sharer.php?u=https%3A%2F%2Fvea.qc.ca%2Fen%2Factivities%2Fmembers-dinner-bring-your-own-wine-formulae-3%2F\" title=\"Partager sur Facebook\"><i class=\"fa fa-facebook\"><\/i><\/a><\/div><div class='evo_sm Twitter'><a class=\"tw evo_ss\" onclick=\"javascript:window.open(this.href, '', 'menubar=no,toolbar=no,resizable=yes,scrollbars=yes,height=300,width=600');return false;\" href=\"http:\/\/twitter.com\/share?text=Members&#8217; Dinner &#8211; &#8221;bring your own wine formulae&#8221;&#32;-&#32;&url=https%3A%2F%2Fvea.qc.ca%2Fen%2Factivities%2Fmembers-dinner-bring-your-own-wine-formulae-3%2F\" title=\"Partager sur twitter\" rel=\"nofollow\" target=\"_blank\" data-url=\"https%3A%2F%2Fvea.qc.ca%2Fen%2Factivities%2Fmembers-dinner-bring-your-own-wine-formulae-3%2F\"><i class=\"fa fa-twitter\"><\/i><\/a><\/div><div class='evo_sm LinkedIn'><a class=\"li evo_ss\" href=\"http:\/\/www.linkedin.com\/shareArticle?mini=true&url=https%3A%2F%2Fvea.qc.ca%2Fen%2Factivities%2Fmembers-dinner-bring-your-own-wine-formulae-3%2F&title=Members%26%238217%3B%20Dinner%20%26%238211%3B%20%26%238221%3Bbring%20your%20own%20wine%20formulae%26%238221%3B&summary=PLEASE+NOTE+THAT+OUR+MONTHLY+DINNER+WILL+BE+HELD+AT+THE+OTTAVIO\" target=\"_blank\" title=\"Partager sur Linkedin\"><i class=\"fa fa-linkedin\"><\/i><\/a><\/div><div class='evo_sm Google'><a class=\"gp evo_ss\" href=\"https:\/\/plus.google.com\/share?url=https%3A%2F%2Fvea.qc.ca%2Fen%2Factivities%2Fmembers-dinner-bring-your-own-wine-formulae-3%2F\" \r\r\n\t\t\t\t\t\t\t\tonclick=\"javascript:window.open(this.href, '', 'left=50,top=50,width=600,height=350,toolbar=0');return false;\" target=\"_blank\"><i class=\"fa fa-google-plus\" title=\"Partager sur Google Plus\"><\/i><\/a><\/div><div class='evo_sm EmailShare'><a class=\"em evo_ss\" href=\"mailto:?subject=Members%26#8217; Dinner %26#8211; %26#8221;bring your own wine formulae%26#8221;&body=Event Name: Members%26#8217; Dinner %26#8211; %26#8221;bring your own wine formulae%26#8221;%0AEvent Date: 4 Novembre 2026 18 H 00 Min%0ALink: https%3A%2F%2Fvea.qc.ca%2Fen%2Factivities%2Fmembers-dinner-bring-your-own-wine-formulae-3%2F%0A\" target=\"_blank\"><i class=\"fa fa-envelope\"><\/i><\/a><\/div><div class='clear'><\/div><div class='evcal_evdata_row evcal_close' title='Close'><\/div><\/div><\/div><div class='clear end'><\/div><\/div><div id=\"event_27935\" class=\"eventon_list_event evo_eventtop  event\" data-event_id=\"27935\" data-time=\"1795046401-1795391999\" data-colr=\"#e5191d\" itemscope itemtype='http:\/\/schema.org\/Event'><div class=\"evo_event_schema\" style=\"display:none\" ><a itemprop='url'  href='https:\/\/vea.qc.ca\/en\/activities\/retromobile-in-new-york-with-corine\/'><\/a><span itemprop='name'  >R\u00e9tromobile in New York with Corine<\/span><meta itemprop='image' content='https:\/\/vea.qc.ca\/wp-content\/uploads\/2025\/12\/retromobile.jpg' \/><meta itemprop='description' content='R\u00e9tromobile in New York with Corine' \/><meta itemprop='startDate' content='2026-11-19' \/><meta itemprop='endDate' content='2026-11-22' \/><meta itemprop='eventStatus' content='on-schedule' \/><script type=\"application\/ld+json\">{\t\"@context\": \"http:\/\/schema.org\",\r\r\n\t\t\t\t\t\t\t  \t\"@type\": \"Event\",\r\r\n\t\t\t\t\t\t\t  \t\"name\": \"R\u00e9tromobile in New York with Corine\",\r\r\n\t\t\t\t\t\t\t  \t\"startDate\": \"2026-11-19T00-00-00-00\",\r\r\n\t\t\t\t\t\t\t  \t\"endDate\": \"2026-11-22T23-23-59-00\",\r\r\n\t\t\t\t\t\t\t  \t\"image\":\"https:\/\/vea.qc.ca\/wp-content\/uploads\/2025\/12\/retromobile.jpg\",\r\r\n\t\t\t\t\t\t\t  \t\"description\":\"R\u00e9tromobile in New York with Corine\",\r\r\n\t\t\t\t\t\t\t  \t\r\r\n\t\t\t\t\t\t\t }<\/script><\/div>\r\r\n\t\t\t\t<p class=\"desc_trig_outter\"><a data-gmap_status=\"null\" data-exlk=\"0\" style=\"border-color: #e5191d;\" id=\"evc_179504640127935\" class=\"hasFtIMG desc_trig featured_event 1 mul_val evcal_list_a allday\" data-ux_val=\"3\"  ><span class='ev_ftImg' data-img='https:\/\/vea.qc.ca\/wp-content\/uploads\/2025\/12\/retromobile.jpg' data-thumb='https:\/\/vea.qc.ca\/wp-content\/uploads\/2025\/12\/retromobile-300x202.jpg' style='background-image:url(\"https:\/\/vea.qc.ca\/wp-content\/uploads\/2025\/12\/retromobile-300x202.jpg\")'><\/span><span class='evcal_cblock ' data-bgcolor='#e5191d' data-smon='Novembre' data-syr='2026'><span class='evo_start '><em class='date'>19<\/em><em class='month'>Nov<\/em><em class='time'>Toute la journ\u00e9e<\/em><\/span><span class='evo_end '><em class='date'>22<\/em><\/span><em class='clear'><\/em><\/span><span class='evcal_desc evo_info hide_eventtopdata '  data-location_status=\"false\" ><span class='evo_above_title'><span class='evo_event_headers featured'>VEA<\/span><\/span><span class='evcal_desc2 evcal_event_title' itemprop='name'>R\u00e9tromobile in New York with Corine<\/span><span class='evo_below_title'><span class='evcal_event_subtitle' >D\u00e9couvrez les ic\u00f4nes automobiles \u00e0 R\u00e9tromobile New York<\/span><\/span><span class='evcal_desc_info' ><em class='evcal_time'><em class='evcal_alldayevent_text'>(Toute la journ\u00e9e)<\/em><\/em> <\/span><span class='evcal_desc3'><\/span><\/span><em class='clear'><\/em><\/a><\/p><div class='event_description evcal_eventcard ' style=\"display:none\"><div class='evo_metarow_directimg'><img src='https:\/\/vea.qc.ca\/wp-content\/uploads\/2025\/12\/retromobile.jpg' \/><\/div><div class='evo_metarow_time evorow evcal_evdata_row bordb evcal_evrow_sm '>\r\r\n\t\t\t\t\t\t\t<span class='evcal_evdata_icons'><i class='fa fa-clock-o'><\/i><\/span>\r\r\n\t\t\t\t\t\t\t<div class='evcal_evdata_cell'>\t\t\t\t\t\t\t\r\r\n\t\t\t\t\t\t\t\t<h3 class='evo_h3'><span class='evcal_evdata_icons'><i class='fa fa-clock-o'><\/i><\/span>Heure de d\u00e9but \/ fin<\/h3><p>Novembre 19 (Jeudi) - 22 (Dimanche)<\/p>\r\r\n\t\t\t\t\t\t\t<\/div>\r\r\n\t\t\t\t\t\t<\/div><div class='evo_metarow_organizer evorow evcal_evdata_row bordb evcal_evrow_sm '>\r\r\n\t\t\t\t\t\t\t<span class='evcal_evdata_icons'><i class='fa fa-id-badge'><\/i><\/span>\r\r\n\t\t\t\t\t\t\t<div class='evcal_evdata_cell'>\t\t\t\t\t\t\t\r\r\n\t\t\t\t\t\t\t\t<h3 class='evo_h3'>Organisateur<\/h3>\r\r\n\t\t\t\t\t\t\t\t\r\r\n\t\t\t\t\t\t\t\t<div class='evo_card_organizer'><p class='evo_data_val evo_card_organizer_name'>\r\r\n\t\t\t\t\t\t\t\t\t<span class='evo_card_organizer_name_t'>Bernard Bellavance<\/span><span class='evo_card_organizer_contact'>info.vea.qc@gmail.com<\/span>\r\r\n\t\t\t\t\t\t\t\t\t\r\r\n\t\t\t\t\t\t\t\t\t<\/p><\/div><div class='clear'><\/div>\t\t\t\t\t\t\t\r\r\n\t\t\t\t\t\t\t<\/div>\r\r\n\t\t\t\t\t\t<\/div>\r\n\t\t\t\t\t\t<div class='evo_metarow_ICS evorow bordb evcal_evdata_row'>\r\r\n\t\t\t\t\t\t\t<span class=\"evcal_evdata_icons\"><i class=\"fa fa-calendar\"><\/i><\/span>\r\r\n\t\t\t\t\t\t\t<div class='evcal_evdata_cell'>\r\r\n\t\t\t\t\t\t\t\t<p><a href='https:\/\/vea.qc.ca\/wp-admin\/admin-ajax.php?action=eventon_ics_download&amp;event_id=27935&amp;sunix=20261119T050000Z&amp;eunix=20261123T045900Z&amp;loca=&amp;locn=' class='evo_ics_nCal' title='Ajouter \u00e0 votre calendrier'>Calendrier<\/a><a href='\/\/www.google.com\/calendar\/event?action=TEMPLATE&amp;text=R%C3%A9tromobile+in+New+York+with+Corine&amp;dates=20261119T050000Z\/20261123T045900Z&amp;details=R%C3%A9tromobile+in+New+York+with+Corine&amp;location= - ' target='_blank' class='evo_ics_gCal' title='Ajouter \u00e0 l&#039;agenda Google'>GoogleCal<\/a><\/p>\t\r\r\n\t\t\t\t\t\t\t<\/div>\r\n\t\t\t\t\t\t<\/div>\r\r\n\t\t\t\t\t\t<div class='bordb evo_metarow_socialmedia evcal_evdata_row  lastrow'><div class='evo_sm FacebookShare'><a class=\" evo_ss\" target=\"_blank\" onclick=\"javascript:window.open(this.href, '', 'left=50,top=50,width=600,height=350,toolbar=0');return false;\"\r\r\n\t\t\t\t\t\t\t\thref=\"http:\/\/www.facebook.com\/sharer.php?u=https%3A%2F%2Fvea.qc.ca%2Fen%2Factivities%2Fretromobile-in-new-york-with-corine%2F\" title=\"Partager sur Facebook\"><i class=\"fa fa-facebook\"><\/i><\/a><\/div><div class='evo_sm Twitter'><a class=\"tw evo_ss\" onclick=\"javascript:window.open(this.href, '', 'menubar=no,toolbar=no,resizable=yes,scrollbars=yes,height=300,width=600');return false;\" href=\"http:\/\/twitter.com\/share?text=R\u00e9tromobile in New York with Corine&#32;-&#32;&url=https%3A%2F%2Fvea.qc.ca%2Fen%2Factivities%2Fretromobile-in-new-york-with-corine%2F\" title=\"Partager sur twitter\" rel=\"nofollow\" target=\"_blank\" data-url=\"https%3A%2F%2Fvea.qc.ca%2Fen%2Factivities%2Fretromobile-in-new-york-with-corine%2F\"><i class=\"fa fa-twitter\"><\/i><\/a><\/div><div class='evo_sm LinkedIn'><a class=\"li evo_ss\" href=\"http:\/\/www.linkedin.com\/shareArticle?mini=true&url=https%3A%2F%2Fvea.qc.ca%2Fen%2Factivities%2Fretromobile-in-new-york-with-corine%2F&title=R%C3%A9tromobile%20in%20New%20York%20with%20Corine&summary=--\" target=\"_blank\" title=\"Partager sur Linkedin\"><i class=\"fa fa-linkedin\"><\/i><\/a><\/div><div class='evo_sm Google'><a class=\"gp evo_ss\" href=\"https:\/\/plus.google.com\/share?url=https%3A%2F%2Fvea.qc.ca%2Fen%2Factivities%2Fretromobile-in-new-york-with-corine%2F\" \r\r\n\t\t\t\t\t\t\t\tonclick=\"javascript:window.open(this.href, '', 'left=50,top=50,width=600,height=350,toolbar=0');return false;\" target=\"_blank\"><i class=\"fa fa-google-plus\" title=\"Partager sur Google Plus\"><\/i><\/a><\/div><div class='evo_sm EmailShare'><a class=\"em evo_ss\" href=\"mailto:?subject=R\u00e9tromobile in New York with Corine&body=Event Name: R\u00e9tromobile in New York with Corine%0AEvent Date: 19 Novembre 2026 (Toute La Journ\u00e9e) - 22 Novembre 2026 (Toute La Journ\u00e9e)%0ALink: https%3A%2F%2Fvea.qc.ca%2Fen%2Factivities%2Fretromobile-in-new-york-with-corine%2F%0A\" target=\"_blank\"><i class=\"fa fa-envelope\"><\/i><\/a><\/div><div class='clear'><\/div><div class='evcal_evdata_row evcal_close' title='Close'><\/div><\/div><\/div><div class='clear end'><\/div><\/div><\/div><div class='evcal_month_line'><p>D\u00e9cembre 2026<\/p><\/div><div id='evcal_list' class='evcal_list_month eventon_events_list '><div id=\"event_27936\" class=\"eventon_list_event evo_eventtop  event\" data-event_id=\"27936\" data-time=\"1796234400-1796255400\" data-colr=\"#e51a1d\" itemscope itemtype='http:\/\/schema.org\/Event'><div class=\"evo_event_schema\" style=\"display:none\" ><a itemprop='url'  href='https:\/\/vea.qc.ca\/en\/activities\/holiday-dinner-2\/'><\/a><span itemprop='name'  >Holiday Dinner!<\/span><meta itemprop='image' content='https:\/\/vea.qc.ca\/wp-content\/uploads\/2023\/12\/souper-fetes-2024-3-Capture-decran-2024-01-01-154457.jpg' \/><meta itemprop='description' content='Join your fellow VEA members and their spouses for a festive evening.\r\n\r\nAddress: 1134 Marcel Laurin, corner of C\u00f4te Vertu\r\n\r\nTime: Please arrive between 6:00 and 6:30 PM\r\n\r\nTheme: We encourage you to' \/><meta itemprop='startDate' content='2026-12-2T18:00' \/><meta itemprop='endDate' content='2026-12-2T23:50' \/><meta itemprop='eventStatus' content='on-schedule' \/><script type=\"application\/ld+json\">{\t\"@context\": \"http:\/\/schema.org\",\r\r\n\t\t\t\t\t\t\t  \t\"@type\": \"Event\",\r\r\n\t\t\t\t\t\t\t  \t\"name\": \"Holiday Dinner!\",\r\r\n\t\t\t\t\t\t\t  \t\"startDate\": \"2026-12-2T18-18-00-00\",\r\r\n\t\t\t\t\t\t\t  \t\"endDate\": \"2026-12-2T23-23-50-00\",\r\r\n\t\t\t\t\t\t\t  \t\"image\":\"https:\/\/vea.qc.ca\/wp-content\/uploads\/2023\/12\/souper-fetes-2024-3-Capture-decran-2024-01-01-154457.jpg\",\r\r\n\t\t\t\t\t\t\t  \t\"description\":\"Join your fellow VEA members and their spouses for a festive evening.\r\n\r\nAddress: 1134 Marcel Laurin, corner of C\u00f4te Vertu\r\n\r\nTime: Please arrive between 6:00 and 6:30 PM\r\n\r\nTheme: We encourage you to\",\r\r\n\t\t\t\t\t\t\t  \t\r\r\n\t\t\t\t\t\t\t }<\/script><\/div>\r\r\n\t\t\t\t<p class=\"desc_trig_outter\"><a data-gmap_status=\"null\" data-exlk=\"0\" style=\"border-color: #e51a1d;\" id=\"evc_179623440027936\" class=\"hasFtIMG desc_trig featured_event 1 sin_val evcal_list_a\" data-ux_val=\"3\"  ><span class='ev_ftImg' data-img='https:\/\/vea.qc.ca\/wp-content\/uploads\/2023\/12\/souper-fetes-2024-3-Capture-decran-2024-01-01-154457.jpg' data-thumb='https:\/\/vea.qc.ca\/wp-content\/uploads\/2023\/12\/souper-fetes-2024-3-Capture-decran-2024-01-01-154457.jpg' style='background-image:url(\"https:\/\/vea.qc.ca\/wp-content\/uploads\/2023\/12\/souper-fetes-2024-3-Capture-decran-2024-01-01-154457.jpg\")'><\/span><span class='evcal_cblock ' data-bgcolor='#e51a1d' data-smon='D\u00e9cembre' data-syr='2026'><span class='evo_start '><em class='date'>02<\/em><em class='month'>D\u00e9c<\/em><em class='time'>18 h 00 min<\/em><\/span><em class='clear'><\/em><\/span><span class='evcal_desc evo_info hide_eventtopdata '  data-location_status=\"false\" ><span class='evo_above_title'><span class='evo_event_headers featured'>VEA<\/span><\/span><span class='evcal_desc2 evcal_event_title' itemprop='name'>Holiday Dinner!<\/span><span class='evo_below_title'><span class='evcal_event_subtitle' >At Ottavio Restaurant, \"bring your own wine or beer.\" Join your fellow VEA members and their partners for a festive evening. Address: 1134 Marcel Laurin, corner of C\u00f4te Vertu<\/span><\/span><span class='evcal_desc_info' ><em class='evcal_time'>18 h 00 min<\/em> <\/span><span class='evcal_desc3'><\/span><\/span><em class='clear'><\/em><\/a><\/p><div class='event_description evcal_eventcard ' style=\"display:none\"><div class='evo_metarow_directimg'><img src='https:\/\/vea.qc.ca\/wp-content\/uploads\/2023\/12\/souper-fetes-2024-3-Capture-decran-2024-01-01-154457.jpg' \/><\/div><div class='evo_metarow_details evorow evcal_evdata_row bordb evcal_event_details'>\r\r\n\t\t\t\t\t\t\t<div class=\"event_excerpt\" style=\"display:none\"><h3 class=\"padb5 evo_h3\">D\u00e9tails de l&#039;activit\u00e9<\/h3><p>Join your fellow VEA members and their spouses for a festive evening.\r\n\r\nAddress: 1134 Marcel Laurin, corner of C\u00f4te Vertu\r\n\r\nTime: Please arrive between 6:00 and 6:30 PM\r\n\r\nTheme: We encourage you to<\/p><\/div><span class='evcal_evdata_icons'><i class='fa fa-align-justify'><\/i><\/span>\r\r\n\t\t\t\t\t\t\t\r\r\n\t\t\t\t\t\t\t<div class='evcal_evdata_cell '><div class='eventon_full_description'>\r\r\n\t\t\t\t\t\t\t\t\t<h3 class='padb5 evo_h3'><span class='evcal_evdata_icons'><i class='fa fa-align-justify'><\/i><\/span>D\u00e9tails de l&#039;activit\u00e9<\/h3><div class='eventon_desc_in' itemprop='description'>\r\r\n\t\t\t\t\t\t\t\t\t<p>Join your fellow VEA members and their spouses for a festive evening.<\/p>\n<p>Address: 1134 Marcel Laurin, corner of C\u00f4te Vertu<\/p>\n<p>Time: Please arrive between 6:00 and 6:30 PM<\/p>\n<p>Theme: We encourage you to incorporate a Christmas decoration into your outfit.<\/p>\n<p>As in previous years, each member will leave the party with a gift.<\/p>\n<p><strong>Upon arrival, you will be able to renew your VEA membership by check or cash.<\/strong><\/p>\n<p>&nbsp;<\/p>\n<\/div><div class='clear'><\/div>\r\r\n\t\t\t\t\t\t\t\t<\/div>\r\r\n\t\t\t\t\t\t\t<\/div>\r\r\n\t\t\t\t\t\t<\/div><div class='evo_metarow_time evorow evcal_evdata_row bordb evcal_evrow_sm '>\r\r\n\t\t\t\t\t\t\t<span class='evcal_evdata_icons'><i class='fa fa-clock-o'><\/i><\/span>\r\r\n\t\t\t\t\t\t\t<div class='evcal_evdata_cell'>\t\t\t\t\t\t\t\r\r\n\t\t\t\t\t\t\t\t<h3 class='evo_h3'><span class='evcal_evdata_icons'><i class='fa fa-clock-o'><\/i><\/span>Heure de d\u00e9but \/ fin<\/h3><p>(Mercredi) 18 h 00 min<\/p>\r\r\n\t\t\t\t\t\t\t<\/div>\r\r\n\t\t\t\t\t\t<\/div><div class='evo_metarow_organizer evorow evcal_evdata_row bordb evcal_evrow_sm '>\r\r\n\t\t\t\t\t\t\t<span class='evcal_evdata_icons'><i class='fa fa-id-badge'><\/i><\/span>\r\r\n\t\t\t\t\t\t\t<div class='evcal_evdata_cell'>\t\t\t\t\t\t\t\r\r\n\t\t\t\t\t\t\t\t<h3 class='evo_h3'>Organisateur<\/h3>\r\r\n\t\t\t\t\t\t\t\t\r\r\n\t\t\t\t\t\t\t\t<div class='evo_card_organizer'><p class='evo_data_val evo_card_organizer_name'>\r\r\n\t\t\t\t\t\t\t\t\t<span class='evo_card_organizer_name_t'>Michel Cyr<\/span>\r\r\n\t\t\t\t\t\t\t\t\t\r\r\n\t\t\t\t\t\t\t\t\t<\/p><\/div><div class='clear'><\/div>\t\t\t\t\t\t\t\r\r\n\t\t\t\t\t\t\t<\/div>\r\r\n\t\t\t\t\t\t<\/div><div class='evo_metarow_cusF5 evorow evcal_evdata_row bordb evcal_evrow_sm '>\r\r\n\t\t\t\t\t\t<span class='evcal_evdata_custometa_icons'><i class='fa fa-warning'><\/i><\/span>\r\r\n\t\t\t\t\t\t<div class='evcal_evdata_cell'>\t\t\t\t\t\t\t\r\r\n\t\t\t\t\t\t\t<h3 class='evo_h3'>Information additionnelles<\/h3><div class='evo_custom_content evo_data_val'><p><em>Si vous devez annulez le jour m\u00eame de l&#8217;\u00e9v\u00e9nement envoyer un texto \u00e0 Michel Cyr<\/em><br \/>\n<em>au 514-923-0403 afin de ne pas retarder le d\u00e9part.<\/em><\/p>\n<\/div><\/div><\/div>\r\n\t\t\t\t\t\t<div class='evo_metarow_ICS evorow bordb evcal_evdata_row'>\r\r\n\t\t\t\t\t\t\t<span class=\"evcal_evdata_icons\"><i class=\"fa fa-calendar\"><\/i><\/span>\r\r\n\t\t\t\t\t\t\t<div class='evcal_evdata_cell'>\r\r\n\t\t\t\t\t\t\t\t<p><a href='https:\/\/vea.qc.ca\/wp-admin\/admin-ajax.php?action=eventon_ics_download&amp;event_id=27936&amp;sunix=20261202T230000Z&amp;eunix=20261203T045000Z&amp;loca=&amp;locn=' class='evo_ics_nCal' title='Ajouter \u00e0 votre calendrier'>Calendrier<\/a><a href='\/\/www.google.com\/calendar\/event?action=TEMPLATE&amp;text=Holiday+Dinner%21&amp;dates=20261202T230000Z\/20261203T045000Z&amp;details=Join+your+fellow+VEA+members+and+their+spouses+for+a+festive+evening.%0D%0A%0D%0AAddress%3A+1134+Marcel+Laurin%2C+corner+of+C%C3%B4te+Vertu%0D%0A%0D%0ATime%3A+Please+arrive+between+6%3A00+and+6%3A30+PM%0D%0A%0D%0ATheme%3A+We+encourage+you+to&amp;location= - ' target='_blank' class='evo_ics_gCal' title='Ajouter \u00e0 l&#039;agenda Google'>GoogleCal<\/a><\/p>\t\r\r\n\t\t\t\t\t\t\t<\/div>\r\n\t\t\t\t\t\t<\/div>\r\r\n\t\t\t\t\t\t<div class='bordb evo_metarow_socialmedia evcal_evdata_row  lastrow'><div class='evo_sm FacebookShare'><a class=\" evo_ss\" target=\"_blank\" onclick=\"javascript:window.open(this.href, '', 'left=50,top=50,width=600,height=350,toolbar=0');return false;\"\r\r\n\t\t\t\t\t\t\t\thref=\"http:\/\/www.facebook.com\/sharer.php?u=https%3A%2F%2Fvea.qc.ca%2Fen%2Factivities%2Fholiday-dinner-2%2F\" title=\"Partager sur Facebook\"><i class=\"fa fa-facebook\"><\/i><\/a><\/div><div class='evo_sm Twitter'><a class=\"tw evo_ss\" onclick=\"javascript:window.open(this.href, '', 'menubar=no,toolbar=no,resizable=yes,scrollbars=yes,height=300,width=600');return false;\" href=\"http:\/\/twitter.com\/share?text=Holiday Dinner!&#32;-&#32;&url=https%3A%2F%2Fvea.qc.ca%2Fen%2Factivities%2Fholiday-dinner-2%2F\" title=\"Partager sur twitter\" rel=\"nofollow\" target=\"_blank\" data-url=\"https%3A%2F%2Fvea.qc.ca%2Fen%2Factivities%2Fholiday-dinner-2%2F\"><i class=\"fa fa-twitter\"><\/i><\/a><\/div><div class='evo_sm LinkedIn'><a class=\"li evo_ss\" href=\"http:\/\/www.linkedin.com\/shareArticle?mini=true&url=https%3A%2F%2Fvea.qc.ca%2Fen%2Factivities%2Fholiday-dinner-2%2F&title=Holiday%20Dinner%21&summary=Join+your+fellow+VEA+members+and+their+spouses+for+a+festive+evening.%0AAddress%3A+1134+Marcel+Laurin%2C+corner\" target=\"_blank\" title=\"Partager sur Linkedin\"><i class=\"fa fa-linkedin\"><\/i><\/a><\/div><div class='evo_sm Google'><a class=\"gp evo_ss\" href=\"https:\/\/plus.google.com\/share?url=https%3A%2F%2Fvea.qc.ca%2Fen%2Factivities%2Fholiday-dinner-2%2F\" \r\r\n\t\t\t\t\t\t\t\tonclick=\"javascript:window.open(this.href, '', 'left=50,top=50,width=600,height=350,toolbar=0');return false;\" target=\"_blank\"><i class=\"fa fa-google-plus\" title=\"Partager sur Google Plus\"><\/i><\/a><\/div><div class='evo_sm EmailShare'><a class=\"em evo_ss\" href=\"mailto:?subject=Holiday Dinner!&body=Event Name: Holiday Dinner!%0AEvent Date: 2 D\u00e9cembre 2026 18 H 00 Min%0ALink: https%3A%2F%2Fvea.qc.ca%2Fen%2Factivities%2Fholiday-dinner-2%2F%0A\" target=\"_blank\"><i class=\"fa fa-envelope\"><\/i><\/a><\/div><div class='clear'><\/div><div class='evcal_evdata_row evcal_close' title='Close'><\/div><\/div><\/div><div class='clear end'><\/div><\/div><\/div><div class='clear'><\/div><\/div><!-- ajde_evcal_calendar-->[\/vc_column_text][\/vc_column][\/vc_row][vc_row desktop_visibility=&#8221;hide&#8221; tablet_visibility=&#8221;hide&#8221; padding_bottom=&#8221;50px&#8221;][vc_column][vc_column_text]<div id='evcal_calendar_129' class='list_cal ajde_evcal_calendar  ul' ><div class='evo-data' data-cyear=\"2026\" data-cmonth=\"4\" data-runajax=\"1\" data-evc_open=\"0\" data-cal_ver=\"2.6.15\" data-mapscroll=\"false\" data-mapformat=\"roadmap\" data-mapzoom=\"12\" data-mapiconurl=\"\" data-ev_cnt=\"0\" data-show_limit=\"no\" data-tiles=\"no\" data-sort_by=\"sort_date\" data-filters_on=\"false\" data-range_start=\"0\" data-range_end=\"0\" data-send_unix=\"0\" data-ux_val=\"3\" data-accord=\"0\" data-rtl=\"no\"  ><\/div><div id='evcal_head' class='calendar_header ' ><div class='evo_cal_above'><span class='evo-gototoday-btn' style='display:none' data-mo='4' data-yr='2026' data-dy=''>Mois en cours<\/span><\/div><div class='evo_cal_above_content'><\/div><div class='cal_arguments' style='display:none' data-hide_past=\"no\" data-show_et_ft_img=\"no\" data-event_order=\"ASC\" data-ft_event_priority=\"no\" data-lang=\"L1\" data-month_incre=\"0\" data-only_ft=\"no\" data-hide_ft=\"no\" data-evc_open=\"no\" data-show_limit=\"no\" data-etc_override=\"no\" data-show_limit_redir=\"0\" data-tiles=\"no\" data-tile_height=\"0\" data-tile_bg=\"0\" data-tile_count=\"2\" data-tile_style=\"0\" data-s=\"\" data-members_only=\"no\" data-ux_val=\"3\" data-show_limit_ajax=\"no\" data-show_limit_paged=\"1\" data-hide_mult_occur=\"no\" data-show_repeats=\"no\" data-hide_end_time=\"no\" ><\/div><div class='clear'><\/div><\/div><div class='evcal_month_line'><p>Avril 2026<\/p><\/div><div id='evcal_list' class='evcal_list_month eventon_events_list '><div id=\"event_27917\" class=\"eventon_list_event evo_eventtop past_event event\" data-event_id=\"27917\" data-time=\"1775066400-1775087400\" data-colr=\"#e51a1d\" itemscope itemtype='http:\/\/schema.org\/Event'><div class=\"evo_event_schema\" style=\"display:none\" ><a itemprop='url'  href='https:\/\/vea.qc.ca\/en\/activities\/members-dinner-bring-your-own-wine-formulae-2\/'><\/a><span itemprop='name'  >Members' Dinner - ''bring your own wine formulae''<\/span><meta itemprop='image' content='https:\/\/vea.qc.ca\/wp-content\/uploads\/2025\/03\/ottavio-3.jpg' \/><meta itemprop='description' content='PLEASE NOTE THAT OUR MONTHLY DINNER WILL BE HELD AT THE OTTAVIO RESTAURANT AT 1134 MARCEL-LAURIN IN VILLE ST-LAURENT' \/><meta itemprop='startDate' content='2026-4-1T18:00' \/><meta itemprop='endDate' content='2026-4-1T23:50' \/><meta itemprop='eventStatus' content='on-schedule' \/>\r\r\n\t\t\t\t\t\t\t\t\t<item style=\"display:none\" itemprop=\"location\" itemscope itemtype=\"http:\/\/schema.org\/Place\">\r\r\n\t\t\t\t\t\t\t\t\t\t<span itemprop=\"name\">Restaurant Ottavio<\/span>\r\r\n\t\t\t\t\t\t\t\t\t\t<span itemprop=\"address\" itemscope itemtype=\"http:\/\/schema.org\/PostalAddress\">\r\r\n\t\t\t\t\t\t\t\t\t\t\t<item itemprop=\"streetAddress\">1134 Blvd. Marcel-Laurin, Saint-Laurent, QC H4R 1T3<\/item>\r\r\n\t\t\t\t\t\t\t\t\t\t<\/span><\/item><script type=\"application\/ld+json\">{\t\"@context\": \"http:\/\/schema.org\",\r\r\n\t\t\t\t\t\t\t  \t\"@type\": \"Event\",\r\r\n\t\t\t\t\t\t\t  \t\"name\": \"Members' Dinner - ''bring your own wine formulae''\",\r\r\n\t\t\t\t\t\t\t  \t\"startDate\": \"2026-4-1T18-18-00-00\",\r\r\n\t\t\t\t\t\t\t  \t\"endDate\": \"2026-4-1T23-23-50-00\",\r\r\n\t\t\t\t\t\t\t  \t\"image\":\"https:\/\/vea.qc.ca\/wp-content\/uploads\/2025\/03\/ottavio-3.jpg\",\r\r\n\t\t\t\t\t\t\t  \t\"description\":\"PLEASE NOTE THAT OUR MONTHLY DINNER WILL BE HELD AT THE OTTAVIO RESTAURANT AT 1134 MARCEL-LAURIN IN VILLE ST-LAURENT\",\r\r\n\t\t\t\t\t\t\t  \t\"location\":{\r\r\n\t\t\t\t\t\t\t\t\t\t\"@type\":\"Place\",\r\r\n\t\t\t\t\t\t\t\t\t\t\"name\":\"Restaurant Ottavio\",\r\r\n\t\t\t\t\t\t\t\t\t\t\"address\":\"1134 Blvd. Marcel-Laurin, Saint-Laurent, QC H4R 1T3\"\r\r\n\t\t\t\t\t\t\t  \t\t}\r\r\n\t\t\t\t\t\t\t }<\/script><\/div>\r\r\n\t\t\t\t<p class=\"desc_trig_outter\"><a data-gmtrig=\"1\" data-exlk=\"0\" style=\"border-color: #e51a1d;\" id=\"evc_177506640027917\" class=\"desc_trig featured_event 1 sin_val evcal_list_a\" data-ux_val=\"3\"  ><span class='evcal_cblock ' data-bgcolor='#e51a1d' data-smon='Avril' data-syr='2026'><span class='evo_start '><em class='date'>01<\/em><em class='month'>Avr<\/em><em class='time'>18 h 00 min<\/em><\/span><em class='clear'><\/em><\/span><span class='evcal_desc evo_info hide_eventtopdata '  data-location_address=\"1134 Blvd. Marcel-Laurin, Saint-Laurent, QC H4R 1T3\" data-location_type=\"address\" data-location_name=\"Restaurant Ottavio\" data-location_status=\"true\" ><span class='evo_above_title'><span class='evo_event_headers featured'>VEA<\/span><\/span><span class='evcal_desc2 evcal_event_title' itemprop='name'>Members' Dinner - ''bring your own wine formulae''<\/span><span class='evo_below_title'><span class='evcal_event_subtitle' >\u201cFIRST WEDNESDAY\u201d OF THE MONTH DINNER MEETING - PLEASE NOTE THAT OUR MONTHLY DINNER WILL BE HELD AT THE OTTAVIO RESTAURANT AT 1134 MARCEL-LAURIN IN VILLE ST-LAURENT<\/span><\/span><span class='evcal_desc_info' ><em class='evcal_time'>18 h 00 min<\/em> <em class=\"evcal_location\"  data-add_str=\"1134 Blvd. Marcel-Laurin, Saint-Laurent, QC H4R 1T3\"><em class=\"event_location_name\">Restaurant Ottavio<\/em>, 1134 Blvd. Marcel-Laurin, Saint-Laurent, QC H4R 1T3<\/em><\/span><span class='evcal_desc3'><\/span><\/span><em class='clear'><\/em><\/a><\/p><div class='event_description evcal_eventcard ' style=\"display:none\"><div class='evo_metarow_directimg'><img src='https:\/\/vea.qc.ca\/wp-content\/uploads\/2025\/03\/ottavio-3.jpg' \/><\/div><div class='evo_metarow_details evorow evcal_evdata_row bordb evcal_event_details'>\r\r\n\t\t\t\t\t\t\t<div class=\"event_excerpt\" style=\"display:none\"><h3 class=\"padb5 evo_h3\">D\u00e9tails de l&#039;activit\u00e9<\/h3><p>PLEASE NOTE THAT OUR MONTHLY DINNER WILL BE HELD AT THE OTTAVIO RESTAURANT AT 1134 MARCEL-LAURIN IN VILLE ST-LAURENT<\/p><\/div><span class='evcal_evdata_icons'><i class='fa fa-align-justify'><\/i><\/span>\r\r\n\t\t\t\t\t\t\t\r\r\n\t\t\t\t\t\t\t<div class='evcal_evdata_cell '><div class='eventon_full_description'>\r\r\n\t\t\t\t\t\t\t\t\t<h3 class='padb5 evo_h3'><span class='evcal_evdata_icons'><i class='fa fa-align-justify'><\/i><\/span>D\u00e9tails de l&#039;activit\u00e9<\/h3><div class='eventon_desc_in' itemprop='description'>\r\r\n\t\t\t\t\t\t\t\t\t<h4 class=\"vc_custom_heading vc_do_custom_heading title-block-home-montclair vc_custom_1759966106772\">PLEASE NOTE THAT OUR MONTHLY DINNER WILL BE HELD AT THE OTTAVIO RESTAURANT AT 1134 MARCEL-LAURIN IN VILLE ST-LAURENT<\/h4>\n<\/div><div class='clear'><\/div>\r\r\n\t\t\t\t\t\t\t\t<\/div>\r\r\n\t\t\t\t\t\t\t<\/div>\r\r\n\t\t\t\t\t\t<\/div><div class='evo_metarow_time_location evorow bordb '>\r\r\n\t\t\t\t\t\t<div class='tb' >\r\r\n\t\t\t\t\t\t\t<div class='tbrow'>\r\r\n\t\t\t\t\t\t\t<div class='evcal_col50 bordr'>\r\r\n\t\t\t\t\t\t\t\t<div class='evcal_evdata_row evo_time'>\r\r\n\t\t\t\t\t\t\t\t\t<span class='evcal_evdata_icons'><i class='fa fa-clock-o'><\/i><\/span>\r\r\n\t\t\t\t\t\t\t\t\t<div class='evcal_evdata_cell'>\t\t\t\t\t\t\t\r\r\n\t\t\t\t\t\t\t\t\t\t<h3 class='evo_h3'><span class='evcal_evdata_icons'><i class='fa fa-clock-o'><\/i><\/span>Heure de d\u00e9but \/ fin<\/h3>\r\r\n\t\t\t\t\t\t\t\t\t\t<p>(Mercredi) 18 h 00 min<\/p>\r\r\n\t\t\t\t\t\t\t\t\t<\/div>\r\r\n\t\t\t\t\t\t\t\t<\/div>\r\r\n\t\t\t\t\t\t\t<\/div><div class='evcal_col50'>\r\r\n\t\t\t\t\t\t\t\t<div class='evcal_evdata_row evo_location'>\r\r\n\t\t\t\t\t\t\t\t\t<span class='evcal_evdata_icons'><i class='fa fa-map-marker'><\/i><\/span>\r\r\n\t\t\t\t\t\t\t\t\t<div class='evcal_evdata_cell' data-loc_tax_id='353'>\t\t\t\t\t\t\t\r\r\n\t\t\t\t\t\t\t\t\t\t<h3 class='evo_h3'><span class='evcal_evdata_icons'><i class='fa fa-map-marker'><\/i><\/span>Lieu<\/h3><p class='evo_location_name'>Restaurant Ottavio<\/p><p class='evo_location_address'>1134 Blvd. Marcel-Laurin, Saint-Laurent, QC H4R 1T3<\/p>\r\r\n\t\t\t\t\t\t\t\t\t<\/div>\r\r\n\t\t\t\t\t\t\t\t<\/div>\r\r\n\t\t\t\t\t\t\t<\/div><div class='clear'><\/div>\r\r\n\t\t\t\t\t\t\t<\/div><\/div>\r\r\n\t\t\t\t\t\t<\/div><div class='evo_metarow_gmap evorow evcal_gmaps bordb ' id='evc177506640069ec80fe3e2d327917_gmap' style='max-width:none'><\/div><div class='evo_metarow_getDr evorow evcal_evdata_row bordb evcal_evrow_sm getdirections'>\r\r\n\t\t\t\t\t\t<form action='https:\/\/maps.google.com\/maps' method='get' target='_blank'>\r\r\n\t\t\t\t\t\t<input type='hidden' name='daddr' value=\"1134 Blvd. Marcel-Laurin, Saint-Laurent, QC H4R 1T3\"\/> \r\r\n\t\t\t\t\t\t<p><input class='evoInput' type='text' name='saddr' placeholder='Saisissez votre adresse' value=''\/>\r\r\n\t\t\t\t\t\t<button type='submit' class='evcal_evdata_icons evcalicon_9' title='Cliquez ici pour obtenir l&#039;itin\u00e9raire'><i class='fa fa-road'><\/i><\/button>\r\r\n\t\t\t\t\t\t<\/p><\/form>\r\r\n\t\t\t\t\t<\/div>\r\n\t\t\t\t\t\t<div class='evo_metarow_ICS evorow bordb evcal_evdata_row'>\r\r\n\t\t\t\t\t\t\t<span class=\"evcal_evdata_icons\"><i class=\"fa fa-calendar\"><\/i><\/span>\r\r\n\t\t\t\t\t\t\t<div class='evcal_evdata_cell'>\r\r\n\t\t\t\t\t\t\t\t<p><a href='https:\/\/vea.qc.ca\/wp-admin\/admin-ajax.php?action=eventon_ics_download&amp;event_id=27917&amp;sunix=20260401T230000Z&amp;eunix=20260402T045000Z&amp;loca=1134 Blvd. Marcel-Laurin, Saint-Laurent, QC H4R 1T3&amp;locn=Restaurant Ottavio' class='evo_ics_nCal' title='Ajouter \u00e0 votre calendrier'>Calendrier<\/a><a href='\/\/www.google.com\/calendar\/event?action=TEMPLATE&amp;text=Members%27+Dinner+-+%27%27bring+your+own+wine+formulae%27%27&amp;dates=20260401T230000Z\/20260402T045000Z&amp;details=PLEASE+NOTE+THAT+OUR+MONTHLY+DINNER+WILL+BE+HELD+AT+THE+OTTAVIO+RESTAURANT+AT+1134+MARCEL-LAURIN+IN+VILLE+ST-LAURENT&amp;location=Restaurant+Ottavio - 1134+Blvd.+Marcel-Laurin%2C+Saint-Laurent%2C+QC+H4R+1T3' target='_blank' class='evo_ics_gCal' title='Ajouter \u00e0 l&#039;agenda Google'>GoogleCal<\/a><\/p>\t\r\r\n\t\t\t\t\t\t\t<\/div>\r\n\t\t\t\t\t\t<\/div>\r\r\n\t\t\t\t\t\t<div class='bordb evo_metarow_socialmedia evcal_evdata_row  lastrow'><div class='evo_sm FacebookShare'><a class=\" evo_ss\" target=\"_blank\" onclick=\"javascript:window.open(this.href, '', 'left=50,top=50,width=600,height=350,toolbar=0');return false;\"\r\r\n\t\t\t\t\t\t\t\thref=\"http:\/\/www.facebook.com\/sharer.php?u=https%3A%2F%2Fvea.qc.ca%2Fen%2Factivities%2Fmembers-dinner-bring-your-own-wine-formulae-2%2F\" title=\"Partager sur Facebook\"><i class=\"fa fa-facebook\"><\/i><\/a><\/div><div class='evo_sm Twitter'><a class=\"tw evo_ss\" onclick=\"javascript:window.open(this.href, '', 'menubar=no,toolbar=no,resizable=yes,scrollbars=yes,height=300,width=600');return false;\" href=\"http:\/\/twitter.com\/share?text=Members&#8217; Dinner &#8211; &#8221;bring your own wine formulae&#8221;&#32;-&#32;&url=https%3A%2F%2Fvea.qc.ca%2Fen%2Factivities%2Fmembers-dinner-bring-your-own-wine-formulae-2%2F\" title=\"Partager sur twitter\" rel=\"nofollow\" target=\"_blank\" data-url=\"https%3A%2F%2Fvea.qc.ca%2Fen%2Factivities%2Fmembers-dinner-bring-your-own-wine-formulae-2%2F\"><i class=\"fa fa-twitter\"><\/i><\/a><\/div><div class='evo_sm LinkedIn'><a class=\"li evo_ss\" href=\"http:\/\/www.linkedin.com\/shareArticle?mini=true&url=https%3A%2F%2Fvea.qc.ca%2Fen%2Factivities%2Fmembers-dinner-bring-your-own-wine-formulae-2%2F&title=Members%26%238217%3B%20Dinner%20%26%238211%3B%20%26%238221%3Bbring%20your%20own%20wine%20formulae%26%238221%3B&summary=PLEASE+NOTE+THAT+OUR+MONTHLY+DINNER+WILL+BE+HELD+AT+THE+OTTAVIO\" target=\"_blank\" title=\"Partager sur Linkedin\"><i class=\"fa fa-linkedin\"><\/i><\/a><\/div><div class='evo_sm Google'><a class=\"gp evo_ss\" href=\"https:\/\/plus.google.com\/share?url=https%3A%2F%2Fvea.qc.ca%2Fen%2Factivities%2Fmembers-dinner-bring-your-own-wine-formulae-2%2F\" \r\r\n\t\t\t\t\t\t\t\tonclick=\"javascript:window.open(this.href, '', 'left=50,top=50,width=600,height=350,toolbar=0');return false;\" target=\"_blank\"><i class=\"fa fa-google-plus\" title=\"Partager sur Google Plus\"><\/i><\/a><\/div><div class='evo_sm EmailShare'><a class=\"em evo_ss\" href=\"mailto:?subject=Members%26#8217; Dinner %26#8211; %26#8221;bring your own wine formulae%26#8221;&body=Event Name: Members%26#8217; Dinner %26#8211; %26#8221;bring your own wine formulae%26#8221;%0AEvent Date: 1 Avril 2026 18 H 00 Min%0ALink: https%3A%2F%2Fvea.qc.ca%2Fen%2Factivities%2Fmembers-dinner-bring-your-own-wine-formulae-2%2F%0A\" target=\"_blank\"><i class=\"fa fa-envelope\"><\/i><\/a><\/div><div class='clear'><\/div><div class='evcal_evdata_row evcal_close' title='Close'><\/div><\/div><\/div><div class='clear end'><\/div><\/div><div id=\"event_26416\" class=\"eventon_list_event evo_eventtop  event\" data-event_id=\"26416\" data-time=\"1776988801-1777247999\" data-colr=\"#e5191d\" itemscope itemtype='http:\/\/schema.org\/Event'><div class=\"evo_event_schema\" style=\"display:none\" ><a itemprop='url'  href='https:\/\/vea.qc.ca\/en\/activities\/15e-grand-prix-de-monaco-historique-2026\/'><\/a><span itemprop='name'  >15e Grand Prix Historique de Monaco 2026<\/span><meta itemprop='image' content='https:\/\/vea.qc.ca\/wp-content\/uploads\/2025\/03\/Gp-historique3.jpg' \/><meta itemprop='description' content='The 15e Grand Prix de Monaco Historique 2026, will take place from April 24 to 26, 2026, on the Monaco circuit. On Friday, hostilities begin on the track.\r\n\r\nThe single-seaters will' \/><meta itemprop='startDate' content='2026-4-24' \/><meta itemprop='endDate' content='2026-4-26' \/><meta itemprop='eventStatus' content='on-schedule' \/><script type=\"application\/ld+json\">{\t\"@context\": \"http:\/\/schema.org\",\r\r\n\t\t\t\t\t\t\t  \t\"@type\": \"Event\",\r\r\n\t\t\t\t\t\t\t  \t\"name\": \"15e Grand Prix Historique de Monaco 2026\",\r\r\n\t\t\t\t\t\t\t  \t\"startDate\": \"2026-4-24T00-00-00-00\",\r\r\n\t\t\t\t\t\t\t  \t\"endDate\": \"2026-4-26T23-23-59-00\",\r\r\n\t\t\t\t\t\t\t  \t\"image\":\"https:\/\/vea.qc.ca\/wp-content\/uploads\/2025\/03\/Gp-historique3.jpg\",\r\r\n\t\t\t\t\t\t\t  \t\"description\":\"The 15e Grand Prix de Monaco Historique 2026, will take place from April 24 to 26, 2026, on the Monaco circuit. On Friday, hostilities begin on the track.\r\n\r\nThe single-seaters will\",\r\r\n\t\t\t\t\t\t\t  \t\r\r\n\t\t\t\t\t\t\t }<\/script><\/div>\r\r\n\t\t\t\t<p class=\"desc_trig_outter\"><a data-gmap_status=\"null\" data-exlk=\"0\" style=\"border-color: #e5191d;\" id=\"evc_177698880126416\" class=\"desc_trig mul_val evcal_list_a allday\" data-ux_val=\"3\"  ><span class='evcal_cblock ' data-bgcolor='#e5191d' data-smon='Avril' data-syr='2026'><span class='evo_start '><em class='date'>24<\/em><em class='month'>Avr<\/em><em class='time'>Toute la journ\u00e9e<\/em><\/span><span class='evo_end '><em class='date'>26<\/em><\/span><em class='clear'><\/em><\/span><span class='evcal_desc evo_info hide_eventtopdata '  data-location_status=\"false\" ><span class='evo_above_title'><\/span><span class='evcal_desc2 evcal_event_title' itemprop='name'>15e Grand Prix Historique de Monaco 2026<\/span><span class='evo_below_title'><span class='evcal_event_subtitle' >Corine invites you to the Monaco Grand Prix historique next year!<\/span><\/span><span class='evcal_desc_info' ><em class='evcal_time'><em class='evcal_alldayevent_text'>(Toute la journ\u00e9e)<\/em><\/em> <em class=\"evcal_location\"  data-add_str=\"\"><em class=\"event_location_name\">Circuit de Monaco<\/em><\/em><\/span><span class='evcal_desc3'><\/span><\/span><em class='clear'><\/em><\/a><\/p><div class='event_description evcal_eventcard ' style=\"display:none\"><div class='evo_metarow_directimg'><img src='https:\/\/vea.qc.ca\/wp-content\/uploads\/2025\/03\/Gp-historique3.jpg' \/><\/div><div class='evo_metarow_details evorow evcal_evdata_row bordb evcal_event_details'>\r\r\n\t\t\t\t\t\t\t<div class=\"event_excerpt\" style=\"display:none\"><h3 class=\"padb5 evo_h3\">D\u00e9tails de l&#039;activit\u00e9<\/h3><p>The 15e Grand Prix de Monaco Historique 2026, will take place from April 24 to 26, 2026, on the Monaco circuit. On Friday, hostilities begin on the track.\r\n\r\nThe single-seaters will<\/p><\/div><span class='evcal_evdata_icons'><i class='fa fa-align-justify'><\/i><\/span>\r\r\n\t\t\t\t\t\t\t\r\r\n\t\t\t\t\t\t\t<div class='evcal_evdata_cell '><div class='eventon_full_description'>\r\r\n\t\t\t\t\t\t\t\t\t<h3 class='padb5 evo_h3'><span class='evcal_evdata_icons'><i class='fa fa-align-justify'><\/i><\/span>D\u00e9tails de l&#039;activit\u00e9<\/h3><div class='eventon_desc_in' itemprop='description'>\r\r\n\t\t\t\t\t\t\t\t\t<p>The 15e Grand Prix de Monaco Historique 2026, will take place from April 24 to 26, 2026, on the Monaco circuit. On Friday, hostilities begin on the track.<\/p>\n<p>The single-seaters will be in action in the streets of Monaco, which will offer a lively retrospective of the great eras of Formula 1 in the Principality since 1924 to 1985, i.e. 8 series and classes.<\/p>\n<p>I invite you to make your reservations now, given its popularity in the world of historic motorsport, by visiting the attached links and power point.<\/p>\n<p>Corine<\/p>\n<p><strong><a href=\"https:\/\/acm.mc\/epreuves\/grand-prix-de-monaco-historique\/evenement\/presentation-de-lepreuve\/\">Cliquez\u2192\u00a0<u><\/u><\/a><u><a href=\"https:\/\/vea.us17.list-manage.com\/track\/click?u=74cf7f1f2adcc0b3021029485&amp;id=3dd353dbe7&amp;e=17d39f9d1f\" target=\"_blank\" rel=\"noopener\">Link to buy tickets<\/a><\/u><\/strong><\/p>\n<p><strong>Cliquez\u2192\u00a0<a href=\"https:\/\/vea.us17.list-manage.com\/track\/click?u=74cf7f1f2adcc0b3021029485&amp;id=0688ef4eae&amp;e=17d39f9d1f\" target=\"_blank\" rel=\"noopener\">Link for hospitalities<\/a><\/strong><\/p>\n<p><strong>Cliquez\u2192\u00a0<a href=\"https:\/\/vea.us17.list-manage.com\/track\/click?u=74cf7f1f2adcc0b3021029485&amp;id=d8fe84d856&amp;e=17d39f9d1f\" target=\"_blank\" rel=\"noopener\">Link for other propositions of hospitalities<\/a><\/strong><\/p>\n<\/div><div class='clear'><\/div>\r\r\n\t\t\t\t\t\t\t\t<\/div>\r\r\n\t\t\t\t\t\t\t<\/div>\r\r\n\t\t\t\t\t\t<\/div><div class='evo_metarow_time_location evorow bordb '>\r\r\n\t\t\t\t\t\t<div class='tb' >\r\r\n\t\t\t\t\t\t\t<div class='tbrow'>\r\r\n\t\t\t\t\t\t\t<div class='evcal_col50 bordr'>\r\r\n\t\t\t\t\t\t\t\t<div class='evcal_evdata_row evo_time'>\r\r\n\t\t\t\t\t\t\t\t\t<span class='evcal_evdata_icons'><i class='fa fa-clock-o'><\/i><\/span>\r\r\n\t\t\t\t\t\t\t\t\t<div class='evcal_evdata_cell'>\t\t\t\t\t\t\t\r\r\n\t\t\t\t\t\t\t\t\t\t<h3 class='evo_h3'><span class='evcal_evdata_icons'><i class='fa fa-clock-o'><\/i><\/span>Heure de d\u00e9but \/ fin<\/h3>\r\r\n\t\t\t\t\t\t\t\t\t\t<p>Avril 24 (Vendredi) - 26 (Dimanche)<\/p>\r\r\n\t\t\t\t\t\t\t\t\t<\/div>\r\r\n\t\t\t\t\t\t\t\t<\/div>\r\r\n\t\t\t\t\t\t\t<\/div><div class='evcal_col50'>\r\r\n\t\t\t\t\t\t\t\t<div class='evcal_evdata_row evo_location'>\r\r\n\t\t\t\t\t\t\t\t\t<span class='evcal_evdata_icons'><i class='fa fa-map-marker'><\/i><\/span>\r\r\n\t\t\t\t\t\t\t\t\t<div class='evcal_evdata_cell' data-loc_tax_id='334'>\t\t\t\t\t\t\t\r\r\n\t\t\t\t\t\t\t\t\t\t<h3 class='evo_h3'><span class='evcal_evdata_icons'><i class='fa fa-map-marker'><\/i><\/span>Lieu<\/h3><p class='evo_location_name'>Circuit de Monaco<\/p><p class='evo_location_address'><\/p>\r\r\n\t\t\t\t\t\t\t\t\t<\/div>\r\r\n\t\t\t\t\t\t\t\t<\/div>\r\r\n\t\t\t\t\t\t\t<\/div><div class='clear'><\/div>\r\r\n\t\t\t\t\t\t\t<\/div><\/div>\r\r\n\t\t\t\t\t\t<\/div><div class='evo_metarow_organizer evorow evcal_evdata_row bordb evcal_evrow_sm '>\r\r\n\t\t\t\t\t\t\t<span class='evcal_evdata_icons'><i class='fa fa-id-badge'><\/i><\/span>\r\r\n\t\t\t\t\t\t\t<div class='evcal_evdata_cell'>\t\t\t\t\t\t\t\r\r\n\t\t\t\t\t\t\t\t<h3 class='evo_h3'>Organisateur<\/h3>\r\r\n\t\t\t\t\t\t\t\t\r\r\n\t\t\t\t\t\t\t\t<div class='evo_card_organizer'><p class='evo_data_val evo_card_organizer_name'>\r\r\n\t\t\t\t\t\t\t\t\t<span class='evo_card_organizer_name_t'>Corine Laurenti-Javieze<\/span>\r\r\n\t\t\t\t\t\t\t\t\t\r\r\n\t\t\t\t\t\t\t\t\t<\/p><\/div><div class='clear'><\/div>\t\t\t\t\t\t\t\r\r\n\t\t\t\t\t\t\t<\/div>\r\r\n\t\t\t\t\t\t<\/div>\r\n\t\t\t\t\t\t<div class='evo_metarow_ICS evorow bordb evcal_evdata_row'>\r\r\n\t\t\t\t\t\t\t<span class=\"evcal_evdata_icons\"><i class=\"fa fa-calendar\"><\/i><\/span>\r\r\n\t\t\t\t\t\t\t<div class='evcal_evdata_cell'>\r\r\n\t\t\t\t\t\t\t\t<p><a href='https:\/\/vea.qc.ca\/wp-admin\/admin-ajax.php?action=eventon_ics_download&amp;event_id=26416&amp;sunix=20260424T050000Z&amp;eunix=20260427T045900Z&amp;loca=&amp;locn=Circuit de Monaco' class='evo_ics_nCal' title='Ajouter \u00e0 votre calendrier'>Calendrier<\/a><a href='\/\/www.google.com\/calendar\/event?action=TEMPLATE&amp;text=15e+Grand+Prix+Historique+de+Monaco+2026&amp;dates=20260424T050000Z\/20260427T045900Z&amp;details=The+15e+Grand+Prix+de+Monaco+Historique+2026%2C+will+take+place+from+April+24+to+26%2C+2026%2C+on+the+Monaco+circuit.+On+Friday%2C+hostilities+begin+on+the+track.%0D%0A%0D%0AThe+single-seaters+will&amp;location=Circuit+de+Monaco - ' target='_blank' class='evo_ics_gCal' title='Ajouter \u00e0 l&#039;agenda Google'>GoogleCal<\/a><\/p>\t\r\r\n\t\t\t\t\t\t\t<\/div>\r\n\t\t\t\t\t\t<\/div>\r\r\n\t\t\t\t\t\t<div class='bordb evo_metarow_socialmedia evcal_evdata_row  lastrow'><div class='evo_sm FacebookShare'><a class=\" evo_ss\" target=\"_blank\" onclick=\"javascript:window.open(this.href, '', 'left=50,top=50,width=600,height=350,toolbar=0');return false;\"\r\r\n\t\t\t\t\t\t\t\thref=\"http:\/\/www.facebook.com\/sharer.php?u=https%3A%2F%2Fvea.qc.ca%2Fen%2Factivities%2F15e-grand-prix-de-monaco-historique-2026%2F\" title=\"Partager sur Facebook\"><i class=\"fa fa-facebook\"><\/i><\/a><\/div><div class='evo_sm Twitter'><a class=\"tw evo_ss\" onclick=\"javascript:window.open(this.href, '', 'menubar=no,toolbar=no,resizable=yes,scrollbars=yes,height=300,width=600');return false;\" href=\"http:\/\/twitter.com\/share?text=15e Grand Prix Historique de Monaco 2026&#32;-&#32;&url=https%3A%2F%2Fvea.qc.ca%2Fen%2Factivities%2F15e-grand-prix-de-monaco-historique-2026%2F\" title=\"Partager sur twitter\" rel=\"nofollow\" target=\"_blank\" data-url=\"https%3A%2F%2Fvea.qc.ca%2Fen%2Factivities%2F15e-grand-prix-de-monaco-historique-2026%2F\"><i class=\"fa fa-twitter\"><\/i><\/a><\/div><div class='evo_sm LinkedIn'><a class=\"li evo_ss\" href=\"http:\/\/www.linkedin.com\/shareArticle?mini=true&url=https%3A%2F%2Fvea.qc.ca%2Fen%2Factivities%2F15e-grand-prix-de-monaco-historique-2026%2F&title=15e%20Grand%20Prix%20Historique%20de%20Monaco%202026&summary=The+15e+Grand+Prix+de+Monaco+Historique+2026%2C+will+take+place+from+April+24+to+26%2C\" target=\"_blank\" title=\"Partager sur Linkedin\"><i class=\"fa fa-linkedin\"><\/i><\/a><\/div><div class='evo_sm Google'><a class=\"gp evo_ss\" href=\"https:\/\/plus.google.com\/share?url=https%3A%2F%2Fvea.qc.ca%2Fen%2Factivities%2F15e-grand-prix-de-monaco-historique-2026%2F\" \r\r\n\t\t\t\t\t\t\t\tonclick=\"javascript:window.open(this.href, '', 'left=50,top=50,width=600,height=350,toolbar=0');return false;\" target=\"_blank\"><i class=\"fa fa-google-plus\" title=\"Partager sur Google Plus\"><\/i><\/a><\/div><div class='evo_sm EmailShare'><a class=\"em evo_ss\" href=\"mailto:?subject=15e Grand Prix Historique de Monaco 2026&body=Event Name: 15e Grand Prix Historique de Monaco 2026%0AEvent Date: 24 Avril 2026 (Toute La Journ\u00e9e) - 26 Avril 2026 (Toute La Journ\u00e9e)%0ALink: https%3A%2F%2Fvea.qc.ca%2Fen%2Factivities%2F15e-grand-prix-de-monaco-historique-2026%2F%0A\" target=\"_blank\"><i class=\"fa fa-envelope\"><\/i><\/a><\/div><div class='clear'><\/div><div class='evcal_evdata_row evcal_close' title='Close'><\/div><\/div><\/div><div class='clear end'><\/div><\/div><div id=\"event_27873\" class=\"eventon_list_event evo_eventtop  event\" data-event_id=\"27873\" data-time=\"1777107600-1777161000\" data-colr=\"#e5191d\" itemscope itemtype='http:\/\/schema.org\/Event'><div class=\"evo_event_schema\" style=\"display:none\" ><a itemprop='url'  href='https:\/\/vea.qc.ca\/en\/activities\/sugar-shack-copy\/'><\/a><span itemprop='name'  >Sugar Shack<\/span><meta itemprop='image' content='https:\/\/vea.qc.ca\/wp-content\/uploads\/2025\/12\/cabane-a-sucre-2.jpg' \/><meta itemprop='description' content='Tommy leads the VEA and the Rendez-Vous des Anglaises (CARVAQ) club to the sugar shack ''Sucrerie de la Montagne''.\r\n\r\nCLICK HERE FOR MORE INFORMATION:\r\n\r\n' \/><meta itemprop='startDate' content='2026-4-25T09:00' \/><meta itemprop='endDate' content='2026-4-25T23:50' \/><meta itemprop='eventStatus' content='on-schedule' \/><script type=\"application\/ld+json\">{\t\"@context\": \"http:\/\/schema.org\",\r\r\n\t\t\t\t\t\t\t  \t\"@type\": \"Event\",\r\r\n\t\t\t\t\t\t\t  \t\"name\": \"Sugar Shack\",\r\r\n\t\t\t\t\t\t\t  \t\"startDate\": \"2026-4-25T09-09-00-00\",\r\r\n\t\t\t\t\t\t\t  \t\"endDate\": \"2026-4-25T23-23-50-00\",\r\r\n\t\t\t\t\t\t\t  \t\"image\":\"https:\/\/vea.qc.ca\/wp-content\/uploads\/2025\/12\/cabane-a-sucre-2.jpg\",\r\r\n\t\t\t\t\t\t\t  \t\"description\":\"Tommy leads the VEA and the Rendez-Vous des Anglaises (CARVAQ) club to the sugar shack ''Sucrerie de la Montagne''.\r\n\r\nCLICK HERE FOR MORE INFORMATION:\r\n\r\n\",\r\r\n\t\t\t\t\t\t\t  \t\r\r\n\t\t\t\t\t\t\t }<\/script><\/div>\r\r\n\t\t\t\t<p class=\"desc_trig_outter\"><a data-gmap_status=\"null\" data-exlk=\"0\" style=\"border-color: #e5191d;\" id=\"evc_177710760027873\" class=\"desc_trig featured_event 1 sin_val evcal_list_a\" data-ux_val=\"3\"  ><span class='evcal_cblock ' data-bgcolor='#e5191d' data-smon='Avril' data-syr='2026'><span class='evo_start '><em class='date'>25<\/em><em class='month'>Avr<\/em><em class='time'>9 h 00 min<\/em><\/span><em class='clear'><\/em><\/span><span class='evcal_desc evo_info hide_eventtopdata '  data-location_status=\"false\" ><span class='evo_above_title'><span class='evo_event_headers featured'>VEA<\/span><\/span><span class='evcal_desc2 evcal_event_title' itemprop='name'>Sugar Shack<\/span><span class='evo_below_title'><span class='evcal_event_subtitle' >First VEA ride of the year!<\/span><\/span><span class='evcal_desc_info' ><em class='evcal_time'>9 h 00 min<\/em> <\/span><span class='evcal_desc3'><\/span><\/span><em class='clear'><\/em><\/a><\/p><div class='event_description evcal_eventcard ' style=\"display:none\"><div class='evo_metarow_directimg'><img src='https:\/\/vea.qc.ca\/wp-content\/uploads\/2025\/12\/cabane-a-sucre-2.jpg' \/><\/div><div class='evo_metarow_details evorow evcal_evdata_row bordb evcal_event_details'>\r\r\n\t\t\t\t\t\t\t<div class=\"event_excerpt\" style=\"display:none\"><h3 class=\"padb5 evo_h3\">D\u00e9tails de l&#039;activit\u00e9<\/h3><p>Tommy leads the VEA and the Rendez-Vous des Anglaises (CARVAQ) club to the sugar shack ''Sucrerie de la Montagne''.\r\n\r\nCLICK HERE FOR MORE INFORMATION:\r\n\r\n<\/p><\/div><span class='evcal_evdata_icons'><i class='fa fa-align-justify'><\/i><\/span>\r\r\n\t\t\t\t\t\t\t\r\r\n\t\t\t\t\t\t\t<div class='evcal_evdata_cell '><div class='eventon_full_description'>\r\r\n\t\t\t\t\t\t\t\t\t<h3 class='padb5 evo_h3'><span class='evcal_evdata_icons'><i class='fa fa-align-justify'><\/i><\/span>D\u00e9tails de l&#039;activit\u00e9<\/h3><div class='eventon_desc_in' itemprop='description'>\r\r\n\t\t\t\t\t\t\t\t\t<p><em>Tommy leads the VEA and the Rendez-Vous des Anglaises (CARVAQ) club to the sugar shack &#8221;Sucrerie de la Montagne&#8221;.<\/em><\/p>\n<p>CLICK HERE FOR MORE INFORMATION:<\/p>\n<p><a href=\"https:\/\/vea.us17.list-manage.com\/track\/click?u=74cf7f1f2adcc0b3021029485&amp;id=d2073e986a&amp;e=17d39f9d1f\" target=\"_blank\" rel=\"noopener\"><img loading=\"lazy\" decoding=\"async\" class=\"alignnone size-full wp-image-23717\" src=\"https:\/\/vea.qc.ca\/wp-content\/uploads\/2019\/07\/informations-Image1.jpg\" alt=\"\" width=\"84\" height=\"84\" \/><\/a><\/p>\n<\/div><div class='clear'><\/div>\r\r\n\t\t\t\t\t\t\t\t<\/div>\r\r\n\t\t\t\t\t\t\t<\/div>\r\r\n\t\t\t\t\t\t<\/div><div class='evo_metarow_time evorow evcal_evdata_row bordb evcal_evrow_sm '>\r\r\n\t\t\t\t\t\t\t<span class='evcal_evdata_icons'><i class='fa fa-clock-o'><\/i><\/span>\r\r\n\t\t\t\t\t\t\t<div class='evcal_evdata_cell'>\t\t\t\t\t\t\t\r\r\n\t\t\t\t\t\t\t\t<h3 class='evo_h3'><span class='evcal_evdata_icons'><i class='fa fa-clock-o'><\/i><\/span>Heure de d\u00e9but \/ fin<\/h3><p>(Samedi) 9 h 00 min<\/p>\r\r\n\t\t\t\t\t\t\t<\/div>\r\r\n\t\t\t\t\t\t<\/div><div class='evo_metarow_organizer evorow evcal_evdata_row bordb evcal_evrow_sm '>\r\r\n\t\t\t\t\t\t\t<span class='evcal_evdata_icons'><i class='fa fa-id-badge'><\/i><\/span>\r\r\n\t\t\t\t\t\t\t<div class='evcal_evdata_cell'>\t\t\t\t\t\t\t\r\r\n\t\t\t\t\t\t\t\t<h3 class='evo_h3'>Organisateur<\/h3>\r\r\n\t\t\t\t\t\t\t\t\r\r\n\t\t\t\t\t\t\t\t<div class='evo_card_organizer'><p class='evo_data_val evo_card_organizer_name'>\r\r\n\t\t\t\t\t\t\t\t\t<span class='evo_card_organizer_name_t'>Tommy<\/span>\r\r\n\t\t\t\t\t\t\t\t\t\r\r\n\t\t\t\t\t\t\t\t\t<\/p><\/div><div class='clear'><\/div>\t\t\t\t\t\t\t\r\r\n\t\t\t\t\t\t\t<\/div>\r\r\n\t\t\t\t\t\t<\/div>\r\n\t\t\t\t\t\t<div class='evo_metarow_ICS evorow bordb evcal_evdata_row'>\r\r\n\t\t\t\t\t\t\t<span class=\"evcal_evdata_icons\"><i class=\"fa fa-calendar\"><\/i><\/span>\r\r\n\t\t\t\t\t\t\t<div class='evcal_evdata_cell'>\r\r\n\t\t\t\t\t\t\t\t<p><a href='https:\/\/vea.qc.ca\/wp-admin\/admin-ajax.php?action=eventon_ics_download&amp;event_id=27873&amp;sunix=20260425T140000Z&amp;eunix=20260426T045000Z&amp;loca=&amp;locn=' class='evo_ics_nCal' title='Ajouter \u00e0 votre calendrier'>Calendrier<\/a><a href='\/\/www.google.com\/calendar\/event?action=TEMPLATE&amp;text=Sugar+Shack&amp;dates=20260425T140000Z\/20260426T045000Z&amp;details=Tommy+leads+the+VEA+and+the+Rendez-Vous+des+Anglaises+%28CARVAQ%29+club+to+the+sugar+shack+%27%27Sucrerie+de+la+Montagne%27%27.%0D%0A%0D%0ACLICK+HERE+FOR+MORE+INFORMATION%3A%0D%0A%0D%0A&amp;location= - ' target='_blank' class='evo_ics_gCal' title='Ajouter \u00e0 l&#039;agenda Google'>GoogleCal<\/a><\/p>\t\r\r\n\t\t\t\t\t\t\t<\/div>\r\n\t\t\t\t\t\t<\/div>\r\r\n\t\t\t\t\t\t<div class='bordb evo_metarow_socialmedia evcal_evdata_row  lastrow'><div class='evo_sm FacebookShare'><a class=\" evo_ss\" target=\"_blank\" onclick=\"javascript:window.open(this.href, '', 'left=50,top=50,width=600,height=350,toolbar=0');return false;\"\r\r\n\t\t\t\t\t\t\t\thref=\"http:\/\/www.facebook.com\/sharer.php?u=https%3A%2F%2Fvea.qc.ca%2Fen%2Factivities%2Fsugar-shack-copy%2F\" title=\"Partager sur Facebook\"><i class=\"fa fa-facebook\"><\/i><\/a><\/div><div class='evo_sm Twitter'><a class=\"tw evo_ss\" onclick=\"javascript:window.open(this.href, '', 'menubar=no,toolbar=no,resizable=yes,scrollbars=yes,height=300,width=600');return false;\" href=\"http:\/\/twitter.com\/share?text=Sugar Shack&#32;-&#32;&url=https%3A%2F%2Fvea.qc.ca%2Fen%2Factivities%2Fsugar-shack-copy%2F\" title=\"Partager sur twitter\" rel=\"nofollow\" target=\"_blank\" data-url=\"https%3A%2F%2Fvea.qc.ca%2Fen%2Factivities%2Fsugar-shack-copy%2F\"><i class=\"fa fa-twitter\"><\/i><\/a><\/div><div class='evo_sm LinkedIn'><a class=\"li evo_ss\" href=\"http:\/\/www.linkedin.com\/shareArticle?mini=true&url=https%3A%2F%2Fvea.qc.ca%2Fen%2Factivities%2Fsugar-shack-copy%2F&title=Sugar%20Shack&summary=Tommy+leads+the+VEA+and+the+Rendez-Vous+des+Anglaises+%28CARVAQ%29+club+to+the+sugar+shack+%26%238221%3BSucrerie\" target=\"_blank\" title=\"Partager sur Linkedin\"><i class=\"fa fa-linkedin\"><\/i><\/a><\/div><div class='evo_sm Google'><a class=\"gp evo_ss\" href=\"https:\/\/plus.google.com\/share?url=https%3A%2F%2Fvea.qc.ca%2Fen%2Factivities%2Fsugar-shack-copy%2F\" \r\r\n\t\t\t\t\t\t\t\tonclick=\"javascript:window.open(this.href, '', 'left=50,top=50,width=600,height=350,toolbar=0');return false;\" target=\"_blank\"><i class=\"fa fa-google-plus\" title=\"Partager sur Google Plus\"><\/i><\/a><\/div><div class='evo_sm EmailShare'><a class=\"em evo_ss\" href=\"mailto:?subject=Sugar Shack&body=Event Name: Sugar Shack%0AEvent Date: 25 Avril 2026 9 H 00 Min%0ALink: https%3A%2F%2Fvea.qc.ca%2Fen%2Factivities%2Fsugar-shack-copy%2F%0A\" target=\"_blank\"><i class=\"fa fa-envelope\"><\/i><\/a><\/div><div class='clear'><\/div><div class='evcal_evdata_row evcal_close' title='Close'><\/div><\/div><\/div><div class='clear end'><\/div><\/div><\/div><div class='evcal_month_line'><p>Mai 2026<\/p><\/div><div id='evcal_list' class='evcal_list_month eventon_events_list '><div id=\"event_26345\" class=\"eventon_list_event evo_eventtop  event\" data-event_id=\"26345\" data-time=\"1778090400-1778111400\" data-colr=\"#e51a1d\" itemscope itemtype='http:\/\/schema.org\/Event'><div class=\"evo_event_schema\" style=\"display:none\" ><a itemprop='url'  href='https:\/\/vea.qc.ca\/en\/activities\/general-meeting-and-members-dinner-at-lambroisie-restaurant-2\/'><\/a><span itemprop='name'  >GENERAL MEETING and Members' Dinner at L'Ambroisie Restaurant<\/span><meta itemprop='image' content='https:\/\/vea.qc.ca\/wp-content\/uploads\/2025\/03\/assemblee.jpg' \/><meta itemprop='description' content='GENERAL MEETING and Members' Dinner at L'Ambroisie Restaurant' \/><meta itemprop='startDate' content='2026-5-6T18:00' \/><meta itemprop='endDate' content='2026-5-6T23:50' \/><meta itemprop='eventStatus' content='on-schedule' \/>\r\r\n\t\t\t\t\t\t\t\t\t<item style=\"display:none\" itemprop=\"location\" itemscope itemtype=\"http:\/\/schema.org\/Place\">\r\r\n\t\t\t\t\t\t\t\t\t\t<span itemprop=\"name\">Restaurant L\u2019Ambroisie<\/span>\r\r\n\t\t\t\t\t\t\t\t\t\t<span itemprop=\"address\" itemscope itemtype=\"http:\/\/schema.org\/PostalAddress\">\r\r\n\t\t\t\t\t\t\t\t\t\t\t<item itemprop=\"streetAddress\">4020 Rue Saint-Ambroise porte #140, QC H4C 2C7<\/item>\r\r\n\t\t\t\t\t\t\t\t\t\t<\/span><\/item><script type=\"application\/ld+json\">{\t\"@context\": \"http:\/\/schema.org\",\r\r\n\t\t\t\t\t\t\t  \t\"@type\": \"Event\",\r\r\n\t\t\t\t\t\t\t  \t\"name\": \"GENERAL MEETING and Members' Dinner at L'Ambroisie Restaurant\",\r\r\n\t\t\t\t\t\t\t  \t\"startDate\": \"2026-5-6T18-18-00-00\",\r\r\n\t\t\t\t\t\t\t  \t\"endDate\": \"2026-5-6T23-23-50-00\",\r\r\n\t\t\t\t\t\t\t  \t\"image\":\"https:\/\/vea.qc.ca\/wp-content\/uploads\/2025\/03\/assemblee.jpg\",\r\r\n\t\t\t\t\t\t\t  \t\"description\":\"GENERAL MEETING and Members' Dinner at L'Ambroisie Restaurant\",\r\r\n\t\t\t\t\t\t\t  \t\"location\":{\r\r\n\t\t\t\t\t\t\t\t\t\t\"@type\":\"Place\",\r\r\n\t\t\t\t\t\t\t\t\t\t\"name\":\"Restaurant L\u2019Ambroisie\",\r\r\n\t\t\t\t\t\t\t\t\t\t\"address\":\"4020 Rue Saint-Ambroise porte #140, QC H4C 2C7\"\r\r\n\t\t\t\t\t\t\t  \t\t}\r\r\n\t\t\t\t\t\t\t }<\/script><\/div>\r\r\n\t\t\t\t<p class=\"desc_trig_outter\"><a data-gmtrig=\"1\" data-exlk=\"0\" style=\"border-color: #e51a1d;\" id=\"evc_177809040026345\" class=\"desc_trig featured_event 1 sin_val evcal_list_a\" data-ux_val=\"3\"  ><span class='evcal_cblock ' data-bgcolor='#e51a1d' data-smon='Mai' data-syr='2026'><span class='evo_start '><em class='date'>06<\/em><em class='month'>Mai<\/em><em class='time'>18 h 00 min<\/em><\/span><em class='clear'><\/em><\/span><span class='evcal_desc evo_info hide_eventtopdata '  data-location_address=\"4020 Rue Saint-Ambroise porte #140, QC H4C 2C7\" data-location_type=\"address\" data-location_name=\"Restaurant L\u2019Ambroisie\" data-location_status=\"true\" ><span class='evo_above_title'><span class='evo_event_headers featured'>VEA<\/span><\/span><span class='evcal_desc2 evcal_event_title' itemprop='name'>GENERAL MEETING and Members' Dinner at L'Ambroisie Restaurant<\/span><span class='evo_below_title'><span class='evcal_event_subtitle' >AT THE \u201cFIRST WEDNESDAY\u201d OF THE MONTH DINNER MEETING<\/span><\/span><span class='evcal_desc_info' ><em class='evcal_time'>18 h 00 min<\/em> <em class=\"evcal_location\"  data-add_str=\"4020 Rue Saint-Ambroise porte #140, QC H4C 2C7\"><em class=\"event_location_name\">Restaurant L\u2019Ambroisie<\/em>, 4020 Rue Saint-Ambroise porte #140, QC H4C 2C7<\/em><\/span><span class='evcal_desc3'><\/span><\/span><em class='clear'><\/em><\/a><\/p><div class='event_description evcal_eventcard ' style=\"display:none\"><div class='evo_metarow_directimg'><img src='https:\/\/vea.qc.ca\/wp-content\/uploads\/2025\/03\/assemblee.jpg' \/><\/div><div class='evo_metarow_time_location evorow bordb '>\r\r\n\t\t\t\t\t\t<div class='tb' >\r\r\n\t\t\t\t\t\t\t<div class='tbrow'>\r\r\n\t\t\t\t\t\t\t<div class='evcal_col50 bordr'>\r\r\n\t\t\t\t\t\t\t\t<div class='evcal_evdata_row evo_time'>\r\r\n\t\t\t\t\t\t\t\t\t<span class='evcal_evdata_icons'><i class='fa fa-clock-o'><\/i><\/span>\r\r\n\t\t\t\t\t\t\t\t\t<div class='evcal_evdata_cell'>\t\t\t\t\t\t\t\r\r\n\t\t\t\t\t\t\t\t\t\t<h3 class='evo_h3'><span class='evcal_evdata_icons'><i class='fa fa-clock-o'><\/i><\/span>Heure de d\u00e9but \/ fin<\/h3>\r\r\n\t\t\t\t\t\t\t\t\t\t<p>(Mercredi) 18 h 00 min<\/p>\r\r\n\t\t\t\t\t\t\t\t\t<\/div>\r\r\n\t\t\t\t\t\t\t\t<\/div>\r\r\n\t\t\t\t\t\t\t<\/div><div class='evcal_col50'>\r\r\n\t\t\t\t\t\t\t\t<div class='evcal_evdata_row evo_location'>\r\r\n\t\t\t\t\t\t\t\t\t<span class='evcal_evdata_icons'><i class='fa fa-map-marker'><\/i><\/span>\r\r\n\t\t\t\t\t\t\t\t\t<div class='evcal_evdata_cell' data-loc_tax_id='306'>\t\t\t\t\t\t\t\r\r\n\t\t\t\t\t\t\t\t\t\t<h3 class='evo_h3'><span class='evcal_evdata_icons'><i class='fa fa-map-marker'><\/i><\/span>Lieu<\/h3><p class='evo_location_name'>Restaurant L\u2019Ambroisie<\/p><p class='evo_location_address'>4020 Rue Saint-Ambroise porte #140, QC H4C 2C7<\/p>\r\r\n\t\t\t\t\t\t\t\t\t<\/div>\r\r\n\t\t\t\t\t\t\t\t<\/div>\r\r\n\t\t\t\t\t\t\t<\/div><div class='clear'><\/div>\r\r\n\t\t\t\t\t\t\t<\/div><\/div>\r\r\n\t\t\t\t\t\t<\/div><div class='evo_metarow_locImg evorow bordb tvi' style='height:400px; background-image:url(https:\/\/vea.qc.ca\/wp-content\/uploads\/2023\/04\/Ambroisie2023.jpg)' id='23610_locimg' ><p class='evoLOCtxt'>\r\r\n\t\t\t\t\t\t\t\t<span class='evo_loc_text_title'>Restaurant L\u2019Ambroisie<\/span><span style=\"padding-bottom:10px\">4020 Rue Saint-Ambroise porte #140, QC H4C 2C7<\/span><\/p><\/div><div class='evo_metarow_gmap evorow evcal_gmaps bordb ' id='evc177809040069ec80fe44c0c26345_gmap' style='max-width:none'><\/div><div class='evo_metarow_getDr evorow evcal_evdata_row bordb evcal_evrow_sm getdirections'>\r\r\n\t\t\t\t\t\t<form action='https:\/\/maps.google.com\/maps' method='get' target='_blank'>\r\r\n\t\t\t\t\t\t<input type='hidden' name='daddr' value=\"4020 Rue Saint-Ambroise porte #140, QC H4C 2C7\"\/> \r\r\n\t\t\t\t\t\t<p><input class='evoInput' type='text' name='saddr' placeholder='Saisissez votre adresse' value=''\/>\r\r\n\t\t\t\t\t\t<button type='submit' class='evcal_evdata_icons evcalicon_9' title='Cliquez ici pour obtenir l&#039;itin\u00e9raire'><i class='fa fa-road'><\/i><\/button>\r\r\n\t\t\t\t\t\t<\/p><\/form>\r\r\n\t\t\t\t\t<\/div>\r\n\t\t\t\t\t\t<div class='evo_metarow_ICS evorow bordb evcal_evdata_row'>\r\r\n\t\t\t\t\t\t\t<span class=\"evcal_evdata_icons\"><i class=\"fa fa-calendar\"><\/i><\/span>\r\r\n\t\t\t\t\t\t\t<div class='evcal_evdata_cell'>\r\r\n\t\t\t\t\t\t\t\t<p><a href='https:\/\/vea.qc.ca\/wp-admin\/admin-ajax.php?action=eventon_ics_download&amp;event_id=26345&amp;sunix=20260506T230000Z&amp;eunix=20260507T045000Z&amp;loca=4020 Rue Saint-Ambroise porte #140, QC H4C 2C7&amp;locn=Restaurant L\u2019Ambroisie' class='evo_ics_nCal' title='Ajouter \u00e0 votre calendrier'>Calendrier<\/a><a href='\/\/www.google.com\/calendar\/event?action=TEMPLATE&amp;text=GENERAL+MEETING+and+Members%27+Dinner+at+L%27Ambroisie+Restaurant&amp;dates=20260506T230000Z\/20260507T045000Z&amp;details=GENERAL+MEETING+and+Members%27+Dinner+at+L%27Ambroisie+Restaurant&amp;location=Restaurant+L%E2%80%99Ambroisie - 4020+Rue+Saint-Ambroise+porte+%23140%2C+QC+H4C+2C7' target='_blank' class='evo_ics_gCal' title='Ajouter \u00e0 l&#039;agenda Google'>GoogleCal<\/a><\/p>\t\r\r\n\t\t\t\t\t\t\t<\/div>\r\n\t\t\t\t\t\t<\/div>\r\r\n\t\t\t\t\t\t<div class='bordb evo_metarow_socialmedia evcal_evdata_row  lastrow'><div class='evo_sm FacebookShare'><a class=\" evo_ss\" target=\"_blank\" onclick=\"javascript:window.open(this.href, '', 'left=50,top=50,width=600,height=350,toolbar=0');return false;\"\r\r\n\t\t\t\t\t\t\t\thref=\"http:\/\/www.facebook.com\/sharer.php?u=https%3A%2F%2Fvea.qc.ca%2Fen%2Factivities%2Fgeneral-meeting-and-members-dinner-at-lambroisie-restaurant-2%2F\" title=\"Partager sur Facebook\"><i class=\"fa fa-facebook\"><\/i><\/a><\/div><div class='evo_sm Twitter'><a class=\"tw evo_ss\" onclick=\"javascript:window.open(this.href, '', 'menubar=no,toolbar=no,resizable=yes,scrollbars=yes,height=300,width=600');return false;\" href=\"http:\/\/twitter.com\/share?text=GENERAL MEETING and Members&#8217; Dinner at L&#8217;Ambroisie Restaurant&#32;-&#32;&url=https%3A%2F%2Fvea.qc.ca%2Fen%2Factivities%2Fgeneral-meeting-and-members-dinner-at-lambroisie-restaurant-2%2F\" title=\"Partager sur twitter\" rel=\"nofollow\" target=\"_blank\" data-url=\"https%3A%2F%2Fvea.qc.ca%2Fen%2Factivities%2Fgeneral-meeting-and-members-dinner-at-lambroisie-restaurant-2%2F\"><i class=\"fa fa-twitter\"><\/i><\/a><\/div><div class='evo_sm LinkedIn'><a class=\"li evo_ss\" href=\"http:\/\/www.linkedin.com\/shareArticle?mini=true&url=https%3A%2F%2Fvea.qc.ca%2Fen%2Factivities%2Fgeneral-meeting-and-members-dinner-at-lambroisie-restaurant-2%2F&title=GENERAL%20MEETING%20and%20Members%26%238217%3B%20Dinner%20at%20L%26%238217%3BAmbroisie%20Restaurant&summary=--\" target=\"_blank\" title=\"Partager sur Linkedin\"><i class=\"fa fa-linkedin\"><\/i><\/a><\/div><div class='evo_sm Google'><a class=\"gp evo_ss\" href=\"https:\/\/plus.google.com\/share?url=https%3A%2F%2Fvea.qc.ca%2Fen%2Factivities%2Fgeneral-meeting-and-members-dinner-at-lambroisie-restaurant-2%2F\" \r\r\n\t\t\t\t\t\t\t\tonclick=\"javascript:window.open(this.href, '', 'left=50,top=50,width=600,height=350,toolbar=0');return false;\" target=\"_blank\"><i class=\"fa fa-google-plus\" title=\"Partager sur Google Plus\"><\/i><\/a><\/div><div class='evo_sm EmailShare'><a class=\"em evo_ss\" href=\"mailto:?subject=GENERAL MEETING and Members%26#8217; Dinner at L%26#8217;Ambroisie Restaurant&body=Event Name: GENERAL MEETING and Members%26#8217; Dinner at L%26#8217;Ambroisie Restaurant%0AEvent Date: 6 Mai 2026 18 H 00 Min%0ALink: https%3A%2F%2Fvea.qc.ca%2Fen%2Factivities%2Fgeneral-meeting-and-members-dinner-at-lambroisie-restaurant-2%2F%0A\" target=\"_blank\"><i class=\"fa fa-envelope\"><\/i><\/a><\/div><div class='clear'><\/div><div class='evcal_evdata_row evcal_close' title='Close'><\/div><\/div><\/div><div class='clear end'><\/div><\/div><div id=\"event_28362\" class=\"eventon_list_event evo_eventtop  event\" data-event_id=\"28362\" data-time=\"1778317200-1778370600\" data-colr=\"#e5191d\" itemscope itemtype='http:\/\/schema.org\/Event'><div class=\"evo_event_schema\" style=\"display:none\" ><a itemprop='url'  href='https:\/\/vea.qc.ca\/en\/activities\/ride-to-a-cider-house\/'><\/a><span itemprop='name'  >Ride to a cider house<\/span><meta itemprop='image' content='https:\/\/vea.qc.ca\/wp-content\/uploads\/2026\/04\/cidre.jpg' \/><meta itemprop='description' content='In this cider house, you will discover a family tradition that has been transforming apples into cider since 1901, and of course, you will taste the products.' \/><meta itemprop='startDate' content='2026-5-9T09:00' \/><meta itemprop='endDate' content='2026-5-9T23:50' \/><meta itemprop='eventStatus' content='on-schedule' \/><script type=\"application\/ld+json\">{\t\"@context\": \"http:\/\/schema.org\",\r\r\n\t\t\t\t\t\t\t  \t\"@type\": \"Event\",\r\r\n\t\t\t\t\t\t\t  \t\"name\": \"Ride to a cider house\",\r\r\n\t\t\t\t\t\t\t  \t\"startDate\": \"2026-5-9T09-09-00-00\",\r\r\n\t\t\t\t\t\t\t  \t\"endDate\": \"2026-5-9T23-23-50-00\",\r\r\n\t\t\t\t\t\t\t  \t\"image\":\"https:\/\/vea.qc.ca\/wp-content\/uploads\/2026\/04\/cidre.jpg\",\r\r\n\t\t\t\t\t\t\t  \t\"description\":\"In this cider house, you will discover a family tradition that has been transforming apples into cider since 1901, and of course, you will taste the products.\",\r\r\n\t\t\t\t\t\t\t  \t\r\r\n\t\t\t\t\t\t\t }<\/script><\/div>\r\r\n\t\t\t\t<p class=\"desc_trig_outter\"><a data-gmap_status=\"null\" data-exlk=\"0\" style=\"border-color: #e5191d;\" id=\"evc_177831720028362\" class=\"desc_trig featured_event 1 sin_val evcal_list_a\" data-ux_val=\"3\"  ><span class='evcal_cblock ' data-bgcolor='#e5191d' data-smon='Mai' data-syr='2026'><span class='evo_start '><em class='date'>09<\/em><em class='month'>Mai<\/em><em class='time'>9 h 00 min<\/em><\/span><em class='clear'><\/em><\/span><span class='evcal_desc evo_info hide_eventtopdata '  data-location_status=\"false\" ><span class='evo_above_title'><span class='evo_event_headers featured'>VEA<\/span><\/span><span class='evcal_desc2 evcal_event_title' itemprop='name'>Ride to a cider house<\/span><span class='evo_below_title'><span class='evcal_event_subtitle' >Dominic leads us for a ride  to Michel Jodoin's cider house in Rougemont.<\/span><\/span><span class='evcal_desc_info' ><em class='evcal_time'>9 h 00 min<\/em> <\/span><span class='evcal_desc3'><\/span><\/span><em class='clear'><\/em><\/a><\/p><div class='event_description evcal_eventcard ' style=\"display:none\"><div class='evo_metarow_directimg'><img src='https:\/\/vea.qc.ca\/wp-content\/uploads\/2026\/04\/cidre.jpg' \/><\/div><div class='evo_metarow_details evorow evcal_evdata_row bordb evcal_event_details'>\r\r\n\t\t\t\t\t\t\t<div class=\"event_excerpt\" style=\"display:none\"><h3 class=\"padb5 evo_h3\">D\u00e9tails de l&#039;activit\u00e9<\/h3><p>In this cider house, you will discover a family tradition that has been transforming apples into cider since 1901, and of course, you will taste the products.<\/p><\/div><span class='evcal_evdata_icons'><i class='fa fa-align-justify'><\/i><\/span>\r\r\n\t\t\t\t\t\t\t\r\r\n\t\t\t\t\t\t\t<div class='evcal_evdata_cell '><div class='eventon_full_description'>\r\r\n\t\t\t\t\t\t\t\t\t<h3 class='padb5 evo_h3'><span class='evcal_evdata_icons'><i class='fa fa-align-justify'><\/i><\/span>D\u00e9tails de l&#039;activit\u00e9<\/h3><div class='eventon_desc_in' itemprop='description'>\r\r\n\t\t\t\t\t\t\t\t\t<p>In this cider house, you will discover a family tradition that has been transforming apples into cider since 1901, and of course, you will taste the products.<\/p>\n<\/div><div class='clear'><\/div>\r\r\n\t\t\t\t\t\t\t\t<\/div>\r\r\n\t\t\t\t\t\t\t<\/div>\r\r\n\t\t\t\t\t\t<\/div><div class='evo_metarow_time evorow evcal_evdata_row bordb evcal_evrow_sm '>\r\r\n\t\t\t\t\t\t\t<span class='evcal_evdata_icons'><i class='fa fa-clock-o'><\/i><\/span>\r\r\n\t\t\t\t\t\t\t<div class='evcal_evdata_cell'>\t\t\t\t\t\t\t\r\r\n\t\t\t\t\t\t\t\t<h3 class='evo_h3'><span class='evcal_evdata_icons'><i class='fa fa-clock-o'><\/i><\/span>Heure de d\u00e9but \/ fin<\/h3><p>(Samedi) 9 h 00 min<\/p>\r\r\n\t\t\t\t\t\t\t<\/div>\r\r\n\t\t\t\t\t\t<\/div><div class='evo_metarow_organizer evorow evcal_evdata_row bordb evcal_evrow_sm '>\r\r\n\t\t\t\t\t\t\t<span class='evcal_evdata_icons'><i class='fa fa-id-badge'><\/i><\/span>\r\r\n\t\t\t\t\t\t\t<div class='evcal_evdata_cell'>\t\t\t\t\t\t\t\r\r\n\t\t\t\t\t\t\t\t<h3 class='evo_h3'>Organisateur<\/h3>\r\r\n\t\t\t\t\t\t\t\t\r\r\n\t\t\t\t\t\t\t\t<div class='evo_card_organizer'><p class='evo_data_val evo_card_organizer_name'>\r\r\n\t\t\t\t\t\t\t\t\t<span class='evo_card_organizer_name_t'>Dominic Fortier<\/span>\r\r\n\t\t\t\t\t\t\t\t\t\r\r\n\t\t\t\t\t\t\t\t\t<\/p><\/div><div class='clear'><\/div>\t\t\t\t\t\t\t\r\r\n\t\t\t\t\t\t\t<\/div>\r\r\n\t\t\t\t\t\t<\/div>\r\n\t\t\t\t\t\t<div class='evo_metarow_ICS evorow bordb evcal_evdata_row'>\r\r\n\t\t\t\t\t\t\t<span class=\"evcal_evdata_icons\"><i class=\"fa fa-calendar\"><\/i><\/span>\r\r\n\t\t\t\t\t\t\t<div class='evcal_evdata_cell'>\r\r\n\t\t\t\t\t\t\t\t<p><a href='https:\/\/vea.qc.ca\/wp-admin\/admin-ajax.php?action=eventon_ics_download&amp;event_id=28362&amp;sunix=20260509T140000Z&amp;eunix=20260510T045000Z&amp;loca=&amp;locn=' class='evo_ics_nCal' title='Ajouter \u00e0 votre calendrier'>Calendrier<\/a><a href='\/\/www.google.com\/calendar\/event?action=TEMPLATE&amp;text=Ride+to+a+cider+house&amp;dates=20260509T140000Z\/20260510T045000Z&amp;details=In+this+cider+house%2C+you+will+discover+a+family+tradition+that+has+been+transforming+apples+into+cider+since+1901%2C+and+of+course%2C+you+will+taste+the+products.&amp;location= - ' target='_blank' class='evo_ics_gCal' title='Ajouter \u00e0 l&#039;agenda Google'>GoogleCal<\/a><\/p>\t\r\r\n\t\t\t\t\t\t\t<\/div>\r\n\t\t\t\t\t\t<\/div>\r\r\n\t\t\t\t\t\t<div class='bordb evo_metarow_socialmedia evcal_evdata_row  lastrow'><div class='evo_sm FacebookShare'><a class=\" evo_ss\" target=\"_blank\" onclick=\"javascript:window.open(this.href, '', 'left=50,top=50,width=600,height=350,toolbar=0');return false;\"\r\r\n\t\t\t\t\t\t\t\thref=\"http:\/\/www.facebook.com\/sharer.php?u=https%3A%2F%2Fvea.qc.ca%2Fen%2Factivities%2Fride-to-a-cider-house%2F\" title=\"Partager sur Facebook\"><i class=\"fa fa-facebook\"><\/i><\/a><\/div><div class='evo_sm Twitter'><a class=\"tw evo_ss\" onclick=\"javascript:window.open(this.href, '', 'menubar=no,toolbar=no,resizable=yes,scrollbars=yes,height=300,width=600');return false;\" href=\"http:\/\/twitter.com\/share?text=Ride to a cider house&#32;-&#32;&url=https%3A%2F%2Fvea.qc.ca%2Fen%2Factivities%2Fride-to-a-cider-house%2F\" title=\"Partager sur twitter\" rel=\"nofollow\" target=\"_blank\" data-url=\"https%3A%2F%2Fvea.qc.ca%2Fen%2Factivities%2Fride-to-a-cider-house%2F\"><i class=\"fa fa-twitter\"><\/i><\/a><\/div><div class='evo_sm LinkedIn'><a class=\"li evo_ss\" href=\"http:\/\/www.linkedin.com\/shareArticle?mini=true&url=https%3A%2F%2Fvea.qc.ca%2Fen%2Factivities%2Fride-to-a-cider-house%2F&title=Ride%20to%20a%20cider%20house&summary=In+this+cider+house%2C+you+will+discover+a+family+tradition+that+has+been+transforming+apples+into\" target=\"_blank\" title=\"Partager sur Linkedin\"><i class=\"fa fa-linkedin\"><\/i><\/a><\/div><div class='evo_sm Google'><a class=\"gp evo_ss\" href=\"https:\/\/plus.google.com\/share?url=https%3A%2F%2Fvea.qc.ca%2Fen%2Factivities%2Fride-to-a-cider-house%2F\" \r\r\n\t\t\t\t\t\t\t\tonclick=\"javascript:window.open(this.href, '', 'left=50,top=50,width=600,height=350,toolbar=0');return false;\" target=\"_blank\"><i class=\"fa fa-google-plus\" title=\"Partager sur Google Plus\"><\/i><\/a><\/div><div class='evo_sm EmailShare'><a class=\"em evo_ss\" href=\"mailto:?subject=Ride to a cider house&body=Event Name: Ride to a cider house%0AEvent Date: 9 Mai 2026 9 H 00 Min%0ALink: https%3A%2F%2Fvea.qc.ca%2Fen%2Factivities%2Fride-to-a-cider-house%2F%0A\" target=\"_blank\"><i class=\"fa fa-envelope\"><\/i><\/a><\/div><div class='clear'><\/div><div class='evcal_evdata_row evcal_close' title='Close'><\/div><\/div><\/div><div class='clear end'><\/div><\/div><div id=\"event_28369\" class=\"eventon_list_event evo_eventtop  event\" data-event_id=\"28369\" data-time=\"1779526800-1779580200\" data-colr=\"#e5191d\" itemscope itemtype='http:\/\/schema.org\/Event'><div class=\"evo_event_schema\" style=\"display:none\" ><a itemprop='url'  href='https:\/\/vea.qc.ca\/en\/activities\/ride-to-sorel\/'><\/a><span itemprop='name'  >Ride to Sorel<\/span><meta itemprop='image' content='https:\/\/vea.qc.ca\/wp-content\/uploads\/2026\/04\/belvedere.jpg' \/><meta itemprop='description' content='A ride towards Sorel between the St. Lawrence River and the Richelieu River to share a good meal at the Le Belv\u00e9d\u00e8re restaurant. ''It's a warm place by the water' \/><meta itemprop='startDate' content='2026-5-23T09:00' \/><meta itemprop='endDate' content='2026-5-23T23:50' \/><meta itemprop='eventStatus' content='on-schedule' \/><script type=\"application\/ld+json\">{\t\"@context\": \"http:\/\/schema.org\",\r\r\n\t\t\t\t\t\t\t  \t\"@type\": \"Event\",\r\r\n\t\t\t\t\t\t\t  \t\"name\": \"Ride to Sorel\",\r\r\n\t\t\t\t\t\t\t  \t\"startDate\": \"2026-5-23T09-09-00-00\",\r\r\n\t\t\t\t\t\t\t  \t\"endDate\": \"2026-5-23T23-23-50-00\",\r\r\n\t\t\t\t\t\t\t  \t\"image\":\"https:\/\/vea.qc.ca\/wp-content\/uploads\/2026\/04\/belvedere.jpg\",\r\r\n\t\t\t\t\t\t\t  \t\"description\":\"A ride towards Sorel between the St. Lawrence River and the Richelieu River to share a good meal at the Le Belv\u00e9d\u00e8re restaurant. ''It's a warm place by the water\",\r\r\n\t\t\t\t\t\t\t  \t\r\r\n\t\t\t\t\t\t\t }<\/script><\/div>\r\r\n\t\t\t\t<p class=\"desc_trig_outter\"><a data-gmap_status=\"null\" data-exlk=\"0\" style=\"border-color: #e5191d;\" id=\"evc_177952680028369\" class=\"desc_trig featured_event 1 sin_val evcal_list_a\" data-ux_val=\"3\"  ><span class='evcal_cblock ' data-bgcolor='#e5191d' data-smon='Mai' data-syr='2026'><span class='evo_start '><em class='date'>23<\/em><em class='month'>Mai<\/em><em class='time'>9 h 00 min<\/em><\/span><em class='clear'><\/em><\/span><span class='evcal_desc evo_info hide_eventtopdata '  data-location_status=\"false\" ><span class='evo_above_title'><span class='evo_event_headers featured'>VEA<\/span><\/span><span class='evcal_desc2 evcal_event_title' itemprop='name'>Ride to Sorel<\/span><span class='evo_below_title'><span class='evcal_event_subtitle' >A ride towards Sorel between the St. Lawrence River and the Richelieu River to share a good meal at the Le Belv\u00e9d\u00e8re restaurant.<\/span><\/span><span class='evcal_desc_info' ><em class='evcal_time'>9 h 00 min<\/em> <\/span><span class='evcal_desc3'><\/span><\/span><em class='clear'><\/em><\/a><\/p><div class='event_description evcal_eventcard ' style=\"display:none\"><div class='evo_metarow_directimg'><img src='https:\/\/vea.qc.ca\/wp-content\/uploads\/2026\/04\/belvedere.jpg' \/><\/div><div class='evo_metarow_details evorow evcal_evdata_row bordb evcal_event_details'>\r\r\n\t\t\t\t\t\t\t<div class=\"event_excerpt\" style=\"display:none\"><h3 class=\"padb5 evo_h3\">D\u00e9tails de l&#039;activit\u00e9<\/h3><p>A ride towards Sorel between the St. Lawrence River and the Richelieu River to share a good meal at the Le Belv\u00e9d\u00e8re restaurant. ''It's a warm place by the water<\/p><\/div><span class='evcal_evdata_icons'><i class='fa fa-align-justify'><\/i><\/span>\r\r\n\t\t\t\t\t\t\t\r\r\n\t\t\t\t\t\t\t<div class='evcal_evdata_cell '><div class='eventon_full_description'>\r\r\n\t\t\t\t\t\t\t\t\t<h3 class='padb5 evo_h3'><span class='evcal_evdata_icons'><i class='fa fa-align-justify'><\/i><\/span>D\u00e9tails de l&#039;activit\u00e9<\/h3><div class='eventon_desc_in' itemprop='description'>\r\r\n\t\t\t\t\t\t\t\t\t<p>A ride towards Sorel between the St. Lawrence River and the Richelieu River to share a good meal at the Le Belv\u00e9d\u00e8re restaurant. &#8221;It&#8217;s a warm place by the water where authenticity, simplicity and the pleasure of good food come together&#8221;.<\/p>\n<\/div><div class='clear'><\/div>\r\r\n\t\t\t\t\t\t\t\t<\/div>\r\r\n\t\t\t\t\t\t\t<\/div>\r\r\n\t\t\t\t\t\t<\/div><div class='evo_metarow_time evorow evcal_evdata_row bordb evcal_evrow_sm '>\r\r\n\t\t\t\t\t\t\t<span class='evcal_evdata_icons'><i class='fa fa-clock-o'><\/i><\/span>\r\r\n\t\t\t\t\t\t\t<div class='evcal_evdata_cell'>\t\t\t\t\t\t\t\r\r\n\t\t\t\t\t\t\t\t<h3 class='evo_h3'><span class='evcal_evdata_icons'><i class='fa fa-clock-o'><\/i><\/span>Heure de d\u00e9but \/ fin<\/h3><p>(Samedi) 9 h 00 min<\/p>\r\r\n\t\t\t\t\t\t\t<\/div>\r\r\n\t\t\t\t\t\t<\/div>\r\n\t\t\t\t\t\t<div class='evo_metarow_ICS evorow bordb evcal_evdata_row'>\r\r\n\t\t\t\t\t\t\t<span class=\"evcal_evdata_icons\"><i class=\"fa fa-calendar\"><\/i><\/span>\r\r\n\t\t\t\t\t\t\t<div class='evcal_evdata_cell'>\r\r\n\t\t\t\t\t\t\t\t<p><a href='https:\/\/vea.qc.ca\/wp-admin\/admin-ajax.php?action=eventon_ics_download&amp;event_id=28369&amp;sunix=20260523T140000Z&amp;eunix=20260524T045000Z&amp;loca=&amp;locn=' class='evo_ics_nCal' title='Ajouter \u00e0 votre calendrier'>Calendrier<\/a><a href='\/\/www.google.com\/calendar\/event?action=TEMPLATE&amp;text=Ride+to+Sorel&amp;dates=20260523T140000Z\/20260524T045000Z&amp;details=A+ride+towards+Sorel+between+the+St.+Lawrence+River+and+the+Richelieu+River+to+share+a+good+meal+at+the+Le+Belv%C3%A9d%C3%A8re+restaurant.+%27%27It%27s+a+warm+place+by+the+water&amp;location= - ' target='_blank' class='evo_ics_gCal' title='Ajouter \u00e0 l&#039;agenda Google'>GoogleCal<\/a><\/p>\t\r\r\n\t\t\t\t\t\t\t<\/div>\r\n\t\t\t\t\t\t<\/div>\r\r\n\t\t\t\t\t\t<div class='bordb evo_metarow_socialmedia evcal_evdata_row  lastrow'><div class='evo_sm FacebookShare'><a class=\" evo_ss\" target=\"_blank\" onclick=\"javascript:window.open(this.href, '', 'left=50,top=50,width=600,height=350,toolbar=0');return false;\"\r\r\n\t\t\t\t\t\t\t\thref=\"http:\/\/www.facebook.com\/sharer.php?u=https%3A%2F%2Fvea.qc.ca%2Fen%2Factivities%2Fride-to-sorel%2F\" title=\"Partager sur Facebook\"><i class=\"fa fa-facebook\"><\/i><\/a><\/div><div class='evo_sm Twitter'><a class=\"tw evo_ss\" onclick=\"javascript:window.open(this.href, '', 'menubar=no,toolbar=no,resizable=yes,scrollbars=yes,height=300,width=600');return false;\" href=\"http:\/\/twitter.com\/share?text=Ride to Sorel&#32;-&#32;&url=https%3A%2F%2Fvea.qc.ca%2Fen%2Factivities%2Fride-to-sorel%2F\" title=\"Partager sur twitter\" rel=\"nofollow\" target=\"_blank\" data-url=\"https%3A%2F%2Fvea.qc.ca%2Fen%2Factivities%2Fride-to-sorel%2F\"><i class=\"fa fa-twitter\"><\/i><\/a><\/div><div class='evo_sm LinkedIn'><a class=\"li evo_ss\" href=\"http:\/\/www.linkedin.com\/shareArticle?mini=true&url=https%3A%2F%2Fvea.qc.ca%2Fen%2Factivities%2Fride-to-sorel%2F&title=Ride%20to%20Sorel&summary=A+ride+towards+Sorel+between+the+St.+Lawrence+River+and+the+Richelieu+River+to+share+a\" target=\"_blank\" title=\"Partager sur Linkedin\"><i class=\"fa fa-linkedin\"><\/i><\/a><\/div><div class='evo_sm Google'><a class=\"gp evo_ss\" href=\"https:\/\/plus.google.com\/share?url=https%3A%2F%2Fvea.qc.ca%2Fen%2Factivities%2Fride-to-sorel%2F\" \r\r\n\t\t\t\t\t\t\t\tonclick=\"javascript:window.open(this.href, '', 'left=50,top=50,width=600,height=350,toolbar=0');return false;\" target=\"_blank\"><i class=\"fa fa-google-plus\" title=\"Partager sur Google Plus\"><\/i><\/a><\/div><div class='evo_sm EmailShare'><a class=\"em evo_ss\" href=\"mailto:?subject=Ride to Sorel&body=Event Name: Ride to Sorel%0AEvent Date: 23 Mai 2026 9 H 00 Min%0ALink: https%3A%2F%2Fvea.qc.ca%2Fen%2Factivities%2Fride-to-sorel%2F%0A\" target=\"_blank\"><i class=\"fa fa-envelope\"><\/i><\/a><\/div><div class='clear'><\/div><div class='evcal_evdata_row evcal_close' title='Close'><\/div><\/div><\/div><div class='clear end'><\/div><\/div><\/div><div class='evcal_month_line'><p>Juin 2026<\/p><\/div><div id='evcal_list' class='evcal_list_month eventon_events_list '><div id=\"event_27877\" class=\"eventon_list_event evo_eventtop  event\" data-event_id=\"27877\" data-time=\"1780509600-1780530600\" data-colr=\"#e51a1d\" itemscope itemtype='http:\/\/schema.org\/Event'><div class=\"evo_event_schema\" style=\"display:none\" ><a itemprop='url'  href='https:\/\/vea.qc.ca\/en\/activities\/mechoui-gerard-de-conty-copy\/'><\/a><span itemprop='name'  >M\u00c9CHOUI - G\u00c9RARD DE CONTY<\/span><meta itemprop='image' content='https:\/\/vea.qc.ca\/wp-content\/uploads\/2025\/12\/mechoui.jpg' \/><meta itemprop='description' content='M\u00e9choui\/BBQ G\u00e9rard de Conty, (paired dinner on the first Wednesday of the month)' \/><meta itemprop='startDate' content='2026-6-3T18:00' \/><meta itemprop='endDate' content='2026-6-3T23:50' \/><meta itemprop='eventStatus' content='on-schedule' \/>\r\r\n\t\t\t\t\t\t\t\t\t<item style=\"display:none\" itemprop=\"location\" itemscope itemtype=\"http:\/\/schema.org\/Place\">\r\r\n\t\t\t\t\t\t\t\t\t\t<span itemprop=\"name\">Restaurant L\u2019Ambroisie<\/span>\r\r\n\t\t\t\t\t\t\t\t\t\t<span itemprop=\"address\" itemscope itemtype=\"http:\/\/schema.org\/PostalAddress\">\r\r\n\t\t\t\t\t\t\t\t\t\t\t<item itemprop=\"streetAddress\">4020 Rue Saint-Ambroise porte #140, QC H4C 2C7<\/item>\r\r\n\t\t\t\t\t\t\t\t\t\t<\/span><\/item><script type=\"application\/ld+json\">{\t\"@context\": \"http:\/\/schema.org\",\r\r\n\t\t\t\t\t\t\t  \t\"@type\": \"Event\",\r\r\n\t\t\t\t\t\t\t  \t\"name\": \"M\u00c9CHOUI - G\u00c9RARD DE CONTY\",\r\r\n\t\t\t\t\t\t\t  \t\"startDate\": \"2026-6-3T18-18-00-00\",\r\r\n\t\t\t\t\t\t\t  \t\"endDate\": \"2026-6-3T23-23-50-00\",\r\r\n\t\t\t\t\t\t\t  \t\"image\":\"https:\/\/vea.qc.ca\/wp-content\/uploads\/2025\/12\/mechoui.jpg\",\r\r\n\t\t\t\t\t\t\t  \t\"description\":\"M\u00e9choui\/BBQ G\u00e9rard de Conty, (paired dinner on the first Wednesday of the month)\",\r\r\n\t\t\t\t\t\t\t  \t\"location\":{\r\r\n\t\t\t\t\t\t\t\t\t\t\"@type\":\"Place\",\r\r\n\t\t\t\t\t\t\t\t\t\t\"name\":\"Restaurant L\u2019Ambroisie\",\r\r\n\t\t\t\t\t\t\t\t\t\t\"address\":\"4020 Rue Saint-Ambroise porte #140, QC H4C 2C7\"\r\r\n\t\t\t\t\t\t\t  \t\t}\r\r\n\t\t\t\t\t\t\t }<\/script><\/div>\r\r\n\t\t\t\t<p class=\"desc_trig_outter\"><a data-gmtrig=\"1\" data-exlk=\"0\" style=\"border-color: #e51a1d;\" id=\"evc_178050960027877\" class=\"desc_trig featured_event 1 sin_val evcal_list_a\" data-ux_val=\"3\"  ><span class='evcal_cblock ' data-bgcolor='#e51a1d' data-smon='Juin' data-syr='2026'><span class='evo_start '><em class='date'>03<\/em><em class='month'>Juin<\/em><em class='time'>18 h 00 min<\/em><\/span><em class='clear'><\/em><\/span><span class='evcal_desc evo_info hide_eventtopdata '  data-location_address=\"4020 Rue Saint-Ambroise porte #140, QC H4C 2C7\" data-location_type=\"address\" data-location_name=\"Restaurant L\u2019Ambroisie\" data-location_status=\"true\" ><span class='evo_above_title'><span class='evo_event_headers featured'>VEA<\/span><\/span><span class='evcal_desc2 evcal_event_title' itemprop='name'>M\u00c9CHOUI - G\u00c9RARD DE CONTY<\/span><span class='evo_below_title'><span class='evcal_event_subtitle' >AT THE \u201cFIRST WEDNESDAY\u201d OF THE MONTH DINNER MEETING<\/span><\/span><span class='evcal_desc_info' ><em class='evcal_time'>18 h 00 min<\/em> <em class=\"evcal_location\"  data-add_str=\"4020 Rue Saint-Ambroise porte #140, QC H4C 2C7\"><em class=\"event_location_name\">Restaurant L\u2019Ambroisie<\/em>, 4020 Rue Saint-Ambroise porte #140, QC H4C 2C7<\/em><\/span><span class='evcal_desc3'><\/span><\/span><em class='clear'><\/em><\/a><\/p><div class='event_description evcal_eventcard ' style=\"display:none\"><div class='evo_metarow_directimg'><img src='https:\/\/vea.qc.ca\/wp-content\/uploads\/2025\/12\/mechoui.jpg' \/><\/div><div class='evo_metarow_details evorow evcal_evdata_row bordb evcal_event_details'>\r\r\n\t\t\t\t\t\t\t<div class=\"event_excerpt\" style=\"display:none\"><h3 class=\"padb5 evo_h3\">D\u00e9tails de l&#039;activit\u00e9<\/h3><p>M\u00e9choui\/BBQ G\u00e9rard de Conty, (paired dinner on the first Wednesday of the month)<\/p><\/div><span class='evcal_evdata_icons'><i class='fa fa-align-justify'><\/i><\/span>\r\r\n\t\t\t\t\t\t\t\r\r\n\t\t\t\t\t\t\t<div class='evcal_evdata_cell '><div class='eventon_full_description'>\r\r\n\t\t\t\t\t\t\t\t\t<h3 class='padb5 evo_h3'><span class='evcal_evdata_icons'><i class='fa fa-align-justify'><\/i><\/span>D\u00e9tails de l&#039;activit\u00e9<\/h3><div class='eventon_desc_in' itemprop='description'>\r\r\n\t\t\t\t\t\t\t\t\t<p>M\u00e9choui\/BBQ G\u00e9rard de Conty, (paired dinner on the first Wednesday of the month)<\/p>\n<\/div><div class='clear'><\/div>\r\r\n\t\t\t\t\t\t\t\t<\/div>\r\r\n\t\t\t\t\t\t\t<\/div>\r\r\n\t\t\t\t\t\t<\/div><div class='evo_metarow_time_location evorow bordb '>\r\r\n\t\t\t\t\t\t<div class='tb' >\r\r\n\t\t\t\t\t\t\t<div class='tbrow'>\r\r\n\t\t\t\t\t\t\t<div class='evcal_col50 bordr'>\r\r\n\t\t\t\t\t\t\t\t<div class='evcal_evdata_row evo_time'>\r\r\n\t\t\t\t\t\t\t\t\t<span class='evcal_evdata_icons'><i class='fa fa-clock-o'><\/i><\/span>\r\r\n\t\t\t\t\t\t\t\t\t<div class='evcal_evdata_cell'>\t\t\t\t\t\t\t\r\r\n\t\t\t\t\t\t\t\t\t\t<h3 class='evo_h3'><span class='evcal_evdata_icons'><i class='fa fa-clock-o'><\/i><\/span>Heure de d\u00e9but \/ fin<\/h3>\r\r\n\t\t\t\t\t\t\t\t\t\t<p>(Mercredi) 18 h 00 min<\/p>\r\r\n\t\t\t\t\t\t\t\t\t<\/div>\r\r\n\t\t\t\t\t\t\t\t<\/div>\r\r\n\t\t\t\t\t\t\t<\/div><div class='evcal_col50'>\r\r\n\t\t\t\t\t\t\t\t<div class='evcal_evdata_row evo_location'>\r\r\n\t\t\t\t\t\t\t\t\t<span class='evcal_evdata_icons'><i class='fa fa-map-marker'><\/i><\/span>\r\r\n\t\t\t\t\t\t\t\t\t<div class='evcal_evdata_cell' data-loc_tax_id='306'>\t\t\t\t\t\t\t\r\r\n\t\t\t\t\t\t\t\t\t\t<h3 class='evo_h3'><span class='evcal_evdata_icons'><i class='fa fa-map-marker'><\/i><\/span>Lieu<\/h3><p class='evo_location_name'>Restaurant L\u2019Ambroisie<\/p><p class='evo_location_address'>4020 Rue Saint-Ambroise porte #140, QC H4C 2C7<\/p>\r\r\n\t\t\t\t\t\t\t\t\t<\/div>\r\r\n\t\t\t\t\t\t\t\t<\/div>\r\r\n\t\t\t\t\t\t\t<\/div><div class='clear'><\/div>\r\r\n\t\t\t\t\t\t\t<\/div><\/div>\r\r\n\t\t\t\t\t\t<\/div><div class='evo_metarow_locImg evorow bordb tvi' style='height:400px; background-image:url(https:\/\/vea.qc.ca\/wp-content\/uploads\/2023\/04\/Ambroisie2023.jpg)' id='23610_locimg' ><p class='evoLOCtxt'>\r\r\n\t\t\t\t\t\t\t\t<span class='evo_loc_text_title'>Restaurant L\u2019Ambroisie<\/span><span style=\"padding-bottom:10px\">4020 Rue Saint-Ambroise porte #140, QC H4C 2C7<\/span><\/p><\/div><div class='evo_metarow_gmap evorow evcal_gmaps bordb ' id='evc178050960069ec80fe4aefd27877_gmap' style='max-width:none'><\/div><div class='evo_metarow_getDr evorow evcal_evdata_row bordb evcal_evrow_sm getdirections'>\r\r\n\t\t\t\t\t\t<form action='https:\/\/maps.google.com\/maps' method='get' target='_blank'>\r\r\n\t\t\t\t\t\t<input type='hidden' name='daddr' value=\"4020 Rue Saint-Ambroise porte #140, QC H4C 2C7\"\/> \r\r\n\t\t\t\t\t\t<p><input class='evoInput' type='text' name='saddr' placeholder='Saisissez votre adresse' value=''\/>\r\r\n\t\t\t\t\t\t<button type='submit' class='evcal_evdata_icons evcalicon_9' title='Cliquez ici pour obtenir l&#039;itin\u00e9raire'><i class='fa fa-road'><\/i><\/button>\r\r\n\t\t\t\t\t\t<\/p><\/form>\r\r\n\t\t\t\t\t<\/div>\r\n\t\t\t\t\t\t<div class='evo_metarow_ICS evorow bordb evcal_evdata_row'>\r\r\n\t\t\t\t\t\t\t<span class=\"evcal_evdata_icons\"><i class=\"fa fa-calendar\"><\/i><\/span>\r\r\n\t\t\t\t\t\t\t<div class='evcal_evdata_cell'>\r\r\n\t\t\t\t\t\t\t\t<p><a href='https:\/\/vea.qc.ca\/wp-admin\/admin-ajax.php?action=eventon_ics_download&amp;event_id=27877&amp;sunix=20260603T230000Z&amp;eunix=20260604T045000Z&amp;loca=4020 Rue Saint-Ambroise porte #140, QC H4C 2C7&amp;locn=Restaurant L\u2019Ambroisie' class='evo_ics_nCal' title='Ajouter \u00e0 votre calendrier'>Calendrier<\/a><a href='\/\/www.google.com\/calendar\/event?action=TEMPLATE&amp;text=M%C3%89CHOUI+-+G%C3%89RARD+DE+CONTY&amp;dates=20260603T230000Z\/20260604T045000Z&amp;details=M%C3%A9choui%2FBBQ+G%C3%A9rard+de+Conty%2C+%28paired+dinner+on+the+first+Wednesday+of+the+month%29&amp;location=Restaurant+L%E2%80%99Ambroisie - 4020+Rue+Saint-Ambroise+porte+%23140%2C+QC+H4C+2C7' target='_blank' class='evo_ics_gCal' title='Ajouter \u00e0 l&#039;agenda Google'>GoogleCal<\/a><\/p>\t\r\r\n\t\t\t\t\t\t\t<\/div>\r\n\t\t\t\t\t\t<\/div>\r\r\n\t\t\t\t\t\t<div class='bordb evo_metarow_socialmedia evcal_evdata_row  lastrow'><div class='evo_sm FacebookShare'><a class=\" evo_ss\" target=\"_blank\" onclick=\"javascript:window.open(this.href, '', 'left=50,top=50,width=600,height=350,toolbar=0');return false;\"\r\r\n\t\t\t\t\t\t\t\thref=\"http:\/\/www.facebook.com\/sharer.php?u=https%3A%2F%2Fvea.qc.ca%2Fen%2Factivities%2Fmechoui-gerard-de-conty-copy%2F\" title=\"Partager sur Facebook\"><i class=\"fa fa-facebook\"><\/i><\/a><\/div><div class='evo_sm Twitter'><a class=\"tw evo_ss\" onclick=\"javascript:window.open(this.href, '', 'menubar=no,toolbar=no,resizable=yes,scrollbars=yes,height=300,width=600');return false;\" href=\"http:\/\/twitter.com\/share?text=M\u00c9CHOUI &#8211; G\u00c9RARD DE CONTY&#32;-&#32;&url=https%3A%2F%2Fvea.qc.ca%2Fen%2Factivities%2Fmechoui-gerard-de-conty-copy%2F\" title=\"Partager sur twitter\" rel=\"nofollow\" target=\"_blank\" data-url=\"https%3A%2F%2Fvea.qc.ca%2Fen%2Factivities%2Fmechoui-gerard-de-conty-copy%2F\"><i class=\"fa fa-twitter\"><\/i><\/a><\/div><div class='evo_sm LinkedIn'><a class=\"li evo_ss\" href=\"http:\/\/www.linkedin.com\/shareArticle?mini=true&url=https%3A%2F%2Fvea.qc.ca%2Fen%2Factivities%2Fmechoui-gerard-de-conty-copy%2F&title=M%C3%89CHOUI%20%26%238211%3B%20G%C3%89RARD%20DE%20CONTY&summary=M%C3%A9choui%2FBBQ+G%C3%A9rard+de+Conty%2C+%28paired+dinner+on+the+first+Wednesday+of+the+month%29%0A\" target=\"_blank\" title=\"Partager sur Linkedin\"><i class=\"fa fa-linkedin\"><\/i><\/a><\/div><div class='evo_sm Google'><a class=\"gp evo_ss\" href=\"https:\/\/plus.google.com\/share?url=https%3A%2F%2Fvea.qc.ca%2Fen%2Factivities%2Fmechoui-gerard-de-conty-copy%2F\" \r\r\n\t\t\t\t\t\t\t\tonclick=\"javascript:window.open(this.href, '', 'left=50,top=50,width=600,height=350,toolbar=0');return false;\" target=\"_blank\"><i class=\"fa fa-google-plus\" title=\"Partager sur Google Plus\"><\/i><\/a><\/div><div class='evo_sm EmailShare'><a class=\"em evo_ss\" href=\"mailto:?subject=M\u00c9CHOUI %26#8211; G\u00c9RARD DE CONTY&body=Event Name: M\u00c9CHOUI %26#8211; G\u00c9RARD DE CONTY%0AEvent Date: 3 Juin 2026 18 H 00 Min%0ALink: https%3A%2F%2Fvea.qc.ca%2Fen%2Factivities%2Fmechoui-gerard-de-conty-copy%2F%0A\" target=\"_blank\"><i class=\"fa fa-envelope\"><\/i><\/a><\/div><div class='clear'><\/div><div class='evcal_evdata_row evcal_close' title='Close'><\/div><\/div><\/div><div class='clear end'><\/div><\/div><div id=\"event_27919\" class=\"eventon_list_event evo_eventtop  event\" data-event_id=\"27919\" data-time=\"1780824600-1780876200\" data-colr=\"#e5191d\" itemscope itemtype='http:\/\/schema.org\/Event'><div class=\"evo_event_schema\" style=\"display:none\" ><a itemprop='url'  href='https:\/\/vea.qc.ca\/en\/activities\/presidents-ride-to-the-annual-brunch-at-atlandide-golf-club\/'><\/a><span itemprop='name'  >PRESIDENT'S ride TO the ANNUAL BRUNCH AT ATLANDIDE GOLF CLUB<\/span><meta itemprop='image' content='https:\/\/vea.qc.ca\/wp-content\/uploads\/2019\/07\/rallye-du-president-2020.jpg' \/><meta itemprop='description' content='PRESIDENT'S ride TO the ANNUAL BRUNCH AT ATLANDIDE GOLF CLUB' \/><meta itemprop='startDate' content='2026-6-7T09:30' \/><meta itemprop='endDate' content='2026-6-7T23:50' \/><meta itemprop='eventStatus' content='on-schedule' \/><script type=\"application\/ld+json\">{\t\"@context\": \"http:\/\/schema.org\",\r\r\n\t\t\t\t\t\t\t  \t\"@type\": \"Event\",\r\r\n\t\t\t\t\t\t\t  \t\"name\": \"PRESIDENT'S ride TO the ANNUAL BRUNCH AT ATLANDIDE GOLF CLUB\",\r\r\n\t\t\t\t\t\t\t  \t\"startDate\": \"2026-6-7T09-09-30-00\",\r\r\n\t\t\t\t\t\t\t  \t\"endDate\": \"2026-6-7T23-23-50-00\",\r\r\n\t\t\t\t\t\t\t  \t\"image\":\"https:\/\/vea.qc.ca\/wp-content\/uploads\/2019\/07\/rallye-du-president-2020.jpg\",\r\r\n\t\t\t\t\t\t\t  \t\"description\":\"PRESIDENT'S ride TO the ANNUAL BRUNCH AT ATLANDIDE GOLF CLUB\",\r\r\n\t\t\t\t\t\t\t  \t\r\r\n\t\t\t\t\t\t\t }<\/script><\/div>\r\r\n\t\t\t\t<p class=\"desc_trig_outter\"><a data-gmap_status=\"null\" data-exlk=\"0\" style=\"border-color: #e5191d;\" id=\"evc_178082460027919\" class=\"desc_trig featured_event 1 sin_val evcal_list_a\" data-ux_val=\"3\"  ><span class='evcal_cblock ' data-bgcolor='#e5191d' data-smon='Juin' data-syr='2026'><span class='evo_start '><em class='date'>07<\/em><em class='month'>Juin<\/em><em class='time'>9 h 30 min<\/em><\/span><em class='clear'><\/em><\/span><span class='evcal_desc evo_info hide_eventtopdata '  data-location_status=\"false\" ><span class='evo_above_title'><span class='evo_event_headers featured'>VEA<\/span><\/span><span class='evcal_desc2 evcal_event_title' itemprop='name'>PRESIDENT'S ride TO the ANNUAL BRUNCH AT ATLANDIDE GOLF CLUB<\/span><span class='evo_below_title'><span class='evcal_event_subtitle' >Our President takes us to the sumptuous L\u2019Atlantide Golf Club in Notre-Dame-de-l'\u00cele-Perrot for our traditional brunch, which lends itself well to a wonderful family activity.<\/span><\/span><span class='evcal_desc_info' ><em class='evcal_time'>9 h 30 min<\/em> <\/span><span class='evcal_desc3'><\/span><\/span><em class='clear'><\/em><\/a><\/p><div class='event_description evcal_eventcard ' style=\"display:none\"><div class='evo_metarow_directimg'><img src='https:\/\/vea.qc.ca\/wp-content\/uploads\/2019\/07\/rallye-du-president-2020.jpg' \/><\/div><div class='evo_metarow_time evorow evcal_evdata_row bordb evcal_evrow_sm '>\r\r\n\t\t\t\t\t\t\t<span class='evcal_evdata_icons'><i class='fa fa-clock-o'><\/i><\/span>\r\r\n\t\t\t\t\t\t\t<div class='evcal_evdata_cell'>\t\t\t\t\t\t\t\r\r\n\t\t\t\t\t\t\t\t<h3 class='evo_h3'><span class='evcal_evdata_icons'><i class='fa fa-clock-o'><\/i><\/span>Heure de d\u00e9but \/ fin<\/h3><p>(Dimanche) 9 h 30 min<\/p>\r\r\n\t\t\t\t\t\t\t<\/div>\r\r\n\t\t\t\t\t\t<\/div>\r\n\t\t\t\t\t\t<div class='evo_metarow_ICS evorow bordb evcal_evdata_row'>\r\r\n\t\t\t\t\t\t\t<span class=\"evcal_evdata_icons\"><i class=\"fa fa-calendar\"><\/i><\/span>\r\r\n\t\t\t\t\t\t\t<div class='evcal_evdata_cell'>\r\r\n\t\t\t\t\t\t\t\t<p><a href='https:\/\/vea.qc.ca\/wp-admin\/admin-ajax.php?action=eventon_ics_download&amp;event_id=27919&amp;sunix=20260607T143000Z&amp;eunix=20260608T045000Z&amp;loca=&amp;locn=' class='evo_ics_nCal' title='Ajouter \u00e0 votre calendrier'>Calendrier<\/a><a href='\/\/www.google.com\/calendar\/event?action=TEMPLATE&amp;text=PRESIDENT%27S+ride+TO+the+ANNUAL+BRUNCH+AT+ATLANDIDE+GOLF+CLUB&amp;dates=20260607T143000Z\/20260608T045000Z&amp;details=PRESIDENT%27S+ride+TO+the+ANNUAL+BRUNCH+AT+ATLANDIDE+GOLF+CLUB&amp;location= - ' target='_blank' class='evo_ics_gCal' title='Ajouter \u00e0 l&#039;agenda Google'>GoogleCal<\/a><\/p>\t\r\r\n\t\t\t\t\t\t\t<\/div>\r\n\t\t\t\t\t\t<\/div>\r\r\n\t\t\t\t\t\t<div class='bordb evo_metarow_socialmedia evcal_evdata_row  lastrow'><div class='evo_sm FacebookShare'><a class=\" evo_ss\" target=\"_blank\" onclick=\"javascript:window.open(this.href, '', 'left=50,top=50,width=600,height=350,toolbar=0');return false;\"\r\r\n\t\t\t\t\t\t\t\thref=\"http:\/\/www.facebook.com\/sharer.php?u=https%3A%2F%2Fvea.qc.ca%2Fen%2Factivities%2Fpresidents-ride-to-the-annual-brunch-at-atlandide-golf-club%2F\" title=\"Partager sur Facebook\"><i class=\"fa fa-facebook\"><\/i><\/a><\/div><div class='evo_sm Twitter'><a class=\"tw evo_ss\" onclick=\"javascript:window.open(this.href, '', 'menubar=no,toolbar=no,resizable=yes,scrollbars=yes,height=300,width=600');return false;\" href=\"http:\/\/twitter.com\/share?text=PRESIDENT&#8217;S ride TO the ANNUAL BRUNCH AT ATLANDIDE GOLF CLUB&#32;-&#32;&url=https%3A%2F%2Fvea.qc.ca%2Fen%2Factivities%2Fpresidents-ride-to-the-annual-brunch-at-atlandide-golf-club%2F\" title=\"Partager sur twitter\" rel=\"nofollow\" target=\"_blank\" data-url=\"https%3A%2F%2Fvea.qc.ca%2Fen%2Factivities%2Fpresidents-ride-to-the-annual-brunch-at-atlandide-golf-club%2F\"><i class=\"fa fa-twitter\"><\/i><\/a><\/div><div class='evo_sm LinkedIn'><a class=\"li evo_ss\" href=\"http:\/\/www.linkedin.com\/shareArticle?mini=true&url=https%3A%2F%2Fvea.qc.ca%2Fen%2Factivities%2Fpresidents-ride-to-the-annual-brunch-at-atlandide-golf-club%2F&title=PRESIDENT%26%238217%3BS%20ride%20TO%20the%20ANNUAL%20BRUNCH%20AT%20ATLANDIDE%20GOLF%20CLUB&summary=--\" target=\"_blank\" title=\"Partager sur Linkedin\"><i class=\"fa fa-linkedin\"><\/i><\/a><\/div><div class='evo_sm Google'><a class=\"gp evo_ss\" href=\"https:\/\/plus.google.com\/share?url=https%3A%2F%2Fvea.qc.ca%2Fen%2Factivities%2Fpresidents-ride-to-the-annual-brunch-at-atlandide-golf-club%2F\" \r\r\n\t\t\t\t\t\t\t\tonclick=\"javascript:window.open(this.href, '', 'left=50,top=50,width=600,height=350,toolbar=0');return false;\" target=\"_blank\"><i class=\"fa fa-google-plus\" title=\"Partager sur Google Plus\"><\/i><\/a><\/div><div class='evo_sm EmailShare'><a class=\"em evo_ss\" href=\"mailto:?subject=PRESIDENT%26#8217;S ride TO the ANNUAL BRUNCH AT ATLANDIDE GOLF CLUB&body=Event Name: PRESIDENT%26#8217;S ride TO the ANNUAL BRUNCH AT ATLANDIDE GOLF CLUB%0AEvent Date: 7 Juin 2026 9 H 30 Min%0ALink: https%3A%2F%2Fvea.qc.ca%2Fen%2Factivities%2Fpresidents-ride-to-the-annual-brunch-at-atlandide-golf-club%2F%0A\" target=\"_blank\"><i class=\"fa fa-envelope\"><\/i><\/a><\/div><div class='clear'><\/div><div class='evcal_evdata_row evcal_close' title='Close'><\/div><\/div><\/div><div class='clear end'><\/div><\/div><div id=\"event_28258\" class=\"eventon_list_event evo_eventtop  event\" data-event_id=\"28258\" data-time=\"1781343000-1781394600\" data-colr=\"#e5191d\" itemscope itemtype='http:\/\/schema.org\/Event'><div class=\"evo_event_schema\" style=\"display:none\" ><a itemprop='url'  href='https:\/\/vea.qc.ca\/en\/activities\/a-ride-to-a-vineyard-in-the-lower-laurentians-with-gaetan\/'><\/a><span itemprop='name'  >A ride to a vineyard in the Lower Laurentians with Ga\u00e9tan<\/span><meta itemprop='image' content='https:\/\/vea.qc.ca\/wp-content\/uploads\/2026\/03\/Vignoble-La-Cantina-Vallee-dOka-2.jpg' \/><meta itemprop='description' content='A ride to a vineyard in the Lower Laurentians with Ga\u00e9tan' \/><meta itemprop='startDate' content='2026-6-13T09:30' \/><meta itemprop='endDate' content='2026-6-13T23:50' \/><meta itemprop='eventStatus' content='on-schedule' \/><script type=\"application\/ld+json\">{\t\"@context\": \"http:\/\/schema.org\",\r\r\n\t\t\t\t\t\t\t  \t\"@type\": \"Event\",\r\r\n\t\t\t\t\t\t\t  \t\"name\": \"A ride to a vineyard in the Lower Laurentians with Ga\u00e9tan\",\r\r\n\t\t\t\t\t\t\t  \t\"startDate\": \"2026-6-13T09-09-30-00\",\r\r\n\t\t\t\t\t\t\t  \t\"endDate\": \"2026-6-13T23-23-50-00\",\r\r\n\t\t\t\t\t\t\t  \t\"image\":\"https:\/\/vea.qc.ca\/wp-content\/uploads\/2026\/03\/Vignoble-La-Cantina-Vallee-dOka-2.jpg\",\r\r\n\t\t\t\t\t\t\t  \t\"description\":\"A ride to a vineyard in the Lower Laurentians with Ga\u00e9tan\",\r\r\n\t\t\t\t\t\t\t  \t\r\r\n\t\t\t\t\t\t\t }<\/script><\/div>\r\r\n\t\t\t\t<p class=\"desc_trig_outter\"><a data-gmap_status=\"null\" data-exlk=\"0\" style=\"border-color: #e5191d;\" id=\"evc_178134300028258\" class=\"desc_trig featured_event 1 sin_val evcal_list_a\" data-ux_val=\"3\"  ><span class='evcal_cblock ' data-bgcolor='#e5191d' data-smon='Juin' data-syr='2026'><span class='evo_start '><em class='date'>13<\/em><em class='month'>Juin<\/em><em class='time'>9 h 30 min<\/em><\/span><em class='clear'><\/em><\/span><span class='evcal_desc evo_info hide_eventtopdata '  data-location_status=\"false\" ><span class='evo_above_title'><span class='evo_event_headers featured'>VEA<\/span><\/span><span class='evcal_desc2 evcal_event_title' itemprop='name'>A ride to a vineyard in the Lower Laurentians with Ga\u00e9tan<\/span><span class='evo_below_title'><span class='evcal_event_subtitle' >ACTIVITY TO BE CONFIRMED WITH THE SURVEY RESULTS<\/span><\/span><span class='evcal_desc_info' ><em class='evcal_time'>9 h 30 min<\/em> <\/span><span class='evcal_desc3'><\/span><\/span><em class='clear'><\/em><\/a><\/p><div class='event_description evcal_eventcard ' style=\"display:none\"><div class='evo_metarow_directimg'><img src='https:\/\/vea.qc.ca\/wp-content\/uploads\/2026\/03\/Vignoble-La-Cantina-Vallee-dOka-2.jpg' \/><\/div><div class='evo_metarow_time evorow evcal_evdata_row bordb evcal_evrow_sm '>\r\r\n\t\t\t\t\t\t\t<span class='evcal_evdata_icons'><i class='fa fa-clock-o'><\/i><\/span>\r\r\n\t\t\t\t\t\t\t<div class='evcal_evdata_cell'>\t\t\t\t\t\t\t\r\r\n\t\t\t\t\t\t\t\t<h3 class='evo_h3'><span class='evcal_evdata_icons'><i class='fa fa-clock-o'><\/i><\/span>Heure de d\u00e9but \/ fin<\/h3><p>(Samedi) 9 h 30 min<\/p>\r\r\n\t\t\t\t\t\t\t<\/div>\r\r\n\t\t\t\t\t\t<\/div><div class='evo_metarow_organizer evorow evcal_evdata_row bordb evcal_evrow_sm '>\r\r\n\t\t\t\t\t\t\t<span class='evcal_evdata_icons'><i class='fa fa-id-badge'><\/i><\/span>\r\r\n\t\t\t\t\t\t\t<div class='evcal_evdata_cell'>\t\t\t\t\t\t\t\r\r\n\t\t\t\t\t\t\t\t<h3 class='evo_h3'>Organisateur<\/h3>\r\r\n\t\t\t\t\t\t\t\t\r\r\n\t\t\t\t\t\t\t\t<div class='evo_card_organizer'><p class='evo_data_val evo_card_organizer_name'>\r\r\n\t\t\t\t\t\t\t\t\t<span class='evo_card_organizer_name_t'>Ga\u00e9tan Ruel<\/span><span class='evo_card_organizer_contact'>info.vea.qc@gmail.com<\/span>\r\r\n\t\t\t\t\t\t\t\t\t\r\r\n\t\t\t\t\t\t\t\t\t<\/p><\/div><div class='clear'><\/div>\t\t\t\t\t\t\t\r\r\n\t\t\t\t\t\t\t<\/div>\r\r\n\t\t\t\t\t\t<\/div>\r\n\t\t\t\t\t\t<div class='evo_metarow_ICS evorow bordb evcal_evdata_row'>\r\r\n\t\t\t\t\t\t\t<span class=\"evcal_evdata_icons\"><i class=\"fa fa-calendar\"><\/i><\/span>\r\r\n\t\t\t\t\t\t\t<div class='evcal_evdata_cell'>\r\r\n\t\t\t\t\t\t\t\t<p><a href='https:\/\/vea.qc.ca\/wp-admin\/admin-ajax.php?action=eventon_ics_download&amp;event_id=28258&amp;sunix=20260613T143000Z&amp;eunix=20260614T045000Z&amp;loca=&amp;locn=' class='evo_ics_nCal' title='Ajouter \u00e0 votre calendrier'>Calendrier<\/a><a href='\/\/www.google.com\/calendar\/event?action=TEMPLATE&amp;text=A+ride+to+a+vineyard+in+the+Lower+Laurentians+with+Ga%C3%A9tan&amp;dates=20260613T143000Z\/20260614T045000Z&amp;details=A+ride+to+a+vineyard+in+the+Lower+Laurentians+with+Ga%C3%A9tan&amp;location= - ' target='_blank' class='evo_ics_gCal' title='Ajouter \u00e0 l&#039;agenda Google'>GoogleCal<\/a><\/p>\t\r\r\n\t\t\t\t\t\t\t<\/div>\r\n\t\t\t\t\t\t<\/div>\r\r\n\t\t\t\t\t\t<div class='bordb evo_metarow_socialmedia evcal_evdata_row  lastrow'><div class='evo_sm FacebookShare'><a class=\" evo_ss\" target=\"_blank\" onclick=\"javascript:window.open(this.href, '', 'left=50,top=50,width=600,height=350,toolbar=0');return false;\"\r\r\n\t\t\t\t\t\t\t\thref=\"http:\/\/www.facebook.com\/sharer.php?u=https%3A%2F%2Fvea.qc.ca%2Fen%2Factivities%2Fa-ride-to-a-vineyard-in-the-lower-laurentians-with-gaetan%2F\" title=\"Partager sur Facebook\"><i class=\"fa fa-facebook\"><\/i><\/a><\/div><div class='evo_sm Twitter'><a class=\"tw evo_ss\" onclick=\"javascript:window.open(this.href, '', 'menubar=no,toolbar=no,resizable=yes,scrollbars=yes,height=300,width=600');return false;\" href=\"http:\/\/twitter.com\/share?text=A ride to a vineyard in the Lower Laurentians with Ga\u00e9tan&#32;-&#32;&url=https%3A%2F%2Fvea.qc.ca%2Fen%2Factivities%2Fa-ride-to-a-vineyard-in-the-lower-laurentians-with-gaetan%2F\" title=\"Partager sur twitter\" rel=\"nofollow\" target=\"_blank\" data-url=\"https%3A%2F%2Fvea.qc.ca%2Fen%2Factivities%2Fa-ride-to-a-vineyard-in-the-lower-laurentians-with-gaetan%2F\"><i class=\"fa fa-twitter\"><\/i><\/a><\/div><div class='evo_sm LinkedIn'><a class=\"li evo_ss\" href=\"http:\/\/www.linkedin.com\/shareArticle?mini=true&url=https%3A%2F%2Fvea.qc.ca%2Fen%2Factivities%2Fa-ride-to-a-vineyard-in-the-lower-laurentians-with-gaetan%2F&title=A%20ride%20to%20a%20vineyard%20in%20the%20Lower%20Laurentians%20with%20Ga%C3%A9tan&summary=--\" target=\"_blank\" title=\"Partager sur Linkedin\"><i class=\"fa fa-linkedin\"><\/i><\/a><\/div><div class='evo_sm Google'><a class=\"gp evo_ss\" href=\"https:\/\/plus.google.com\/share?url=https%3A%2F%2Fvea.qc.ca%2Fen%2Factivities%2Fa-ride-to-a-vineyard-in-the-lower-laurentians-with-gaetan%2F\" \r\r\n\t\t\t\t\t\t\t\tonclick=\"javascript:window.open(this.href, '', 'left=50,top=50,width=600,height=350,toolbar=0');return false;\" target=\"_blank\"><i class=\"fa fa-google-plus\" title=\"Partager sur Google Plus\"><\/i><\/a><\/div><div class='evo_sm EmailShare'><a class=\"em evo_ss\" href=\"mailto:?subject=A ride to a vineyard in the Lower Laurentians with Ga\u00e9tan&body=Event Name: A ride to a vineyard in the Lower Laurentians with Ga\u00e9tan%0AEvent Date: 13 Juin 2026 9 H 30 Min%0ALink: https%3A%2F%2Fvea.qc.ca%2Fen%2Factivities%2Fa-ride-to-a-vineyard-in-the-lower-laurentians-with-gaetan%2F%0A\" target=\"_blank\"><i class=\"fa fa-envelope\"><\/i><\/a><\/div><div class='clear'><\/div><div class='evcal_evdata_row evcal_close' title='Close'><\/div><\/div><\/div><div class='clear end'><\/div><\/div><div id=\"event_27922\" class=\"eventon_list_event evo_eventtop  event\" data-event_id=\"27922\" data-time=\"1781947800-1781999400\" data-colr=\"#e5191d\" itemscope itemtype='http:\/\/schema.org\/Event'><div class=\"evo_event_schema\" style=\"display:none\" ><a itemprop='url'  href='https:\/\/vea.qc.ca\/en\/activities\/a-ride-to-a-vineyard-with-nancy\/'><\/a><span itemprop='name'  >A ride to a vineyard with Nancy<\/span><meta itemprop='image' content='https:\/\/vea.qc.ca\/wp-content\/uploads\/2025\/12\/vignoble.jpg' \/><meta itemprop='description' content='A ride to a vineyard with Nancy' \/><meta itemprop='startDate' content='2026-6-20T09:30' \/><meta itemprop='endDate' content='2026-6-20T23:50' \/><meta itemprop='eventStatus' content='on-schedule' \/><script type=\"application\/ld+json\">{\t\"@context\": \"http:\/\/schema.org\",\r\r\n\t\t\t\t\t\t\t  \t\"@type\": \"Event\",\r\r\n\t\t\t\t\t\t\t  \t\"name\": \"A ride to a vineyard with Nancy\",\r\r\n\t\t\t\t\t\t\t  \t\"startDate\": \"2026-6-20T09-09-30-00\",\r\r\n\t\t\t\t\t\t\t  \t\"endDate\": \"2026-6-20T23-23-50-00\",\r\r\n\t\t\t\t\t\t\t  \t\"image\":\"https:\/\/vea.qc.ca\/wp-content\/uploads\/2025\/12\/vignoble.jpg\",\r\r\n\t\t\t\t\t\t\t  \t\"description\":\"A ride to a vineyard with Nancy\",\r\r\n\t\t\t\t\t\t\t  \t\r\r\n\t\t\t\t\t\t\t }<\/script><\/div>\r\r\n\t\t\t\t<p class=\"desc_trig_outter\"><a data-gmap_status=\"null\" data-exlk=\"0\" style=\"border-color: #e5191d;\" id=\"evc_178194780027922\" class=\"desc_trig featured_event 1 sin_val evcal_list_a\" data-ux_val=\"3\"  ><span class='evcal_cblock ' data-bgcolor='#e5191d' data-smon='Juin' data-syr='2026'><span class='evo_start '><em class='date'>20<\/em><em class='month'>Juin<\/em><em class='time'>9 h 30 min<\/em><\/span><em class='clear'><\/em><\/span><span class='evcal_desc evo_info hide_eventtopdata '  data-location_status=\"false\" ><span class='evo_above_title'><span class='evo_event_headers featured'>VEA<\/span><\/span><span class='evcal_desc2 evcal_event_title' itemprop='name'>A ride to a vineyard with Nancy<\/span><span class='evo_below_title'><\/span><span class='evcal_desc_info' ><em class='evcal_time'>9 h 30 min<\/em> <\/span><span class='evcal_desc3'><\/span><\/span><em class='clear'><\/em><\/a><\/p><div class='event_description evcal_eventcard ' style=\"display:none\"><div class='evo_metarow_directimg'><img src='https:\/\/vea.qc.ca\/wp-content\/uploads\/2025\/12\/vignoble.jpg' \/><\/div><div class='evo_metarow_time evorow evcal_evdata_row bordb evcal_evrow_sm '>\r\r\n\t\t\t\t\t\t\t<span class='evcal_evdata_icons'><i class='fa fa-clock-o'><\/i><\/span>\r\r\n\t\t\t\t\t\t\t<div class='evcal_evdata_cell'>\t\t\t\t\t\t\t\r\r\n\t\t\t\t\t\t\t\t<h3 class='evo_h3'><span class='evcal_evdata_icons'><i class='fa fa-clock-o'><\/i><\/span>Heure de d\u00e9but \/ fin<\/h3><p>(Samedi) 9 h 30 min<\/p>\r\r\n\t\t\t\t\t\t\t<\/div>\r\r\n\t\t\t\t\t\t<\/div><div class='evo_metarow_organizer evorow evcal_evdata_row bordb evcal_evrow_sm '>\r\r\n\t\t\t\t\t\t\t<span class='evcal_evdata_icons'><i class='fa fa-id-badge'><\/i><\/span>\r\r\n\t\t\t\t\t\t\t<div class='evcal_evdata_cell'>\t\t\t\t\t\t\t\r\r\n\t\t\t\t\t\t\t\t<h3 class='evo_h3'>Organisateur<\/h3>\r\r\n\t\t\t\t\t\t\t\t\r\r\n\t\t\t\t\t\t\t\t<div class='evo_card_organizer'><p class='evo_data_val evo_card_organizer_name'>\r\r\n\t\t\t\t\t\t\t\t\t<span class='evo_card_organizer_name_t'>Nancy<\/span>\r\r\n\t\t\t\t\t\t\t\t\t\r\r\n\t\t\t\t\t\t\t\t\t<\/p><\/div><div class='clear'><\/div>\t\t\t\t\t\t\t\r\r\n\t\t\t\t\t\t\t<\/div>\r\r\n\t\t\t\t\t\t<\/div>\r\n\t\t\t\t\t\t<div class='evo_metarow_ICS evorow bordb evcal_evdata_row'>\r\r\n\t\t\t\t\t\t\t<span class=\"evcal_evdata_icons\"><i class=\"fa fa-calendar\"><\/i><\/span>\r\r\n\t\t\t\t\t\t\t<div class='evcal_evdata_cell'>\r\r\n\t\t\t\t\t\t\t\t<p><a href='https:\/\/vea.qc.ca\/wp-admin\/admin-ajax.php?action=eventon_ics_download&amp;event_id=27922&amp;sunix=20260620T143000Z&amp;eunix=20260621T045000Z&amp;loca=&amp;locn=' class='evo_ics_nCal' title='Ajouter \u00e0 votre calendrier'>Calendrier<\/a><a href='\/\/www.google.com\/calendar\/event?action=TEMPLATE&amp;text=A+ride+to+a+vineyard+with+Nancy&amp;dates=20260620T143000Z\/20260621T045000Z&amp;details=A+ride+to+a+vineyard+with+Nancy&amp;location= - ' target='_blank' class='evo_ics_gCal' title='Ajouter \u00e0 l&#039;agenda Google'>GoogleCal<\/a><\/p>\t\r\r\n\t\t\t\t\t\t\t<\/div>\r\n\t\t\t\t\t\t<\/div>\r\r\n\t\t\t\t\t\t<div class='bordb evo_metarow_socialmedia evcal_evdata_row  lastrow'><div class='evo_sm FacebookShare'><a class=\" evo_ss\" target=\"_blank\" onclick=\"javascript:window.open(this.href, '', 'left=50,top=50,width=600,height=350,toolbar=0');return false;\"\r\r\n\t\t\t\t\t\t\t\thref=\"http:\/\/www.facebook.com\/sharer.php?u=https%3A%2F%2Fvea.qc.ca%2Fen%2Factivities%2Fa-ride-to-a-vineyard-with-nancy%2F\" title=\"Partager sur Facebook\"><i class=\"fa fa-facebook\"><\/i><\/a><\/div><div class='evo_sm Twitter'><a class=\"tw evo_ss\" onclick=\"javascript:window.open(this.href, '', 'menubar=no,toolbar=no,resizable=yes,scrollbars=yes,height=300,width=600');return false;\" href=\"http:\/\/twitter.com\/share?text=A ride to a vineyard with Nancy&#32;-&#32;&url=https%3A%2F%2Fvea.qc.ca%2Fen%2Factivities%2Fa-ride-to-a-vineyard-with-nancy%2F\" title=\"Partager sur twitter\" rel=\"nofollow\" target=\"_blank\" data-url=\"https%3A%2F%2Fvea.qc.ca%2Fen%2Factivities%2Fa-ride-to-a-vineyard-with-nancy%2F\"><i class=\"fa fa-twitter\"><\/i><\/a><\/div><div class='evo_sm LinkedIn'><a class=\"li evo_ss\" href=\"http:\/\/www.linkedin.com\/shareArticle?mini=true&url=https%3A%2F%2Fvea.qc.ca%2Fen%2Factivities%2Fa-ride-to-a-vineyard-with-nancy%2F&title=A%20ride%20to%20a%20vineyard%20with%20Nancy&summary=--\" target=\"_blank\" title=\"Partager sur Linkedin\"><i class=\"fa fa-linkedin\"><\/i><\/a><\/div><div class='evo_sm Google'><a class=\"gp evo_ss\" href=\"https:\/\/plus.google.com\/share?url=https%3A%2F%2Fvea.qc.ca%2Fen%2Factivities%2Fa-ride-to-a-vineyard-with-nancy%2F\" \r\r\n\t\t\t\t\t\t\t\tonclick=\"javascript:window.open(this.href, '', 'left=50,top=50,width=600,height=350,toolbar=0');return false;\" target=\"_blank\"><i class=\"fa fa-google-plus\" title=\"Partager sur Google Plus\"><\/i><\/a><\/div><div class='evo_sm EmailShare'><a class=\"em evo_ss\" href=\"mailto:?subject=A ride to a vineyard with Nancy&body=Event Name: A ride to a vineyard with Nancy%0AEvent Date: 20 Juin 2026 9 H 30 Min%0ALink: https%3A%2F%2Fvea.qc.ca%2Fen%2Factivities%2Fa-ride-to-a-vineyard-with-nancy%2F%0A\" target=\"_blank\"><i class=\"fa fa-envelope\"><\/i><\/a><\/div><div class='clear'><\/div><div class='evcal_evdata_row evcal_close' title='Close'><\/div><\/div><\/div><div class='clear end'><\/div><\/div><\/div><div class='evcal_month_line'><p>Juillet 2026<\/p><\/div><div id='evcal_list' class='evcal_list_month eventon_events_list '><div id=\"event_27923\" class=\"eventon_list_event evo_eventtop  event\" data-event_id=\"27923\" data-time=\"1782928800-1782949800\" data-colr=\"#e51a1d\" itemscope itemtype='http:\/\/schema.org\/Event'><div class=\"evo_event_schema\" style=\"display:none\" ><a itemprop='url'  href='https:\/\/vea.qc.ca\/en\/activities\/members-dinner-at-lambroisie-restaurant-9\/'><\/a><span itemprop='name'  >Members' dinner at L'Ambroisie restaurant<\/span><meta itemprop='image' content='https:\/\/vea.qc.ca\/wp-content\/uploads\/2023\/01\/ambroisie-300x300-1.jpg' \/><meta itemprop='description' content='Members' dinner at L'Ambroisie restaurant' \/><meta itemprop='startDate' content='2026-7-1T18:00' \/><meta itemprop='endDate' content='2026-7-1T23:50' \/><meta itemprop='eventStatus' content='on-schedule' \/>\r\r\n\t\t\t\t\t\t\t\t\t<item style=\"display:none\" itemprop=\"location\" itemscope itemtype=\"http:\/\/schema.org\/Place\">\r\r\n\t\t\t\t\t\t\t\t\t\t<span itemprop=\"name\">Restaurant L\u2019Ambroisie<\/span>\r\r\n\t\t\t\t\t\t\t\t\t\t<span itemprop=\"address\" itemscope itemtype=\"http:\/\/schema.org\/PostalAddress\">\r\r\n\t\t\t\t\t\t\t\t\t\t\t<item itemprop=\"streetAddress\">4020 Rue Saint-Ambroise porte #140, QC H4C 2C7<\/item>\r\r\n\t\t\t\t\t\t\t\t\t\t<\/span><\/item><script type=\"application\/ld+json\">{\t\"@context\": \"http:\/\/schema.org\",\r\r\n\t\t\t\t\t\t\t  \t\"@type\": \"Event\",\r\r\n\t\t\t\t\t\t\t  \t\"name\": \"Members' dinner at L'Ambroisie restaurant\",\r\r\n\t\t\t\t\t\t\t  \t\"startDate\": \"2026-7-1T18-18-00-00\",\r\r\n\t\t\t\t\t\t\t  \t\"endDate\": \"2026-7-1T23-23-50-00\",\r\r\n\t\t\t\t\t\t\t  \t\"image\":\"https:\/\/vea.qc.ca\/wp-content\/uploads\/2023\/01\/ambroisie-300x300-1.jpg\",\r\r\n\t\t\t\t\t\t\t  \t\"description\":\"Members' dinner at L'Ambroisie restaurant\",\r\r\n\t\t\t\t\t\t\t  \t\"location\":{\r\r\n\t\t\t\t\t\t\t\t\t\t\"@type\":\"Place\",\r\r\n\t\t\t\t\t\t\t\t\t\t\"name\":\"Restaurant L\u2019Ambroisie\",\r\r\n\t\t\t\t\t\t\t\t\t\t\"address\":\"4020 Rue Saint-Ambroise porte #140, QC H4C 2C7\"\r\r\n\t\t\t\t\t\t\t  \t\t}\r\r\n\t\t\t\t\t\t\t }<\/script><\/div>\r\r\n\t\t\t\t<p class=\"desc_trig_outter\"><a data-gmtrig=\"1\" data-exlk=\"0\" style=\"border-color: #e51a1d;\" id=\"evc_178292880027923\" class=\"desc_trig featured_event 1 sin_val evcal_list_a\" data-ux_val=\"3\"  ><span class='evcal_cblock ' data-bgcolor='#e51a1d' data-smon='Juillet' data-syr='2026'><span class='evo_start '><em class='date'>01<\/em><em class='month'>Juil<\/em><em class='time'>18 h 00 min<\/em><\/span><em class='clear'><\/em><\/span><span class='evcal_desc evo_info hide_eventtopdata '  data-location_address=\"4020 Rue Saint-Ambroise porte #140, QC H4C 2C7\" data-location_type=\"address\" data-location_name=\"Restaurant L\u2019Ambroisie\" data-location_status=\"true\" ><span class='evo_above_title'><span class='evo_event_headers featured'>VEA<\/span><\/span><span class='evcal_desc2 evcal_event_title' itemprop='name'>Members' dinner at L'Ambroisie restaurant<\/span><span class='evo_below_title'><span class='evcal_event_subtitle' >\u201cFIRST WEDNESDAY\u201d OF THE MONTH DINNER MEETING<\/span><\/span><span class='evcal_desc_info' ><em class='evcal_time'>18 h 00 min<\/em> <em class=\"evcal_location\"  data-add_str=\"4020 Rue Saint-Ambroise porte #140, QC H4C 2C7\"><em class=\"event_location_name\">Restaurant L\u2019Ambroisie<\/em>, 4020 Rue Saint-Ambroise porte #140, QC H4C 2C7<\/em><\/span><span class='evcal_desc3'><\/span><\/span><em class='clear'><\/em><\/a><\/p><div class='event_description evcal_eventcard ' style=\"display:none\"><div class='evo_metarow_directimg'><img src='https:\/\/vea.qc.ca\/wp-content\/uploads\/2023\/01\/ambroisie-300x300-1.jpg' \/><\/div><div class='evo_metarow_time_location evorow bordb '>\r\r\n\t\t\t\t\t\t<div class='tb' >\r\r\n\t\t\t\t\t\t\t<div class='tbrow'>\r\r\n\t\t\t\t\t\t\t<div class='evcal_col50 bordr'>\r\r\n\t\t\t\t\t\t\t\t<div class='evcal_evdata_row evo_time'>\r\r\n\t\t\t\t\t\t\t\t\t<span class='evcal_evdata_icons'><i class='fa fa-clock-o'><\/i><\/span>\r\r\n\t\t\t\t\t\t\t\t\t<div class='evcal_evdata_cell'>\t\t\t\t\t\t\t\r\r\n\t\t\t\t\t\t\t\t\t\t<h3 class='evo_h3'><span class='evcal_evdata_icons'><i class='fa fa-clock-o'><\/i><\/span>Heure de d\u00e9but \/ fin<\/h3>\r\r\n\t\t\t\t\t\t\t\t\t\t<p>(Mercredi) 18 h 00 min<\/p>\r\r\n\t\t\t\t\t\t\t\t\t<\/div>\r\r\n\t\t\t\t\t\t\t\t<\/div>\r\r\n\t\t\t\t\t\t\t<\/div><div class='evcal_col50'>\r\r\n\t\t\t\t\t\t\t\t<div class='evcal_evdata_row evo_location'>\r\r\n\t\t\t\t\t\t\t\t\t<span class='evcal_evdata_icons'><i class='fa fa-map-marker'><\/i><\/span>\r\r\n\t\t\t\t\t\t\t\t\t<div class='evcal_evdata_cell' data-loc_tax_id='306'>\t\t\t\t\t\t\t\r\r\n\t\t\t\t\t\t\t\t\t\t<h3 class='evo_h3'><span class='evcal_evdata_icons'><i class='fa fa-map-marker'><\/i><\/span>Lieu<\/h3><p class='evo_location_name'>Restaurant L\u2019Ambroisie<\/p><p class='evo_location_address'>4020 Rue Saint-Ambroise porte #140, QC H4C 2C7<\/p>\r\r\n\t\t\t\t\t\t\t\t\t<\/div>\r\r\n\t\t\t\t\t\t\t\t<\/div>\r\r\n\t\t\t\t\t\t\t<\/div><div class='clear'><\/div>\r\r\n\t\t\t\t\t\t\t<\/div><\/div>\r\r\n\t\t\t\t\t\t<\/div><div class='evo_metarow_locImg evorow bordb tvi' style='height:400px; background-image:url(https:\/\/vea.qc.ca\/wp-content\/uploads\/2023\/04\/Ambroisie2023.jpg)' id='23610_locimg' ><p class='evoLOCtxt'>\r\r\n\t\t\t\t\t\t\t\t<span class='evo_loc_text_title'>Restaurant L\u2019Ambroisie<\/span><span style=\"padding-bottom:10px\">4020 Rue Saint-Ambroise porte #140, QC H4C 2C7<\/span><\/p><\/div><div class='evo_metarow_gmap evorow evcal_gmaps bordb ' id='evc178292880069ec80fe5221627923_gmap' style='max-width:none'><\/div><div class='evo_metarow_getDr evorow evcal_evdata_row bordb evcal_evrow_sm getdirections'>\r\r\n\t\t\t\t\t\t<form action='https:\/\/maps.google.com\/maps' method='get' target='_blank'>\r\r\n\t\t\t\t\t\t<input type='hidden' name='daddr' value=\"4020 Rue Saint-Ambroise porte #140, QC H4C 2C7\"\/> \r\r\n\t\t\t\t\t\t<p><input class='evoInput' type='text' name='saddr' placeholder='Saisissez votre adresse' value=''\/>\r\r\n\t\t\t\t\t\t<button type='submit' class='evcal_evdata_icons evcalicon_9' title='Cliquez ici pour obtenir l&#039;itin\u00e9raire'><i class='fa fa-road'><\/i><\/button>\r\r\n\t\t\t\t\t\t<\/p><\/form>\r\r\n\t\t\t\t\t<\/div>\r\n\t\t\t\t\t\t<div class='evo_metarow_ICS evorow bordb evcal_evdata_row'>\r\r\n\t\t\t\t\t\t\t<span class=\"evcal_evdata_icons\"><i class=\"fa fa-calendar\"><\/i><\/span>\r\r\n\t\t\t\t\t\t\t<div class='evcal_evdata_cell'>\r\r\n\t\t\t\t\t\t\t\t<p><a href='https:\/\/vea.qc.ca\/wp-admin\/admin-ajax.php?action=eventon_ics_download&amp;event_id=27923&amp;sunix=20260701T230000Z&amp;eunix=20260702T045000Z&amp;loca=4020 Rue Saint-Ambroise porte #140, QC H4C 2C7&amp;locn=Restaurant L\u2019Ambroisie' class='evo_ics_nCal' title='Ajouter \u00e0 votre calendrier'>Calendrier<\/a><a href='\/\/www.google.com\/calendar\/event?action=TEMPLATE&amp;text=Members%27+dinner+at+L%27Ambroisie+restaurant&amp;dates=20260701T230000Z\/20260702T045000Z&amp;details=Members%27+dinner+at+L%27Ambroisie+restaurant&amp;location=Restaurant+L%E2%80%99Ambroisie - 4020+Rue+Saint-Ambroise+porte+%23140%2C+QC+H4C+2C7' target='_blank' class='evo_ics_gCal' title='Ajouter \u00e0 l&#039;agenda Google'>GoogleCal<\/a><\/p>\t\r\r\n\t\t\t\t\t\t\t<\/div>\r\n\t\t\t\t\t\t<\/div>\r\r\n\t\t\t\t\t\t<div class='bordb evo_metarow_socialmedia evcal_evdata_row  lastrow'><div class='evo_sm FacebookShare'><a class=\" evo_ss\" target=\"_blank\" onclick=\"javascript:window.open(this.href, '', 'left=50,top=50,width=600,height=350,toolbar=0');return false;\"\r\r\n\t\t\t\t\t\t\t\thref=\"http:\/\/www.facebook.com\/sharer.php?u=https%3A%2F%2Fvea.qc.ca%2Fen%2Factivities%2Fmembers-dinner-at-lambroisie-restaurant-9%2F\" title=\"Partager sur Facebook\"><i class=\"fa fa-facebook\"><\/i><\/a><\/div><div class='evo_sm Twitter'><a class=\"tw evo_ss\" onclick=\"javascript:window.open(this.href, '', 'menubar=no,toolbar=no,resizable=yes,scrollbars=yes,height=300,width=600');return false;\" href=\"http:\/\/twitter.com\/share?text=Members&#8217; dinner at L&#8217;Ambroisie restaurant&#32;-&#32;&url=https%3A%2F%2Fvea.qc.ca%2Fen%2Factivities%2Fmembers-dinner-at-lambroisie-restaurant-9%2F\" title=\"Partager sur twitter\" rel=\"nofollow\" target=\"_blank\" data-url=\"https%3A%2F%2Fvea.qc.ca%2Fen%2Factivities%2Fmembers-dinner-at-lambroisie-restaurant-9%2F\"><i class=\"fa fa-twitter\"><\/i><\/a><\/div><div class='evo_sm LinkedIn'><a class=\"li evo_ss\" href=\"http:\/\/www.linkedin.com\/shareArticle?mini=true&url=https%3A%2F%2Fvea.qc.ca%2Fen%2Factivities%2Fmembers-dinner-at-lambroisie-restaurant-9%2F&title=Members%26%238217%3B%20dinner%20at%20L%26%238217%3BAmbroisie%20restaurant&summary=--\" target=\"_blank\" title=\"Partager sur Linkedin\"><i class=\"fa fa-linkedin\"><\/i><\/a><\/div><div class='evo_sm Google'><a class=\"gp evo_ss\" href=\"https:\/\/plus.google.com\/share?url=https%3A%2F%2Fvea.qc.ca%2Fen%2Factivities%2Fmembers-dinner-at-lambroisie-restaurant-9%2F\" \r\r\n\t\t\t\t\t\t\t\tonclick=\"javascript:window.open(this.href, '', 'left=50,top=50,width=600,height=350,toolbar=0');return false;\" target=\"_blank\"><i class=\"fa fa-google-plus\" title=\"Partager sur Google Plus\"><\/i><\/a><\/div><div class='evo_sm EmailShare'><a class=\"em evo_ss\" href=\"mailto:?subject=Members%26#8217; dinner at L%26#8217;Ambroisie restaurant&body=Event Name: Members%26#8217; dinner at L%26#8217;Ambroisie restaurant%0AEvent Date: 1 Juillet 2026 18 H 00 Min%0ALink: https%3A%2F%2Fvea.qc.ca%2Fen%2Factivities%2Fmembers-dinner-at-lambroisie-restaurant-9%2F%0A\" target=\"_blank\"><i class=\"fa fa-envelope\"><\/i><\/a><\/div><div class='clear'><\/div><div class='evcal_evdata_row evcal_close' title='Close'><\/div><\/div><\/div><div class='clear end'><\/div><\/div><div id=\"event_27924\" class=\"eventon_list_event evo_eventtop  event\" data-event_id=\"27924\" data-time=\"1783762200-1783813800\" data-colr=\"#e5191d\" itemscope itemtype='http:\/\/schema.org\/Event'><div class=\"evo_event_schema\" style=\"display:none\" ><a itemprop='url'  href='https:\/\/vea.qc.ca\/en\/activities\/ride-to-concours-delegance-de-chambly\/'><\/a><span itemprop='name'  >Ride to CONCOURS D\u2019\u00c9L\u00c9GANCE DE CHAMBLY<\/span><meta itemprop='image' content='https:\/\/vea.qc.ca\/wp-content\/uploads\/2019\/11\/Chambly-2016-15.jpg' \/><meta itemprop='description' content='Tommy invites you on a drive to the Chambly Concours d'\u00c9l\u00e9gance.\r\n\r\nDear car and road enthusiasts, we invite you to participate in a short drive to the Concours d'\u00c9l\u00e9gance at Fort' \/><meta itemprop='startDate' content='2026-7-11T09:30' \/><meta itemprop='endDate' content='2026-7-11T23:50' \/><meta itemprop='eventStatus' content='on-schedule' \/><script type=\"application\/ld+json\">{\t\"@context\": \"http:\/\/schema.org\",\r\r\n\t\t\t\t\t\t\t  \t\"@type\": \"Event\",\r\r\n\t\t\t\t\t\t\t  \t\"name\": \"Ride to CONCOURS D\u2019\u00c9L\u00c9GANCE DE CHAMBLY\",\r\r\n\t\t\t\t\t\t\t  \t\"startDate\": \"2026-7-11T09-09-30-00\",\r\r\n\t\t\t\t\t\t\t  \t\"endDate\": \"2026-7-11T23-23-50-00\",\r\r\n\t\t\t\t\t\t\t  \t\"image\":\"https:\/\/vea.qc.ca\/wp-content\/uploads\/2019\/11\/Chambly-2016-15.jpg\",\r\r\n\t\t\t\t\t\t\t  \t\"description\":\"Tommy invites you on a drive to the Chambly Concours d'\u00c9l\u00e9gance.\r\n\r\nDear car and road enthusiasts, we invite you to participate in a short drive to the Concours d'\u00c9l\u00e9gance at Fort\",\r\r\n\t\t\t\t\t\t\t  \t\r\r\n\t\t\t\t\t\t\t }<\/script><\/div>\r\r\n\t\t\t\t<p class=\"desc_trig_outter\"><a data-gmap_status=\"null\" data-exlk=\"0\" style=\"border-color: #e5191d;\" id=\"evc_178376220027924\" class=\"desc_trig featured_event 1 sin_val evcal_list_a\" data-ux_val=\"3\"  ><span class='evcal_cblock ' data-bgcolor='#e5191d' data-smon='Juillet' data-syr='2026'><span class='evo_start '><em class='date'>11<\/em><em class='month'>Juil<\/em><em class='time'>9 h 30 min<\/em><\/span><em class='clear'><\/em><\/span><span class='evcal_desc evo_info hide_eventtopdata '  data-location_status=\"false\" ><span class='evo_above_title'><span class='evo_event_headers featured'>VEA<\/span><\/span><span class='evcal_desc2 evcal_event_title' itemprop='name'>Ride to CONCOURS D\u2019\u00c9L\u00c9GANCE DE CHAMBLY<\/span><span class='evo_below_title'><span class='evcal_event_subtitle' >Tommy invites you on a drive to the Chambly Concours d'\u00c9l\u00e9gance.  <\/span><\/span><span class='evcal_desc_info' ><em class='evcal_time'>9 h 30 min<\/em> <\/span><span class='evcal_desc3'><\/span><\/span><em class='clear'><\/em><\/a><\/p><div class='event_description evcal_eventcard ' style=\"display:none\"><div class='evo_metarow_directimg'><img src='https:\/\/vea.qc.ca\/wp-content\/uploads\/2019\/11\/Chambly-2016-15.jpg' \/><\/div><div class='evo_metarow_details evorow evcal_evdata_row bordb evcal_event_details'>\r\r\n\t\t\t\t\t\t\t<div class=\"event_excerpt\" style=\"display:none\"><h3 class=\"padb5 evo_h3\">D\u00e9tails de l&#039;activit\u00e9<\/h3><p>Tommy invites you on a drive to the Chambly Concours d'\u00c9l\u00e9gance.\r\n\r\nDear car and road enthusiasts, we invite you to participate in a short drive to the Concours d'\u00c9l\u00e9gance at Fort<\/p><\/div><span class='evcal_evdata_icons'><i class='fa fa-align-justify'><\/i><\/span>\r\r\n\t\t\t\t\t\t\t\r\r\n\t\t\t\t\t\t\t<div class='evcal_evdata_cell '><div class='eventon_full_description'>\r\r\n\t\t\t\t\t\t\t\t\t<h3 class='padb5 evo_h3'><span class='evcal_evdata_icons'><i class='fa fa-align-justify'><\/i><\/span>D\u00e9tails de l&#039;activit\u00e9<\/h3><div class='eventon_desc_in' itemprop='description'>\r\r\n\t\t\t\t\t\t\t\t\t<p>Tommy invites you on a drive to the Chambly Concours d&#8217;\u00c9l\u00e9gance.<\/p>\n<p>Dear car and road enthusiasts, we invite you to participate in a short drive to the Concours d&#8217;\u00c9l\u00e9gance at Fort Chambly, organized by the Classic Car Club of Quebec (VAQ).<\/p>\n<\/div><div class='clear'><\/div>\r\r\n\t\t\t\t\t\t\t\t<\/div>\r\r\n\t\t\t\t\t\t\t<\/div>\r\r\n\t\t\t\t\t\t<\/div><div class='evo_metarow_time evorow evcal_evdata_row bordb evcal_evrow_sm '>\r\r\n\t\t\t\t\t\t\t<span class='evcal_evdata_icons'><i class='fa fa-clock-o'><\/i><\/span>\r\r\n\t\t\t\t\t\t\t<div class='evcal_evdata_cell'>\t\t\t\t\t\t\t\r\r\n\t\t\t\t\t\t\t\t<h3 class='evo_h3'><span class='evcal_evdata_icons'><i class='fa fa-clock-o'><\/i><\/span>Heure de d\u00e9but \/ fin<\/h3><p>(Samedi) 9 h 30 min<\/p>\r\r\n\t\t\t\t\t\t\t<\/div>\r\r\n\t\t\t\t\t\t<\/div><div class='evo_metarow_cusF5 evorow evcal_evdata_row bordb evcal_evrow_sm '>\r\r\n\t\t\t\t\t\t<span class='evcal_evdata_custometa_icons'><i class='fa fa-warning'><\/i><\/span>\r\r\n\t\t\t\t\t\t<div class='evcal_evdata_cell'>\t\t\t\t\t\t\t\r\r\n\t\t\t\t\t\t\t<h3 class='evo_h3'>Information additionnelles<\/h3><div class='evo_custom_content evo_data_val'><p>Balade organis\u00e9e par le VEA pour se rendre au concours d\u2019\u00c9l\u00e9gance de Chambly organis\u00e9 par le V.A.Q.<\/p>\n<\/div><\/div><\/div>\r\n\t\t\t\t\t\t<div class='evo_metarow_ICS evorow bordb evcal_evdata_row'>\r\r\n\t\t\t\t\t\t\t<span class=\"evcal_evdata_icons\"><i class=\"fa fa-calendar\"><\/i><\/span>\r\r\n\t\t\t\t\t\t\t<div class='evcal_evdata_cell'>\r\r\n\t\t\t\t\t\t\t\t<p><a href='https:\/\/vea.qc.ca\/wp-admin\/admin-ajax.php?action=eventon_ics_download&amp;event_id=27924&amp;sunix=20260711T143000Z&amp;eunix=20260712T045000Z&amp;loca=&amp;locn=' class='evo_ics_nCal' title='Ajouter \u00e0 votre calendrier'>Calendrier<\/a><a href='\/\/www.google.com\/calendar\/event?action=TEMPLATE&amp;text=Ride+to+CONCOURS+D%E2%80%99%C3%89L%C3%89GANCE+DE+CHAMBLY&amp;dates=20260711T143000Z\/20260712T045000Z&amp;details=Tommy+invites+you+on+a+drive+to+the+Chambly+Concours+d%27%C3%89l%C3%A9gance.%0D%0A%0D%0ADear+car+and+road+enthusiasts%2C+we+invite+you+to+participate+in+a+short+drive+to+the+Concours+d%27%C3%89l%C3%A9gance+at+Fort&amp;location= - ' target='_blank' class='evo_ics_gCal' title='Ajouter \u00e0 l&#039;agenda Google'>GoogleCal<\/a><\/p>\t\r\r\n\t\t\t\t\t\t\t<\/div>\r\n\t\t\t\t\t\t<\/div>\r\r\n\t\t\t\t\t\t<div class='bordb evo_metarow_socialmedia evcal_evdata_row  lastrow'><div class='evo_sm FacebookShare'><a class=\" evo_ss\" target=\"_blank\" onclick=\"javascript:window.open(this.href, '', 'left=50,top=50,width=600,height=350,toolbar=0');return false;\"\r\r\n\t\t\t\t\t\t\t\thref=\"http:\/\/www.facebook.com\/sharer.php?u=https%3A%2F%2Fvea.qc.ca%2Fen%2Factivities%2Fride-to-concours-delegance-de-chambly%2F\" title=\"Partager sur Facebook\"><i class=\"fa fa-facebook\"><\/i><\/a><\/div><div class='evo_sm Twitter'><a class=\"tw evo_ss\" onclick=\"javascript:window.open(this.href, '', 'menubar=no,toolbar=no,resizable=yes,scrollbars=yes,height=300,width=600');return false;\" href=\"http:\/\/twitter.com\/share?text=Ride to CONCOURS D\u2019\u00c9L\u00c9GANCE DE CHAMBLY&#32;-&#32;&url=https%3A%2F%2Fvea.qc.ca%2Fen%2Factivities%2Fride-to-concours-delegance-de-chambly%2F\" title=\"Partager sur twitter\" rel=\"nofollow\" target=\"_blank\" data-url=\"https%3A%2F%2Fvea.qc.ca%2Fen%2Factivities%2Fride-to-concours-delegance-de-chambly%2F\"><i class=\"fa fa-twitter\"><\/i><\/a><\/div><div class='evo_sm LinkedIn'><a class=\"li evo_ss\" href=\"http:\/\/www.linkedin.com\/shareArticle?mini=true&url=https%3A%2F%2Fvea.qc.ca%2Fen%2Factivities%2Fride-to-concours-delegance-de-chambly%2F&title=Ride%20to%20CONCOURS%20D%E2%80%99%C3%89L%C3%89GANCE%20DE%20CHAMBLY&summary=Tommy+invites+you+on+a+drive+to+the+Chambly+Concours+d%26%238217%3B%C3%89l%C3%A9gance.%0ADear+car+and+road+enthusiasts%2C+we\" target=\"_blank\" title=\"Partager sur Linkedin\"><i class=\"fa fa-linkedin\"><\/i><\/a><\/div><div class='evo_sm Google'><a class=\"gp evo_ss\" href=\"https:\/\/plus.google.com\/share?url=https%3A%2F%2Fvea.qc.ca%2Fen%2Factivities%2Fride-to-concours-delegance-de-chambly%2F\" \r\r\n\t\t\t\t\t\t\t\tonclick=\"javascript:window.open(this.href, '', 'left=50,top=50,width=600,height=350,toolbar=0');return false;\" target=\"_blank\"><i class=\"fa fa-google-plus\" title=\"Partager sur Google Plus\"><\/i><\/a><\/div><div class='evo_sm EmailShare'><a class=\"em evo_ss\" href=\"mailto:?subject=Ride to CONCOURS D\u2019\u00c9L\u00c9GANCE DE CHAMBLY&body=Event Name: Ride to CONCOURS D\u2019\u00c9L\u00c9GANCE DE CHAMBLY%0AEvent Date: 11 Juillet 2026 9 H 30 Min%0ALink: https%3A%2F%2Fvea.qc.ca%2Fen%2Factivities%2Fride-to-concours-delegance-de-chambly%2F%0A\" target=\"_blank\"><i class=\"fa fa-envelope\"><\/i><\/a><\/div><div class='clear'><\/div><div class='evcal_evdata_row evcal_close' title='Close'><\/div><\/div><\/div><div class='clear end'><\/div><\/div><div id=\"event_28262\" class=\"eventon_list_event evo_eventtop  event\" data-event_id=\"28262\" data-time=\"1784367000-1784418600\" data-colr=\"#e5191d\" itemscope itemtype='http:\/\/schema.org\/Event'><div class=\"evo_event_schema\" style=\"display:none\" ><a itemprop='url'  href='https:\/\/vea.qc.ca\/en\/activities\/walk-and-visit-to-the-coteau-du-lac-fort\/'><\/a><span itemprop='name'  >Ride and visit to the Coteau du Lac fort<\/span><meta itemprop='image' content='https:\/\/vea.qc.ca\/wp-content\/uploads\/2026\/03\/QC-COLA-2011-0023.jpg' \/><meta itemprop='description' content='Ride and visit to the Coteau du Lac fort' \/><meta itemprop='startDate' content='2026-7-18T09:30' \/><meta itemprop='endDate' content='2026-7-18T23:50' \/><meta itemprop='eventStatus' content='on-schedule' \/><script type=\"application\/ld+json\">{\t\"@context\": \"http:\/\/schema.org\",\r\r\n\t\t\t\t\t\t\t  \t\"@type\": \"Event\",\r\r\n\t\t\t\t\t\t\t  \t\"name\": \"Ride and visit to the Coteau du Lac fort\",\r\r\n\t\t\t\t\t\t\t  \t\"startDate\": \"2026-7-18T09-09-30-00\",\r\r\n\t\t\t\t\t\t\t  \t\"endDate\": \"2026-7-18T23-23-50-00\",\r\r\n\t\t\t\t\t\t\t  \t\"image\":\"https:\/\/vea.qc.ca\/wp-content\/uploads\/2026\/03\/QC-COLA-2011-0023.jpg\",\r\r\n\t\t\t\t\t\t\t  \t\"description\":\"Ride and visit to the Coteau du Lac fort\",\r\r\n\t\t\t\t\t\t\t  \t\r\r\n\t\t\t\t\t\t\t }<\/script><\/div>\r\r\n\t\t\t\t<p class=\"desc_trig_outter\"><a data-gmap_status=\"null\" data-exlk=\"0\" style=\"border-color: #e5191d;\" id=\"evc_178436700028262\" class=\"desc_trig featured_event 1 sin_val evcal_list_a\" data-ux_val=\"3\"  ><span class='evcal_cblock ' data-bgcolor='#e5191d' data-smon='Juillet' data-syr='2026'><span class='evo_start '><em class='date'>18<\/em><em class='month'>Juil<\/em><em class='time'>9 h 30 min<\/em><\/span><em class='clear'><\/em><\/span><span class='evcal_desc evo_info hide_eventtopdata '  data-location_status=\"false\" ><span class='evo_above_title'><span class='evo_event_headers featured'>VEA<\/span><\/span><span class='evcal_desc2 evcal_event_title' itemprop='name'>Ride and visit to the Coteau du Lac fort<\/span><span class='evo_below_title'><span class='evcal_event_subtitle' >ACTIVITY TO BE CONFIRMED WITH THE SURVEY RESULTS<\/span><\/span><span class='evcal_desc_info' ><em class='evcal_time'>9 h 30 min<\/em> <\/span><span class='evcal_desc3'><\/span><\/span><em class='clear'><\/em><\/a><\/p><div class='event_description evcal_eventcard ' style=\"display:none\"><div class='evo_metarow_directimg'><img src='https:\/\/vea.qc.ca\/wp-content\/uploads\/2026\/03\/QC-COLA-2011-0023.jpg' \/><\/div><div class='evo_metarow_time evorow evcal_evdata_row bordb evcal_evrow_sm '>\r\r\n\t\t\t\t\t\t\t<span class='evcal_evdata_icons'><i class='fa fa-clock-o'><\/i><\/span>\r\r\n\t\t\t\t\t\t\t<div class='evcal_evdata_cell'>\t\t\t\t\t\t\t\r\r\n\t\t\t\t\t\t\t\t<h3 class='evo_h3'><span class='evcal_evdata_icons'><i class='fa fa-clock-o'><\/i><\/span>Heure de d\u00e9but \/ fin<\/h3><p>(Samedi) 9 h 30 min<\/p>\r\r\n\t\t\t\t\t\t\t<\/div>\r\r\n\t\t\t\t\t\t<\/div><div class='evo_metarow_organizer evorow evcal_evdata_row bordb evcal_evrow_sm '>\r\r\n\t\t\t\t\t\t\t<span class='evcal_evdata_icons'><i class='fa fa-id-badge'><\/i><\/span>\r\r\n\t\t\t\t\t\t\t<div class='evcal_evdata_cell'>\t\t\t\t\t\t\t\r\r\n\t\t\t\t\t\t\t\t<h3 class='evo_h3'>Organisateur<\/h3>\r\r\n\t\t\t\t\t\t\t\t\r\r\n\t\t\t\t\t\t\t\t<div class='evo_card_organizer'><p class='evo_data_val evo_card_organizer_name'>\r\r\n\t\t\t\t\t\t\t\t\t<span class='evo_card_organizer_name_t'>Jean-Guy<\/span>\r\r\n\t\t\t\t\t\t\t\t\t\r\r\n\t\t\t\t\t\t\t\t\t<\/p><\/div><div class='clear'><\/div>\t\t\t\t\t\t\t\r\r\n\t\t\t\t\t\t\t<\/div>\r\r\n\t\t\t\t\t\t<\/div>\r\n\t\t\t\t\t\t<div class='evo_metarow_ICS evorow bordb evcal_evdata_row'>\r\r\n\t\t\t\t\t\t\t<span class=\"evcal_evdata_icons\"><i class=\"fa fa-calendar\"><\/i><\/span>\r\r\n\t\t\t\t\t\t\t<div class='evcal_evdata_cell'>\r\r\n\t\t\t\t\t\t\t\t<p><a href='https:\/\/vea.qc.ca\/wp-admin\/admin-ajax.php?action=eventon_ics_download&amp;event_id=28262&amp;sunix=20260718T143000Z&amp;eunix=20260719T045000Z&amp;loca=&amp;locn=' class='evo_ics_nCal' title='Ajouter \u00e0 votre calendrier'>Calendrier<\/a><a href='\/\/www.google.com\/calendar\/event?action=TEMPLATE&amp;text=Ride+and+visit+to+the+Coteau+du+Lac+fort&amp;dates=20260718T143000Z\/20260719T045000Z&amp;details=Ride+and+visit+to+the+Coteau+du+Lac+fort&amp;location= - ' target='_blank' class='evo_ics_gCal' title='Ajouter \u00e0 l&#039;agenda Google'>GoogleCal<\/a><\/p>\t\r\r\n\t\t\t\t\t\t\t<\/div>\r\n\t\t\t\t\t\t<\/div>\r\r\n\t\t\t\t\t\t<div class='bordb evo_metarow_socialmedia evcal_evdata_row  lastrow'><div class='evo_sm FacebookShare'><a class=\" evo_ss\" target=\"_blank\" onclick=\"javascript:window.open(this.href, '', 'left=50,top=50,width=600,height=350,toolbar=0');return false;\"\r\r\n\t\t\t\t\t\t\t\thref=\"http:\/\/www.facebook.com\/sharer.php?u=https%3A%2F%2Fvea.qc.ca%2Fen%2Factivities%2Fwalk-and-visit-to-the-coteau-du-lac-fort%2F\" title=\"Partager sur Facebook\"><i class=\"fa fa-facebook\"><\/i><\/a><\/div><div class='evo_sm Twitter'><a class=\"tw evo_ss\" onclick=\"javascript:window.open(this.href, '', 'menubar=no,toolbar=no,resizable=yes,scrollbars=yes,height=300,width=600');return false;\" href=\"http:\/\/twitter.com\/share?text=Ride and visit to the Coteau du Lac fort&#32;-&#32;&url=https%3A%2F%2Fvea.qc.ca%2Fen%2Factivities%2Fwalk-and-visit-to-the-coteau-du-lac-fort%2F\" title=\"Partager sur twitter\" rel=\"nofollow\" target=\"_blank\" data-url=\"https%3A%2F%2Fvea.qc.ca%2Fen%2Factivities%2Fwalk-and-visit-to-the-coteau-du-lac-fort%2F\"><i class=\"fa fa-twitter\"><\/i><\/a><\/div><div class='evo_sm LinkedIn'><a class=\"li evo_ss\" href=\"http:\/\/www.linkedin.com\/shareArticle?mini=true&url=https%3A%2F%2Fvea.qc.ca%2Fen%2Factivities%2Fwalk-and-visit-to-the-coteau-du-lac-fort%2F&title=Ride%20and%20visit%20to%20the%20Coteau%20du%20Lac%20fort&summary=--\" target=\"_blank\" title=\"Partager sur Linkedin\"><i class=\"fa fa-linkedin\"><\/i><\/a><\/div><div class='evo_sm Google'><a class=\"gp evo_ss\" href=\"https:\/\/plus.google.com\/share?url=https%3A%2F%2Fvea.qc.ca%2Fen%2Factivities%2Fwalk-and-visit-to-the-coteau-du-lac-fort%2F\" \r\r\n\t\t\t\t\t\t\t\tonclick=\"javascript:window.open(this.href, '', 'left=50,top=50,width=600,height=350,toolbar=0');return false;\" target=\"_blank\"><i class=\"fa fa-google-plus\" title=\"Partager sur Google Plus\"><\/i><\/a><\/div><div class='evo_sm EmailShare'><a class=\"em evo_ss\" href=\"mailto:?subject=Ride and visit to the Coteau du Lac fort&body=Event Name: Ride and visit to the Coteau du Lac fort%0AEvent Date: 18 Juillet 2026 9 H 30 Min%0ALink: https%3A%2F%2Fvea.qc.ca%2Fen%2Factivities%2Fwalk-and-visit-to-the-coteau-du-lac-fort%2F%0A\" target=\"_blank\"><i class=\"fa fa-envelope\"><\/i><\/a><\/div><div class='clear'><\/div><div class='evcal_evdata_row evcal_close' title='Close'><\/div><\/div><\/div><div class='clear end'><\/div><\/div><div id=\"event_27925\" class=\"eventon_list_event evo_eventtop  event\" data-event_id=\"27925\" data-time=\"1784971800-1785023400\" data-colr=\"#e5191d\" itemscope itemtype='http:\/\/schema.org\/Event'><div class=\"evo_event_schema\" style=\"display:none\" ><a itemprop='url'  href='https:\/\/vea.qc.ca\/en\/activities\/car-show-petanque-championship-raclette-2\/'><\/a><span itemprop='name'  >CAR SHOW, PETANQUE CHAMPIONSHIP, RACLETTE<\/span><meta itemprop='image' content='https:\/\/vea.qc.ca\/wp-content\/uploads\/2023\/12\/raclette-petanque-Capture-decran-2024-01-01-164047.jpg' \/><meta itemprop='description' content='A ride to the Eastern Townships which takes us to Alois F\u00fcrer's in Bromont to enjoy a raclette and a game of p\u00e9tanque.\r\n\r\n&nbsp;\r\n\r\n\u00a0' \/><meta itemprop='startDate' content='2026-7-25T09:30' \/><meta itemprop='endDate' content='2026-7-25T23:50' \/><meta itemprop='eventStatus' content='on-schedule' \/><script type=\"application\/ld+json\">{\t\"@context\": \"http:\/\/schema.org\",\r\r\n\t\t\t\t\t\t\t  \t\"@type\": \"Event\",\r\r\n\t\t\t\t\t\t\t  \t\"name\": \"CAR SHOW, PETANQUE CHAMPIONSHIP, RACLETTE\",\r\r\n\t\t\t\t\t\t\t  \t\"startDate\": \"2026-7-25T09-09-30-00\",\r\r\n\t\t\t\t\t\t\t  \t\"endDate\": \"2026-7-25T23-23-50-00\",\r\r\n\t\t\t\t\t\t\t  \t\"image\":\"https:\/\/vea.qc.ca\/wp-content\/uploads\/2023\/12\/raclette-petanque-Capture-decran-2024-01-01-164047.jpg\",\r\r\n\t\t\t\t\t\t\t  \t\"description\":\"A ride to the Eastern Townships which takes us to Alois F\u00fcrer's in Bromont to enjoy a raclette and a game of p\u00e9tanque.\r\n\r\n&nbsp;\r\n\r\n\u00a0\",\r\r\n\t\t\t\t\t\t\t  \t\r\r\n\t\t\t\t\t\t\t }<\/script><\/div>\r\r\n\t\t\t\t<p class=\"desc_trig_outter\"><a data-gmap_status=\"null\" data-exlk=\"0\" style=\"border-color: #e5191d;\" id=\"evc_178497180027925\" class=\"desc_trig featured_event 1 sin_val evcal_list_a\" data-ux_val=\"3\"  ><span class='evcal_cblock ' data-bgcolor='#e5191d' data-smon='Juillet' data-syr='2026'><span class='evo_start '><em class='date'>25<\/em><em class='month'>Juil<\/em><em class='time'>9 h 30 min<\/em><\/span><em class='clear'><\/em><\/span><span class='evcal_desc evo_info hide_eventtopdata '  data-location_status=\"false\" ><span class='evo_above_title'><span class='evo_event_headers featured'>VEA<\/span><\/span><span class='evcal_desc2 evcal_event_title' itemprop='name'>CAR SHOW, PETANQUE CHAMPIONSHIP, RACLETTE<\/span><span class='evo_below_title'><span class='evcal_event_subtitle' >Alois invites us to enjoy a raclette and play a game of p\u00e9tanque.<\/span><\/span><span class='evcal_desc_info' ><em class='evcal_time'>9 h 30 min<\/em> <\/span><span class='evcal_desc3'><\/span><\/span><em class='clear'><\/em><\/a><\/p><div class='event_description evcal_eventcard ' style=\"display:none\"><div class='evo_metarow_directimg'><img src='https:\/\/vea.qc.ca\/wp-content\/uploads\/2023\/12\/raclette-petanque-Capture-decran-2024-01-01-164047.jpg' \/><\/div><div class='evo_metarow_details evorow evcal_evdata_row bordb evcal_event_details'>\r\r\n\t\t\t\t\t\t\t<div class=\"event_excerpt\" style=\"display:none\"><h3 class=\"padb5 evo_h3\">D\u00e9tails de l&#039;activit\u00e9<\/h3><p>A ride to the Eastern Townships which takes us to Alois F\u00fcrer's in Bromont to enjoy a raclette and a game of p\u00e9tanque.\r\n\r\n&nbsp;\r\n\r\n\u00a0<\/p><\/div><span class='evcal_evdata_icons'><i class='fa fa-align-justify'><\/i><\/span>\r\r\n\t\t\t\t\t\t\t\r\r\n\t\t\t\t\t\t\t<div class='evcal_evdata_cell '><div class='eventon_full_description'>\r\r\n\t\t\t\t\t\t\t\t\t<h3 class='padb5 evo_h3'><span class='evcal_evdata_icons'><i class='fa fa-align-justify'><\/i><\/span>D\u00e9tails de l&#039;activit\u00e9<\/h3><div class='eventon_desc_in' itemprop='description'>\r\r\n\t\t\t\t\t\t\t\t\t<p>A ride to the Eastern Townships which takes us to Alois F\u00fcrer&#8217;s in Bromont to enjoy a raclette and a game of p\u00e9tanque.<\/p>\n<p>&nbsp;<\/p>\n<p><strong>\u00a0<\/strong><\/p>\n<\/div><div class='clear'><\/div>\r\r\n\t\t\t\t\t\t\t\t<\/div>\r\r\n\t\t\t\t\t\t\t<\/div>\r\r\n\t\t\t\t\t\t<\/div><div class='evo_metarow_time evorow evcal_evdata_row bordb evcal_evrow_sm '>\r\r\n\t\t\t\t\t\t\t<span class='evcal_evdata_icons'><i class='fa fa-clock-o'><\/i><\/span>\r\r\n\t\t\t\t\t\t\t<div class='evcal_evdata_cell'>\t\t\t\t\t\t\t\r\r\n\t\t\t\t\t\t\t\t<h3 class='evo_h3'><span class='evcal_evdata_icons'><i class='fa fa-clock-o'><\/i><\/span>Heure de d\u00e9but \/ fin<\/h3><p>(Samedi) 9 h 30 min<\/p>\r\r\n\t\t\t\t\t\t\t<\/div>\r\r\n\t\t\t\t\t\t<\/div>\r\n\t\t\t\t\t\t<div class='evo_metarow_ICS evorow bordb evcal_evdata_row'>\r\r\n\t\t\t\t\t\t\t<span class=\"evcal_evdata_icons\"><i class=\"fa fa-calendar\"><\/i><\/span>\r\r\n\t\t\t\t\t\t\t<div class='evcal_evdata_cell'>\r\r\n\t\t\t\t\t\t\t\t<p><a href='https:\/\/vea.qc.ca\/wp-admin\/admin-ajax.php?action=eventon_ics_download&amp;event_id=27925&amp;sunix=20260725T143000Z&amp;eunix=20260726T045000Z&amp;loca=&amp;locn=' class='evo_ics_nCal' title='Ajouter \u00e0 votre calendrier'>Calendrier<\/a><a href='\/\/www.google.com\/calendar\/event?action=TEMPLATE&amp;text=CAR+SHOW%2C+PETANQUE+CHAMPIONSHIP%2C+RACLETTE&amp;dates=20260725T143000Z\/20260726T045000Z&amp;details=A+ride+to+the+Eastern+Townships+which+takes+us+to+Alois+F%C3%BCrer%27s+in+Bromont+to+enjoy+a+raclette+and+a+game+of+p%C3%A9tanque.%0D%0A%0D%0A%26nbsp%3B%0D%0A%0D%0A%C2%A0&amp;location= - ' target='_blank' class='evo_ics_gCal' title='Ajouter \u00e0 l&#039;agenda Google'>GoogleCal<\/a><\/p>\t\r\r\n\t\t\t\t\t\t\t<\/div>\r\n\t\t\t\t\t\t<\/div>\r\r\n\t\t\t\t\t\t<div class='bordb evo_metarow_socialmedia evcal_evdata_row  lastrow'><div class='evo_sm FacebookShare'><a class=\" evo_ss\" target=\"_blank\" onclick=\"javascript:window.open(this.href, '', 'left=50,top=50,width=600,height=350,toolbar=0');return false;\"\r\r\n\t\t\t\t\t\t\t\thref=\"http:\/\/www.facebook.com\/sharer.php?u=https%3A%2F%2Fvea.qc.ca%2Fen%2Factivities%2Fcar-show-petanque-championship-raclette-2%2F\" title=\"Partager sur Facebook\"><i class=\"fa fa-facebook\"><\/i><\/a><\/div><div class='evo_sm Twitter'><a class=\"tw evo_ss\" onclick=\"javascript:window.open(this.href, '', 'menubar=no,toolbar=no,resizable=yes,scrollbars=yes,height=300,width=600');return false;\" href=\"http:\/\/twitter.com\/share?text=CAR SHOW, PETANQUE CHAMPIONSHIP, RACLETTE&#32;-&#32;&url=https%3A%2F%2Fvea.qc.ca%2Fen%2Factivities%2Fcar-show-petanque-championship-raclette-2%2F\" title=\"Partager sur twitter\" rel=\"nofollow\" target=\"_blank\" data-url=\"https%3A%2F%2Fvea.qc.ca%2Fen%2Factivities%2Fcar-show-petanque-championship-raclette-2%2F\"><i class=\"fa fa-twitter\"><\/i><\/a><\/div><div class='evo_sm LinkedIn'><a class=\"li evo_ss\" href=\"http:\/\/www.linkedin.com\/shareArticle?mini=true&url=https%3A%2F%2Fvea.qc.ca%2Fen%2Factivities%2Fcar-show-petanque-championship-raclette-2%2F&title=CAR%20SHOW%2C%20PETANQUE%20CHAMPIONSHIP%2C%20RACLETTE&summary=A+ride+to+the+Eastern+Townships+which+takes+us+to+Alois+F%C3%BCrer%26%238217%3Bs+in+Bromont+to+enjoy\" target=\"_blank\" title=\"Partager sur Linkedin\"><i class=\"fa fa-linkedin\"><\/i><\/a><\/div><div class='evo_sm Google'><a class=\"gp evo_ss\" href=\"https:\/\/plus.google.com\/share?url=https%3A%2F%2Fvea.qc.ca%2Fen%2Factivities%2Fcar-show-petanque-championship-raclette-2%2F\" \r\r\n\t\t\t\t\t\t\t\tonclick=\"javascript:window.open(this.href, '', 'left=50,top=50,width=600,height=350,toolbar=0');return false;\" target=\"_blank\"><i class=\"fa fa-google-plus\" title=\"Partager sur Google Plus\"><\/i><\/a><\/div><div class='evo_sm EmailShare'><a class=\"em evo_ss\" href=\"mailto:?subject=CAR SHOW, PETANQUE CHAMPIONSHIP, RACLETTE&body=Event Name: CAR SHOW, PETANQUE CHAMPIONSHIP, RACLETTE%0AEvent Date: 25 Juillet 2026 9 H 30 Min%0ALink: https%3A%2F%2Fvea.qc.ca%2Fen%2Factivities%2Fcar-show-petanque-championship-raclette-2%2F%0A\" target=\"_blank\"><i class=\"fa fa-envelope\"><\/i><\/a><\/div><div class='clear'><\/div><div class='evcal_evdata_row evcal_close' title='Close'><\/div><\/div><\/div><div class='clear end'><\/div><\/div><\/div><div class='evcal_month_line'><p>Ao\u00fbt 2026<\/p><\/div><div id='evcal_list' class='evcal_list_month eventon_events_list '><div id=\"event_27927\" class=\"eventon_list_event evo_eventtop  event\" data-event_id=\"27927\" data-time=\"1785952800-1785973800\" data-colr=\"#e51a1d\" itemscope itemtype='http:\/\/schema.org\/Event'><div class=\"evo_event_schema\" style=\"display:none\" ><a itemprop='url'  href='https:\/\/vea.qc.ca\/en\/activities\/members-dinner-at-lambroisie-restaurant-10\/'><\/a><span itemprop='name'  >Members' dinner at L'Ambroisie restaurant<\/span><meta itemprop='image' content='https:\/\/vea.qc.ca\/wp-content\/uploads\/2023\/01\/ambroisie-300x300-1.jpg' \/><meta itemprop='description' content='Members' dinner at L'Ambroisie restaurant' \/><meta itemprop='startDate' content='2026-8-5T18:00' \/><meta itemprop='endDate' content='2026-8-5T23:50' \/><meta itemprop='eventStatus' content='on-schedule' \/>\r\r\n\t\t\t\t\t\t\t\t\t<item style=\"display:none\" itemprop=\"location\" itemscope itemtype=\"http:\/\/schema.org\/Place\">\r\r\n\t\t\t\t\t\t\t\t\t\t<span itemprop=\"name\">Restaurant L\u2019Ambroisie<\/span>\r\r\n\t\t\t\t\t\t\t\t\t\t<span itemprop=\"address\" itemscope itemtype=\"http:\/\/schema.org\/PostalAddress\">\r\r\n\t\t\t\t\t\t\t\t\t\t\t<item itemprop=\"streetAddress\">4020 Rue Saint-Ambroise porte #140, QC H4C 2C7<\/item>\r\r\n\t\t\t\t\t\t\t\t\t\t<\/span><\/item><script type=\"application\/ld+json\">{\t\"@context\": \"http:\/\/schema.org\",\r\r\n\t\t\t\t\t\t\t  \t\"@type\": \"Event\",\r\r\n\t\t\t\t\t\t\t  \t\"name\": \"Members' dinner at L'Ambroisie restaurant\",\r\r\n\t\t\t\t\t\t\t  \t\"startDate\": \"2026-8-5T18-18-00-00\",\r\r\n\t\t\t\t\t\t\t  \t\"endDate\": \"2026-8-5T23-23-50-00\",\r\r\n\t\t\t\t\t\t\t  \t\"image\":\"https:\/\/vea.qc.ca\/wp-content\/uploads\/2023\/01\/ambroisie-300x300-1.jpg\",\r\r\n\t\t\t\t\t\t\t  \t\"description\":\"Members' dinner at L'Ambroisie restaurant\",\r\r\n\t\t\t\t\t\t\t  \t\"location\":{\r\r\n\t\t\t\t\t\t\t\t\t\t\"@type\":\"Place\",\r\r\n\t\t\t\t\t\t\t\t\t\t\"name\":\"Restaurant L\u2019Ambroisie\",\r\r\n\t\t\t\t\t\t\t\t\t\t\"address\":\"4020 Rue Saint-Ambroise porte #140, QC H4C 2C7\"\r\r\n\t\t\t\t\t\t\t  \t\t}\r\r\n\t\t\t\t\t\t\t }<\/script><\/div>\r\r\n\t\t\t\t<p class=\"desc_trig_outter\"><a data-gmtrig=\"1\" data-exlk=\"0\" style=\"border-color: #e51a1d;\" id=\"evc_178595280027927\" class=\"desc_trig featured_event 1 sin_val evcal_list_a\" data-ux_val=\"3\"  ><span class='evcal_cblock ' data-bgcolor='#e51a1d' data-smon='Ao\u00fbt' data-syr='2026'><span class='evo_start '><em class='date'>05<\/em><em class='month'>Ao\u00fbt<\/em><em class='time'>18 h 00 min<\/em><\/span><em class='clear'><\/em><\/span><span class='evcal_desc evo_info hide_eventtopdata '  data-location_address=\"4020 Rue Saint-Ambroise porte #140, QC H4C 2C7\" data-location_type=\"address\" data-location_name=\"Restaurant L\u2019Ambroisie\" data-location_status=\"true\" ><span class='evo_above_title'><span class='evo_event_headers featured'>VEA<\/span><\/span><span class='evcal_desc2 evcal_event_title' itemprop='name'>Members' dinner at L'Ambroisie restaurant<\/span><span class='evo_below_title'><span class='evcal_event_subtitle' >\u201cFIRST WEDNESDAY\u201d OF THE MONTH DINNER MEETING<\/span><\/span><span class='evcal_desc_info' ><em class='evcal_time'>18 h 00 min<\/em> <em class=\"evcal_location\"  data-add_str=\"4020 Rue Saint-Ambroise porte #140, QC H4C 2C7\"><em class=\"event_location_name\">Restaurant L\u2019Ambroisie<\/em>, 4020 Rue Saint-Ambroise porte #140, QC H4C 2C7<\/em><\/span><span class='evcal_desc3'><\/span><\/span><em class='clear'><\/em><\/a><\/p><div class='event_description evcal_eventcard ' style=\"display:none\"><div class='evo_metarow_directimg'><img src='https:\/\/vea.qc.ca\/wp-content\/uploads\/2023\/01\/ambroisie-300x300-1.jpg' \/><\/div><div class='evo_metarow_time_location evorow bordb '>\r\r\n\t\t\t\t\t\t<div class='tb' >\r\r\n\t\t\t\t\t\t\t<div class='tbrow'>\r\r\n\t\t\t\t\t\t\t<div class='evcal_col50 bordr'>\r\r\n\t\t\t\t\t\t\t\t<div class='evcal_evdata_row evo_time'>\r\r\n\t\t\t\t\t\t\t\t\t<span class='evcal_evdata_icons'><i class='fa fa-clock-o'><\/i><\/span>\r\r\n\t\t\t\t\t\t\t\t\t<div class='evcal_evdata_cell'>\t\t\t\t\t\t\t\r\r\n\t\t\t\t\t\t\t\t\t\t<h3 class='evo_h3'><span class='evcal_evdata_icons'><i class='fa fa-clock-o'><\/i><\/span>Heure de d\u00e9but \/ fin<\/h3>\r\r\n\t\t\t\t\t\t\t\t\t\t<p>(Mercredi) 18 h 00 min<\/p>\r\r\n\t\t\t\t\t\t\t\t\t<\/div>\r\r\n\t\t\t\t\t\t\t\t<\/div>\r\r\n\t\t\t\t\t\t\t<\/div><div class='evcal_col50'>\r\r\n\t\t\t\t\t\t\t\t<div class='evcal_evdata_row evo_location'>\r\r\n\t\t\t\t\t\t\t\t\t<span class='evcal_evdata_icons'><i class='fa fa-map-marker'><\/i><\/span>\r\r\n\t\t\t\t\t\t\t\t\t<div class='evcal_evdata_cell' data-loc_tax_id='306'>\t\t\t\t\t\t\t\r\r\n\t\t\t\t\t\t\t\t\t\t<h3 class='evo_h3'><span class='evcal_evdata_icons'><i class='fa fa-map-marker'><\/i><\/span>Lieu<\/h3><p class='evo_location_name'>Restaurant L\u2019Ambroisie<\/p><p class='evo_location_address'>4020 Rue Saint-Ambroise porte #140, QC H4C 2C7<\/p>\r\r\n\t\t\t\t\t\t\t\t\t<\/div>\r\r\n\t\t\t\t\t\t\t\t<\/div>\r\r\n\t\t\t\t\t\t\t<\/div><div class='clear'><\/div>\r\r\n\t\t\t\t\t\t\t<\/div><\/div>\r\r\n\t\t\t\t\t\t<\/div><div class='evo_metarow_locImg evorow bordb tvi' style='height:400px; background-image:url(https:\/\/vea.qc.ca\/wp-content\/uploads\/2023\/04\/Ambroisie2023.jpg)' id='23610_locimg' ><p class='evoLOCtxt'>\r\r\n\t\t\t\t\t\t\t\t<span class='evo_loc_text_title'>Restaurant L\u2019Ambroisie<\/span><span style=\"padding-bottom:10px\">4020 Rue Saint-Ambroise porte #140, QC H4C 2C7<\/span><\/p><\/div><div class='evo_metarow_gmap evorow evcal_gmaps bordb ' id='evc178595280069ec80fe5a43327927_gmap' style='max-width:none'><\/div><div class='evo_metarow_getDr evorow evcal_evdata_row bordb evcal_evrow_sm getdirections'>\r\r\n\t\t\t\t\t\t<form action='https:\/\/maps.google.com\/maps' method='get' target='_blank'>\r\r\n\t\t\t\t\t\t<input type='hidden' name='daddr' value=\"4020 Rue Saint-Ambroise porte #140, QC H4C 2C7\"\/> \r\r\n\t\t\t\t\t\t<p><input class='evoInput' type='text' name='saddr' placeholder='Saisissez votre adresse' value=''\/>\r\r\n\t\t\t\t\t\t<button type='submit' class='evcal_evdata_icons evcalicon_9' title='Cliquez ici pour obtenir l&#039;itin\u00e9raire'><i class='fa fa-road'><\/i><\/button>\r\r\n\t\t\t\t\t\t<\/p><\/form>\r\r\n\t\t\t\t\t<\/div>\r\n\t\t\t\t\t\t<div class='evo_metarow_ICS evorow bordb evcal_evdata_row'>\r\r\n\t\t\t\t\t\t\t<span class=\"evcal_evdata_icons\"><i class=\"fa fa-calendar\"><\/i><\/span>\r\r\n\t\t\t\t\t\t\t<div class='evcal_evdata_cell'>\r\r\n\t\t\t\t\t\t\t\t<p><a href='https:\/\/vea.qc.ca\/wp-admin\/admin-ajax.php?action=eventon_ics_download&amp;event_id=27927&amp;sunix=20260805T230000Z&amp;eunix=20260806T045000Z&amp;loca=4020 Rue Saint-Ambroise porte #140, QC H4C 2C7&amp;locn=Restaurant L\u2019Ambroisie' class='evo_ics_nCal' title='Ajouter \u00e0 votre calendrier'>Calendrier<\/a><a href='\/\/www.google.com\/calendar\/event?action=TEMPLATE&amp;text=Members%27+dinner+at+L%27Ambroisie+restaurant&amp;dates=20260805T230000Z\/20260806T045000Z&amp;details=Members%27+dinner+at+L%27Ambroisie+restaurant&amp;location=Restaurant+L%E2%80%99Ambroisie - 4020+Rue+Saint-Ambroise+porte+%23140%2C+QC+H4C+2C7' target='_blank' class='evo_ics_gCal' title='Ajouter \u00e0 l&#039;agenda Google'>GoogleCal<\/a><\/p>\t\r\r\n\t\t\t\t\t\t\t<\/div>\r\n\t\t\t\t\t\t<\/div>\r\r\n\t\t\t\t\t\t<div class='bordb evo_metarow_socialmedia evcal_evdata_row  lastrow'><div class='evo_sm FacebookShare'><a class=\" evo_ss\" target=\"_blank\" onclick=\"javascript:window.open(this.href, '', 'left=50,top=50,width=600,height=350,toolbar=0');return false;\"\r\r\n\t\t\t\t\t\t\t\thref=\"http:\/\/www.facebook.com\/sharer.php?u=https%3A%2F%2Fvea.qc.ca%2Fen%2Factivities%2Fmembers-dinner-at-lambroisie-restaurant-10%2F\" title=\"Partager sur Facebook\"><i class=\"fa fa-facebook\"><\/i><\/a><\/div><div class='evo_sm Twitter'><a class=\"tw evo_ss\" onclick=\"javascript:window.open(this.href, '', 'menubar=no,toolbar=no,resizable=yes,scrollbars=yes,height=300,width=600');return false;\" href=\"http:\/\/twitter.com\/share?text=Members&#8217; dinner at L&#8217;Ambroisie restaurant&#32;-&#32;&url=https%3A%2F%2Fvea.qc.ca%2Fen%2Factivities%2Fmembers-dinner-at-lambroisie-restaurant-10%2F\" title=\"Partager sur twitter\" rel=\"nofollow\" target=\"_blank\" data-url=\"https%3A%2F%2Fvea.qc.ca%2Fen%2Factivities%2Fmembers-dinner-at-lambroisie-restaurant-10%2F\"><i class=\"fa fa-twitter\"><\/i><\/a><\/div><div class='evo_sm LinkedIn'><a class=\"li evo_ss\" href=\"http:\/\/www.linkedin.com\/shareArticle?mini=true&url=https%3A%2F%2Fvea.qc.ca%2Fen%2Factivities%2Fmembers-dinner-at-lambroisie-restaurant-10%2F&title=Members%26%238217%3B%20dinner%20at%20L%26%238217%3BAmbroisie%20restaurant&summary=--\" target=\"_blank\" title=\"Partager sur Linkedin\"><i class=\"fa fa-linkedin\"><\/i><\/a><\/div><div class='evo_sm Google'><a class=\"gp evo_ss\" href=\"https:\/\/plus.google.com\/share?url=https%3A%2F%2Fvea.qc.ca%2Fen%2Factivities%2Fmembers-dinner-at-lambroisie-restaurant-10%2F\" \r\r\n\t\t\t\t\t\t\t\tonclick=\"javascript:window.open(this.href, '', 'left=50,top=50,width=600,height=350,toolbar=0');return false;\" target=\"_blank\"><i class=\"fa fa-google-plus\" title=\"Partager sur Google Plus\"><\/i><\/a><\/div><div class='evo_sm EmailShare'><a class=\"em evo_ss\" href=\"mailto:?subject=Members%26#8217; dinner at L%26#8217;Ambroisie restaurant&body=Event Name: Members%26#8217; dinner at L%26#8217;Ambroisie restaurant%0AEvent Date: 5 Ao\u00fbt 2026 18 H 00 Min%0ALink: https%3A%2F%2Fvea.qc.ca%2Fen%2Factivities%2Fmembers-dinner-at-lambroisie-restaurant-10%2F%0A\" target=\"_blank\"><i class=\"fa fa-envelope\"><\/i><\/a><\/div><div class='clear'><\/div><div class='evcal_evdata_row evcal_close' title='Close'><\/div><\/div><\/div><div class='clear end'><\/div><\/div><div id=\"event_27930\" class=\"eventon_list_event evo_eventtop  event\" data-event_id=\"27930\" data-time=\"1786786200-1786837800\" data-colr=\"#e5191d\" itemscope itemtype='http:\/\/schema.org\/Event'><div class=\"evo_event_schema\" style=\"display:none\" ><a itemprop='url'  href='https:\/\/vea.qc.ca\/en\/activities\/aviation-museum-walk-and-meal\/'><\/a><span itemprop='name'  >AVIATION MUSEUM, ride and MEAL<\/span><meta itemprop='image' content='https:\/\/vea.qc.ca\/wp-content\/uploads\/2025\/12\/aviation.jpg' \/><meta itemprop='description' content='&nbsp;\r\n\r\n&nbsp;\r\n\r\n\u00a0' \/><meta itemprop='startDate' content='2026-8-15T09:30' \/><meta itemprop='endDate' content='2026-8-15T23:50' \/><meta itemprop='eventStatus' content='on-schedule' \/><script type=\"application\/ld+json\">{\t\"@context\": \"http:\/\/schema.org\",\r\r\n\t\t\t\t\t\t\t  \t\"@type\": \"Event\",\r\r\n\t\t\t\t\t\t\t  \t\"name\": \"AVIATION MUSEUM, ride and MEAL\",\r\r\n\t\t\t\t\t\t\t  \t\"startDate\": \"2026-8-15T09-09-30-00\",\r\r\n\t\t\t\t\t\t\t  \t\"endDate\": \"2026-8-15T23-23-50-00\",\r\r\n\t\t\t\t\t\t\t  \t\"image\":\"https:\/\/vea.qc.ca\/wp-content\/uploads\/2025\/12\/aviation.jpg\",\r\r\n\t\t\t\t\t\t\t  \t\"description\":\"&nbsp;\r\n\r\n&nbsp;\r\n\r\n\u00a0\",\r\r\n\t\t\t\t\t\t\t  \t\r\r\n\t\t\t\t\t\t\t }<\/script><\/div>\r\r\n\t\t\t\t<p class=\"desc_trig_outter\"><a data-gmap_status=\"null\" data-exlk=\"0\" style=\"border-color: #e5191d;\" id=\"evc_178678620027930\" class=\"desc_trig featured_event 1 sin_val evcal_list_a\" data-ux_val=\"3\"  ><span class='evcal_cblock ' data-bgcolor='#e5191d' data-smon='Ao\u00fbt' data-syr='2026'><span class='evo_start '><em class='date'>15<\/em><em class='month'>Ao\u00fbt<\/em><em class='time'>9 h 30 min<\/em><\/span><em class='clear'><\/em><\/span><span class='evcal_desc evo_info hide_eventtopdata '  data-location_status=\"false\" ><span class='evo_above_title'><span class='evo_event_headers featured'>VEA<\/span><\/span><span class='evcal_desc2 evcal_event_title' itemprop='name'>AVIATION MUSEUM, ride and MEAL<\/span><span class='evo_below_title'><span class='evcal_event_subtitle' >Jean invites us to visit an aviation museum.<\/span><\/span><span class='evcal_desc_info' ><em class='evcal_time'>9 h 30 min<\/em> <\/span><span class='evcal_desc3'><\/span><\/span><em class='clear'><\/em><\/a><\/p><div class='event_description evcal_eventcard ' style=\"display:none\"><div class='evo_metarow_directimg'><img src='https:\/\/vea.qc.ca\/wp-content\/uploads\/2025\/12\/aviation.jpg' \/><\/div><div class='evo_metarow_details evorow evcal_evdata_row bordb evcal_event_details'>\r\r\n\t\t\t\t\t\t\t<div class=\"event_excerpt\" style=\"display:none\"><h3 class=\"padb5 evo_h3\">D\u00e9tails de l&#039;activit\u00e9<\/h3><p>&nbsp;\r\n\r\n&nbsp;\r\n\r\n\u00a0<\/p><\/div><span class='evcal_evdata_icons'><i class='fa fa-align-justify'><\/i><\/span>\r\r\n\t\t\t\t\t\t\t\r\r\n\t\t\t\t\t\t\t<div class='evcal_evdata_cell '><div class='eventon_full_description'>\r\r\n\t\t\t\t\t\t\t\t\t<h3 class='padb5 evo_h3'><span class='evcal_evdata_icons'><i class='fa fa-align-justify'><\/i><\/span>D\u00e9tails de l&#039;activit\u00e9<\/h3><div class='eventon_desc_in' itemprop='description'>\r\r\n\t\t\t\t\t\t\t\t\t<p>&nbsp;<\/p>\n<p>&nbsp;<\/p>\n<p><strong>\u00a0<\/strong><\/p>\n<\/div><div class='clear'><\/div>\r\r\n\t\t\t\t\t\t\t\t<\/div>\r\r\n\t\t\t\t\t\t\t<\/div>\r\r\n\t\t\t\t\t\t<\/div><div class='evo_metarow_time evorow evcal_evdata_row bordb evcal_evrow_sm '>\r\r\n\t\t\t\t\t\t\t<span class='evcal_evdata_icons'><i class='fa fa-clock-o'><\/i><\/span>\r\r\n\t\t\t\t\t\t\t<div class='evcal_evdata_cell'>\t\t\t\t\t\t\t\r\r\n\t\t\t\t\t\t\t\t<h3 class='evo_h3'><span class='evcal_evdata_icons'><i class='fa fa-clock-o'><\/i><\/span>Heure de d\u00e9but \/ fin<\/h3><p>(Samedi) 9 h 30 min<\/p>\r\r\n\t\t\t\t\t\t\t<\/div>\r\r\n\t\t\t\t\t\t<\/div><div class='evo_metarow_organizer evorow evcal_evdata_row bordb evcal_evrow_sm '>\r\r\n\t\t\t\t\t\t\t<span class='evcal_evdata_icons'><i class='fa fa-id-badge'><\/i><\/span>\r\r\n\t\t\t\t\t\t\t<div class='evcal_evdata_cell'>\t\t\t\t\t\t\t\r\r\n\t\t\t\t\t\t\t\t<h3 class='evo_h3'>Organisateur<\/h3>\r\r\n\t\t\t\t\t\t\t\t\r\r\n\t\t\t\t\t\t\t\t<div class='evo_card_organizer'><p class='evo_data_val evo_card_organizer_name'>\r\r\n\t\t\t\t\t\t\t\t\t<span class='evo_card_organizer_name_t'>Jean Colpin<\/span>\r\r\n\t\t\t\t\t\t\t\t\t\r\r\n\t\t\t\t\t\t\t\t\t<\/p><\/div><div class='clear'><\/div>\t\t\t\t\t\t\t\r\r\n\t\t\t\t\t\t\t<\/div>\r\r\n\t\t\t\t\t\t<\/div>\r\n\t\t\t\t\t\t<div class='evo_metarow_ICS evorow bordb evcal_evdata_row'>\r\r\n\t\t\t\t\t\t\t<span class=\"evcal_evdata_icons\"><i class=\"fa fa-calendar\"><\/i><\/span>\r\r\n\t\t\t\t\t\t\t<div class='evcal_evdata_cell'>\r\r\n\t\t\t\t\t\t\t\t<p><a href='https:\/\/vea.qc.ca\/wp-admin\/admin-ajax.php?action=eventon_ics_download&amp;event_id=27930&amp;sunix=20260815T143000Z&amp;eunix=20260816T045000Z&amp;loca=&amp;locn=' class='evo_ics_nCal' title='Ajouter \u00e0 votre calendrier'>Calendrier<\/a><a href='\/\/www.google.com\/calendar\/event?action=TEMPLATE&amp;text=AVIATION+MUSEUM%2C+ride+and+MEAL&amp;dates=20260815T143000Z\/20260816T045000Z&amp;details=%26nbsp%3B%0D%0A%0D%0A%26nbsp%3B%0D%0A%0D%0A%C2%A0&amp;location= - ' target='_blank' class='evo_ics_gCal' title='Ajouter \u00e0 l&#039;agenda Google'>GoogleCal<\/a><\/p>\t\r\r\n\t\t\t\t\t\t\t<\/div>\r\n\t\t\t\t\t\t<\/div>\r\r\n\t\t\t\t\t\t<div class='bordb evo_metarow_socialmedia evcal_evdata_row  lastrow'><div class='evo_sm FacebookShare'><a class=\" evo_ss\" target=\"_blank\" onclick=\"javascript:window.open(this.href, '', 'left=50,top=50,width=600,height=350,toolbar=0');return false;\"\r\r\n\t\t\t\t\t\t\t\thref=\"http:\/\/www.facebook.com\/sharer.php?u=https%3A%2F%2Fvea.qc.ca%2Fen%2Factivities%2Faviation-museum-walk-and-meal%2F\" title=\"Partager sur Facebook\"><i class=\"fa fa-facebook\"><\/i><\/a><\/div><div class='evo_sm Twitter'><a class=\"tw evo_ss\" onclick=\"javascript:window.open(this.href, '', 'menubar=no,toolbar=no,resizable=yes,scrollbars=yes,height=300,width=600');return false;\" href=\"http:\/\/twitter.com\/share?text=AVIATION MUSEUM, ride and MEAL&#32;-&#32;&url=https%3A%2F%2Fvea.qc.ca%2Fen%2Factivities%2Faviation-museum-walk-and-meal%2F\" title=\"Partager sur twitter\" rel=\"nofollow\" target=\"_blank\" data-url=\"https%3A%2F%2Fvea.qc.ca%2Fen%2Factivities%2Faviation-museum-walk-and-meal%2F\"><i class=\"fa fa-twitter\"><\/i><\/a><\/div><div class='evo_sm LinkedIn'><a class=\"li evo_ss\" href=\"http:\/\/www.linkedin.com\/shareArticle?mini=true&url=https%3A%2F%2Fvea.qc.ca%2Fen%2Factivities%2Faviation-museum-walk-and-meal%2F&title=AVIATION%20MUSEUM%2C%20ride%20and%20MEAL&summary=%26nbsp%3B%0A%26nbsp%3B%0A%C2%A0%0A\" target=\"_blank\" title=\"Partager sur Linkedin\"><i class=\"fa fa-linkedin\"><\/i><\/a><\/div><div class='evo_sm Google'><a class=\"gp evo_ss\" href=\"https:\/\/plus.google.com\/share?url=https%3A%2F%2Fvea.qc.ca%2Fen%2Factivities%2Faviation-museum-walk-and-meal%2F\" \r\r\n\t\t\t\t\t\t\t\tonclick=\"javascript:window.open(this.href, '', 'left=50,top=50,width=600,height=350,toolbar=0');return false;\" target=\"_blank\"><i class=\"fa fa-google-plus\" title=\"Partager sur Google Plus\"><\/i><\/a><\/div><div class='evo_sm EmailShare'><a class=\"em evo_ss\" href=\"mailto:?subject=AVIATION MUSEUM, ride and MEAL&body=Event Name: AVIATION MUSEUM, ride and MEAL%0AEvent Date: 15 Ao\u00fbt 2026 9 H 30 Min%0ALink: https%3A%2F%2Fvea.qc.ca%2Fen%2Factivities%2Faviation-museum-walk-and-meal%2F%0A\" target=\"_blank\"><i class=\"fa fa-envelope\"><\/i><\/a><\/div><div class='clear'><\/div><div class='evcal_evdata_row evcal_close' title='Close'><\/div><\/div><\/div><div class='clear end'><\/div><\/div><div id=\"event_28266\" class=\"eventon_list_event evo_eventtop  event\" data-event_id=\"28266\" data-time=\"1787391000-1787442600\" data-colr=\"#e5191d\" itemscope itemtype='http:\/\/schema.org\/Event'><div class=\"evo_event_schema\" style=\"display:none\" ><a itemprop='url'  href='https:\/\/vea.qc.ca\/en\/activities\/a-ride-and-getaway-to-knowlton-with-the-possibility-of-an-overnight-stay\/'><\/a><span itemprop='name'  >A ride and getaway to Knowlton with the possibility of an overnight stay.<\/span><meta itemprop='image' content='https:\/\/vea.qc.ca\/wp-content\/uploads\/2026\/03\/knowlton.jpg' \/><meta itemprop='description' content='&nbsp;\r\n\r\n&nbsp;\r\n\r\n\u00a0' \/><meta itemprop='startDate' content='2026-8-22T09:30' \/><meta itemprop='endDate' content='2026-8-22T23:50' \/><meta itemprop='eventStatus' content='on-schedule' \/><script type=\"application\/ld+json\">{\t\"@context\": \"http:\/\/schema.org\",\r\r\n\t\t\t\t\t\t\t  \t\"@type\": \"Event\",\r\r\n\t\t\t\t\t\t\t  \t\"name\": \"A ride and getaway to Knowlton with the possibility of an overnight stay.\",\r\r\n\t\t\t\t\t\t\t  \t\"startDate\": \"2026-8-22T09-09-30-00\",\r\r\n\t\t\t\t\t\t\t  \t\"endDate\": \"2026-8-22T23-23-50-00\",\r\r\n\t\t\t\t\t\t\t  \t\"image\":\"https:\/\/vea.qc.ca\/wp-content\/uploads\/2026\/03\/knowlton.jpg\",\r\r\n\t\t\t\t\t\t\t  \t\"description\":\"&nbsp;\r\n\r\n&nbsp;\r\n\r\n\u00a0\",\r\r\n\t\t\t\t\t\t\t  \t\r\r\n\t\t\t\t\t\t\t }<\/script><\/div>\r\r\n\t\t\t\t<p class=\"desc_trig_outter\"><a data-gmap_status=\"null\" data-exlk=\"0\" style=\"border-color: #e5191d;\" id=\"evc_178739100028266\" class=\"desc_trig featured_event 1 sin_val evcal_list_a\" data-ux_val=\"3\"  ><span class='evcal_cblock ' data-bgcolor='#e5191d' data-smon='Ao\u00fbt' data-syr='2026'><span class='evo_start '><em class='date'>22<\/em><em class='month'>Ao\u00fbt<\/em><em class='time'>9 h 30 min<\/em><\/span><em class='clear'><\/em><\/span><span class='evcal_desc evo_info hide_eventtopdata '  data-location_status=\"false\" ><span class='evo_above_title'><span class='evo_event_headers featured'>VEA<\/span><\/span><span class='evcal_desc2 evcal_event_title' itemprop='name'>A ride and getaway to Knowlton with the possibility of an overnight stay.<\/span><span class='evo_below_title'><span class='evcal_event_subtitle' >ACTIVITY TO BE CONFIRMED WITH THE SURVEY RESULTS<\/span><\/span><span class='evcal_desc_info' ><em class='evcal_time'>9 h 30 min<\/em> <\/span><span class='evcal_desc3'><\/span><\/span><em class='clear'><\/em><\/a><\/p><div class='event_description evcal_eventcard ' style=\"display:none\"><div class='evo_metarow_directimg'><img src='https:\/\/vea.qc.ca\/wp-content\/uploads\/2026\/03\/knowlton.jpg' \/><\/div><div class='evo_metarow_details evorow evcal_evdata_row bordb evcal_event_details'>\r\r\n\t\t\t\t\t\t\t<div class=\"event_excerpt\" style=\"display:none\"><h3 class=\"padb5 evo_h3\">D\u00e9tails de l&#039;activit\u00e9<\/h3><p>&nbsp;\r\n\r\n&nbsp;\r\n\r\n\u00a0<\/p><\/div><span class='evcal_evdata_icons'><i class='fa fa-align-justify'><\/i><\/span>\r\r\n\t\t\t\t\t\t\t\r\r\n\t\t\t\t\t\t\t<div class='evcal_evdata_cell '><div class='eventon_full_description'>\r\r\n\t\t\t\t\t\t\t\t\t<h3 class='padb5 evo_h3'><span class='evcal_evdata_icons'><i class='fa fa-align-justify'><\/i><\/span>D\u00e9tails de l&#039;activit\u00e9<\/h3><div class='eventon_desc_in' itemprop='description'>\r\r\n\t\t\t\t\t\t\t\t\t<p>&nbsp;<\/p>\n<p>&nbsp;<\/p>\n<p><strong>\u00a0<\/strong><\/p>\n<\/div><div class='clear'><\/div>\r\r\n\t\t\t\t\t\t\t\t<\/div>\r\r\n\t\t\t\t\t\t\t<\/div>\r\r\n\t\t\t\t\t\t<\/div><div class='evo_metarow_time evorow evcal_evdata_row bordb evcal_evrow_sm '>\r\r\n\t\t\t\t\t\t\t<span class='evcal_evdata_icons'><i class='fa fa-clock-o'><\/i><\/span>\r\r\n\t\t\t\t\t\t\t<div class='evcal_evdata_cell'>\t\t\t\t\t\t\t\r\r\n\t\t\t\t\t\t\t\t<h3 class='evo_h3'><span class='evcal_evdata_icons'><i class='fa fa-clock-o'><\/i><\/span>Heure de d\u00e9but \/ fin<\/h3><p>(Samedi) 9 h 30 min<\/p>\r\r\n\t\t\t\t\t\t\t<\/div>\r\r\n\t\t\t\t\t\t<\/div><div class='evo_metarow_organizer evorow evcal_evdata_row bordb evcal_evrow_sm '>\r\r\n\t\t\t\t\t\t\t<span class='evcal_evdata_icons'><i class='fa fa-id-badge'><\/i><\/span>\r\r\n\t\t\t\t\t\t\t<div class='evcal_evdata_cell'>\t\t\t\t\t\t\t\r\r\n\t\t\t\t\t\t\t\t<h3 class='evo_h3'>Organisateur<\/h3>\r\r\n\t\t\t\t\t\t\t\t\r\r\n\t\t\t\t\t\t\t\t<div class='evo_card_organizer'><p class='evo_data_val evo_card_organizer_name'>\r\r\n\t\t\t\t\t\t\t\t\t<span class='evo_card_organizer_name_t'>June<\/span>\r\r\n\t\t\t\t\t\t\t\t\t\r\r\n\t\t\t\t\t\t\t\t\t<\/p><\/div><div class='clear'><\/div>\t\t\t\t\t\t\t\r\r\n\t\t\t\t\t\t\t<\/div>\r\r\n\t\t\t\t\t\t<\/div>\r\n\t\t\t\t\t\t<div class='evo_metarow_ICS evorow bordb evcal_evdata_row'>\r\r\n\t\t\t\t\t\t\t<span class=\"evcal_evdata_icons\"><i class=\"fa fa-calendar\"><\/i><\/span>\r\r\n\t\t\t\t\t\t\t<div class='evcal_evdata_cell'>\r\r\n\t\t\t\t\t\t\t\t<p><a href='https:\/\/vea.qc.ca\/wp-admin\/admin-ajax.php?action=eventon_ics_download&amp;event_id=28266&amp;sunix=20260822T143000Z&amp;eunix=20260823T045000Z&amp;loca=&amp;locn=' class='evo_ics_nCal' title='Ajouter \u00e0 votre calendrier'>Calendrier<\/a><a href='\/\/www.google.com\/calendar\/event?action=TEMPLATE&amp;text=A+ride+and+getaway+to+Knowlton+with+the+possibility+of+an+overnight+stay.&amp;dates=20260822T143000Z\/20260823T045000Z&amp;details=%26nbsp%3B%0D%0A%0D%0A%26nbsp%3B%0D%0A%0D%0A%C2%A0&amp;location= - ' target='_blank' class='evo_ics_gCal' title='Ajouter \u00e0 l&#039;agenda Google'>GoogleCal<\/a><\/p>\t\r\r\n\t\t\t\t\t\t\t<\/div>\r\n\t\t\t\t\t\t<\/div>\r\r\n\t\t\t\t\t\t<div class='bordb evo_metarow_socialmedia evcal_evdata_row  lastrow'><div class='evo_sm FacebookShare'><a class=\" evo_ss\" target=\"_blank\" onclick=\"javascript:window.open(this.href, '', 'left=50,top=50,width=600,height=350,toolbar=0');return false;\"\r\r\n\t\t\t\t\t\t\t\thref=\"http:\/\/www.facebook.com\/sharer.php?u=https%3A%2F%2Fvea.qc.ca%2Fen%2Factivities%2Fa-ride-and-getaway-to-knowlton-with-the-possibility-of-an-overnight-stay%2F\" title=\"Partager sur Facebook\"><i class=\"fa fa-facebook\"><\/i><\/a><\/div><div class='evo_sm Twitter'><a class=\"tw evo_ss\" onclick=\"javascript:window.open(this.href, '', 'menubar=no,toolbar=no,resizable=yes,scrollbars=yes,height=300,width=600');return false;\" href=\"http:\/\/twitter.com\/share?text=A ride and getaway to Knowlton with the possibility of an overnight stay.&#32;-&#32;&url=https%3A%2F%2Fvea.qc.ca%2Fen%2Factivities%2Fa-ride-and-getaway-to-knowlton-with-the-possibility-of-an-overnight-stay%2F\" title=\"Partager sur twitter\" rel=\"nofollow\" target=\"_blank\" data-url=\"https%3A%2F%2Fvea.qc.ca%2Fen%2Factivities%2Fa-ride-and-getaway-to-knowlton-with-the-possibility-of-an-overnight-stay%2F\"><i class=\"fa fa-twitter\"><\/i><\/a><\/div><div class='evo_sm LinkedIn'><a class=\"li evo_ss\" href=\"http:\/\/www.linkedin.com\/shareArticle?mini=true&url=https%3A%2F%2Fvea.qc.ca%2Fen%2Factivities%2Fa-ride-and-getaway-to-knowlton-with-the-possibility-of-an-overnight-stay%2F&title=A%20ride%20and%20getaway%20to%20Knowlton%20with%20the%20possibility%20of%20an%20overnight%20stay.&summary=%26nbsp%3B%0A%26nbsp%3B%0A%C2%A0%0A\" target=\"_blank\" title=\"Partager sur Linkedin\"><i class=\"fa fa-linkedin\"><\/i><\/a><\/div><div class='evo_sm Google'><a class=\"gp evo_ss\" href=\"https:\/\/plus.google.com\/share?url=https%3A%2F%2Fvea.qc.ca%2Fen%2Factivities%2Fa-ride-and-getaway-to-knowlton-with-the-possibility-of-an-overnight-stay%2F\" \r\r\n\t\t\t\t\t\t\t\tonclick=\"javascript:window.open(this.href, '', 'left=50,top=50,width=600,height=350,toolbar=0');return false;\" target=\"_blank\"><i class=\"fa fa-google-plus\" title=\"Partager sur Google Plus\"><\/i><\/a><\/div><div class='evo_sm EmailShare'><a class=\"em evo_ss\" href=\"mailto:?subject=A ride and getaway to Knowlton with the possibility of an overnight stay.&body=Event Name: A ride and getaway to Knowlton with the possibility of an overnight stay.%0AEvent Date: 22 Ao\u00fbt 2026 9 H 30 Min%0ALink: https%3A%2F%2Fvea.qc.ca%2Fen%2Factivities%2Fa-ride-and-getaway-to-knowlton-with-the-possibility-of-an-overnight-stay%2F%0A\" target=\"_blank\"><i class=\"fa fa-envelope\"><\/i><\/a><\/div><div class='clear'><\/div><div class='evcal_evdata_row evcal_close' title='Close'><\/div><\/div><\/div><div class='clear end'><\/div><\/div><div id=\"event_27931\" class=\"eventon_list_event evo_eventtop  event\" data-event_id=\"27931\" data-time=\"1788084000-1788133800\" data-colr=\"#e51a1d\" itemscope itemtype='http:\/\/schema.org\/Event'><div class=\"evo_event_schema\" style=\"display:none\" ><a itemprop='url'  href='https:\/\/vea.qc.ca\/en\/activities\/ride-and-picnic-with-paul\/'><\/a><span itemprop='name'  >Ride and picnic with Paul<\/span><meta itemprop='image' content='https:\/\/vea.qc.ca\/wp-content\/uploads\/2025\/12\/pique-nique.jpg' \/><meta itemprop='description' content='Journ\u00e9e balade et pique-nique avec Beverly &amp; Paul.' \/><meta itemprop='startDate' content='2026-8-30T10:00' \/><meta itemprop='endDate' content='2026-8-30T23:50' \/><meta itemprop='eventStatus' content='on-schedule' \/><script type=\"application\/ld+json\">{\t\"@context\": \"http:\/\/schema.org\",\r\r\n\t\t\t\t\t\t\t  \t\"@type\": \"Event\",\r\r\n\t\t\t\t\t\t\t  \t\"name\": \"Ride and picnic with Paul\",\r\r\n\t\t\t\t\t\t\t  \t\"startDate\": \"2026-8-30T10-10-00-00\",\r\r\n\t\t\t\t\t\t\t  \t\"endDate\": \"2026-8-30T23-23-50-00\",\r\r\n\t\t\t\t\t\t\t  \t\"image\":\"https:\/\/vea.qc.ca\/wp-content\/uploads\/2025\/12\/pique-nique.jpg\",\r\r\n\t\t\t\t\t\t\t  \t\"description\":\"Journ\u00e9e balade et pique-nique avec Beverly &amp; Paul.\",\r\r\n\t\t\t\t\t\t\t  \t\r\r\n\t\t\t\t\t\t\t }<\/script><\/div>\r\r\n\t\t\t\t<p class=\"desc_trig_outter\"><a data-gmap_status=\"null\" data-exlk=\"0\" style=\"border-color: #e51a1d;\" id=\"evc_178808400027931\" class=\"desc_trig featured_event 1 sin_val evcal_list_a\" data-ux_val=\"3\"  ><span class='evcal_cblock ' data-bgcolor='#e51a1d' data-smon='Ao\u00fbt' data-syr='2026'><span class='evo_start '><em class='date'>30<\/em><em class='month'>Ao\u00fbt<\/em><em class='time'>10 h 00 min<\/em><\/span><em class='clear'><\/em><\/span><span class='evcal_desc evo_info hide_eventtopdata '  data-location_status=\"false\" ><span class='evo_above_title'><span class='evo_event_headers featured'>VEA<\/span><\/span><span class='evcal_desc2 evcal_event_title' itemprop='name'>Ride and picnic with Paul<\/span><span class='evo_below_title'><\/span><span class='evcal_desc_info' ><em class='evcal_time'>10 h 00 min<\/em> <\/span><span class='evcal_desc3'><\/span><\/span><em class='clear'><\/em><\/a><\/p><div class='event_description evcal_eventcard ' style=\"display:none\"><div class='evo_metarow_directimg'><img src='https:\/\/vea.qc.ca\/wp-content\/uploads\/2025\/12\/pique-nique.jpg' \/><\/div><div class='evo_metarow_details evorow evcal_evdata_row bordb evcal_event_details'>\r\r\n\t\t\t\t\t\t\t<div class=\"event_excerpt\" style=\"display:none\"><h3 class=\"padb5 evo_h3\">D\u00e9tails de l&#039;activit\u00e9<\/h3><p>Journ\u00e9e balade et pique-nique avec Beverly &amp; Paul.<\/p><\/div><span class='evcal_evdata_icons'><i class='fa fa-align-justify'><\/i><\/span>\r\r\n\t\t\t\t\t\t\t\r\r\n\t\t\t\t\t\t\t<div class='evcal_evdata_cell '><div class='eventon_full_description'>\r\r\n\t\t\t\t\t\t\t\t\t<h3 class='padb5 evo_h3'><span class='evcal_evdata_icons'><i class='fa fa-align-justify'><\/i><\/span>D\u00e9tails de l&#039;activit\u00e9<\/h3><div class='eventon_desc_in' itemprop='description'>\r\r\n\t\t\t\t\t\t\t\t\t<p>Journ\u00e9e balade et pique-nique avec Beverly &amp; Paul.<\/p>\n<\/div><div class='clear'><\/div>\r\r\n\t\t\t\t\t\t\t\t<\/div>\r\r\n\t\t\t\t\t\t\t<\/div>\r\r\n\t\t\t\t\t\t<\/div><div class='evo_metarow_time evorow evcal_evdata_row bordb evcal_evrow_sm '>\r\r\n\t\t\t\t\t\t\t<span class='evcal_evdata_icons'><i class='fa fa-clock-o'><\/i><\/span>\r\r\n\t\t\t\t\t\t\t<div class='evcal_evdata_cell'>\t\t\t\t\t\t\t\r\r\n\t\t\t\t\t\t\t\t<h3 class='evo_h3'><span class='evcal_evdata_icons'><i class='fa fa-clock-o'><\/i><\/span>Heure de d\u00e9but \/ fin<\/h3><p>(Dimanche) 10 h 00 min<\/p>\r\r\n\t\t\t\t\t\t\t<\/div>\r\r\n\t\t\t\t\t\t<\/div><div class='evo_metarow_organizer evorow evcal_evdata_row bordb evcal_evrow_sm '>\r\r\n\t\t\t\t\t\t\t<span class='evcal_evdata_icons'><i class='fa fa-id-badge'><\/i><\/span>\r\r\n\t\t\t\t\t\t\t<div class='evcal_evdata_cell'>\t\t\t\t\t\t\t\r\r\n\t\t\t\t\t\t\t\t<h3 class='evo_h3'>Organisateur<\/h3>\r\r\n\t\t\t\t\t\t\t\t\r\r\n\t\t\t\t\t\t\t\t<div class='evo_card_organizer'><p class='evo_data_val evo_card_organizer_name'>\r\r\n\t\t\t\t\t\t\t\t\t<span class='evo_card_organizer_name_t'>Paul Delaney<\/span>\r\r\n\t\t\t\t\t\t\t\t\t\r\r\n\t\t\t\t\t\t\t\t\t<\/p><\/div><div class='clear'><\/div>\t\t\t\t\t\t\t\r\r\n\t\t\t\t\t\t\t<\/div>\r\r\n\t\t\t\t\t\t<\/div><div class='evo_metarow_cusF5 evorow evcal_evdata_row bordb evcal_evrow_sm '>\r\r\n\t\t\t\t\t\t<span class='evcal_evdata_custometa_icons'><i class='fa fa-warning'><\/i><\/span>\r\r\n\t\t\t\t\t\t<div class='evcal_evdata_cell'>\t\t\t\t\t\t\t\r\r\n\t\t\t\t\t\t\t<h3 class='evo_h3'>Information additionnelles<\/h3><div class='evo_custom_content evo_data_val'><p>Par courtoisie, une fois que vous \u00eates inscrit \u00e0 un \u00e9v\u00e9nement et que vous avez besoin d&#8217;annuler, veuillez en informer Michel Cyr au 514-923-0403 soit en l&#8217;appelant ou par texto pour ne pas retarder le depart le matin de l&#8217;activit\u00e9.<\/p>\n<\/div><\/div><\/div>\r\n\t\t\t\t\t\t<div class='evo_metarow_ICS evorow bordb evcal_evdata_row'>\r\r\n\t\t\t\t\t\t\t<span class=\"evcal_evdata_icons\"><i class=\"fa fa-calendar\"><\/i><\/span>\r\r\n\t\t\t\t\t\t\t<div class='evcal_evdata_cell'>\r\r\n\t\t\t\t\t\t\t\t<p><a href='https:\/\/vea.qc.ca\/wp-admin\/admin-ajax.php?action=eventon_ics_download&amp;event_id=27931&amp;sunix=20260830T150000Z&amp;eunix=20260831T045000Z&amp;loca=&amp;locn=' class='evo_ics_nCal' title='Ajouter \u00e0 votre calendrier'>Calendrier<\/a><a href='\/\/www.google.com\/calendar\/event?action=TEMPLATE&amp;text=Ride+and+picnic+with+Paul&amp;dates=20260830T150000Z\/20260831T045000Z&amp;details=Journ%C3%A9e+balade+et+pique-nique+avec+Beverly+%26amp%3B+Paul.&amp;location= - ' target='_blank' class='evo_ics_gCal' title='Ajouter \u00e0 l&#039;agenda Google'>GoogleCal<\/a><\/p>\t\r\r\n\t\t\t\t\t\t\t<\/div>\r\n\t\t\t\t\t\t<\/div>\r\r\n\t\t\t\t\t\t<div class='bordb evo_metarow_socialmedia evcal_evdata_row  lastrow'><div class='evo_sm FacebookShare'><a class=\" evo_ss\" target=\"_blank\" onclick=\"javascript:window.open(this.href, '', 'left=50,top=50,width=600,height=350,toolbar=0');return false;\"\r\r\n\t\t\t\t\t\t\t\thref=\"http:\/\/www.facebook.com\/sharer.php?u=https%3A%2F%2Fvea.qc.ca%2Fen%2Factivities%2Fride-and-picnic-with-paul%2F\" title=\"Partager sur Facebook\"><i class=\"fa fa-facebook\"><\/i><\/a><\/div><div class='evo_sm Twitter'><a class=\"tw evo_ss\" onclick=\"javascript:window.open(this.href, '', 'menubar=no,toolbar=no,resizable=yes,scrollbars=yes,height=300,width=600');return false;\" href=\"http:\/\/twitter.com\/share?text=Ride and picnic with Paul&#32;-&#32;&url=https%3A%2F%2Fvea.qc.ca%2Fen%2Factivities%2Fride-and-picnic-with-paul%2F\" title=\"Partager sur twitter\" rel=\"nofollow\" target=\"_blank\" data-url=\"https%3A%2F%2Fvea.qc.ca%2Fen%2Factivities%2Fride-and-picnic-with-paul%2F\"><i class=\"fa fa-twitter\"><\/i><\/a><\/div><div class='evo_sm LinkedIn'><a class=\"li evo_ss\" href=\"http:\/\/www.linkedin.com\/shareArticle?mini=true&url=https%3A%2F%2Fvea.qc.ca%2Fen%2Factivities%2Fride-and-picnic-with-paul%2F&title=Ride%20and%20picnic%20with%20Paul&summary=Journ%C3%A9e+balade+et+pique-nique+avec+Beverly+%26amp%3B+Paul.%0A\" target=\"_blank\" title=\"Partager sur Linkedin\"><i class=\"fa fa-linkedin\"><\/i><\/a><\/div><div class='evo_sm Google'><a class=\"gp evo_ss\" href=\"https:\/\/plus.google.com\/share?url=https%3A%2F%2Fvea.qc.ca%2Fen%2Factivities%2Fride-and-picnic-with-paul%2F\" \r\r\n\t\t\t\t\t\t\t\tonclick=\"javascript:window.open(this.href, '', 'left=50,top=50,width=600,height=350,toolbar=0');return false;\" target=\"_blank\"><i class=\"fa fa-google-plus\" title=\"Partager sur Google Plus\"><\/i><\/a><\/div><div class='evo_sm EmailShare'><a class=\"em evo_ss\" href=\"mailto:?subject=Ride and picnic with Paul&body=Event Name: Ride and picnic with Paul%0AEvent Date: 30 Ao\u00fbt 2026 10 H 00 Min%0ALink: https%3A%2F%2Fvea.qc.ca%2Fen%2Factivities%2Fride-and-picnic-with-paul%2F%0A\" target=\"_blank\"><i class=\"fa fa-envelope\"><\/i><\/a><\/div><div class='clear'><\/div><div class='evcal_evdata_row evcal_close' title='Close'><\/div><\/div><\/div><div class='clear end'><\/div><\/div><\/div><div class='evcal_month_line'><p>Septembre 2026<\/p><\/div><div id='evcal_list' class='evcal_list_month eventon_events_list '><div id=\"event_27928\" class=\"eventon_list_event evo_eventtop  event\" data-event_id=\"27928\" data-time=\"1788372000-1788393000\" data-colr=\"#e51a1d\" itemscope itemtype='http:\/\/schema.org\/Event'><div class=\"evo_event_schema\" style=\"display:none\" ><a itemprop='url'  href='https:\/\/vea.qc.ca\/en\/activities\/members-dinner-at-lambroisie-restaurant-11\/'><\/a><span itemprop='name'  >Members' dinner at L'Ambroisie restaurant<\/span><meta itemprop='image' content='https:\/\/vea.qc.ca\/wp-content\/uploads\/2023\/01\/ambroisie-300x300-1.jpg' \/><meta itemprop='description' content='Members' dinner at L'Ambroisie restaurant' \/><meta itemprop='startDate' content='2026-9-2T18:00' \/><meta itemprop='endDate' content='2026-9-2T23:50' \/><meta itemprop='eventStatus' content='on-schedule' \/>\r\r\n\t\t\t\t\t\t\t\t\t<item style=\"display:none\" itemprop=\"location\" itemscope itemtype=\"http:\/\/schema.org\/Place\">\r\r\n\t\t\t\t\t\t\t\t\t\t<span itemprop=\"name\">Restaurant L\u2019Ambroisie<\/span>\r\r\n\t\t\t\t\t\t\t\t\t\t<span itemprop=\"address\" itemscope itemtype=\"http:\/\/schema.org\/PostalAddress\">\r\r\n\t\t\t\t\t\t\t\t\t\t\t<item itemprop=\"streetAddress\">4020 Rue Saint-Ambroise porte #140, QC H4C 2C7<\/item>\r\r\n\t\t\t\t\t\t\t\t\t\t<\/span><\/item><script type=\"application\/ld+json\">{\t\"@context\": \"http:\/\/schema.org\",\r\r\n\t\t\t\t\t\t\t  \t\"@type\": \"Event\",\r\r\n\t\t\t\t\t\t\t  \t\"name\": \"Members' dinner at L'Ambroisie restaurant\",\r\r\n\t\t\t\t\t\t\t  \t\"startDate\": \"2026-9-2T18-18-00-00\",\r\r\n\t\t\t\t\t\t\t  \t\"endDate\": \"2026-9-2T23-23-50-00\",\r\r\n\t\t\t\t\t\t\t  \t\"image\":\"https:\/\/vea.qc.ca\/wp-content\/uploads\/2023\/01\/ambroisie-300x300-1.jpg\",\r\r\n\t\t\t\t\t\t\t  \t\"description\":\"Members' dinner at L'Ambroisie restaurant\",\r\r\n\t\t\t\t\t\t\t  \t\"location\":{\r\r\n\t\t\t\t\t\t\t\t\t\t\"@type\":\"Place\",\r\r\n\t\t\t\t\t\t\t\t\t\t\"name\":\"Restaurant L\u2019Ambroisie\",\r\r\n\t\t\t\t\t\t\t\t\t\t\"address\":\"4020 Rue Saint-Ambroise porte #140, QC H4C 2C7\"\r\r\n\t\t\t\t\t\t\t  \t\t}\r\r\n\t\t\t\t\t\t\t }<\/script><\/div>\r\r\n\t\t\t\t<p class=\"desc_trig_outter\"><a data-gmtrig=\"1\" data-exlk=\"0\" style=\"border-color: #e51a1d;\" id=\"evc_178837200027928\" class=\"desc_trig featured_event 1 sin_val evcal_list_a\" data-ux_val=\"3\"  ><span class='evcal_cblock ' data-bgcolor='#e51a1d' data-smon='Septembre' data-syr='2026'><span class='evo_start '><em class='date'>02<\/em><em class='month'>Sep<\/em><em class='time'>18 h 00 min<\/em><\/span><em class='clear'><\/em><\/span><span class='evcal_desc evo_info hide_eventtopdata '  data-location_address=\"4020 Rue Saint-Ambroise porte #140, QC H4C 2C7\" data-location_type=\"address\" data-location_name=\"Restaurant L\u2019Ambroisie\" data-location_status=\"true\" ><span class='evo_above_title'><span class='evo_event_headers featured'>VEA<\/span><\/span><span class='evcal_desc2 evcal_event_title' itemprop='name'>Members' dinner at L'Ambroisie restaurant<\/span><span class='evo_below_title'><span class='evcal_event_subtitle' >\u201cFIRST WEDNESDAY\u201d OF THE MONTH DINNER MEETING<\/span><\/span><span class='evcal_desc_info' ><em class='evcal_time'>18 h 00 min<\/em> <em class=\"evcal_location\"  data-add_str=\"4020 Rue Saint-Ambroise porte #140, QC H4C 2C7\"><em class=\"event_location_name\">Restaurant L\u2019Ambroisie<\/em>, 4020 Rue Saint-Ambroise porte #140, QC H4C 2C7<\/em><\/span><span class='evcal_desc3'><\/span><\/span><em class='clear'><\/em><\/a><\/p><div class='event_description evcal_eventcard ' style=\"display:none\"><div class='evo_metarow_directimg'><img src='https:\/\/vea.qc.ca\/wp-content\/uploads\/2023\/01\/ambroisie-300x300-1.jpg' \/><\/div><div class='evo_metarow_time_location evorow bordb '>\r\r\n\t\t\t\t\t\t<div class='tb' >\r\r\n\t\t\t\t\t\t\t<div class='tbrow'>\r\r\n\t\t\t\t\t\t\t<div class='evcal_col50 bordr'>\r\r\n\t\t\t\t\t\t\t\t<div class='evcal_evdata_row evo_time'>\r\r\n\t\t\t\t\t\t\t\t\t<span class='evcal_evdata_icons'><i class='fa fa-clock-o'><\/i><\/span>\r\r\n\t\t\t\t\t\t\t\t\t<div class='evcal_evdata_cell'>\t\t\t\t\t\t\t\r\r\n\t\t\t\t\t\t\t\t\t\t<h3 class='evo_h3'><span class='evcal_evdata_icons'><i class='fa fa-clock-o'><\/i><\/span>Heure de d\u00e9but \/ fin<\/h3>\r\r\n\t\t\t\t\t\t\t\t\t\t<p>(Mercredi) 18 h 00 min<\/p>\r\r\n\t\t\t\t\t\t\t\t\t<\/div>\r\r\n\t\t\t\t\t\t\t\t<\/div>\r\r\n\t\t\t\t\t\t\t<\/div><div class='evcal_col50'>\r\r\n\t\t\t\t\t\t\t\t<div class='evcal_evdata_row evo_location'>\r\r\n\t\t\t\t\t\t\t\t\t<span class='evcal_evdata_icons'><i class='fa fa-map-marker'><\/i><\/span>\r\r\n\t\t\t\t\t\t\t\t\t<div class='evcal_evdata_cell' data-loc_tax_id='306'>\t\t\t\t\t\t\t\r\r\n\t\t\t\t\t\t\t\t\t\t<h3 class='evo_h3'><span class='evcal_evdata_icons'><i class='fa fa-map-marker'><\/i><\/span>Lieu<\/h3><p class='evo_location_name'>Restaurant L\u2019Ambroisie<\/p><p class='evo_location_address'>4020 Rue Saint-Ambroise porte #140, QC H4C 2C7<\/p>\r\r\n\t\t\t\t\t\t\t\t\t<\/div>\r\r\n\t\t\t\t\t\t\t\t<\/div>\r\r\n\t\t\t\t\t\t\t<\/div><div class='clear'><\/div>\r\r\n\t\t\t\t\t\t\t<\/div><\/div>\r\r\n\t\t\t\t\t\t<\/div><div class='evo_metarow_locImg evorow bordb tvi' style='height:400px; background-image:url(https:\/\/vea.qc.ca\/wp-content\/uploads\/2023\/04\/Ambroisie2023.jpg)' id='23610_locimg' ><p class='evoLOCtxt'>\r\r\n\t\t\t\t\t\t\t\t<span class='evo_loc_text_title'>Restaurant L\u2019Ambroisie<\/span><span style=\"padding-bottom:10px\">4020 Rue Saint-Ambroise porte #140, QC H4C 2C7<\/span><\/p><\/div><div class='evo_metarow_gmap evorow evcal_gmaps bordb ' id='evc178837200069ec80fe670af27928_gmap' style='max-width:none'><\/div><div class='evo_metarow_getDr evorow evcal_evdata_row bordb evcal_evrow_sm getdirections'>\r\r\n\t\t\t\t\t\t<form action='https:\/\/maps.google.com\/maps' method='get' target='_blank'>\r\r\n\t\t\t\t\t\t<input type='hidden' name='daddr' value=\"4020 Rue Saint-Ambroise porte #140, QC H4C 2C7\"\/> \r\r\n\t\t\t\t\t\t<p><input class='evoInput' type='text' name='saddr' placeholder='Saisissez votre adresse' value=''\/>\r\r\n\t\t\t\t\t\t<button type='submit' class='evcal_evdata_icons evcalicon_9' title='Cliquez ici pour obtenir l&#039;itin\u00e9raire'><i class='fa fa-road'><\/i><\/button>\r\r\n\t\t\t\t\t\t<\/p><\/form>\r\r\n\t\t\t\t\t<\/div>\r\n\t\t\t\t\t\t<div class='evo_metarow_ICS evorow bordb evcal_evdata_row'>\r\r\n\t\t\t\t\t\t\t<span class=\"evcal_evdata_icons\"><i class=\"fa fa-calendar\"><\/i><\/span>\r\r\n\t\t\t\t\t\t\t<div class='evcal_evdata_cell'>\r\r\n\t\t\t\t\t\t\t\t<p><a href='https:\/\/vea.qc.ca\/wp-admin\/admin-ajax.php?action=eventon_ics_download&amp;event_id=27928&amp;sunix=20260902T230000Z&amp;eunix=20260903T045000Z&amp;loca=4020 Rue Saint-Ambroise porte #140, QC H4C 2C7&amp;locn=Restaurant L\u2019Ambroisie' class='evo_ics_nCal' title='Ajouter \u00e0 votre calendrier'>Calendrier<\/a><a href='\/\/www.google.com\/calendar\/event?action=TEMPLATE&amp;text=Members%27+dinner+at+L%27Ambroisie+restaurant&amp;dates=20260902T230000Z\/20260903T045000Z&amp;details=Members%27+dinner+at+L%27Ambroisie+restaurant&amp;location=Restaurant+L%E2%80%99Ambroisie - 4020+Rue+Saint-Ambroise+porte+%23140%2C+QC+H4C+2C7' target='_blank' class='evo_ics_gCal' title='Ajouter \u00e0 l&#039;agenda Google'>GoogleCal<\/a><\/p>\t\r\r\n\t\t\t\t\t\t\t<\/div>\r\n\t\t\t\t\t\t<\/div>\r\r\n\t\t\t\t\t\t<div class='bordb evo_metarow_socialmedia evcal_evdata_row  lastrow'><div class='evo_sm FacebookShare'><a class=\" evo_ss\" target=\"_blank\" onclick=\"javascript:window.open(this.href, '', 'left=50,top=50,width=600,height=350,toolbar=0');return false;\"\r\r\n\t\t\t\t\t\t\t\thref=\"http:\/\/www.facebook.com\/sharer.php?u=https%3A%2F%2Fvea.qc.ca%2Fen%2Factivities%2Fmembers-dinner-at-lambroisie-restaurant-11%2F\" title=\"Partager sur Facebook\"><i class=\"fa fa-facebook\"><\/i><\/a><\/div><div class='evo_sm Twitter'><a class=\"tw evo_ss\" onclick=\"javascript:window.open(this.href, '', 'menubar=no,toolbar=no,resizable=yes,scrollbars=yes,height=300,width=600');return false;\" href=\"http:\/\/twitter.com\/share?text=Members&#8217; dinner at L&#8217;Ambroisie restaurant&#32;-&#32;&url=https%3A%2F%2Fvea.qc.ca%2Fen%2Factivities%2Fmembers-dinner-at-lambroisie-restaurant-11%2F\" title=\"Partager sur twitter\" rel=\"nofollow\" target=\"_blank\" data-url=\"https%3A%2F%2Fvea.qc.ca%2Fen%2Factivities%2Fmembers-dinner-at-lambroisie-restaurant-11%2F\"><i class=\"fa fa-twitter\"><\/i><\/a><\/div><div class='evo_sm LinkedIn'><a class=\"li evo_ss\" href=\"http:\/\/www.linkedin.com\/shareArticle?mini=true&url=https%3A%2F%2Fvea.qc.ca%2Fen%2Factivities%2Fmembers-dinner-at-lambroisie-restaurant-11%2F&title=Members%26%238217%3B%20dinner%20at%20L%26%238217%3BAmbroisie%20restaurant&summary=--\" target=\"_blank\" title=\"Partager sur Linkedin\"><i class=\"fa fa-linkedin\"><\/i><\/a><\/div><div class='evo_sm Google'><a class=\"gp evo_ss\" href=\"https:\/\/plus.google.com\/share?url=https%3A%2F%2Fvea.qc.ca%2Fen%2Factivities%2Fmembers-dinner-at-lambroisie-restaurant-11%2F\" \r\r\n\t\t\t\t\t\t\t\tonclick=\"javascript:window.open(this.href, '', 'left=50,top=50,width=600,height=350,toolbar=0');return false;\" target=\"_blank\"><i class=\"fa fa-google-plus\" title=\"Partager sur Google Plus\"><\/i><\/a><\/div><div class='evo_sm EmailShare'><a class=\"em evo_ss\" href=\"mailto:?subject=Members%26#8217; dinner at L%26#8217;Ambroisie restaurant&body=Event Name: Members%26#8217; dinner at L%26#8217;Ambroisie restaurant%0AEvent Date: 2 Septembre 2026 18 H 00 Min%0ALink: https%3A%2F%2Fvea.qc.ca%2Fen%2Factivities%2Fmembers-dinner-at-lambroisie-restaurant-11%2F%0A\" target=\"_blank\"><i class=\"fa fa-envelope\"><\/i><\/a><\/div><div class='clear'><\/div><div class='evcal_evdata_row evcal_close' title='Close'><\/div><\/div><\/div><div class='clear end'><\/div><\/div><div id=\"event_27933\" class=\"eventon_list_event evo_eventtop  event\" data-event_id=\"27933\" data-time=\"1789171201-1789257599\" data-colr=\"#e5191d\" itemscope itemtype='http:\/\/schema.org\/Event'><div class=\"evo_event_schema\" style=\"display:none\" ><a itemprop='url'  href='https:\/\/vea.qc.ca\/en\/activities\/car-show-at-manon-jean-pierres-old-farmhouse\/'><\/a><span itemprop='name'  >Car show at Manon & Jean-Pierre's Old Farmhouse<\/span><meta itemprop='image' content='https:\/\/vea.qc.ca\/wp-content\/uploads\/2025\/04\/autos-anciennes-parc-4a3e95112f8a41de5773976ad67086f7.jpg' \/><meta itemprop='description' content='Car show at Manon & Jean-Pierre's Old Farmhouse' \/><meta itemprop='startDate' content='2026-9-12' \/><meta itemprop='endDate' content='2026-9-12' \/><meta itemprop='eventStatus' content='on-schedule' \/><script type=\"application\/ld+json\">{\t\"@context\": \"http:\/\/schema.org\",\r\r\n\t\t\t\t\t\t\t  \t\"@type\": \"Event\",\r\r\n\t\t\t\t\t\t\t  \t\"name\": \"Car show at Manon & Jean-Pierre's Old Farmhouse\",\r\r\n\t\t\t\t\t\t\t  \t\"startDate\": \"2026-9-12T00-00-00-00\",\r\r\n\t\t\t\t\t\t\t  \t\"endDate\": \"2026-9-12T23-23-59-00\",\r\r\n\t\t\t\t\t\t\t  \t\"image\":\"https:\/\/vea.qc.ca\/wp-content\/uploads\/2025\/04\/autos-anciennes-parc-4a3e95112f8a41de5773976ad67086f7.jpg\",\r\r\n\t\t\t\t\t\t\t  \t\"description\":\"Car show at Manon & Jean-Pierre's Old Farmhouse\",\r\r\n\t\t\t\t\t\t\t  \t\r\r\n\t\t\t\t\t\t\t }<\/script><\/div>\r\r\n\t\t\t\t<p class=\"desc_trig_outter\"><a data-gmap_status=\"null\" data-exlk=\"0\" style=\"border-color: #e5191d;\" id=\"evc_178917120127933\" class=\"desc_trig featured_event 1 sin_val evcal_list_a allday\" data-ux_val=\"3\"  ><span class='evcal_cblock ' data-bgcolor='#e5191d' data-smon='Septembre' data-syr='2026'><span class='evo_start '><em class='date'>12<\/em><em class='month'>Sep<\/em><em class='time'>Toute la journ\u00e9e<\/em><\/span><em class='clear'><\/em><\/span><span class='evcal_desc evo_info hide_eventtopdata '  data-location_status=\"false\" ><span class='evo_above_title'><span class='evo_event_headers featured'>VEA<\/span><\/span><span class='evcal_desc2 evcal_event_title' itemprop='name'>Car show at Manon & Jean-Pierre's Old Farmhouse<\/span><span class='evo_below_title'><span class='evcal_event_subtitle' >Jean-Pierre & Manon vous invitent \u00e0 un rassemblement de voitures anglaises et europ\u00e9ennes dans un milieu champ\u00eatre.<\/span><\/span><span class='evcal_desc_info' ><em class='evcal_time'><em class='evcal_alldayevent_text'>(Toute la journ\u00e9e: Samedi)<\/em><\/em> <\/span><span class='evcal_desc3'><\/span><\/span><em class='clear'><\/em><\/a><\/p><div class='event_description evcal_eventcard ' style=\"display:none\"><div class='evo_metarow_directimg'><img src='https:\/\/vea.qc.ca\/wp-content\/uploads\/2025\/04\/autos-anciennes-parc-4a3e95112f8a41de5773976ad67086f7.jpg' \/><\/div><div class='evo_metarow_time evorow evcal_evdata_row bordb evcal_evrow_sm '>\r\r\n\t\t\t\t\t\t\t<span class='evcal_evdata_icons'><i class='fa fa-clock-o'><\/i><\/span>\r\r\n\t\t\t\t\t\t\t<div class='evcal_evdata_cell'>\t\t\t\t\t\t\t\r\r\n\t\t\t\t\t\t\t\t<h3 class='evo_h3'><span class='evcal_evdata_icons'><i class='fa fa-clock-o'><\/i><\/span>Heure de d\u00e9but \/ fin<\/h3><p>Toute la journ\u00e9e (Samedi)<\/p>\r\r\n\t\t\t\t\t\t\t<\/div>\r\r\n\t\t\t\t\t\t<\/div><div class='evo_metarow_organizer evorow evcal_evdata_row bordb evcal_evrow_sm '>\r\r\n\t\t\t\t\t\t\t<span class='evcal_evdata_icons'><i class='fa fa-id-badge'><\/i><\/span>\r\r\n\t\t\t\t\t\t\t<div class='evcal_evdata_cell'>\t\t\t\t\t\t\t\r\r\n\t\t\t\t\t\t\t\t<h3 class='evo_h3'>Organisateur<\/h3>\r\r\n\t\t\t\t\t\t\t\t\r\r\n\t\t\t\t\t\t\t\t<div class='evo_card_organizer'><p class='evo_data_val evo_card_organizer_name'>\r\r\n\t\t\t\t\t\t\t\t\t<span class='evo_card_organizer_name_t'>Manon &amp; Jean-Pierre<\/span>\r\r\n\t\t\t\t\t\t\t\t\t\r\r\n\t\t\t\t\t\t\t\t\t<\/p><\/div><div class='clear'><\/div>\t\t\t\t\t\t\t\r\r\n\t\t\t\t\t\t\t<\/div>\r\r\n\t\t\t\t\t\t<\/div><div class='evo_metarow_cusF5 evorow evcal_evdata_row bordb evcal_evrow_sm '>\r\r\n\t\t\t\t\t\t<span class='evcal_evdata_custometa_icons'><i class='fa fa-warning'><\/i><\/span>\r\r\n\t\t\t\t\t\t<div class='evcal_evdata_cell'>\t\t\t\t\t\t\t\r\r\n\t\t\t\t\t\t\t<h3 class='evo_h3'>Information additionnelles<\/h3><div class='evo_custom_content evo_data_val'><p>&nbsp;<\/p>\n<p>&nbsp;<\/p>\n<\/div><\/div><\/div>\r\n\t\t\t\t\t\t<div class='evo_metarow_ICS evorow bordb evcal_evdata_row'>\r\r\n\t\t\t\t\t\t\t<span class=\"evcal_evdata_icons\"><i class=\"fa fa-calendar\"><\/i><\/span>\r\r\n\t\t\t\t\t\t\t<div class='evcal_evdata_cell'>\r\r\n\t\t\t\t\t\t\t\t<p><a href='https:\/\/vea.qc.ca\/wp-admin\/admin-ajax.php?action=eventon_ics_download&amp;event_id=27933&amp;sunix=20260912T050000Z&amp;eunix=20260913T045900Z&amp;loca=&amp;locn=' class='evo_ics_nCal' title='Ajouter \u00e0 votre calendrier'>Calendrier<\/a><a href='\/\/www.google.com\/calendar\/event?action=TEMPLATE&amp;text=Car+show+at+Manon+%26+Jean-Pierre%27s+Old+Farmhouse&amp;dates=20260912T050000Z\/20260913T045900Z&amp;details=Car+show+at+Manon+%26+Jean-Pierre%27s+Old+Farmhouse&amp;location= - ' target='_blank' class='evo_ics_gCal' title='Ajouter \u00e0 l&#039;agenda Google'>GoogleCal<\/a><\/p>\t\r\r\n\t\t\t\t\t\t\t<\/div>\r\n\t\t\t\t\t\t<\/div>\r\r\n\t\t\t\t\t\t<div class='bordb evo_metarow_socialmedia evcal_evdata_row  lastrow'><div class='evo_sm FacebookShare'><a class=\" evo_ss\" target=\"_blank\" onclick=\"javascript:window.open(this.href, '', 'left=50,top=50,width=600,height=350,toolbar=0');return false;\"\r\r\n\t\t\t\t\t\t\t\thref=\"http:\/\/www.facebook.com\/sharer.php?u=https%3A%2F%2Fvea.qc.ca%2Fen%2Factivities%2Fcar-show-at-manon-jean-pierres-old-farmhouse%2F\" title=\"Partager sur Facebook\"><i class=\"fa fa-facebook\"><\/i><\/a><\/div><div class='evo_sm Twitter'><a class=\"tw evo_ss\" onclick=\"javascript:window.open(this.href, '', 'menubar=no,toolbar=no,resizable=yes,scrollbars=yes,height=300,width=600');return false;\" href=\"http:\/\/twitter.com\/share?text=Car show at Manon &#038; Jean-Pierre&#8217;s Old Farmhouse&#32;-&#32;&url=https%3A%2F%2Fvea.qc.ca%2Fen%2Factivities%2Fcar-show-at-manon-jean-pierres-old-farmhouse%2F\" title=\"Partager sur twitter\" rel=\"nofollow\" target=\"_blank\" data-url=\"https%3A%2F%2Fvea.qc.ca%2Fen%2Factivities%2Fcar-show-at-manon-jean-pierres-old-farmhouse%2F\"><i class=\"fa fa-twitter\"><\/i><\/a><\/div><div class='evo_sm LinkedIn'><a class=\"li evo_ss\" href=\"http:\/\/www.linkedin.com\/shareArticle?mini=true&url=https%3A%2F%2Fvea.qc.ca%2Fen%2Factivities%2Fcar-show-at-manon-jean-pierres-old-farmhouse%2F&title=Car%20show%20at%20Manon%20%26%23038%3B%20Jean-Pierre%26%238217%3Bs%20Old%20Farmhouse&summary=--\" target=\"_blank\" title=\"Partager sur Linkedin\"><i class=\"fa fa-linkedin\"><\/i><\/a><\/div><div class='evo_sm Google'><a class=\"gp evo_ss\" href=\"https:\/\/plus.google.com\/share?url=https%3A%2F%2Fvea.qc.ca%2Fen%2Factivities%2Fcar-show-at-manon-jean-pierres-old-farmhouse%2F\" \r\r\n\t\t\t\t\t\t\t\tonclick=\"javascript:window.open(this.href, '', 'left=50,top=50,width=600,height=350,toolbar=0');return false;\" target=\"_blank\"><i class=\"fa fa-google-plus\" title=\"Partager sur Google Plus\"><\/i><\/a><\/div><div class='evo_sm EmailShare'><a class=\"em evo_ss\" href=\"mailto:?subject=Car show at Manon %26 Jean-Pierre%26#8217;s Old Farmhouse&body=Event Name: Car show at Manon %26 Jean-Pierre%26#8217;s Old Farmhouse%0AEvent Date: 12 Septembre 2026 (Toute La Journ\u00e9e)%0ALink: https%3A%2F%2Fvea.qc.ca%2Fen%2Factivities%2Fcar-show-at-manon-jean-pierres-old-farmhouse%2F%0A\" target=\"_blank\"><i class=\"fa fa-envelope\"><\/i><\/a><\/div><div class='clear'><\/div><div class='evcal_evdata_row evcal_close' title='Close'><\/div><\/div><\/div><div class='clear end'><\/div><\/div><div id=\"event_27960\" class=\"eventon_list_event evo_eventtop  event\" data-event_id=\"27960\" data-time=\"1789171201-1789257599\" data-colr=\"#16592a\" itemscope itemtype='http:\/\/schema.org\/Event'><div class=\"evo_event_schema\" style=\"display:none\" ><a itemprop='url'  href='https:\/\/vea.qc.ca\/en\/activities\/a-ride-tour-of-beaconsfield-and-a-picnic-with-nancy\/'><\/a><span itemprop='name'  >A ride tour of Beaconsfield and a picnic with Nancy<\/span><meta itemprop='image' content='https:\/\/vea.qc.ca\/wp-content\/uploads\/2025\/04\/beaconsfield.jpg' \/><meta itemprop='description' content='Nancy invites us to spend a pleasant day: a panoramic ride through the town of Beraconsfield, followed by a relaxing picnic in her magnificent garden \u2014 in the company of' \/><meta itemprop='startDate' content='2026-9-12' \/><meta itemprop='endDate' content='2026-9-12' \/><meta itemprop='eventStatus' content='on-schedule' \/><script type=\"application\/ld+json\">{\t\"@context\": \"http:\/\/schema.org\",\r\r\n\t\t\t\t\t\t\t  \t\"@type\": \"Event\",\r\r\n\t\t\t\t\t\t\t  \t\"name\": \"A ride tour of Beaconsfield and a picnic with Nancy\",\r\r\n\t\t\t\t\t\t\t  \t\"startDate\": \"2026-9-12T00-00-00-00\",\r\r\n\t\t\t\t\t\t\t  \t\"endDate\": \"2026-9-12T23-23-59-00\",\r\r\n\t\t\t\t\t\t\t  \t\"image\":\"https:\/\/vea.qc.ca\/wp-content\/uploads\/2025\/04\/beaconsfield.jpg\",\r\r\n\t\t\t\t\t\t\t  \t\"description\":\"Nancy invites us to spend a pleasant day: a panoramic ride through the town of Beraconsfield, followed by a relaxing picnic in her magnificent garden \u2014 in the company of\",\r\r\n\t\t\t\t\t\t\t  \t\r\r\n\t\t\t\t\t\t\t }<\/script><\/div>\r\r\n\t\t\t\t<p class=\"desc_trig_outter\"><a data-gmap_status=\"null\" data-exlk=\"0\" style=\"border-color: #16592a;\" id=\"evc_178917120127960\" class=\"desc_trig featured_event 1 sin_val evcal_list_a allday\" data-ux_val=\"3\"  ><span class='evcal_cblock ' data-bgcolor='#16592a' data-smon='Septembre' data-syr='2026'><span class='evo_start '><em class='date'>12<\/em><em class='month'>Sep<\/em><em class='time'>Toute la journ\u00e9e<\/em><\/span><em class='clear'><\/em><\/span><span class='evcal_desc evo_info hide_eventtopdata '  data-location_status=\"false\" ><span class='evo_above_title'><span class='evo_event_headers featured'>VEA<\/span><\/span><span class='evcal_desc2 evcal_event_title' itemprop='name'>A ride tour of Beaconsfield and a picnic with Nancy<\/span><span class='evo_below_title'><span class='evcal_event_subtitle' >In case of rain, postponed to Sunday, September 13th.<\/span><\/span><span class='evcal_desc_info' ><em class='evcal_time'><em class='evcal_alldayevent_text'>(Toute la journ\u00e9e: Samedi)<\/em><\/em> <\/span><span class='evcal_desc3'><\/span><\/span><em class='clear'><\/em><\/a><\/p><div class='event_description evcal_eventcard ' style=\"display:none\"><div class='evo_metarow_directimg'><img src='https:\/\/vea.qc.ca\/wp-content\/uploads\/2025\/04\/beaconsfield.jpg' \/><\/div><div class='evo_metarow_details evorow evcal_evdata_row bordb evcal_event_details'>\r\r\n\t\t\t\t\t\t\t<div class=\"event_excerpt\" style=\"display:none\"><h3 class=\"padb5 evo_h3\">D\u00e9tails de l&#039;activit\u00e9<\/h3><p>Nancy invites us to spend a pleasant day: a panoramic ride through the town of Beraconsfield, followed by a relaxing picnic in her magnificent garden \u2014 in the company of<\/p><\/div><span class='evcal_evdata_icons'><i class='fa fa-align-justify'><\/i><\/span>\r\r\n\t\t\t\t\t\t\t\r\r\n\t\t\t\t\t\t\t<div class='evcal_evdata_cell '><div class='eventon_full_description'>\r\r\n\t\t\t\t\t\t\t\t\t<h3 class='padb5 evo_h3'><span class='evcal_evdata_icons'><i class='fa fa-align-justify'><\/i><\/span>D\u00e9tails de l&#039;activit\u00e9<\/h3><div class='eventon_desc_in' itemprop='description'>\r\r\n\t\t\t\t\t\t\t\t\t<p>Nancy invites us to spend a pleasant day: a panoramic ride through the town of Beraconsfield, followed by a relaxing picnic in her magnificent garden \u2014 in the company of her dog and her famous fish.<\/p>\n<\/div><div class='clear'><\/div>\r\r\n\t\t\t\t\t\t\t\t<\/div>\r\r\n\t\t\t\t\t\t\t<\/div>\r\r\n\t\t\t\t\t\t<\/div><div class='evo_metarow_time evorow evcal_evdata_row bordb evcal_evrow_sm '>\r\r\n\t\t\t\t\t\t\t<span class='evcal_evdata_icons'><i class='fa fa-clock-o'><\/i><\/span>\r\r\n\t\t\t\t\t\t\t<div class='evcal_evdata_cell'>\t\t\t\t\t\t\t\r\r\n\t\t\t\t\t\t\t\t<h3 class='evo_h3'><span class='evcal_evdata_icons'><i class='fa fa-clock-o'><\/i><\/span>Heure de d\u00e9but \/ fin<\/h3><p>Toute la journ\u00e9e (Samedi)<\/p>\r\r\n\t\t\t\t\t\t\t<\/div>\r\r\n\t\t\t\t\t\t<\/div><div class='evo_metarow_organizer evorow evcal_evdata_row bordb evcal_evrow_sm '>\r\r\n\t\t\t\t\t\t\t<span class='evcal_evdata_icons'><i class='fa fa-id-badge'><\/i><\/span>\r\r\n\t\t\t\t\t\t\t<div class='evcal_evdata_cell'>\t\t\t\t\t\t\t\r\r\n\t\t\t\t\t\t\t\t<h3 class='evo_h3'>Organisateur<\/h3>\r\r\n\t\t\t\t\t\t\t\t\r\r\n\t\t\t\t\t\t\t\t<div class='evo_card_organizer'><p class='evo_data_val evo_card_organizer_name'>\r\r\n\t\t\t\t\t\t\t\t\t<span class='evo_card_organizer_name_t'>Nancy<\/span>\r\r\n\t\t\t\t\t\t\t\t\t\r\r\n\t\t\t\t\t\t\t\t\t<\/p><\/div><div class='clear'><\/div>\t\t\t\t\t\t\t\r\r\n\t\t\t\t\t\t\t<\/div>\r\r\n\t\t\t\t\t\t<\/div>\r\n\t\t\t\t\t\t<div class='evo_metarow_ICS evorow bordb evcal_evdata_row'>\r\r\n\t\t\t\t\t\t\t<span class=\"evcal_evdata_icons\"><i class=\"fa fa-calendar\"><\/i><\/span>\r\r\n\t\t\t\t\t\t\t<div class='evcal_evdata_cell'>\r\r\n\t\t\t\t\t\t\t\t<p><a href='https:\/\/vea.qc.ca\/wp-admin\/admin-ajax.php?action=eventon_ics_download&amp;event_id=27960&amp;sunix=20260912T050000Z&amp;eunix=20260913T045900Z&amp;loca=&amp;locn=' class='evo_ics_nCal' title='Ajouter \u00e0 votre calendrier'>Calendrier<\/a><a href='\/\/www.google.com\/calendar\/event?action=TEMPLATE&amp;text=A+ride+tour+of+Beaconsfield+and+a+picnic+with+Nancy&amp;dates=20260912T050000Z\/20260913T045900Z&amp;details=Nancy+invites+us+to+spend+a+pleasant+day%3A+a+panoramic+ride+through+the+town+of+Beraconsfield%2C+followed+by+a+relaxing+picnic+in+her+magnificent+garden+%E2%80%94+in+the+company+of&amp;location= - ' target='_blank' class='evo_ics_gCal' title='Ajouter \u00e0 l&#039;agenda Google'>GoogleCal<\/a><\/p>\t\r\r\n\t\t\t\t\t\t\t<\/div>\r\n\t\t\t\t\t\t<\/div>\r\r\n\t\t\t\t\t\t<div class='bordb evo_metarow_socialmedia evcal_evdata_row  lastrow'><div class='evo_sm FacebookShare'><a class=\" evo_ss\" target=\"_blank\" onclick=\"javascript:window.open(this.href, '', 'left=50,top=50,width=600,height=350,toolbar=0');return false;\"\r\r\n\t\t\t\t\t\t\t\thref=\"http:\/\/www.facebook.com\/sharer.php?u=https%3A%2F%2Fvea.qc.ca%2Fen%2Factivities%2Fa-ride-tour-of-beaconsfield-and-a-picnic-with-nancy%2F\" title=\"Partager sur Facebook\"><i class=\"fa fa-facebook\"><\/i><\/a><\/div><div class='evo_sm Twitter'><a class=\"tw evo_ss\" onclick=\"javascript:window.open(this.href, '', 'menubar=no,toolbar=no,resizable=yes,scrollbars=yes,height=300,width=600');return false;\" href=\"http:\/\/twitter.com\/share?text=A ride tour of Beaconsfield and a picnic with Nancy&#32;-&#32;&url=https%3A%2F%2Fvea.qc.ca%2Fen%2Factivities%2Fa-ride-tour-of-beaconsfield-and-a-picnic-with-nancy%2F\" title=\"Partager sur twitter\" rel=\"nofollow\" target=\"_blank\" data-url=\"https%3A%2F%2Fvea.qc.ca%2Fen%2Factivities%2Fa-ride-tour-of-beaconsfield-and-a-picnic-with-nancy%2F\"><i class=\"fa fa-twitter\"><\/i><\/a><\/div><div class='evo_sm LinkedIn'><a class=\"li evo_ss\" href=\"http:\/\/www.linkedin.com\/shareArticle?mini=true&url=https%3A%2F%2Fvea.qc.ca%2Fen%2Factivities%2Fa-ride-tour-of-beaconsfield-and-a-picnic-with-nancy%2F&title=A%20ride%20tour%20of%20Beaconsfield%20and%20a%20picnic%20with%20Nancy&summary=Nancy+invites+us+to+spend+a+pleasant+day%3A+a+panoramic+ride+through+the+town+of+Beraconsfield%2C\" target=\"_blank\" title=\"Partager sur Linkedin\"><i class=\"fa fa-linkedin\"><\/i><\/a><\/div><div class='evo_sm Google'><a class=\"gp evo_ss\" href=\"https:\/\/plus.google.com\/share?url=https%3A%2F%2Fvea.qc.ca%2Fen%2Factivities%2Fa-ride-tour-of-beaconsfield-and-a-picnic-with-nancy%2F\" \r\r\n\t\t\t\t\t\t\t\tonclick=\"javascript:window.open(this.href, '', 'left=50,top=50,width=600,height=350,toolbar=0');return false;\" target=\"_blank\"><i class=\"fa fa-google-plus\" title=\"Partager sur Google Plus\"><\/i><\/a><\/div><div class='evo_sm EmailShare'><a class=\"em evo_ss\" href=\"mailto:?subject=A ride tour of Beaconsfield and a picnic with Nancy&body=Event Name: A ride tour of Beaconsfield and a picnic with Nancy%0AEvent Date: 12 Septembre 2026 (Toute La Journ\u00e9e)%0ALink: https%3A%2F%2Fvea.qc.ca%2Fen%2Factivities%2Fa-ride-tour-of-beaconsfield-and-a-picnic-with-nancy%2F%0A\" target=\"_blank\"><i class=\"fa fa-envelope\"><\/i><\/a><\/div><div class='clear'><\/div><div class='evcal_evdata_row evcal_close' title='Close'><\/div><\/div><\/div><div class='clear end'><\/div><\/div><div id=\"event_27932\" class=\"eventon_list_event evo_eventtop  event\" data-event_id=\"27932\" data-time=\"1789806600-1789833600\" data-colr=\"#e5191d\" itemscope itemtype='http:\/\/schema.org\/Event'><div class=\"evo_event_schema\" style=\"display:none\" ><a itemprop='url'  href='https:\/\/vea.qc.ca\/en\/activities\/technical-session-in-chateauguay\/'><\/a><span itemprop='name'  >TECHNICAL SESSION in Chateauguay<\/span><meta itemprop='image' content='https:\/\/vea.qc.ca\/wp-content\/uploads\/2025\/12\/session-technique.png' \/><meta itemprop='description' content='TECHNICAL SESSION in Chateauguay' \/><meta itemprop='startDate' content='2026-9-19T08:30' \/><meta itemprop='endDate' content='2026-9-19T16:00' \/><meta itemprop='eventStatus' content='on-schedule' \/><script type=\"application\/ld+json\">{\t\"@context\": \"http:\/\/schema.org\",\r\r\n\t\t\t\t\t\t\t  \t\"@type\": \"Event\",\r\r\n\t\t\t\t\t\t\t  \t\"name\": \"TECHNICAL SESSION in Chateauguay\",\r\r\n\t\t\t\t\t\t\t  \t\"startDate\": \"2026-9-19T08-08-30-00\",\r\r\n\t\t\t\t\t\t\t  \t\"endDate\": \"2026-9-19T16-16-00-00\",\r\r\n\t\t\t\t\t\t\t  \t\"image\":\"https:\/\/vea.qc.ca\/wp-content\/uploads\/2025\/12\/session-technique.png\",\r\r\n\t\t\t\t\t\t\t  \t\"description\":\"TECHNICAL SESSION in Chateauguay\",\r\r\n\t\t\t\t\t\t\t  \t\r\r\n\t\t\t\t\t\t\t }<\/script><\/div>\r\r\n\t\t\t\t<p class=\"desc_trig_outter\"><a data-gmap_status=\"null\" data-exlk=\"0\" style=\"border-color: #e5191d;\" id=\"evc_178980660027932\" class=\"desc_trig featured_event 1 sin_val evcal_list_a\" data-ux_val=\"3\"  ><span class='evcal_cblock ' data-bgcolor='#e5191d' data-smon='Septembre' data-syr='2026'><span class='evo_start '><em class='date'>19<\/em><em class='month'>Sep<\/em><em class='time'>8 h 30 min<\/em><\/span><span class='evo_end only_time'><em class='time'>16 h 00 min<\/em><\/span><em class='clear'><\/em><\/span><span class='evcal_desc evo_info hide_eventtopdata '  data-location_status=\"false\" ><span class='evo_above_title'><span class='evo_event_headers featured'>VEA<\/span><\/span><span class='evcal_desc2 evcal_event_title' itemprop='name'>TECHNICAL SESSION in Chateauguay<\/span><span class='evo_below_title'><span class='evcal_event_subtitle' >The Alfa Romeo Club of Montreal (CARM) is proud to invite us to a spring mechanics session.<\/span><\/span><span class='evcal_desc_info' ><em class='evcal_time'>8 h 30 min - 16 h 00 min<\/em> <\/span><span class='evcal_desc3'><\/span><\/span><em class='clear'><\/em><\/a><\/p><div class='event_description evcal_eventcard ' style=\"display:none\"><div class='evo_metarow_directimg'><img src='https:\/\/vea.qc.ca\/wp-content\/uploads\/2025\/12\/session-technique.png' \/><\/div><div class='evo_metarow_time evorow evcal_evdata_row bordb evcal_evrow_sm '>\r\r\n\t\t\t\t\t\t\t<span class='evcal_evdata_icons'><i class='fa fa-clock-o'><\/i><\/span>\r\r\n\t\t\t\t\t\t\t<div class='evcal_evdata_cell'>\t\t\t\t\t\t\t\r\r\n\t\t\t\t\t\t\t\t<h3 class='evo_h3'><span class='evcal_evdata_icons'><i class='fa fa-clock-o'><\/i><\/span>Heure de d\u00e9but \/ fin<\/h3><p>(Samedi) 8 h 30 min - 16 h 00 min<\/p>\r\r\n\t\t\t\t\t\t\t<\/div>\r\r\n\t\t\t\t\t\t<\/div>\r\n\t\t\t\t\t\t<div class='evo_metarow_ICS evorow bordb evcal_evdata_row'>\r\r\n\t\t\t\t\t\t\t<span class=\"evcal_evdata_icons\"><i class=\"fa fa-calendar\"><\/i><\/span>\r\r\n\t\t\t\t\t\t\t<div class='evcal_evdata_cell'>\r\r\n\t\t\t\t\t\t\t\t<p><a href='https:\/\/vea.qc.ca\/wp-admin\/admin-ajax.php?action=eventon_ics_download&amp;event_id=27932&amp;sunix=20260919T133000Z&amp;eunix=20260919T210000Z&amp;loca=&amp;locn=' class='evo_ics_nCal' title='Ajouter \u00e0 votre calendrier'>Calendrier<\/a><a href='\/\/www.google.com\/calendar\/event?action=TEMPLATE&amp;text=TECHNICAL+SESSION+in+Chateauguay&amp;dates=20260919T133000Z\/20260919T210000Z&amp;details=TECHNICAL+SESSION+in+Chateauguay&amp;location= - ' target='_blank' class='evo_ics_gCal' title='Ajouter \u00e0 l&#039;agenda Google'>GoogleCal<\/a><\/p>\t\r\r\n\t\t\t\t\t\t\t<\/div>\r\n\t\t\t\t\t\t<\/div>\r\r\n\t\t\t\t\t\t<div class='bordb evo_metarow_socialmedia evcal_evdata_row  lastrow'><div class='evo_sm FacebookShare'><a class=\" evo_ss\" target=\"_blank\" onclick=\"javascript:window.open(this.href, '', 'left=50,top=50,width=600,height=350,toolbar=0');return false;\"\r\r\n\t\t\t\t\t\t\t\thref=\"http:\/\/www.facebook.com\/sharer.php?u=https%3A%2F%2Fvea.qc.ca%2Fen%2Factivities%2Ftechnical-session-in-chateauguay%2F\" title=\"Partager sur Facebook\"><i class=\"fa fa-facebook\"><\/i><\/a><\/div><div class='evo_sm Twitter'><a class=\"tw evo_ss\" onclick=\"javascript:window.open(this.href, '', 'menubar=no,toolbar=no,resizable=yes,scrollbars=yes,height=300,width=600');return false;\" href=\"http:\/\/twitter.com\/share?text=TECHNICAL SESSION in Chateauguay&#32;-&#32;&url=https%3A%2F%2Fvea.qc.ca%2Fen%2Factivities%2Ftechnical-session-in-chateauguay%2F\" title=\"Partager sur twitter\" rel=\"nofollow\" target=\"_blank\" data-url=\"https%3A%2F%2Fvea.qc.ca%2Fen%2Factivities%2Ftechnical-session-in-chateauguay%2F\"><i class=\"fa fa-twitter\"><\/i><\/a><\/div><div class='evo_sm LinkedIn'><a class=\"li evo_ss\" href=\"http:\/\/www.linkedin.com\/shareArticle?mini=true&url=https%3A%2F%2Fvea.qc.ca%2Fen%2Factivities%2Ftechnical-session-in-chateauguay%2F&title=TECHNICAL%20SESSION%20in%20Chateauguay&summary=--\" target=\"_blank\" title=\"Partager sur Linkedin\"><i class=\"fa fa-linkedin\"><\/i><\/a><\/div><div class='evo_sm Google'><a class=\"gp evo_ss\" href=\"https:\/\/plus.google.com\/share?url=https%3A%2F%2Fvea.qc.ca%2Fen%2Factivities%2Ftechnical-session-in-chateauguay%2F\" \r\r\n\t\t\t\t\t\t\t\tonclick=\"javascript:window.open(this.href, '', 'left=50,top=50,width=600,height=350,toolbar=0');return false;\" target=\"_blank\"><i class=\"fa fa-google-plus\" title=\"Partager sur Google Plus\"><\/i><\/a><\/div><div class='evo_sm EmailShare'><a class=\"em evo_ss\" href=\"mailto:?subject=TECHNICAL SESSION in Chateauguay&body=Event Name: TECHNICAL SESSION in Chateauguay%0AEvent Date: 19 Septembre 2026 8 H 30 Min - 16 H 00 Min%0ALink: https%3A%2F%2Fvea.qc.ca%2Fen%2Factivities%2Ftechnical-session-in-chateauguay%2F%0A\" target=\"_blank\"><i class=\"fa fa-envelope\"><\/i><\/a><\/div><div class='clear'><\/div><div class='evcal_evdata_row evcal_close' title='Close'><\/div><\/div><\/div><div class='clear end'><\/div><\/div><\/div><div class='evcal_month_line'><p>Octobre 2026<\/p><\/div><div id='evcal_list' class='evcal_list_month eventon_events_list '><div id=\"event_27929\" class=\"eventon_list_event evo_eventtop  event\" data-event_id=\"27929\" data-time=\"1791396000-1791417000\" data-colr=\"#e51a1d\" itemscope itemtype='http:\/\/schema.org\/Event'><div class=\"evo_event_schema\" style=\"display:none\" ><a itemprop='url'  href='https:\/\/vea.qc.ca\/en\/activities\/members-dinner-at-lambroisie-restaurant-copy\/'><\/a><span itemprop='name'  >Members' dinner at L'Ambroisie restaurant (Copy)<\/span><meta itemprop='image' content='https:\/\/vea.qc.ca\/wp-content\/uploads\/2023\/01\/ambroisie-300x300-1.jpg' \/><meta itemprop='description' content='Members' dinner at L'Ambroisie restaurant (Copy)' \/><meta itemprop='startDate' content='2026-10-7T18:00' \/><meta itemprop='endDate' content='2026-10-7T23:50' \/><meta itemprop='eventStatus' content='on-schedule' \/>\r\r\n\t\t\t\t\t\t\t\t\t<item style=\"display:none\" itemprop=\"location\" itemscope itemtype=\"http:\/\/schema.org\/Place\">\r\r\n\t\t\t\t\t\t\t\t\t\t<span itemprop=\"name\">Restaurant L\u2019Ambroisie<\/span>\r\r\n\t\t\t\t\t\t\t\t\t\t<span itemprop=\"address\" itemscope itemtype=\"http:\/\/schema.org\/PostalAddress\">\r\r\n\t\t\t\t\t\t\t\t\t\t\t<item itemprop=\"streetAddress\">4020 Rue Saint-Ambroise porte #140, QC H4C 2C7<\/item>\r\r\n\t\t\t\t\t\t\t\t\t\t<\/span><\/item><script type=\"application\/ld+json\">{\t\"@context\": \"http:\/\/schema.org\",\r\r\n\t\t\t\t\t\t\t  \t\"@type\": \"Event\",\r\r\n\t\t\t\t\t\t\t  \t\"name\": \"Members' dinner at L'Ambroisie restaurant (Copy)\",\r\r\n\t\t\t\t\t\t\t  \t\"startDate\": \"2026-10-7T18-18-00-00\",\r\r\n\t\t\t\t\t\t\t  \t\"endDate\": \"2026-10-7T23-23-50-00\",\r\r\n\t\t\t\t\t\t\t  \t\"image\":\"https:\/\/vea.qc.ca\/wp-content\/uploads\/2023\/01\/ambroisie-300x300-1.jpg\",\r\r\n\t\t\t\t\t\t\t  \t\"description\":\"Members' dinner at L'Ambroisie restaurant (Copy)\",\r\r\n\t\t\t\t\t\t\t  \t\"location\":{\r\r\n\t\t\t\t\t\t\t\t\t\t\"@type\":\"Place\",\r\r\n\t\t\t\t\t\t\t\t\t\t\"name\":\"Restaurant L\u2019Ambroisie\",\r\r\n\t\t\t\t\t\t\t\t\t\t\"address\":\"4020 Rue Saint-Ambroise porte #140, QC H4C 2C7\"\r\r\n\t\t\t\t\t\t\t  \t\t}\r\r\n\t\t\t\t\t\t\t }<\/script><\/div>\r\r\n\t\t\t\t<p class=\"desc_trig_outter\"><a data-gmtrig=\"1\" data-exlk=\"0\" style=\"border-color: #e51a1d;\" id=\"evc_179139600027929\" class=\"desc_trig featured_event 1 sin_val evcal_list_a\" data-ux_val=\"3\"  ><span class='evcal_cblock ' data-bgcolor='#e51a1d' data-smon='Octobre' data-syr='2026'><span class='evo_start '><em class='date'>07<\/em><em class='month'>Oct<\/em><em class='time'>18 h 00 min<\/em><\/span><em class='clear'><\/em><\/span><span class='evcal_desc evo_info hide_eventtopdata '  data-location_address=\"4020 Rue Saint-Ambroise porte #140, QC H4C 2C7\" data-location_type=\"address\" data-location_name=\"Restaurant L\u2019Ambroisie\" data-location_status=\"true\" ><span class='evo_above_title'><span class='evo_event_headers featured'>VEA<\/span><\/span><span class='evcal_desc2 evcal_event_title' itemprop='name'>Members' dinner at L'Ambroisie restaurant (Copy)<\/span><span class='evo_below_title'><span class='evcal_event_subtitle' >\u201cFIRST WEDNESDAY\u201d OF THE MONTH DINNER MEETING<\/span><\/span><span class='evcal_desc_info' ><em class='evcal_time'>18 h 00 min<\/em> <em class=\"evcal_location\"  data-add_str=\"4020 Rue Saint-Ambroise porte #140, QC H4C 2C7\"><em class=\"event_location_name\">Restaurant L\u2019Ambroisie<\/em>, 4020 Rue Saint-Ambroise porte #140, QC H4C 2C7<\/em><\/span><span class='evcal_desc3'><\/span><\/span><em class='clear'><\/em><\/a><\/p><div class='event_description evcal_eventcard ' style=\"display:none\"><div class='evo_metarow_directimg'><img src='https:\/\/vea.qc.ca\/wp-content\/uploads\/2023\/01\/ambroisie-300x300-1.jpg' \/><\/div><div class='evo_metarow_time_location evorow bordb '>\r\r\n\t\t\t\t\t\t<div class='tb' >\r\r\n\t\t\t\t\t\t\t<div class='tbrow'>\r\r\n\t\t\t\t\t\t\t<div class='evcal_col50 bordr'>\r\r\n\t\t\t\t\t\t\t\t<div class='evcal_evdata_row evo_time'>\r\r\n\t\t\t\t\t\t\t\t\t<span class='evcal_evdata_icons'><i class='fa fa-clock-o'><\/i><\/span>\r\r\n\t\t\t\t\t\t\t\t\t<div class='evcal_evdata_cell'>\t\t\t\t\t\t\t\r\r\n\t\t\t\t\t\t\t\t\t\t<h3 class='evo_h3'><span class='evcal_evdata_icons'><i class='fa fa-clock-o'><\/i><\/span>Heure de d\u00e9but \/ fin<\/h3>\r\r\n\t\t\t\t\t\t\t\t\t\t<p>(Mercredi) 18 h 00 min<\/p>\r\r\n\t\t\t\t\t\t\t\t\t<\/div>\r\r\n\t\t\t\t\t\t\t\t<\/div>\r\r\n\t\t\t\t\t\t\t<\/div><div class='evcal_col50'>\r\r\n\t\t\t\t\t\t\t\t<div class='evcal_evdata_row evo_location'>\r\r\n\t\t\t\t\t\t\t\t\t<span class='evcal_evdata_icons'><i class='fa fa-map-marker'><\/i><\/span>\r\r\n\t\t\t\t\t\t\t\t\t<div class='evcal_evdata_cell' data-loc_tax_id='306'>\t\t\t\t\t\t\t\r\r\n\t\t\t\t\t\t\t\t\t\t<h3 class='evo_h3'><span class='evcal_evdata_icons'><i class='fa fa-map-marker'><\/i><\/span>Lieu<\/h3><p class='evo_location_name'>Restaurant L\u2019Ambroisie<\/p><p class='evo_location_address'>4020 Rue Saint-Ambroise porte #140, QC H4C 2C7<\/p>\r\r\n\t\t\t\t\t\t\t\t\t<\/div>\r\r\n\t\t\t\t\t\t\t\t<\/div>\r\r\n\t\t\t\t\t\t\t<\/div><div class='clear'><\/div>\r\r\n\t\t\t\t\t\t\t<\/div><\/div>\r\r\n\t\t\t\t\t\t<\/div><div class='evo_metarow_locImg evorow bordb tvi' style='height:400px; background-image:url(https:\/\/vea.qc.ca\/wp-content\/uploads\/2023\/04\/Ambroisie2023.jpg)' id='23610_locimg' ><p class='evoLOCtxt'>\r\r\n\t\t\t\t\t\t\t\t<span class='evo_loc_text_title'>Restaurant L\u2019Ambroisie<\/span><span style=\"padding-bottom:10px\">4020 Rue Saint-Ambroise porte #140, QC H4C 2C7<\/span><\/p><\/div><div class='evo_metarow_gmap evorow evcal_gmaps bordb ' id='evc179139600069ec80fe6e61127929_gmap' style='max-width:none'><\/div><div class='evo_metarow_getDr evorow evcal_evdata_row bordb evcal_evrow_sm getdirections'>\r\r\n\t\t\t\t\t\t<form action='https:\/\/maps.google.com\/maps' method='get' target='_blank'>\r\r\n\t\t\t\t\t\t<input type='hidden' name='daddr' value=\"4020 Rue Saint-Ambroise porte #140, QC H4C 2C7\"\/> \r\r\n\t\t\t\t\t\t<p><input class='evoInput' type='text' name='saddr' placeholder='Saisissez votre adresse' value=''\/>\r\r\n\t\t\t\t\t\t<button type='submit' class='evcal_evdata_icons evcalicon_9' title='Cliquez ici pour obtenir l&#039;itin\u00e9raire'><i class='fa fa-road'><\/i><\/button>\r\r\n\t\t\t\t\t\t<\/p><\/form>\r\r\n\t\t\t\t\t<\/div>\r\n\t\t\t\t\t\t<div class='evo_metarow_ICS evorow bordb evcal_evdata_row'>\r\r\n\t\t\t\t\t\t\t<span class=\"evcal_evdata_icons\"><i class=\"fa fa-calendar\"><\/i><\/span>\r\r\n\t\t\t\t\t\t\t<div class='evcal_evdata_cell'>\r\r\n\t\t\t\t\t\t\t\t<p><a href='https:\/\/vea.qc.ca\/wp-admin\/admin-ajax.php?action=eventon_ics_download&amp;event_id=27929&amp;sunix=20261007T230000Z&amp;eunix=20261008T045000Z&amp;loca=4020 Rue Saint-Ambroise porte #140, QC H4C 2C7&amp;locn=Restaurant L\u2019Ambroisie' class='evo_ics_nCal' title='Ajouter \u00e0 votre calendrier'>Calendrier<\/a><a href='\/\/www.google.com\/calendar\/event?action=TEMPLATE&amp;text=Members%27+dinner+at+L%27Ambroisie+restaurant+%28Copy%29&amp;dates=20261007T230000Z\/20261008T045000Z&amp;details=Members%27+dinner+at+L%27Ambroisie+restaurant+%28Copy%29&amp;location=Restaurant+L%E2%80%99Ambroisie - 4020+Rue+Saint-Ambroise+porte+%23140%2C+QC+H4C+2C7' target='_blank' class='evo_ics_gCal' title='Ajouter \u00e0 l&#039;agenda Google'>GoogleCal<\/a><\/p>\t\r\r\n\t\t\t\t\t\t\t<\/div>\r\n\t\t\t\t\t\t<\/div>\r\r\n\t\t\t\t\t\t<div class='bordb evo_metarow_socialmedia evcal_evdata_row  lastrow'><div class='evo_sm FacebookShare'><a class=\" evo_ss\" target=\"_blank\" onclick=\"javascript:window.open(this.href, '', 'left=50,top=50,width=600,height=350,toolbar=0');return false;\"\r\r\n\t\t\t\t\t\t\t\thref=\"http:\/\/www.facebook.com\/sharer.php?u=https%3A%2F%2Fvea.qc.ca%2Fen%2Factivities%2Fmembers-dinner-at-lambroisie-restaurant-copy%2F\" title=\"Partager sur Facebook\"><i class=\"fa fa-facebook\"><\/i><\/a><\/div><div class='evo_sm Twitter'><a class=\"tw evo_ss\" onclick=\"javascript:window.open(this.href, '', 'menubar=no,toolbar=no,resizable=yes,scrollbars=yes,height=300,width=600');return false;\" href=\"http:\/\/twitter.com\/share?text=Members&#8217; dinner at L&#8217;Ambroisie restaurant (Copy)&#32;-&#32;&url=https%3A%2F%2Fvea.qc.ca%2Fen%2Factivities%2Fmembers-dinner-at-lambroisie-restaurant-copy%2F\" title=\"Partager sur twitter\" rel=\"nofollow\" target=\"_blank\" data-url=\"https%3A%2F%2Fvea.qc.ca%2Fen%2Factivities%2Fmembers-dinner-at-lambroisie-restaurant-copy%2F\"><i class=\"fa fa-twitter\"><\/i><\/a><\/div><div class='evo_sm LinkedIn'><a class=\"li evo_ss\" href=\"http:\/\/www.linkedin.com\/shareArticle?mini=true&url=https%3A%2F%2Fvea.qc.ca%2Fen%2Factivities%2Fmembers-dinner-at-lambroisie-restaurant-copy%2F&title=Members%26%238217%3B%20dinner%20at%20L%26%238217%3BAmbroisie%20restaurant%20%28Copy%29&summary=--\" target=\"_blank\" title=\"Partager sur Linkedin\"><i class=\"fa fa-linkedin\"><\/i><\/a><\/div><div class='evo_sm Google'><a class=\"gp evo_ss\" href=\"https:\/\/plus.google.com\/share?url=https%3A%2F%2Fvea.qc.ca%2Fen%2Factivities%2Fmembers-dinner-at-lambroisie-restaurant-copy%2F\" \r\r\n\t\t\t\t\t\t\t\tonclick=\"javascript:window.open(this.href, '', 'left=50,top=50,width=600,height=350,toolbar=0');return false;\" target=\"_blank\"><i class=\"fa fa-google-plus\" title=\"Partager sur Google Plus\"><\/i><\/a><\/div><div class='evo_sm EmailShare'><a class=\"em evo_ss\" href=\"mailto:?subject=Members%26#8217; dinner at L%26#8217;Ambroisie restaurant (Copy)&body=Event Name: Members%26#8217; dinner at L%26#8217;Ambroisie restaurant (Copy)%0AEvent Date: 7 Octobre 2026 18 H 00 Min%0ALink: https%3A%2F%2Fvea.qc.ca%2Fen%2Factivities%2Fmembers-dinner-at-lambroisie-restaurant-copy%2F%0A\" target=\"_blank\"><i class=\"fa fa-envelope\"><\/i><\/a><\/div><div class='clear'><\/div><div class='evcal_evdata_row evcal_close' title='Close'><\/div><\/div><\/div><div class='clear end'><\/div><\/div><div id=\"event_27934\" class=\"eventon_list_event evo_eventtop  event\" data-event_id=\"27934\" data-time=\"1792225800-1792281000\" data-colr=\"#e5191d\" itemscope itemtype='http:\/\/schema.org\/Event'><div class=\"evo_event_schema\" style=\"display:none\" ><a itemprop='url'  href='https:\/\/vea.qc.ca\/en\/activities\/we-follow-bernard-3\/'><\/a><span itemprop='name'  >We follow BERNARD<\/span><meta itemprop='image' content='https:\/\/vea.qc.ca\/wp-content\/uploads\/2019\/07\/on-suit-bernard.jpg' \/><meta itemprop='description' content='We follow BERNARD' \/><meta itemprop='startDate' content='2026-10-17T08:30' \/><meta itemprop='endDate' content='2026-10-17T23:50' \/><meta itemprop='eventStatus' content='on-schedule' \/><script type=\"application\/ld+json\">{\t\"@context\": \"http:\/\/schema.org\",\r\r\n\t\t\t\t\t\t\t  \t\"@type\": \"Event\",\r\r\n\t\t\t\t\t\t\t  \t\"name\": \"We follow BERNARD\",\r\r\n\t\t\t\t\t\t\t  \t\"startDate\": \"2026-10-17T08-08-30-00\",\r\r\n\t\t\t\t\t\t\t  \t\"endDate\": \"2026-10-17T23-23-50-00\",\r\r\n\t\t\t\t\t\t\t  \t\"image\":\"https:\/\/vea.qc.ca\/wp-content\/uploads\/2019\/07\/on-suit-bernard.jpg\",\r\r\n\t\t\t\t\t\t\t  \t\"description\":\"We follow BERNARD\",\r\r\n\t\t\t\t\t\t\t  \t\r\r\n\t\t\t\t\t\t\t }<\/script><\/div>\r\r\n\t\t\t\t<p class=\"desc_trig_outter\"><a data-gmap_status=\"null\" data-exlk=\"0\" style=\"border-color: #e5191d;\" id=\"evc_179222580027934\" class=\"desc_trig featured_event 1 sin_val evcal_list_a\" data-ux_val=\"3\"  ><span class='evcal_cblock ' data-bgcolor='#e5191d' data-smon='Octobre' data-syr='2026'><span class='evo_start '><em class='date'>17<\/em><em class='month'>Oct<\/em><em class='time'>8 h 30 min<\/em><\/span><em class='clear'><\/em><\/span><span class='evcal_desc evo_info hide_eventtopdata '  data-location_status=\"false\" ><span class='evo_above_title'><span class='evo_event_headers featured'>VEA<\/span><\/span><span class='evcal_desc2 evcal_event_title' itemprop='name'>We follow BERNARD<\/span><span class='evo_below_title'><span class='evcal_event_subtitle' >Balade et lunch au bar Le Vieux Pub \u00e0 Rockburn.<\/span><\/span><span class='evcal_desc_info' ><em class='evcal_time'>8 h 30 min<\/em> <\/span><span class='evcal_desc3'><\/span><\/span><em class='clear'><\/em><\/a><\/p><div class='event_description evcal_eventcard ' style=\"display:none\"><div class='evo_metarow_directimg'><img src='https:\/\/vea.qc.ca\/wp-content\/uploads\/2019\/07\/on-suit-bernard.jpg' \/><\/div><div class='evo_metarow_time evorow evcal_evdata_row bordb evcal_evrow_sm '>\r\r\n\t\t\t\t\t\t\t<span class='evcal_evdata_icons'><i class='fa fa-clock-o'><\/i><\/span>\r\r\n\t\t\t\t\t\t\t<div class='evcal_evdata_cell'>\t\t\t\t\t\t\t\r\r\n\t\t\t\t\t\t\t\t<h3 class='evo_h3'><span class='evcal_evdata_icons'><i class='fa fa-clock-o'><\/i><\/span>Heure de d\u00e9but \/ fin<\/h3><p>(Samedi) 8 h 30 min<\/p>\r\r\n\t\t\t\t\t\t\t<\/div>\r\r\n\t\t\t\t\t\t<\/div><div class='evo_metarow_organizer evorow evcal_evdata_row bordb evcal_evrow_sm '>\r\r\n\t\t\t\t\t\t\t<span class='evcal_evdata_icons'><i class='fa fa-id-badge'><\/i><\/span>\r\r\n\t\t\t\t\t\t\t<div class='evcal_evdata_cell'>\t\t\t\t\t\t\t\r\r\n\t\t\t\t\t\t\t\t<h3 class='evo_h3'>Organisateur<\/h3>\r\r\n\t\t\t\t\t\t\t\t\r\r\n\t\t\t\t\t\t\t\t<div class='evo_card_organizer'><p class='evo_data_val evo_card_organizer_name'>\r\r\n\t\t\t\t\t\t\t\t\t<span class='evo_card_organizer_name_t'>Bernard Bellavance<\/span><span class='evo_card_organizer_contact'>info.vea.qc@gmail.com<\/span>\r\r\n\t\t\t\t\t\t\t\t\t\r\r\n\t\t\t\t\t\t\t\t\t<\/p><\/div><div class='clear'><\/div>\t\t\t\t\t\t\t\r\r\n\t\t\t\t\t\t\t<\/div>\r\r\n\t\t\t\t\t\t<\/div>\r\n\t\t\t\t\t\t<div class='evo_metarow_ICS evorow bordb evcal_evdata_row'>\r\r\n\t\t\t\t\t\t\t<span class=\"evcal_evdata_icons\"><i class=\"fa fa-calendar\"><\/i><\/span>\r\r\n\t\t\t\t\t\t\t<div class='evcal_evdata_cell'>\r\r\n\t\t\t\t\t\t\t\t<p><a href='https:\/\/vea.qc.ca\/wp-admin\/admin-ajax.php?action=eventon_ics_download&amp;event_id=27934&amp;sunix=20261017T133000Z&amp;eunix=20261018T045000Z&amp;loca=&amp;locn=' class='evo_ics_nCal' title='Ajouter \u00e0 votre calendrier'>Calendrier<\/a><a href='\/\/www.google.com\/calendar\/event?action=TEMPLATE&amp;text=We+follow+BERNARD&amp;dates=20261017T133000Z\/20261018T045000Z&amp;details=We+follow+BERNARD&amp;location= - ' target='_blank' class='evo_ics_gCal' title='Ajouter \u00e0 l&#039;agenda Google'>GoogleCal<\/a><\/p>\t\r\r\n\t\t\t\t\t\t\t<\/div>\r\n\t\t\t\t\t\t<\/div>\r\r\n\t\t\t\t\t\t<div class='bordb evo_metarow_socialmedia evcal_evdata_row  lastrow'><div class='evo_sm FacebookShare'><a class=\" evo_ss\" target=\"_blank\" onclick=\"javascript:window.open(this.href, '', 'left=50,top=50,width=600,height=350,toolbar=0');return false;\"\r\r\n\t\t\t\t\t\t\t\thref=\"http:\/\/www.facebook.com\/sharer.php?u=https%3A%2F%2Fvea.qc.ca%2Fen%2Factivities%2Fwe-follow-bernard-3%2F\" title=\"Partager sur Facebook\"><i class=\"fa fa-facebook\"><\/i><\/a><\/div><div class='evo_sm Twitter'><a class=\"tw evo_ss\" onclick=\"javascript:window.open(this.href, '', 'menubar=no,toolbar=no,resizable=yes,scrollbars=yes,height=300,width=600');return false;\" href=\"http:\/\/twitter.com\/share?text=We follow BERNARD&#32;-&#32;&url=https%3A%2F%2Fvea.qc.ca%2Fen%2Factivities%2Fwe-follow-bernard-3%2F\" title=\"Partager sur twitter\" rel=\"nofollow\" target=\"_blank\" data-url=\"https%3A%2F%2Fvea.qc.ca%2Fen%2Factivities%2Fwe-follow-bernard-3%2F\"><i class=\"fa fa-twitter\"><\/i><\/a><\/div><div class='evo_sm LinkedIn'><a class=\"li evo_ss\" href=\"http:\/\/www.linkedin.com\/shareArticle?mini=true&url=https%3A%2F%2Fvea.qc.ca%2Fen%2Factivities%2Fwe-follow-bernard-3%2F&title=We%20follow%20BERNARD&summary=--\" target=\"_blank\" title=\"Partager sur Linkedin\"><i class=\"fa fa-linkedin\"><\/i><\/a><\/div><div class='evo_sm Google'><a class=\"gp evo_ss\" href=\"https:\/\/plus.google.com\/share?url=https%3A%2F%2Fvea.qc.ca%2Fen%2Factivities%2Fwe-follow-bernard-3%2F\" \r\r\n\t\t\t\t\t\t\t\tonclick=\"javascript:window.open(this.href, '', 'left=50,top=50,width=600,height=350,toolbar=0');return false;\" target=\"_blank\"><i class=\"fa fa-google-plus\" title=\"Partager sur Google Plus\"><\/i><\/a><\/div><div class='evo_sm EmailShare'><a class=\"em evo_ss\" href=\"mailto:?subject=We follow BERNARD&body=Event Name: We follow BERNARD%0AEvent Date: 17 Octobre 2026 8 H 30 Min%0ALink: https%3A%2F%2Fvea.qc.ca%2Fen%2Factivities%2Fwe-follow-bernard-3%2F%0A\" target=\"_blank\"><i class=\"fa fa-envelope\"><\/i><\/a><\/div><div class='clear'><\/div><div class='evcal_evdata_row evcal_close' title='Close'><\/div><\/div><\/div><div class='clear end'><\/div><\/div><\/div><div class='evcal_month_line'><p>Novembre 2026<\/p><\/div><div id='evcal_list' class='evcal_list_month eventon_events_list '><div id=\"event_27918\" class=\"eventon_list_event evo_eventtop  event\" data-event_id=\"27918\" data-time=\"1793815200-1793836200\" data-colr=\"#e51a1d\" itemscope itemtype='http:\/\/schema.org\/Event'><div class=\"evo_event_schema\" style=\"display:none\" ><a itemprop='url'  href='https:\/\/vea.qc.ca\/en\/activities\/members-dinner-bring-your-own-wine-formulae-3\/'><\/a><span itemprop='name'  >Members' Dinner - ''bring your own wine formulae''<\/span><meta itemprop='image' content='https:\/\/vea.qc.ca\/wp-content\/uploads\/2025\/03\/ottavio-3.jpg' \/><meta itemprop='description' content='PLEASE NOTE THAT OUR MONTHLY DINNER WILL BE HELD AT THE OTTAVIO RESTAURANT AT 1134 MARCEL-LAURIN IN VILLE ST-LAURENT' \/><meta itemprop='startDate' content='2026-11-4T18:00' \/><meta itemprop='endDate' content='2026-11-4T23:50' \/><meta itemprop='eventStatus' content='on-schedule' \/>\r\r\n\t\t\t\t\t\t\t\t\t<item style=\"display:none\" itemprop=\"location\" itemscope itemtype=\"http:\/\/schema.org\/Place\">\r\r\n\t\t\t\t\t\t\t\t\t\t<span itemprop=\"name\">Restaurant Ottavio<\/span>\r\r\n\t\t\t\t\t\t\t\t\t\t<span itemprop=\"address\" itemscope itemtype=\"http:\/\/schema.org\/PostalAddress\">\r\r\n\t\t\t\t\t\t\t\t\t\t\t<item itemprop=\"streetAddress\">1134 Blvd. Marcel-Laurin, Saint-Laurent, QC H4R 1T3<\/item>\r\r\n\t\t\t\t\t\t\t\t\t\t<\/span><\/item><script type=\"application\/ld+json\">{\t\"@context\": \"http:\/\/schema.org\",\r\r\n\t\t\t\t\t\t\t  \t\"@type\": \"Event\",\r\r\n\t\t\t\t\t\t\t  \t\"name\": \"Members' Dinner - ''bring your own wine formulae''\",\r\r\n\t\t\t\t\t\t\t  \t\"startDate\": \"2026-11-4T18-18-00-00\",\r\r\n\t\t\t\t\t\t\t  \t\"endDate\": \"2026-11-4T23-23-50-00\",\r\r\n\t\t\t\t\t\t\t  \t\"image\":\"https:\/\/vea.qc.ca\/wp-content\/uploads\/2025\/03\/ottavio-3.jpg\",\r\r\n\t\t\t\t\t\t\t  \t\"description\":\"PLEASE NOTE THAT OUR MONTHLY DINNER WILL BE HELD AT THE OTTAVIO RESTAURANT AT 1134 MARCEL-LAURIN IN VILLE ST-LAURENT\",\r\r\n\t\t\t\t\t\t\t  \t\"location\":{\r\r\n\t\t\t\t\t\t\t\t\t\t\"@type\":\"Place\",\r\r\n\t\t\t\t\t\t\t\t\t\t\"name\":\"Restaurant Ottavio\",\r\r\n\t\t\t\t\t\t\t\t\t\t\"address\":\"1134 Blvd. Marcel-Laurin, Saint-Laurent, QC H4R 1T3\"\r\r\n\t\t\t\t\t\t\t  \t\t}\r\r\n\t\t\t\t\t\t\t }<\/script><\/div>\r\r\n\t\t\t\t<p class=\"desc_trig_outter\"><a data-gmtrig=\"1\" data-exlk=\"0\" style=\"border-color: #e51a1d;\" id=\"evc_179381520027918\" class=\"desc_trig featured_event 1 sin_val evcal_list_a\" data-ux_val=\"3\"  ><span class='evcal_cblock ' data-bgcolor='#e51a1d' data-smon='Novembre' data-syr='2026'><span class='evo_start '><em class='date'>04<\/em><em class='month'>Nov<\/em><em class='time'>18 h 00 min<\/em><\/span><em class='clear'><\/em><\/span><span class='evcal_desc evo_info hide_eventtopdata '  data-location_address=\"1134 Blvd. Marcel-Laurin, Saint-Laurent, QC H4R 1T3\" data-location_type=\"address\" data-location_name=\"Restaurant Ottavio\" data-location_status=\"true\" ><span class='evo_above_title'><span class='evo_event_headers featured'>VEA<\/span><\/span><span class='evcal_desc2 evcal_event_title' itemprop='name'>Members' Dinner - ''bring your own wine formulae''<\/span><span class='evo_below_title'><span class='evcal_event_subtitle' >\u201cFIRST WEDNESDAY\u201d OF THE MONTH DINNER MEETING - PLEASE NOTE THAT OUR MONTHLY DINNER WILL BE HELD AT THE OTTAVIO RESTAURANT AT 1134 MARCEL-LAURIN IN VILLE ST-LAURENT<\/span><\/span><span class='evcal_desc_info' ><em class='evcal_time'>18 h 00 min<\/em> <em class=\"evcal_location\"  data-add_str=\"1134 Blvd. Marcel-Laurin, Saint-Laurent, QC H4R 1T3\"><em class=\"event_location_name\">Restaurant Ottavio<\/em>, 1134 Blvd. Marcel-Laurin, Saint-Laurent, QC H4R 1T3<\/em><\/span><span class='evcal_desc3'><\/span><\/span><em class='clear'><\/em><\/a><\/p><div class='event_description evcal_eventcard ' style=\"display:none\"><div class='evo_metarow_directimg'><img src='https:\/\/vea.qc.ca\/wp-content\/uploads\/2025\/03\/ottavio-3.jpg' \/><\/div><div class='evo_metarow_details evorow evcal_evdata_row bordb evcal_event_details'>\r\r\n\t\t\t\t\t\t\t<div class=\"event_excerpt\" style=\"display:none\"><h3 class=\"padb5 evo_h3\">D\u00e9tails de l&#039;activit\u00e9<\/h3><p>PLEASE NOTE THAT OUR MONTHLY DINNER WILL BE HELD AT THE OTTAVIO RESTAURANT AT 1134 MARCEL-LAURIN IN VILLE ST-LAURENT<\/p><\/div><span class='evcal_evdata_icons'><i class='fa fa-align-justify'><\/i><\/span>\r\r\n\t\t\t\t\t\t\t\r\r\n\t\t\t\t\t\t\t<div class='evcal_evdata_cell '><div class='eventon_full_description'>\r\r\n\t\t\t\t\t\t\t\t\t<h3 class='padb5 evo_h3'><span class='evcal_evdata_icons'><i class='fa fa-align-justify'><\/i><\/span>D\u00e9tails de l&#039;activit\u00e9<\/h3><div class='eventon_desc_in' itemprop='description'>\r\r\n\t\t\t\t\t\t\t\t\t<h4 class=\"vc_custom_heading vc_do_custom_heading title-block-home-montclair vc_custom_1759966106772\">PLEASE NOTE THAT OUR MONTHLY DINNER WILL BE HELD AT THE OTTAVIO RESTAURANT AT 1134 MARCEL-LAURIN IN VILLE ST-LAURENT<\/h4>\n<\/div><div class='clear'><\/div>\r\r\n\t\t\t\t\t\t\t\t<\/div>\r\r\n\t\t\t\t\t\t\t<\/div>\r\r\n\t\t\t\t\t\t<\/div><div class='evo_metarow_time_location evorow bordb '>\r\r\n\t\t\t\t\t\t<div class='tb' >\r\r\n\t\t\t\t\t\t\t<div class='tbrow'>\r\r\n\t\t\t\t\t\t\t<div class='evcal_col50 bordr'>\r\r\n\t\t\t\t\t\t\t\t<div class='evcal_evdata_row evo_time'>\r\r\n\t\t\t\t\t\t\t\t\t<span class='evcal_evdata_icons'><i class='fa fa-clock-o'><\/i><\/span>\r\r\n\t\t\t\t\t\t\t\t\t<div class='evcal_evdata_cell'>\t\t\t\t\t\t\t\r\r\n\t\t\t\t\t\t\t\t\t\t<h3 class='evo_h3'><span class='evcal_evdata_icons'><i class='fa fa-clock-o'><\/i><\/span>Heure de d\u00e9but \/ fin<\/h3>\r\r\n\t\t\t\t\t\t\t\t\t\t<p>(Mercredi) 18 h 00 min<\/p>\r\r\n\t\t\t\t\t\t\t\t\t<\/div>\r\r\n\t\t\t\t\t\t\t\t<\/div>\r\r\n\t\t\t\t\t\t\t<\/div><div class='evcal_col50'>\r\r\n\t\t\t\t\t\t\t\t<div class='evcal_evdata_row evo_location'>\r\r\n\t\t\t\t\t\t\t\t\t<span class='evcal_evdata_icons'><i class='fa fa-map-marker'><\/i><\/span>\r\r\n\t\t\t\t\t\t\t\t\t<div class='evcal_evdata_cell' data-loc_tax_id='353'>\t\t\t\t\t\t\t\r\r\n\t\t\t\t\t\t\t\t\t\t<h3 class='evo_h3'><span class='evcal_evdata_icons'><i class='fa fa-map-marker'><\/i><\/span>Lieu<\/h3><p class='evo_location_name'>Restaurant Ottavio<\/p><p class='evo_location_address'>1134 Blvd. Marcel-Laurin, Saint-Laurent, QC H4R 1T3<\/p>\r\r\n\t\t\t\t\t\t\t\t\t<\/div>\r\r\n\t\t\t\t\t\t\t\t<\/div>\r\r\n\t\t\t\t\t\t\t<\/div><div class='clear'><\/div>\r\r\n\t\t\t\t\t\t\t<\/div><\/div>\r\r\n\t\t\t\t\t\t<\/div><div class='evo_metarow_gmap evorow evcal_gmaps bordb ' id='evc179381520069ec80fe76f2627918_gmap' style='max-width:none'><\/div><div class='evo_metarow_getDr evorow evcal_evdata_row bordb evcal_evrow_sm getdirections'>\r\r\n\t\t\t\t\t\t<form action='https:\/\/maps.google.com\/maps' method='get' target='_blank'>\r\r\n\t\t\t\t\t\t<input type='hidden' name='daddr' value=\"1134 Blvd. Marcel-Laurin, Saint-Laurent, QC H4R 1T3\"\/> \r\r\n\t\t\t\t\t\t<p><input class='evoInput' type='text' name='saddr' placeholder='Saisissez votre adresse' value=''\/>\r\r\n\t\t\t\t\t\t<button type='submit' class='evcal_evdata_icons evcalicon_9' title='Cliquez ici pour obtenir l&#039;itin\u00e9raire'><i class='fa fa-road'><\/i><\/button>\r\r\n\t\t\t\t\t\t<\/p><\/form>\r\r\n\t\t\t\t\t<\/div>\r\n\t\t\t\t\t\t<div class='evo_metarow_ICS evorow bordb evcal_evdata_row'>\r\r\n\t\t\t\t\t\t\t<span class=\"evcal_evdata_icons\"><i class=\"fa fa-calendar\"><\/i><\/span>\r\r\n\t\t\t\t\t\t\t<div class='evcal_evdata_cell'>\r\r\n\t\t\t\t\t\t\t\t<p><a href='https:\/\/vea.qc.ca\/wp-admin\/admin-ajax.php?action=eventon_ics_download&amp;event_id=27918&amp;sunix=20261104T230000Z&amp;eunix=20261105T045000Z&amp;loca=1134 Blvd. Marcel-Laurin, Saint-Laurent, QC H4R 1T3&amp;locn=Restaurant Ottavio' class='evo_ics_nCal' title='Ajouter \u00e0 votre calendrier'>Calendrier<\/a><a href='\/\/www.google.com\/calendar\/event?action=TEMPLATE&amp;text=Members%27+Dinner+-+%27%27bring+your+own+wine+formulae%27%27&amp;dates=20261104T230000Z\/20261105T045000Z&amp;details=PLEASE+NOTE+THAT+OUR+MONTHLY+DINNER+WILL+BE+HELD+AT+THE+OTTAVIO+RESTAURANT+AT+1134+MARCEL-LAURIN+IN+VILLE+ST-LAURENT&amp;location=Restaurant+Ottavio - 1134+Blvd.+Marcel-Laurin%2C+Saint-Laurent%2C+QC+H4R+1T3' target='_blank' class='evo_ics_gCal' title='Ajouter \u00e0 l&#039;agenda Google'>GoogleCal<\/a><\/p>\t\r\r\n\t\t\t\t\t\t\t<\/div>\r\n\t\t\t\t\t\t<\/div>\r\r\n\t\t\t\t\t\t<div class='bordb evo_metarow_socialmedia evcal_evdata_row  lastrow'><div class='evo_sm FacebookShare'><a class=\" evo_ss\" target=\"_blank\" onclick=\"javascript:window.open(this.href, '', 'left=50,top=50,width=600,height=350,toolbar=0');return false;\"\r\r\n\t\t\t\t\t\t\t\thref=\"http:\/\/www.facebook.com\/sharer.php?u=https%3A%2F%2Fvea.qc.ca%2Fen%2Factivities%2Fmembers-dinner-bring-your-own-wine-formulae-3%2F\" title=\"Partager sur Facebook\"><i class=\"fa fa-facebook\"><\/i><\/a><\/div><div class='evo_sm Twitter'><a class=\"tw evo_ss\" onclick=\"javascript:window.open(this.href, '', 'menubar=no,toolbar=no,resizable=yes,scrollbars=yes,height=300,width=600');return false;\" href=\"http:\/\/twitter.com\/share?text=Members&#8217; Dinner &#8211; &#8221;bring your own wine formulae&#8221;&#32;-&#32;&url=https%3A%2F%2Fvea.qc.ca%2Fen%2Factivities%2Fmembers-dinner-bring-your-own-wine-formulae-3%2F\" title=\"Partager sur twitter\" rel=\"nofollow\" target=\"_blank\" data-url=\"https%3A%2F%2Fvea.qc.ca%2Fen%2Factivities%2Fmembers-dinner-bring-your-own-wine-formulae-3%2F\"><i class=\"fa fa-twitter\"><\/i><\/a><\/div><div class='evo_sm LinkedIn'><a class=\"li evo_ss\" href=\"http:\/\/www.linkedin.com\/shareArticle?mini=true&url=https%3A%2F%2Fvea.qc.ca%2Fen%2Factivities%2Fmembers-dinner-bring-your-own-wine-formulae-3%2F&title=Members%26%238217%3B%20Dinner%20%26%238211%3B%20%26%238221%3Bbring%20your%20own%20wine%20formulae%26%238221%3B&summary=PLEASE+NOTE+THAT+OUR+MONTHLY+DINNER+WILL+BE+HELD+AT+THE+OTTAVIO\" target=\"_blank\" title=\"Partager sur Linkedin\"><i class=\"fa fa-linkedin\"><\/i><\/a><\/div><div class='evo_sm Google'><a class=\"gp evo_ss\" href=\"https:\/\/plus.google.com\/share?url=https%3A%2F%2Fvea.qc.ca%2Fen%2Factivities%2Fmembers-dinner-bring-your-own-wine-formulae-3%2F\" \r\r\n\t\t\t\t\t\t\t\tonclick=\"javascript:window.open(this.href, '', 'left=50,top=50,width=600,height=350,toolbar=0');return false;\" target=\"_blank\"><i class=\"fa fa-google-plus\" title=\"Partager sur Google Plus\"><\/i><\/a><\/div><div class='evo_sm EmailShare'><a class=\"em evo_ss\" href=\"mailto:?subject=Members%26#8217; Dinner %26#8211; %26#8221;bring your own wine formulae%26#8221;&body=Event Name: Members%26#8217; Dinner %26#8211; %26#8221;bring your own wine formulae%26#8221;%0AEvent Date: 4 Novembre 2026 18 H 00 Min%0ALink: https%3A%2F%2Fvea.qc.ca%2Fen%2Factivities%2Fmembers-dinner-bring-your-own-wine-formulae-3%2F%0A\" target=\"_blank\"><i class=\"fa fa-envelope\"><\/i><\/a><\/div><div class='clear'><\/div><div class='evcal_evdata_row evcal_close' title='Close'><\/div><\/div><\/div><div class='clear end'><\/div><\/div><div id=\"event_27935\" class=\"eventon_list_event evo_eventtop  event\" data-event_id=\"27935\" data-time=\"1795046401-1795391999\" data-colr=\"#e5191d\" itemscope itemtype='http:\/\/schema.org\/Event'><div class=\"evo_event_schema\" style=\"display:none\" ><a itemprop='url'  href='https:\/\/vea.qc.ca\/en\/activities\/retromobile-in-new-york-with-corine\/'><\/a><span itemprop='name'  >R\u00e9tromobile in New York with Corine<\/span><meta itemprop='image' content='https:\/\/vea.qc.ca\/wp-content\/uploads\/2025\/12\/retromobile.jpg' \/><meta itemprop='description' content='R\u00e9tromobile in New York with Corine' \/><meta itemprop='startDate' content='2026-11-19' \/><meta itemprop='endDate' content='2026-11-22' \/><meta itemprop='eventStatus' content='on-schedule' \/><script type=\"application\/ld+json\">{\t\"@context\": \"http:\/\/schema.org\",\r\r\n\t\t\t\t\t\t\t  \t\"@type\": \"Event\",\r\r\n\t\t\t\t\t\t\t  \t\"name\": \"R\u00e9tromobile in New York with Corine\",\r\r\n\t\t\t\t\t\t\t  \t\"startDate\": \"2026-11-19T00-00-00-00\",\r\r\n\t\t\t\t\t\t\t  \t\"endDate\": \"2026-11-22T23-23-59-00\",\r\r\n\t\t\t\t\t\t\t  \t\"image\":\"https:\/\/vea.qc.ca\/wp-content\/uploads\/2025\/12\/retromobile.jpg\",\r\r\n\t\t\t\t\t\t\t  \t\"description\":\"R\u00e9tromobile in New York with Corine\",\r\r\n\t\t\t\t\t\t\t  \t\r\r\n\t\t\t\t\t\t\t }<\/script><\/div>\r\r\n\t\t\t\t<p class=\"desc_trig_outter\"><a data-gmap_status=\"null\" data-exlk=\"0\" style=\"border-color: #e5191d;\" id=\"evc_179504640127935\" class=\"desc_trig featured_event 1 mul_val evcal_list_a allday\" data-ux_val=\"3\"  ><span class='evcal_cblock ' data-bgcolor='#e5191d' data-smon='Novembre' data-syr='2026'><span class='evo_start '><em class='date'>19<\/em><em class='month'>Nov<\/em><em class='time'>Toute la journ\u00e9e<\/em><\/span><span class='evo_end '><em class='date'>22<\/em><\/span><em class='clear'><\/em><\/span><span class='evcal_desc evo_info hide_eventtopdata '  data-location_status=\"false\" ><span class='evo_above_title'><span class='evo_event_headers featured'>VEA<\/span><\/span><span class='evcal_desc2 evcal_event_title' itemprop='name'>R\u00e9tromobile in New York with Corine<\/span><span class='evo_below_title'><span class='evcal_event_subtitle' >D\u00e9couvrez les ic\u00f4nes automobiles \u00e0 R\u00e9tromobile New York<\/span><\/span><span class='evcal_desc_info' ><em class='evcal_time'><em class='evcal_alldayevent_text'>(Toute la journ\u00e9e)<\/em><\/em> <\/span><span class='evcal_desc3'><\/span><\/span><em class='clear'><\/em><\/a><\/p><div class='event_description evcal_eventcard ' style=\"display:none\"><div class='evo_metarow_directimg'><img src='https:\/\/vea.qc.ca\/wp-content\/uploads\/2025\/12\/retromobile.jpg' \/><\/div><div class='evo_metarow_time evorow evcal_evdata_row bordb evcal_evrow_sm '>\r\r\n\t\t\t\t\t\t\t<span class='evcal_evdata_icons'><i class='fa fa-clock-o'><\/i><\/span>\r\r\n\t\t\t\t\t\t\t<div class='evcal_evdata_cell'>\t\t\t\t\t\t\t\r\r\n\t\t\t\t\t\t\t\t<h3 class='evo_h3'><span class='evcal_evdata_icons'><i class='fa fa-clock-o'><\/i><\/span>Heure de d\u00e9but \/ fin<\/h3><p>Novembre 19 (Jeudi) - 22 (Dimanche)<\/p>\r\r\n\t\t\t\t\t\t\t<\/div>\r\r\n\t\t\t\t\t\t<\/div><div class='evo_metarow_organizer evorow evcal_evdata_row bordb evcal_evrow_sm '>\r\r\n\t\t\t\t\t\t\t<span class='evcal_evdata_icons'><i class='fa fa-id-badge'><\/i><\/span>\r\r\n\t\t\t\t\t\t\t<div class='evcal_evdata_cell'>\t\t\t\t\t\t\t\r\r\n\t\t\t\t\t\t\t\t<h3 class='evo_h3'>Organisateur<\/h3>\r\r\n\t\t\t\t\t\t\t\t\r\r\n\t\t\t\t\t\t\t\t<div class='evo_card_organizer'><p class='evo_data_val evo_card_organizer_name'>\r\r\n\t\t\t\t\t\t\t\t\t<span class='evo_card_organizer_name_t'>Bernard Bellavance<\/span><span class='evo_card_organizer_contact'>info.vea.qc@gmail.com<\/span>\r\r\n\t\t\t\t\t\t\t\t\t\r\r\n\t\t\t\t\t\t\t\t\t<\/p><\/div><div class='clear'><\/div>\t\t\t\t\t\t\t\r\r\n\t\t\t\t\t\t\t<\/div>\r\r\n\t\t\t\t\t\t<\/div>\r\n\t\t\t\t\t\t<div class='evo_metarow_ICS evorow bordb evcal_evdata_row'>\r\r\n\t\t\t\t\t\t\t<span class=\"evcal_evdata_icons\"><i class=\"fa fa-calendar\"><\/i><\/span>\r\r\n\t\t\t\t\t\t\t<div class='evcal_evdata_cell'>\r\r\n\t\t\t\t\t\t\t\t<p><a href='https:\/\/vea.qc.ca\/wp-admin\/admin-ajax.php?action=eventon_ics_download&amp;event_id=27935&amp;sunix=20261119T050000Z&amp;eunix=20261123T045900Z&amp;loca=&amp;locn=' class='evo_ics_nCal' title='Ajouter \u00e0 votre calendrier'>Calendrier<\/a><a href='\/\/www.google.com\/calendar\/event?action=TEMPLATE&amp;text=R%C3%A9tromobile+in+New+York+with+Corine&amp;dates=20261119T050000Z\/20261123T045900Z&amp;details=R%C3%A9tromobile+in+New+York+with+Corine&amp;location= - ' target='_blank' class='evo_ics_gCal' title='Ajouter \u00e0 l&#039;agenda Google'>GoogleCal<\/a><\/p>\t\r\r\n\t\t\t\t\t\t\t<\/div>\r\n\t\t\t\t\t\t<\/div>\r\r\n\t\t\t\t\t\t<div class='bordb evo_metarow_socialmedia evcal_evdata_row  lastrow'><div class='evo_sm FacebookShare'><a class=\" evo_ss\" target=\"_blank\" onclick=\"javascript:window.open(this.href, '', 'left=50,top=50,width=600,height=350,toolbar=0');return false;\"\r\r\n\t\t\t\t\t\t\t\thref=\"http:\/\/www.facebook.com\/sharer.php?u=https%3A%2F%2Fvea.qc.ca%2Fen%2Factivities%2Fretromobile-in-new-york-with-corine%2F\" title=\"Partager sur Facebook\"><i class=\"fa fa-facebook\"><\/i><\/a><\/div><div class='evo_sm Twitter'><a class=\"tw evo_ss\" onclick=\"javascript:window.open(this.href, '', 'menubar=no,toolbar=no,resizable=yes,scrollbars=yes,height=300,width=600');return false;\" href=\"http:\/\/twitter.com\/share?text=R\u00e9tromobile in New York with Corine&#32;-&#32;&url=https%3A%2F%2Fvea.qc.ca%2Fen%2Factivities%2Fretromobile-in-new-york-with-corine%2F\" title=\"Partager sur twitter\" rel=\"nofollow\" target=\"_blank\" data-url=\"https%3A%2F%2Fvea.qc.ca%2Fen%2Factivities%2Fretromobile-in-new-york-with-corine%2F\"><i class=\"fa fa-twitter\"><\/i><\/a><\/div><div class='evo_sm LinkedIn'><a class=\"li evo_ss\" href=\"http:\/\/www.linkedin.com\/shareArticle?mini=true&url=https%3A%2F%2Fvea.qc.ca%2Fen%2Factivities%2Fretromobile-in-new-york-with-corine%2F&title=R%C3%A9tromobile%20in%20New%20York%20with%20Corine&summary=--\" target=\"_blank\" title=\"Partager sur Linkedin\"><i class=\"fa fa-linkedin\"><\/i><\/a><\/div><div class='evo_sm Google'><a class=\"gp evo_ss\" href=\"https:\/\/plus.google.com\/share?url=https%3A%2F%2Fvea.qc.ca%2Fen%2Factivities%2Fretromobile-in-new-york-with-corine%2F\" \r\r\n\t\t\t\t\t\t\t\tonclick=\"javascript:window.open(this.href, '', 'left=50,top=50,width=600,height=350,toolbar=0');return false;\" target=\"_blank\"><i class=\"fa fa-google-plus\" title=\"Partager sur Google Plus\"><\/i><\/a><\/div><div class='evo_sm EmailShare'><a class=\"em evo_ss\" href=\"mailto:?subject=R\u00e9tromobile in New York with Corine&body=Event Name: R\u00e9tromobile in New York with Corine%0AEvent Date: 19 Novembre 2026 (Toute La Journ\u00e9e) - 22 Novembre 2026 (Toute La Journ\u00e9e)%0ALink: https%3A%2F%2Fvea.qc.ca%2Fen%2Factivities%2Fretromobile-in-new-york-with-corine%2F%0A\" target=\"_blank\"><i class=\"fa fa-envelope\"><\/i><\/a><\/div><div class='clear'><\/div><div class='evcal_evdata_row evcal_close' title='Close'><\/div><\/div><\/div><div class='clear end'><\/div><\/div><\/div><div class='evcal_month_line'><p>D\u00e9cembre 2026<\/p><\/div><div id='evcal_list' class='evcal_list_month eventon_events_list '><div id=\"event_27936\" class=\"eventon_list_event evo_eventtop  event\" data-event_id=\"27936\" data-time=\"1796234400-1796255400\" data-colr=\"#e51a1d\" itemscope itemtype='http:\/\/schema.org\/Event'><div class=\"evo_event_schema\" style=\"display:none\" ><a itemprop='url'  href='https:\/\/vea.qc.ca\/en\/activities\/holiday-dinner-2\/'><\/a><span itemprop='name'  >Holiday Dinner!<\/span><meta itemprop='image' content='https:\/\/vea.qc.ca\/wp-content\/uploads\/2023\/12\/souper-fetes-2024-3-Capture-decran-2024-01-01-154457.jpg' \/><meta itemprop='description' content='Join your fellow VEA members and their spouses for a festive evening.\r\n\r\nAddress: 1134 Marcel Laurin, corner of C\u00f4te Vertu\r\n\r\nTime: Please arrive between 6:00 and 6:30 PM\r\n\r\nTheme: We encourage you to' \/><meta itemprop='startDate' content='2026-12-2T18:00' \/><meta itemprop='endDate' content='2026-12-2T23:50' \/><meta itemprop='eventStatus' content='on-schedule' \/><script type=\"application\/ld+json\">{\t\"@context\": \"http:\/\/schema.org\",\r\r\n\t\t\t\t\t\t\t  \t\"@type\": \"Event\",\r\r\n\t\t\t\t\t\t\t  \t\"name\": \"Holiday Dinner!\",\r\r\n\t\t\t\t\t\t\t  \t\"startDate\": \"2026-12-2T18-18-00-00\",\r\r\n\t\t\t\t\t\t\t  \t\"endDate\": \"2026-12-2T23-23-50-00\",\r\r\n\t\t\t\t\t\t\t  \t\"image\":\"https:\/\/vea.qc.ca\/wp-content\/uploads\/2023\/12\/souper-fetes-2024-3-Capture-decran-2024-01-01-154457.jpg\",\r\r\n\t\t\t\t\t\t\t  \t\"description\":\"Join your fellow VEA members and their spouses for a festive evening.\r\n\r\nAddress: 1134 Marcel Laurin, corner of C\u00f4te Vertu\r\n\r\nTime: Please arrive between 6:00 and 6:30 PM\r\n\r\nTheme: We encourage you to\",\r\r\n\t\t\t\t\t\t\t  \t\r\r\n\t\t\t\t\t\t\t }<\/script><\/div>\r\r\n\t\t\t\t<p class=\"desc_trig_outter\"><a data-gmap_status=\"null\" data-exlk=\"0\" style=\"border-color: #e51a1d;\" id=\"evc_179623440027936\" class=\"desc_trig featured_event 1 sin_val evcal_list_a\" data-ux_val=\"3\"  ><span class='evcal_cblock ' data-bgcolor='#e51a1d' data-smon='D\u00e9cembre' data-syr='2026'><span class='evo_start '><em class='date'>02<\/em><em class='month'>D\u00e9c<\/em><em class='time'>18 h 00 min<\/em><\/span><em class='clear'><\/em><\/span><span class='evcal_desc evo_info hide_eventtopdata '  data-location_status=\"false\" ><span class='evo_above_title'><span class='evo_event_headers featured'>VEA<\/span><\/span><span class='evcal_desc2 evcal_event_title' itemprop='name'>Holiday Dinner!<\/span><span class='evo_below_title'><span class='evcal_event_subtitle' >At Ottavio Restaurant, \"bring your own wine or beer.\" Join your fellow VEA members and their partners for a festive evening. Address: 1134 Marcel Laurin, corner of C\u00f4te Vertu<\/span><\/span><span class='evcal_desc_info' ><em class='evcal_time'>18 h 00 min<\/em> <\/span><span class='evcal_desc3'><\/span><\/span><em class='clear'><\/em><\/a><\/p><div class='event_description evcal_eventcard ' style=\"display:none\"><div class='evo_metarow_directimg'><img src='https:\/\/vea.qc.ca\/wp-content\/uploads\/2023\/12\/souper-fetes-2024-3-Capture-decran-2024-01-01-154457.jpg' \/><\/div><div class='evo_metarow_details evorow evcal_evdata_row bordb evcal_event_details'>\r\r\n\t\t\t\t\t\t\t<div class=\"event_excerpt\" style=\"display:none\"><h3 class=\"padb5 evo_h3\">D\u00e9tails de l&#039;activit\u00e9<\/h3><p>Join your fellow VEA members and their spouses for a festive evening.\r\n\r\nAddress: 1134 Marcel Laurin, corner of C\u00f4te Vertu\r\n\r\nTime: Please arrive between 6:00 and 6:30 PM\r\n\r\nTheme: We encourage you to<\/p><\/div><span class='evcal_evdata_icons'><i class='fa fa-align-justify'><\/i><\/span>\r\r\n\t\t\t\t\t\t\t\r\r\n\t\t\t\t\t\t\t<div class='evcal_evdata_cell '><div class='eventon_full_description'>\r\r\n\t\t\t\t\t\t\t\t\t<h3 class='padb5 evo_h3'><span class='evcal_evdata_icons'><i class='fa fa-align-justify'><\/i><\/span>D\u00e9tails de l&#039;activit\u00e9<\/h3><div class='eventon_desc_in' itemprop='description'>\r\r\n\t\t\t\t\t\t\t\t\t<p>Join your fellow VEA members and their spouses for a festive evening.<\/p>\n<p>Address: 1134 Marcel Laurin, corner of C\u00f4te Vertu<\/p>\n<p>Time: Please arrive between 6:00 and 6:30 PM<\/p>\n<p>Theme: We encourage you to incorporate a Christmas decoration into your outfit.<\/p>\n<p>As in previous years, each member will leave the party with a gift.<\/p>\n<p><strong>Upon arrival, you will be able to renew your VEA membership by check or cash.<\/strong><\/p>\n<p>&nbsp;<\/p>\n<\/div><div class='clear'><\/div>\r\r\n\t\t\t\t\t\t\t\t<\/div>\r\r\n\t\t\t\t\t\t\t<\/div>\r\r\n\t\t\t\t\t\t<\/div><div class='evo_metarow_time evorow evcal_evdata_row bordb evcal_evrow_sm '>\r\r\n\t\t\t\t\t\t\t<span class='evcal_evdata_icons'><i class='fa fa-clock-o'><\/i><\/span>\r\r\n\t\t\t\t\t\t\t<div class='evcal_evdata_cell'>\t\t\t\t\t\t\t\r\r\n\t\t\t\t\t\t\t\t<h3 class='evo_h3'><span class='evcal_evdata_icons'><i class='fa fa-clock-o'><\/i><\/span>Heure de d\u00e9but \/ fin<\/h3><p>(Mercredi) 18 h 00 min<\/p>\r\r\n\t\t\t\t\t\t\t<\/div>\r\r\n\t\t\t\t\t\t<\/div><div class='evo_metarow_organizer evorow evcal_evdata_row bordb evcal_evrow_sm '>\r\r\n\t\t\t\t\t\t\t<span class='evcal_evdata_icons'><i class='fa fa-id-badge'><\/i><\/span>\r\r\n\t\t\t\t\t\t\t<div class='evcal_evdata_cell'>\t\t\t\t\t\t\t\r\r\n\t\t\t\t\t\t\t\t<h3 class='evo_h3'>Organisateur<\/h3>\r\r\n\t\t\t\t\t\t\t\t\r\r\n\t\t\t\t\t\t\t\t<div class='evo_card_organizer'><p class='evo_data_val evo_card_organizer_name'>\r\r\n\t\t\t\t\t\t\t\t\t<span class='evo_card_organizer_name_t'>Michel Cyr<\/span>\r\r\n\t\t\t\t\t\t\t\t\t\r\r\n\t\t\t\t\t\t\t\t\t<\/p><\/div><div class='clear'><\/div>\t\t\t\t\t\t\t\r\r\n\t\t\t\t\t\t\t<\/div>\r\r\n\t\t\t\t\t\t<\/div><div class='evo_metarow_cusF5 evorow evcal_evdata_row bordb evcal_evrow_sm '>\r\r\n\t\t\t\t\t\t<span class='evcal_evdata_custometa_icons'><i class='fa fa-warning'><\/i><\/span>\r\r\n\t\t\t\t\t\t<div class='evcal_evdata_cell'>\t\t\t\t\t\t\t\r\r\n\t\t\t\t\t\t\t<h3 class='evo_h3'>Information additionnelles<\/h3><div class='evo_custom_content evo_data_val'><p><em>Si vous devez annulez le jour m\u00eame de l&#8217;\u00e9v\u00e9nement envoyer un texto \u00e0 Michel Cyr<\/em><br \/>\n<em>au 514-923-0403 afin de ne pas retarder le d\u00e9part.<\/em><\/p>\n<\/div><\/div><\/div>\r\n\t\t\t\t\t\t<div class='evo_metarow_ICS evorow bordb evcal_evdata_row'>\r\r\n\t\t\t\t\t\t\t<span class=\"evcal_evdata_icons\"><i class=\"fa fa-calendar\"><\/i><\/span>\r\r\n\t\t\t\t\t\t\t<div class='evcal_evdata_cell'>\r\r\n\t\t\t\t\t\t\t\t<p><a href='https:\/\/vea.qc.ca\/wp-admin\/admin-ajax.php?action=eventon_ics_download&amp;event_id=27936&amp;sunix=20261202T230000Z&amp;eunix=20261203T045000Z&amp;loca=&amp;locn=' class='evo_ics_nCal' title='Ajouter \u00e0 votre calendrier'>Calendrier<\/a><a href='\/\/www.google.com\/calendar\/event?action=TEMPLATE&amp;text=Holiday+Dinner%21&amp;dates=20261202T230000Z\/20261203T045000Z&amp;details=Join+your+fellow+VEA+members+and+their+spouses+for+a+festive+evening.%0D%0A%0D%0AAddress%3A+1134+Marcel+Laurin%2C+corner+of+C%C3%B4te+Vertu%0D%0A%0D%0ATime%3A+Please+arrive+between+6%3A00+and+6%3A30+PM%0D%0A%0D%0ATheme%3A+We+encourage+you+to&amp;location= - ' target='_blank' class='evo_ics_gCal' title='Ajouter \u00e0 l&#039;agenda Google'>GoogleCal<\/a><\/p>\t\r\r\n\t\t\t\t\t\t\t<\/div>\r\n\t\t\t\t\t\t<\/div>\r\r\n\t\t\t\t\t\t<div class='bordb evo_metarow_socialmedia evcal_evdata_row  lastrow'><div class='evo_sm FacebookShare'><a class=\" evo_ss\" target=\"_blank\" onclick=\"javascript:window.open(this.href, '', 'left=50,top=50,width=600,height=350,toolbar=0');return false;\"\r\r\n\t\t\t\t\t\t\t\thref=\"http:\/\/www.facebook.com\/sharer.php?u=https%3A%2F%2Fvea.qc.ca%2Fen%2Factivities%2Fholiday-dinner-2%2F\" title=\"Partager sur Facebook\"><i class=\"fa fa-facebook\"><\/i><\/a><\/div><div class='evo_sm Twitter'><a class=\"tw evo_ss\" onclick=\"javascript:window.open(this.href, '', 'menubar=no,toolbar=no,resizable=yes,scrollbars=yes,height=300,width=600');return false;\" href=\"http:\/\/twitter.com\/share?text=Holiday Dinner!&#32;-&#32;&url=https%3A%2F%2Fvea.qc.ca%2Fen%2Factivities%2Fholiday-dinner-2%2F\" title=\"Partager sur twitter\" rel=\"nofollow\" target=\"_blank\" data-url=\"https%3A%2F%2Fvea.qc.ca%2Fen%2Factivities%2Fholiday-dinner-2%2F\"><i class=\"fa fa-twitter\"><\/i><\/a><\/div><div class='evo_sm LinkedIn'><a class=\"li evo_ss\" href=\"http:\/\/www.linkedin.com\/shareArticle?mini=true&url=https%3A%2F%2Fvea.qc.ca%2Fen%2Factivities%2Fholiday-dinner-2%2F&title=Holiday%20Dinner%21&summary=Join+your+fellow+VEA+members+and+their+spouses+for+a+festive+evening.%0AAddress%3A+1134+Marcel+Laurin%2C+corner\" target=\"_blank\" title=\"Partager sur Linkedin\"><i class=\"fa fa-linkedin\"><\/i><\/a><\/div><div class='evo_sm Google'><a class=\"gp evo_ss\" href=\"https:\/\/plus.google.com\/share?url=https%3A%2F%2Fvea.qc.ca%2Fen%2Factivities%2Fholiday-dinner-2%2F\" \r\r\n\t\t\t\t\t\t\t\tonclick=\"javascript:window.open(this.href, '', 'left=50,top=50,width=600,height=350,toolbar=0');return false;\" target=\"_blank\"><i class=\"fa fa-google-plus\" title=\"Partager sur Google Plus\"><\/i><\/a><\/div><div class='evo_sm EmailShare'><a class=\"em evo_ss\" href=\"mailto:?subject=Holiday Dinner!&body=Event Name: Holiday Dinner!%0AEvent Date: 2 D\u00e9cembre 2026 18 H 00 Min%0ALink: https%3A%2F%2Fvea.qc.ca%2Fen%2Factivities%2Fholiday-dinner-2%2F%0A\" target=\"_blank\"><i class=\"fa fa-envelope\"><\/i><\/a><\/div><div class='clear'><\/div><div class='evcal_evdata_row evcal_close' title='Close'><\/div><\/div><\/div><div class='clear end'><\/div><\/div><\/div><div class='clear'><\/div><\/div><!-- ajde_evcal_calendar-->[\/vc_column_text][\/vc_column][\/vc_row][vc_row bg_type=&#8221;image&#8221; bg_image=&#8221;11749&#8243; pattern_overlay=&#8221;yes&#8221; color_overlay=&#8221;primary-1&#8243; opacity_overlay=&#8221;70&#8243; footer_feature=&#8221;yes&#8221; equal_column_height=&#8221;middle-content&#8221; padding_top=&#8221;100&#8243; padding_bottom=&#8221;100&#8243; margin_bottom=&#8221;0&#8243;][vc_column]<h3 class=\"grve-element grve-typed-text grve-align-center grve-h2\" style=\"\">    <span class=\"grve-typed-text-prefix\"> <\/span>    <span class=\"grve-animated-text grve-text-white\">    \t<span id=\"grve-typed-item-69ec80fe92269\"><\/span>    <\/span>    <span class=\"grve-typed-text-suffix\"> <\/span><script type=\"text\/javascript\">\r\r\n\t\t\t\tjQuery(function($){ $(\"#grve-typed-item-69ec80fe92269\").typed({\r\r\n\t\t\t\t\tstrings: [\"Sous le soleil ou la pluie nous roulons.\",\"Rain or shine we drive them.\",\"Sub sole aut pluvia ducemus ea.\"],\r\r\n\t\t\t\t\ttypeSpeed: 0,\r\r\n\t\t\t\t\tbackSpeed: 0,\r\r\n\t\t\t\t\tstartDelay: 0,\r\r\n\t\t\t\t\tbackDelay: 500,\r\r\n\t\t\t\t\tloop: true,\r\r\n\t\t\t\t\tloopCount: false,\r\r\n\t\t\t\t\tshowCursor: true,\r\r\n\t\t\t\t\tcursorChar: \"|\",\r\r\n\t\t\t\t\tcontentType: null,\r\r\n\t\t\t\t\tattr: null\r\r\n\t\t\t\t});\r\r\n\t\t\t});\r\r\n\t\t<\/script><\/h3>[vc_empty_space]<div class=\"grve-element grve-align-center grve-animated-item grve-fadeInUp\" data-delay=\"200\"><a href=\"https:\/\/vea.qc.ca\/en\/contact-us\/vea-membership-form\/\" class=\"grve-btn grve-btn-medium grve-square grve-bg-primary-5 grve-bg-hover-primary-2\"><span>Devenir membre du VEA<\/span><\/a><\/div>[\/vc_column][\/vc_row]<\/p>\n<\/div>","protected":false},"excerpt":{"rendered":"<p>[vc_row section_type=&#8221;fullwidth&#8221; header_feature=&#8221;yes&#8221; equal_column_height=&#8221;middle-content&#8221; tablet_sm_visibility=&#8221;hide&#8221; mobile_visibility=&#8221;hide&#8221; padding_top=&#8221;0&#8243; padding_bottom=&#8221;0&#8243; margin_bottom=&#8221;0&#8243;][vc_column css=&#8221;.vc_custom_1553451687276{padding-top: 0px !important;padding-right: 0px !important;padding-bottom: 0px !important;padding-left: 0px !important;background-position: center !important;background-repeat: no-repeat !important;background-size: cover !important;}&#8221;][vc_empty_space height=&#8221;50px&#8221;][vc_custom_heading text=&#8221;Activity Calendar&#8221; font_container=&#8221;tag:h2|text_align:center|color:%233a3a3a&#8221; use_theme_fonts=&#8221;yes&#8221; css=&#8221;.vc_custom_1766337669914{margin-top: -10px !important;}&#8221; el_class=&#8221;title-block-home-montclair&#8221;][vc_empty_space height=&#8221;50px&#8221;][\/vc_column][\/vc_row][vc_row][vc_column width=&#8221;1\/6&#8243;][\/vc_column][vc_column width=&#8221;2\/3&#8243;][vc_custom_heading text=&#8221;YOU WILL RECEIVE A PERSONAL INVITATION BY EMAIL BEFORE EACH ACTIVITY, A VEA EXCLUSIVE!&#8221; font_container=&#8221;tag:h4|font_size:20px|text_align:center|color:%23000000&#8243; use_theme_fonts=&#8221;yes&#8221; css=&#8221;.vc_custom_1774125410475{margin-top: -10px !important;}&#8221; [&hellip;]<\/p>\n","protected":false},"author":1,"featured_media":12535,"parent":0,"menu_order":0,"comment_status":"closed","ping_status":"closed","template":"","meta":{"footnotes":""},"simple-restrict-permission":[],"class_list":["post-13432","page","type-page","status-publish","has-post-thumbnail","hentry"],"yoast_head":"<!-- This site is optimized with the Yoast SEO plugin v26.0 - https:\/\/yoast.com\/wordpress\/plugins\/seo\/ -->\n<title>Calendar of activities - VEA 50 ans<\/title>\n<meta name=\"description\" content=\"Le VEA est d\u00e9di\u00e9 \u00e0 la pr\u00e9servation, la restauration et, surtout, \u00e0 l\u2019utilisation fr\u00e9quente des voitures europ\u00e9ennes d\u2019autrefois.\" \/>\n<meta name=\"robots\" content=\"index, follow, max-snippet:-1, max-image-preview:large, max-video-preview:-1\" \/>\n<link rel=\"canonical\" href=\"https:\/\/vea.qc.ca\/en\/calendar-of-activities\/\" \/>\n<meta property=\"og:locale\" content=\"en_US\" \/>\n<meta property=\"og:type\" content=\"article\" \/>\n<meta property=\"og:title\" content=\"Calendar of activities - VEA 50 ans\" \/>\n<meta property=\"og:description\" content=\"Le VEA est d\u00e9di\u00e9 \u00e0 la pr\u00e9servation, la restauration et, surtout, \u00e0 l\u2019utilisation fr\u00e9quente des voitures europ\u00e9ennes d\u2019autrefois.\" \/>\n<meta property=\"og:url\" content=\"https:\/\/vea.qc.ca\/en\/calendar-of-activities\/\" \/>\n<meta property=\"og:site_name\" content=\"VEA 50 ans\" \/>\n<meta property=\"article:modified_time\" content=\"2026-04-19T15:10:32+00:00\" \/>\n<meta property=\"og:image\" content=\"https:\/\/vea.qc.ca\/wp-content\/uploads\/2019\/07\/bg-portfolio.jpg\" \/>\n\t<meta property=\"og:image:width\" content=\"1897\" \/>\n\t<meta property=\"og:image:height\" content=\"674\" \/>\n\t<meta property=\"og:image:type\" content=\"image\/jpeg\" \/>\n<meta name=\"twitter:card\" content=\"summary_large_image\" \/>\n<meta name=\"twitter:label1\" content=\"Est. reading time\" \/>\n\t<meta name=\"twitter:data1\" content=\"2 minutes\" \/>\n<script type=\"application\/ld+json\" class=\"yoast-schema-graph\">{\"@context\":\"https:\/\/schema.org\",\"@graph\":[{\"@type\":\"WebPage\",\"@id\":\"https:\/\/vea.qc.ca\/en\/calendar-of-activities\/\",\"url\":\"https:\/\/vea.qc.ca\/en\/calendar-of-activities\/\",\"name\":\"Calendar of activities - VEA 50 ans\",\"isPartOf\":{\"@id\":\"https:\/\/vea.qc.ca\/#website\"},\"primaryImageOfPage\":{\"@id\":\"https:\/\/vea.qc.ca\/en\/calendar-of-activities\/#primaryimage\"},\"image\":{\"@id\":\"https:\/\/vea.qc.ca\/en\/calendar-of-activities\/#primaryimage\"},\"thumbnailUrl\":\"https:\/\/vea.qc.ca\/wp-content\/uploads\/2019\/07\/bg-portfolio.jpg\",\"datePublished\":\"2019-07-22T17:48:31+00:00\",\"dateModified\":\"2026-04-19T15:10:32+00:00\",\"description\":\"Le VEA est d\u00e9di\u00e9 \u00e0 la pr\u00e9servation, la restauration et, surtout, \u00e0 l\u2019utilisation fr\u00e9quente des voitures europ\u00e9ennes d\u2019autrefois.\",\"breadcrumb\":{\"@id\":\"https:\/\/vea.qc.ca\/en\/calendar-of-activities\/#breadcrumb\"},\"inLanguage\":\"en-US\",\"potentialAction\":[{\"@type\":\"ReadAction\",\"target\":[\"https:\/\/vea.qc.ca\/en\/calendar-of-activities\/\"]}]},{\"@type\":\"ImageObject\",\"inLanguage\":\"en-US\",\"@id\":\"https:\/\/vea.qc.ca\/en\/calendar-of-activities\/#primaryimage\",\"url\":\"https:\/\/vea.qc.ca\/wp-content\/uploads\/2019\/07\/bg-portfolio.jpg\",\"contentUrl\":\"https:\/\/vea.qc.ca\/wp-content\/uploads\/2019\/07\/bg-portfolio.jpg\",\"width\":1897,\"height\":674},{\"@type\":\"BreadcrumbList\",\"@id\":\"https:\/\/vea.qc.ca\/en\/calendar-of-activities\/#breadcrumb\",\"itemListElement\":[{\"@type\":\"ListItem\",\"position\":1,\"name\":\"Accueil\",\"item\":\"https:\/\/vea.qc.ca\/en\/\"},{\"@type\":\"ListItem\",\"position\":2,\"name\":\"Calendar of activities\"}]},{\"@type\":\"WebSite\",\"@id\":\"https:\/\/vea.qc.ca\/#website\",\"url\":\"https:\/\/vea.qc.ca\/\",\"name\":\"VEA 50 ans\",\"description\":\"Vintage European Automobiles\",\"potentialAction\":[{\"@type\":\"SearchAction\",\"target\":{\"@type\":\"EntryPoint\",\"urlTemplate\":\"https:\/\/vea.qc.ca\/?s={search_term_string}\"},\"query-input\":{\"@type\":\"PropertyValueSpecification\",\"valueRequired\":true,\"valueName\":\"search_term_string\"}}],\"inLanguage\":\"en-US\"}]}<\/script>\n<!-- \/ Yoast SEO plugin. -->","yoast_head_json":{"title":"Calendar of activities - VEA 50 ans","description":"Le VEA est d\u00e9di\u00e9 \u00e0 la pr\u00e9servation, la restauration et, surtout, \u00e0 l\u2019utilisation fr\u00e9quente des voitures europ\u00e9ennes d\u2019autrefois.","robots":{"index":"index","follow":"follow","max-snippet":"max-snippet:-1","max-image-preview":"max-image-preview:large","max-video-preview":"max-video-preview:-1"},"canonical":"https:\/\/vea.qc.ca\/en\/calendar-of-activities\/","og_locale":"en_US","og_type":"article","og_title":"Calendar of activities - VEA 50 ans","og_description":"Le VEA est d\u00e9di\u00e9 \u00e0 la pr\u00e9servation, la restauration et, surtout, \u00e0 l\u2019utilisation fr\u00e9quente des voitures europ\u00e9ennes d\u2019autrefois.","og_url":"https:\/\/vea.qc.ca\/en\/calendar-of-activities\/","og_site_name":"VEA 50 ans","article_modified_time":"2026-04-19T15:10:32+00:00","og_image":[{"width":1897,"height":674,"url":"https:\/\/vea.qc.ca\/wp-content\/uploads\/2019\/07\/bg-portfolio.jpg","type":"image\/jpeg"}],"twitter_card":"summary_large_image","twitter_misc":{"Est. reading time":"2 minutes"},"schema":{"@context":"https:\/\/schema.org","@graph":[{"@type":"WebPage","@id":"https:\/\/vea.qc.ca\/en\/calendar-of-activities\/","url":"https:\/\/vea.qc.ca\/en\/calendar-of-activities\/","name":"Calendar of activities - VEA 50 ans","isPartOf":{"@id":"https:\/\/vea.qc.ca\/#website"},"primaryImageOfPage":{"@id":"https:\/\/vea.qc.ca\/en\/calendar-of-activities\/#primaryimage"},"image":{"@id":"https:\/\/vea.qc.ca\/en\/calendar-of-activities\/#primaryimage"},"thumbnailUrl":"https:\/\/vea.qc.ca\/wp-content\/uploads\/2019\/07\/bg-portfolio.jpg","datePublished":"2019-07-22T17:48:31+00:00","dateModified":"2026-04-19T15:10:32+00:00","description":"Le VEA est d\u00e9di\u00e9 \u00e0 la pr\u00e9servation, la restauration et, surtout, \u00e0 l\u2019utilisation fr\u00e9quente des voitures europ\u00e9ennes d\u2019autrefois.","breadcrumb":{"@id":"https:\/\/vea.qc.ca\/en\/calendar-of-activities\/#breadcrumb"},"inLanguage":"en-US","potentialAction":[{"@type":"ReadAction","target":["https:\/\/vea.qc.ca\/en\/calendar-of-activities\/"]}]},{"@type":"ImageObject","inLanguage":"en-US","@id":"https:\/\/vea.qc.ca\/en\/calendar-of-activities\/#primaryimage","url":"https:\/\/vea.qc.ca\/wp-content\/uploads\/2019\/07\/bg-portfolio.jpg","contentUrl":"https:\/\/vea.qc.ca\/wp-content\/uploads\/2019\/07\/bg-portfolio.jpg","width":1897,"height":674},{"@type":"BreadcrumbList","@id":"https:\/\/vea.qc.ca\/en\/calendar-of-activities\/#breadcrumb","itemListElement":[{"@type":"ListItem","position":1,"name":"Accueil","item":"https:\/\/vea.qc.ca\/en\/"},{"@type":"ListItem","position":2,"name":"Calendar of activities"}]},{"@type":"WebSite","@id":"https:\/\/vea.qc.ca\/#website","url":"https:\/\/vea.qc.ca\/","name":"VEA 50 ans","description":"Vintage European Automobiles","potentialAction":[{"@type":"SearchAction","target":{"@type":"EntryPoint","urlTemplate":"https:\/\/vea.qc.ca\/?s={search_term_string}"},"query-input":{"@type":"PropertyValueSpecification","valueRequired":true,"valueName":"search_term_string"}}],"inLanguage":"en-US"}]}},"_links":{"self":[{"href":"https:\/\/vea.qc.ca\/en\/wp-json\/wp\/v2\/pages\/13432","targetHints":{"allow":["GET"]}}],"collection":[{"href":"https:\/\/vea.qc.ca\/en\/wp-json\/wp\/v2\/pages"}],"about":[{"href":"https:\/\/vea.qc.ca\/en\/wp-json\/wp\/v2\/types\/page"}],"author":[{"embeddable":true,"href":"https:\/\/vea.qc.ca\/en\/wp-json\/wp\/v2\/users\/1"}],"replies":[{"embeddable":true,"href":"https:\/\/vea.qc.ca\/en\/wp-json\/wp\/v2\/comments?post=13432"}],"version-history":[{"count":36,"href":"https:\/\/vea.qc.ca\/en\/wp-json\/wp\/v2\/pages\/13432\/revisions"}],"predecessor-version":[{"id":28365,"href":"https:\/\/vea.qc.ca\/en\/wp-json\/wp\/v2\/pages\/13432\/revisions\/28365"}],"wp:featuredmedia":[{"embeddable":true,"href":"https:\/\/vea.qc.ca\/en\/wp-json\/wp\/v2\/media\/12535"}],"wp:attachment":[{"href":"https:\/\/vea.qc.ca\/en\/wp-json\/wp\/v2\/media?parent=13432"}],"wp:term":[{"taxonomy":"simple-restrict-permission","embeddable":true,"href":"https:\/\/vea.qc.ca\/en\/wp-json\/wp\/v2\/simple-restrict-permission?post=13432"}],"curies":[{"name":"wp","href":"https:\/\/api.w.org\/{rel}","templated":true}]}}